{"id":850,"date":"2021-03-04T17:17:25","date_gmt":"2021-03-04T17:17:25","guid":{"rendered":"http:\/\/civilportal.ro\/BodoBarna\/?page_id=850"},"modified":"2021-03-05T10:24:35","modified_gmt":"2021-03-05T10:24:35","slug":"wikipedia","status":"publish","type":"page","link":"http:\/\/civilportal.ro\/BodoBarna\/wikipedia\/","title":{"rendered":"Wikip\u00e9dia"},"content":{"rendered":"\t\t<div data-elementor-type=\"wp-page\" data-elementor-id=\"850\" class=\"elementor elementor-850\" data-elementor-settings=\"[]\">\n\t\t\t\t\t\t\t<div class=\"elementor-section-wrap\">\n\t\t\t\t\t\t\t<section class=\"elementor-section elementor-top-section elementor-element elementor-element-d2c7b5a elementor-section-boxed elementor-section-height-default elementor-section-height-default\" data-id=\"d2c7b5a\" data-element_type=\"section\">\n\t\t\t\t\t\t<div class=\"elementor-container elementor-column-gap-default\">\n\t\t\t\t\t<div class=\"elementor-column elementor-col-25 elementor-top-column elementor-element elementor-element-9376ceb\" data-id=\"9376ceb\" data-element_type=\"column\">\n\t\t\t<div class=\"elementor-widget-wrap\">\n\t\t\t\t\t\t\t\t\t<\/div>\n\t\t<\/div>\n\t\t\t\t<div class=\"elementor-column elementor-col-25 elementor-top-column elementor-element elementor-element-0992aa8\" data-id=\"0992aa8\" data-element_type=\"column\">\n\t\t\t<div class=\"elementor-widget-wrap\">\n\t\t\t\t\t\t\t\t\t<\/div>\n\t\t<\/div>\n\t\t\t\t<div class=\"elementor-column elementor-col-25 elementor-top-column elementor-element elementor-element-528b7a2\" data-id=\"528b7a2\" data-element_type=\"column\">\n\t\t\t<div class=\"elementor-widget-wrap\">\n\t\t\t\t\t\t\t\t\t<\/div>\n\t\t<\/div>\n\t\t\t\t<div class=\"elementor-column elementor-col-25 elementor-top-column elementor-element elementor-element-7f03612\" data-id=\"7f03612\" data-element_type=\"column\">\n\t\t\t<div class=\"elementor-widget-wrap\">\n\t\t\t\t\t\t\t\t\t<\/div>\n\t\t<\/div>\n\t\t\t\t\t\t\t<\/div>\n\t\t<\/section>\n\t\t\t\t<section class=\"elementor-section elementor-top-section elementor-element elementor-element-61461db0 elementor-section-boxed elementor-section-height-default elementor-section-height-default\" data-id=\"61461db0\" data-element_type=\"section\">\n\t\t\t\t\t\t<div class=\"elementor-container elementor-column-gap-default\">\n\t\t\t\t\t<div class=\"elementor-column elementor-col-100 elementor-top-column elementor-element elementor-element-51640866\" data-id=\"51640866\" data-element_type=\"column\">\n\t\t\t<div class=\"elementor-widget-wrap elementor-element-populated\">\n\t\t\t\t\t\t\t\t<div class=\"elementor-element elementor-element-57c2f9e1 elementor-widget elementor-widget-spacer\" data-id=\"57c2f9e1\" data-element_type=\"widget\" data-widget_type=\"spacer.default\">\n\t\t\t\t<div class=\"elementor-widget-container\">\n\t\t\t\t\t<div class=\"elementor-spacer\">\n\t\t\t<div class=\"elementor-spacer-inner\"><\/div>\n\t\t<\/div>\n\t\t\t\t<\/div>\n\t\t\t\t<\/div>\n\t\t\t\t\t<\/div>\n\t\t<\/div>\n\t\t\t\t\t\t\t<\/div>\n\t\t<\/section>\n\t\t\t\t<section class=\"elementor-section elementor-top-section elementor-element elementor-element-224f893b elementor-section-boxed elementor-section-height-default elementor-section-height-default\" data-id=\"224f893b\" data-element_type=\"section\">\n\t\t\t\t\t\t<div class=\"elementor-container elementor-column-gap-default\">\n\t\t\t\t\t<div class=\"elementor-column elementor-col-100 elementor-top-column elementor-element elementor-element-5855b8\" data-id=\"5855b8\" data-element_type=\"column\">\n\t\t\t<div class=\"elementor-widget-wrap elementor-element-populated\">\n\t\t\t\t\t\t\t\t<div class=\"elementor-element elementor-element-112cb42c elementor-widget elementor-widget-heading\" data-id=\"112cb42c\" data-element_type=\"widget\" data-widget_type=\"heading.default\">\n\t\t\t\t<div class=\"elementor-widget-container\">\n\t\t\t<h1 class=\"elementor-heading-title elementor-size-default\">Wikip\u00e9dia<\/h1>\t\t<\/div>\n\t\t\t\t<\/div>\n\t\t\t\t\t<\/div>\n\t\t<\/div>\n\t\t\t\t\t\t\t<\/div>\n\t\t<\/section>\n\t\t\t\t<section class=\"elementor-section elementor-top-section elementor-element elementor-element-633b10e elementor-section-boxed elementor-section-height-default elementor-section-height-default\" data-id=\"633b10e\" data-element_type=\"section\">\n\t\t\t\t\t\t<div class=\"elementor-container elementor-column-gap-default\">\n\t\t\t\t\t<div class=\"elementor-column elementor-col-100 elementor-top-column elementor-element elementor-element-d8eacd3\" data-id=\"d8eacd3\" data-element_type=\"column\">\n\t\t\t<div class=\"elementor-widget-wrap elementor-element-populated\">\n\t\t\t\t\t\t\t\t<div class=\"elementor-element elementor-element-0a2a969 elementor-widget elementor-widget-spacer\" data-id=\"0a2a969\" data-element_type=\"widget\" data-widget_type=\"spacer.default\">\n\t\t\t\t<div class=\"elementor-widget-container\">\n\t\t\t\t\t<div class=\"elementor-spacer\">\n\t\t\t<div class=\"elementor-spacer-inner\"><\/div>\n\t\t<\/div>\n\t\t\t\t<\/div>\n\t\t\t\t<\/div>\n\t\t\t\t\t<\/div>\n\t\t<\/div>\n\t\t\t\t\t\t\t<\/div>\n\t\t<\/section>\n\t\t\t\t<section class=\"elementor-section elementor-top-section elementor-element elementor-element-7d49a17 elementor-section-boxed elementor-section-height-default elementor-section-height-default\" data-id=\"7d49a17\" data-element_type=\"section\">\n\t\t\t\t\t\t<div class=\"elementor-container elementor-column-gap-default\">\n\t\t\t\t\t<div class=\"elementor-column elementor-col-100 elementor-top-column elementor-element elementor-element-269061b\" data-id=\"269061b\" data-element_type=\"column\">\n\t\t\t<div class=\"elementor-widget-wrap elementor-element-populated\">\n\t\t\t\t\t\t\t\t<div class=\"elementor-element elementor-element-f3e2434 wikiped eael-infobox-content-align-center eael-infobox-icon-bg-shape-none eael-infobox-icon-hover-bg-shape-none elementor-widget elementor-widget-eael-info-box\" data-id=\"f3e2434\" data-element_type=\"widget\" data-widget_type=\"eael-info-box.default\">\n\t\t\t\t<div class=\"elementor-widget-container\">\n\t\t\t                    <div class=\"eael-infobox\">\n                    <div class=\"infobox-icon eael-icon-only\">\n\n            \n                            <div class=\"infobox-icon-wrap\">\n                    <i class=\"fab fa-wikipedia-w\"><\/i>                <\/div>\n            \n            \n        <\/div>\n            <div class=\"infobox-content eael-icon-only\">\n            <h4 class=\"title\"><\/h4>\n                                                                        <p><p><span style=\"color: #000000;\"><em>A Wikip\u00e9dia Bod\u00f3 Barna sz\u00f3cikke 2018-ban tartalmazott t\u00e9ves vagy id\u0151k\u00f6zben megv\u00e1ltozott helyzetre utal\u00f3 inform\u00e1ci\u00f3kat. K\u00e9rt\u00fck a jav\u00edt\u00e1st (nem szem\u00e9lyes k\u00e9relem volt) - akkor visszautas\u00edtott\u00e1k. K\u00f6zben friss\u00edtett\u00e9k az oldalt, de most sem teljesen pontos. Az itt csatolt sz\u00f3cikk volna j\u00f3 - term\u00e9szetesen ezt lehet r\u00f6vid\u00edteni, de a Wikip\u00e9di\u00e1ra felker\u00fcl\u0151 sz\u00f3cikkben ne szerepeljen olyan inform\u00e1ci\u00f3, ami az itt tal\u00e1lhat\u00f3 sz\u00f6vegnek ellentmond.<\/em><\/span><\/p><\/p>\n                                                                            <\/div>\n    <\/div>\t\t<\/div>\n\t\t\t\t<\/div>\n\t\t\t\t\t<\/div>\n\t\t<\/div>\n\t\t\t\t\t\t\t<\/div>\n\t\t<\/section>\n\t\t\t\t<section class=\"elementor-section elementor-top-section elementor-element elementor-element-4f83ab9 elementor-section-boxed elementor-section-height-default elementor-section-height-default\" data-id=\"4f83ab9\" data-element_type=\"section\">\n\t\t\t\t\t\t<div class=\"elementor-container elementor-column-gap-default\">\n\t\t\t\t\t<div class=\"elementor-column elementor-col-100 elementor-top-column elementor-element elementor-element-caf0d13\" data-id=\"caf0d13\" data-element_type=\"column\">\n\t\t\t<div class=\"elementor-widget-wrap elementor-element-populated\">\n\t\t\t\t\t\t\t\t<div class=\"elementor-element elementor-element-ae0e8eb elementor-widget elementor-widget-spacer\" data-id=\"ae0e8eb\" data-element_type=\"widget\" data-widget_type=\"spacer.default\">\n\t\t\t\t<div class=\"elementor-widget-container\">\n\t\t\t\t\t<div class=\"elementor-spacer\">\n\t\t\t<div class=\"elementor-spacer-inner\"><\/div>\n\t\t<\/div>\n\t\t\t\t<\/div>\n\t\t\t\t<\/div>\n\t\t\t\t\t<\/div>\n\t\t<\/div>\n\t\t\t\t\t\t\t<\/div>\n\t\t<\/section>\n\t\t\t\t<section class=\"elementor-section elementor-top-section elementor-element elementor-element-069e80c elementor-section-boxed elementor-section-height-default elementor-section-height-default\" data-id=\"069e80c\" data-element_type=\"section\">\n\t\t\t\t\t\t<div class=\"elementor-container elementor-column-gap-default\">\n\t\t\t\t\t<div class=\"elementor-column elementor-col-100 elementor-top-column elementor-element elementor-element-1bea675\" data-id=\"1bea675\" data-element_type=\"column\">\n\t\t\t<div class=\"elementor-widget-wrap elementor-element-populated\">\n\t\t\t\t\t\t\t\t<div class=\"elementor-element elementor-element-733ee74 elementor-widget elementor-widget-text-editor\" data-id=\"733ee74\" data-element_type=\"widget\" data-widget_type=\"text-editor.default\">\n\t\t\t\t<div class=\"elementor-widget-container\">\n\t\t\t\t\t<div class=\"elementor-text-editor elementor-clearfix\"><p><strong>Bod\u00f3 Barna<\/strong> (Sepsiszentgy\u00f6rgy, 1948. j\u00falius 29. \u2013 ) magyar \u00edr\u00f3, k\u00f6z\u00edr\u00f3, politol\u00f3gus, t\u00e1rsadalomkutat\u00f3, egyetemi tan\u00e1r.<\/p><\/div>\n\t\t\t\t<\/div>\n\t\t\t\t<\/div>\n\t\t\t\t\t<\/div>\n\t\t<\/div>\n\t\t\t\t\t\t\t<\/div>\n\t\t<\/section>\n\t\t\t\t<section class=\"elementor-section elementor-top-section elementor-element elementor-element-590157e elementor-section-boxed elementor-section-height-default elementor-section-height-default\" data-id=\"590157e\" data-element_type=\"section\">\n\t\t\t\t\t\t<div class=\"elementor-container elementor-column-gap-default\">\n\t\t\t\t\t<div class=\"elementor-column elementor-col-33 elementor-top-column elementor-element elementor-element-d8230f1\" data-id=\"d8230f1\" data-element_type=\"column\">\n\t\t\t<div class=\"elementor-widget-wrap elementor-element-populated\">\n\t\t\t\t\t\t\t\t<div class=\"elementor-element elementor-element-967ec4c wikiped-index elementor-widget elementor-widget-text-editor\" data-id=\"967ec4c\" data-element_type=\"widget\" data-widget_type=\"text-editor.default\">\n\t\t\t\t<div class=\"elementor-widget-container\">\n\t\t\t\t\t<div class=\"elementor-text-editor elementor-clearfix\"><h3>Tartalomjegyz\u00e9k<\/h3><ol><li><a href=\"#w1\">\u00c9let\u00fatja<\/a><\/li><li><a href=\"#w2\">Munk\u00e1ss\u00e1ga<\/a><ul><li><a href=\"#w2-1\">K\u00f6tetei, tanulm\u00e1nyok, szerkeszt\u00e9s (v\u00e1logat\u00e1s)<\/a><\/li><li><a href=\"#w2-2\">K\u00f6z\u00e9leti szerepek, tags\u00e1g<\/a><\/li><li><a href=\"#w2-3\">Szakmai kiadv\u00e1nyok, szerkeszt\u0151s\u00e9gek \u2013 r\u00e9szv\u00e9tel, tags\u00e1g<\/a><\/li><li><a href=\"#w2-4\">Szakmai k\u00f6z\u00e9leti elismer\u00e9s, d\u00edjak<\/a><\/li><\/ul><\/li><li><a href=\"#w3\">Tov\u00e1bbi inform\u00e1ci\u00f3k<\/a><ul><li><a href=\"#w3-1\">Id\u00e9z\u00e9sek (v\u00e1logat\u00e1s)<\/a><\/li><li><a href=\"#w3-2\">Recenzi\u00f3k (v\u00e1logat\u00e1s)<\/a><\/li><li><a href=\"#w3-3\">Interj\u00fak<\/a><\/li><li><a href=\"#w3-4\">Lexikonok, bibliogr\u00e1fi\u00e1k<\/a><\/li><\/ul><\/li><li><a href=\"#w4\">M\u00e1s forr\u00e1s<\/a><\/li><\/ol><\/div>\n\t\t\t\t<\/div>\n\t\t\t\t<\/div>\n\t\t\t\t\t<\/div>\n\t\t<\/div>\n\t\t\t\t<div class=\"elementor-column elementor-col-66 elementor-top-column elementor-element elementor-element-82299be\" data-id=\"82299be\" data-element_type=\"column\">\n\t\t\t<div class=\"elementor-widget-wrap\">\n\t\t\t\t\t\t\t\t\t<\/div>\n\t\t<\/div>\n\t\t\t\t\t\t\t<\/div>\n\t\t<\/section>\n\t\t\t\t<section class=\"elementor-section elementor-top-section elementor-element elementor-element-b4a2595 elementor-section-boxed elementor-section-height-default elementor-section-height-default\" data-id=\"b4a2595\" data-element_type=\"section\">\n\t\t\t\t\t\t<div class=\"elementor-container elementor-column-gap-default\">\n\t\t\t\t\t<div class=\"elementor-column elementor-col-100 elementor-top-column elementor-element elementor-element-1abc94a\" data-id=\"1abc94a\" data-element_type=\"column\">\n\t\t\t<div class=\"elementor-widget-wrap elementor-element-populated\">\n\t\t\t\t\t\t\t\t<div class=\"elementor-element elementor-element-0e2faf4 elementor-widget elementor-widget-heading\" data-id=\"0e2faf4\" data-element_type=\"widget\" id=\"w1\" data-widget_type=\"heading.default\">\n\t\t\t\t<div class=\"elementor-widget-container\">\n\t\t\t<h4 class=\"elementor-heading-title elementor-size-default\">\u00c9let\u00fatja<\/h4>\t\t<\/div>\n\t\t\t\t<\/div>\n\t\t\t\t\t<\/div>\n\t\t<\/div>\n\t\t\t\t\t\t\t<\/div>\n\t\t<\/section>\n\t\t\t\t<section class=\"elementor-section elementor-top-section elementor-element elementor-element-451dc2f elementor-section-boxed elementor-section-height-default elementor-section-height-default\" data-id=\"451dc2f\" data-element_type=\"section\">\n\t\t\t\t\t\t<div class=\"elementor-container elementor-column-gap-default\">\n\t\t\t\t\t<div class=\"elementor-column elementor-col-100 elementor-top-column elementor-element elementor-element-427bdf8\" data-id=\"427bdf8\" data-element_type=\"column\">\n\t\t\t<div class=\"elementor-widget-wrap elementor-element-populated\">\n\t\t\t\t\t\t\t\t<div class=\"elementor-element elementor-element-804295f elementor-widget elementor-widget-text-editor\" data-id=\"804295f\" data-element_type=\"widget\" data-widget_type=\"text-editor.default\">\n\t\t\t\t<div class=\"elementor-widget-container\">\n\t\t\t\t\t<div class=\"elementor-text-editor elementor-clearfix\"><p>\u00a0\u00a0 Tor\u00f3 T. Tibor 2019-ban, az Erd\u00e9lyi Magyar Nemzeti Tan\u00e1cs K\u00f3s K\u00e1roly d\u00edj\u00e1nak \u00e1tad\u00e1sa alkalm\u00e1val \u00edgy jellemezte: \u201eBod\u00f3 Barna az 1989. decemberi rendszerv\u00e1ltoz\u00e1s ut\u00e1ni politikai \u00e9s szellemi k\u00f6z\u00e9let f\u0151embereinek egyike. Sok csat\u00e1t meg\u00e9rt, sokat l\u00e1t\u00f3, nagy titkok tud\u00f3ja, sokat v\u00e1llal\u00f3, a kih\u00edv\u00e1sokat szemb\u0151l fogad\u00f3, nagy \u00fajrakezd\u0151. \u00dajrakezd\u0151. Kev\u00e9s \u00edr\u00e1stud\u00f3ink egyike, a jobbik fajt\u00e1b\u00f3l. Aki \u00fagy lett a rendszerv\u00e1ltoz\u00e1s f\u0151sodr\u00e1ban (Temesv\u00e1ron) politikus, hogy soha nem sz\u0171nt meg korl\u00e1tokat feszeget\u0151 \u00e9rtelmis\u00e9gi lenni. \u0150 az a fizikusb\u00f3l lett t\u00e1rsadalomtud\u00f3s, aki meglett kor\u00e1ra is meg\u0151rizte fiatalkori \u00fajs\u00e1g\u00edr\u00f3i k\u00edv\u00e1ncsis\u00e1g\u00e1t. Aki cs\u00facspolitikusk\u00e9nt is mindig civil tudott maradni. Aki a magaslatokban is j\u00e1rt \u2013 orsz\u00e1gos politikai aleln\u00f6ke volt az akkor m\u00e9g egyetlen \u00e9rdekv\u00e9delmi sz\u00f6vets\u00e9g\u00fcnknek \u2013 majd onnan al\u00e1ereszkedve, k\u00e9pes volt tisztess\u00e9gesen \u00fajj\u00e1sz\u00fcletni a \u201ebarik\u00e1d\u201d t\u00faloldal\u00e1n kutat\u00f3k\u00e9nt, oktat\u00f3k\u00e9nt \u00e9s civil mozgalm\u00e1rk\u00e9nt egyar\u00e1nt. Egy saj\u00e1tos huszadik sz\u00e1zadi renesz\u00e1nsz emberrel van dolgunk teh\u00e1t, aki \u00fajs\u00e1g\u00edr\u00f3k\u00e9nt, riporterk\u00e9nt, politikusk\u00e9nt, \u00f6nkorm\u00e1nyzati k\u00e9pvisel\u0151k\u00e9nt, kutat\u00f3k\u00e9nt, egyetemi oktat\u00f3k\u00e9nt \u00e9s a civil t\u00e1rsadalom avatott szervez\u0151jek\u00e9nt is mindig \u00f6nmaga maradt: a k\u00f6z\u00f6ss\u00e9ge \u00e9rt\u00e9keit \u00e9s \u00e9rdekeit felismer\u0151, azt felv\u00e1llal\u00f3, kreat\u00edv energi\u00e1it annak szolg\u00e1lat\u00e1ba \u00e1ll\u00edt\u00f3 szellemi munk\u00e1s.[\u2026] Kutat\u00f3i-oktat\u00f3i min\u0151s\u00e9g\u00e9ben sem tagadta meg harcos \u00f6nmag\u00e1t, amikor az \u00f6n\u00e1ll\u00f3 magyar egyetem\u00e9rt akci\u00f3z\u00f3 <em>Bolyai Kezdem\u00e9nyez\u0151 Bizotts\u00e1g<\/em> fiatalabb tagjai mell\u00e9 \u00e1llt 2003-ban, \u00e9s v\u00e1llalta a BKB eln\u00f6ks\u00e9g\u00e9t. E tiszts\u00e9gr\u0151l akkor mondott le, amikor a Hantz P\u00e9ter \u00e9s Kov\u00e1cs Lehel aleln\u00f6k\u00f6ket ki\u00e1ll\u00e1suk miatt 2006 tavasz\u00e1n kir\u00fagt\u00e1k az egyetemr\u0151l, neki pedig d\u00e9k\u00e1ni felsz\u00f3l\u00edt\u00e1sra 2006 \u0151sz\u00e9t\u0151l m\u00e1s munkahelyet kellett keresnie. [\u2026] Meghat\u00e1roz\u00f3 szerepe van abban, hogy a sz\u00f3rv\u00e1ny fogalm\u00e1t siker\u00fclt tudom\u00e1nyosan megalapozni. Bod\u00f3 Barna nev\u00e9hez k\u00f6thet\u0151 t\u00f6bb fontos strat\u00e9giai anyag kidolgoz\u00e1sa. Ezek k\u00f6z\u00fcl is kiemelked\u0151 az a sz\u00f3rv\u00e1nystrat\u00e9gia, amelyet a M\u00c1\u00c9RT sz\u00f3rv\u00e1nybizotts\u00e1ga t\u00e1rseln\u00f6kek\u00e9nt tett le az asztalra, \u00e9s amelyben \u00faj ir\u00e1nyt szabott nem csak a sz\u00f3rv\u00e1nyk\u00f6z\u00f6ss\u00e9gekkel kapcsolatos tudom\u00e1nyos kutat\u00e1soknak (\u201e<em>a sz\u00f3rv\u00e1ny mint nemzethat\u00e1r<\/em>\u201d \u00e9rtelmez\u00e9se az \u0151 nev\u00e9hez k\u00f6thet\u0151), hanem a k\u00f6z\u00f6ss\u00e9g\u00e9p\u00edt\u00e9snek \u00e9s t\u00e1mogat\u00e1spolitik\u00e1nak is. Maradand\u00f3 ebben a tekintetben az \u00e1ltala \u00e9letre h\u00edvott temesv\u00e1ri <em>Sz\u00f3rv\u00e1ny Alap\u00edtv\u00e1ny<\/em>.\u201d<br \/>\u00a0\u00a0 K\u00f6z\u00e9piskolai tanulm\u00e1nyait sz\u00fcl\u0151v\u00e1ros\u00e1ban, a Sz\u00e9kely Mik\u00f3 Koll\u00e9giumban (akkor: 1. sz. K\u00f6z\u00e9piskola) v\u00e9gezte. B\u00e1r jog\u00e1szk\u00e9nt k\u00e9pzelte el \u00e9let\u00e9t, hal\u00e1los \u00e1gy\u00e1n \u00e9desapja (akit az 1966-os \u00e9retts\u00e9gi ut\u00e1n 2 h\u00f3nappal vitt el a hal\u00e1los k\u00f3r) azt tan\u00e1csolta, v\u00e1lasszon valamilyen re\u00e1l szakot \u00e9s menjen min\u00e9l t\u00e1volabb a Sz\u00e9kelyf\u00f6ldt\u0151l, legyen a kollekt\u00edv gazdas\u00e1gba bel\u00e9p\u00e9st ny\u00edltan megtagad\u00f3 nagyapa elleni politikai retorzi\u00f3kt\u00f3l min\u00e9l t\u00e1volabb. \u00cdgy ker\u00fclt a temesv\u00e1ri egyetem fizika kar\u00e1ra, ahol 1972-ben diplom\u00e1zott. \u00c9vfolyamels\u0151k\u00e9nt jelentkezett a doktori iskol\u00e1ba, jelentkez\u00e9s\u00e9t elutas\u00edtott\u00e1k (mik\u00e9nt k\u00f6vetkez\u0151, 1988-as k\u00eds\u00e9rlete is sikertelen volt). 1972-ben a <em>Szabad Sz\u00f3<\/em> szerkeszt\u0151s\u00e9g\u00e9ben dolgozott, 1973-t\u00f3l az <em>Ifj\u00famunk\u00e1s<\/em> b\u00e1ns\u00e1gi tud\u00f3s\u00edt\u00f3ja. 1985-t\u0151l az <em>El\u0151re<\/em> szerkeszt\u0151je, els\u0151dlegesen tudom\u00e1nyos \u00edr\u00e1sokkal jelentkezett. Cikkeket, tanulm\u00e1nyokat k\u00f6z\u00f6lt erd\u00e9lyi (<em>Korunk<\/em>, <em>A H\u00e9t<\/em>, <em>El\u0151re<\/em>, <em>Megyei T\u00fck\u00f6r<\/em>, <em>V\u00f6r\u00f6s Lobog\u00f3<\/em>, <em>M\u0171vel\u0151d\u00e9s<\/em>, <em>Igaz Sz\u00f3<\/em>) valamint magyarorsz\u00e1gi (<em>Magyar Nemzet<\/em>, <em>N\u00e9pszabads\u00e1g<\/em>, <em>\u00c9let \u00e9s Tudom\u00e1ny<\/em>, <em>\u00c9let \u00e9s Irodalom<\/em>, <em>D\u00e9lmagyarorsz\u00e1g<\/em>) lapokban. \u00cdr\u00e1saiban a gazdas\u00e1gi \u00e9s t\u00e1rsadalmi val\u00f3s\u00e1g \u00f6sszetett jelens\u00e9geit mutatja be, ill. tudom\u00e1nyos, tudom\u00e1nyt\u00f6rt\u00e9neti t\u00e9m\u00e1kat taglal.<br \/>\u00a0\u00a0 Az 1989-1990 fordul\u00f3j\u00e1n indul\u00f3 politikai folyamatban szerepet v\u00e1llal. Az 1989. dec. 24-\u00e9n l\u00e9trej\u00f6tt B\u00e1ns\u00e1gi Magyar Demokratikus Sz\u00f6vets\u00e9g (1991-ben tagol\u00f3dott be az RMDSZ-be) ideiglenes, majd megv\u00e1lasztott eln\u00f6ke (1990-91), az RMDSZ orsz\u00e1gos politikai aleln\u00f6ke (1990-1991), az RMDSZ \u00fcgyvezet\u0151 politikai aleln\u00f6ke (1993-1995), az RMDSZ d\u00f6nt\u00e9shoz\u00f3 test\u00fclete, az SZKT egyik aleln\u00f6ke (1995-1998). Tiszts\u00e9g\u00e9r\u0151l lemond, amikor el\u0151zetes politikai \u00edg\u00e9ret\u00e9t megszegve az RMDSZ nem l\u00e9p ki a korm\u00e1nyb\u00f3l annak ellen\u00e9re, hogy nem hozz\u00e1k l\u00e9tre a koal\u00edci\u00f3s alku legfontosabb t\u00e9tel\u00e9t, a rom\u00e1niai \u00e1llami magyar egyetemet. Helyi szinten v\u00e1llalt k\u00e9pviseleti tiszts\u00e9ge: tagja Temes megye ideiglenes tan\u00e1cs\u00e1nak (1990. janu\u00e1r-augusztus), illetve 3 mand\u00e1tumon kereszt\u00fcl (1992-2004) a megyei tan\u00e1cs (k\u00f6zgy\u0171l\u00e9s) RMDSZ-es tagja, 1996-t\u0151l a m\u0171vel\u0151d\u00e9si bizotts\u00e1g titk\u00e1ra, 2000-t\u0151l eln\u00f6ke.<br \/>\u00a0\u00a0 1995-t\u0151l kezd\u0151d\u0151en a civil szf\u00e9ra, a civil l\u00e9tforma \u00e9lete meghat\u00e1roz\u00f3 t\u00e9nyez\u0151j\u00e9v\u00e9 v\u00e1lik, kezdetben civil vezet\u0151k\u00e9nt, k\u00e9s\u0151bb a ter\u00fclet kutat\u00f3jak\u00e9nt is. 1996-t\u00f3l az \u00e1ltala alap\u00edtott (1993-ban) Sz\u00f3rv\u00e1ny Alap\u00edtv\u00e1ny keret\u00e9ben m\u0171k\u00f6d\u0151 Kisebbs\u00e9gi Sz\u00f3rv\u00e1nykutat\u00f3 K\u00f6zpont f\u0151\u00e1ll\u00e1s\u00fa munkat\u00e1rsa, vezet\u0151je (2000-ig). 1995-t\u0151l tan\u00edt, kezdetben \u00f3raad\u00f3k\u00e9nt Temesv\u00e1ron (Banatul Egyetem: kisebbs\u00e9gpolitika), Nagyv\u00e1radon (Ady Endre Sajt\u00f3koll\u00e9gium: politikatudom\u00e1ny), Kolozsv\u00e1ron (BBTE: politikatudom\u00e1nyi alapkurzus, k\u00e9s\u0151bb demokr\u00e1ciaelm\u00e9let, k\u00f6zpolitika, region\u00e1lis politika). 2000-t\u0151l a BBTE politikatudom\u00e1nyi kar\u00e1n adjunktus. 2002-t\u0151l \u00f3raad\u00f3 tan\u00e1r a temesv\u00e1ri Tudom\u00e1nyegyetem Politikatudom\u00e1nyi kar\u00e1n is (regionalizmus, k\u00f6zigazgat\u00e1s). 2006-2007-ben region\u00e1lis politika kurzust tart a nagyv\u00e1radi Partium Kereszt\u00e9ny Egyetemen.<br \/>\u00a0\u00a0 T\u00f6bb nemzetk\u00f6zi szemin\u00e1rium r\u00e9sztvev\u0151je, doktor\u00e1l filoz\u00f3fi\u00e1b\u00f3l (2003, BBTE), Budapesten m\u0171vel\u0151d\u00e9spolitikai mesteri k\u00e9pz\u00e9st abszolv\u00e1l (ELTE, 2006-08). A K\u00e1roly G\u00e1sp\u00e1r Reform\u00e1tus Egyetemen habilit\u00e1l politikatudom\u00e1nyi t\u00e9m\u00e1val (sz\u00f3rv\u00e1ny, 2018).<br \/>\u00a0\u00a0 2006-t\u0151l a Sapientia kolozsv\u00e1ri kar\u00e1n docens a nemzetk\u00f6zi kapcsolatok \u00e9s eur\u00f3pai tanulm\u00e1nyok szakon, 2015-t\u0151l a Sapientia tiszteletbeli professzora. 2017-t\u0151l doktor\u00e1tusvezet\u0151 (a budapesti Nemzeti K\u00f6zszolg\u00e1lati Egyetem \u00e9s a Sapientia k\u00f6z\u00f6s doktori programj\u00e1ban) 2018-t\u00f3l \u00f3raad\u00f3k\u00e9nt folytatja az oktat\u00f3i tev\u00e9kenys\u00e9get.<\/p><\/div>\n\t\t\t\t<\/div>\n\t\t\t\t<\/div>\n\t\t\t\t\t<\/div>\n\t\t<\/div>\n\t\t\t\t\t\t\t<\/div>\n\t\t<\/section>\n\t\t\t\t<section class=\"elementor-section elementor-top-section elementor-element elementor-element-07e07dc elementor-section-boxed elementor-section-height-default elementor-section-height-default\" data-id=\"07e07dc\" data-element_type=\"section\">\n\t\t\t\t\t\t<div class=\"elementor-container elementor-column-gap-default\">\n\t\t\t\t\t<div class=\"elementor-column elementor-col-100 elementor-top-column elementor-element elementor-element-5f5caa1\" data-id=\"5f5caa1\" data-element_type=\"column\">\n\t\t\t<div class=\"elementor-widget-wrap elementor-element-populated\">\n\t\t\t\t\t\t\t\t<div class=\"elementor-element elementor-element-b7f885c elementor-widget elementor-widget-heading\" data-id=\"b7f885c\" data-element_type=\"widget\" id=\"w2\" data-widget_type=\"heading.default\">\n\t\t\t\t<div class=\"elementor-widget-container\">\n\t\t\t<h4 class=\"elementor-heading-title elementor-size-default\">Munk\u00e1ss\u00e1ga<\/h4>\t\t<\/div>\n\t\t\t\t<\/div>\n\t\t\t\t\t<\/div>\n\t\t<\/div>\n\t\t\t\t\t\t\t<\/div>\n\t\t<\/section>\n\t\t\t\t<section class=\"elementor-section elementor-top-section elementor-element elementor-element-c01ee5a elementor-section-boxed elementor-section-height-default elementor-section-height-default\" data-id=\"c01ee5a\" data-element_type=\"section\">\n\t\t\t\t\t\t<div class=\"elementor-container elementor-column-gap-default\">\n\t\t\t\t\t<div class=\"elementor-column elementor-col-100 elementor-top-column elementor-element elementor-element-4a43306\" data-id=\"4a43306\" data-element_type=\"column\">\n\t\t\t<div class=\"elementor-widget-wrap elementor-element-populated\">\n\t\t\t\t\t\t\t\t<div class=\"elementor-element elementor-element-dae9eb5 elementor-widget elementor-widget-text-editor\" data-id=\"dae9eb5\" data-element_type=\"widget\" data-widget_type=\"text-editor.default\">\n\t\t\t\t<div class=\"elementor-widget-container\">\n\t\t\t\t\t<div class=\"elementor-text-editor elementor-clearfix\"><p><em>\u00a0\u00a0 Irodalmi munk\u00e1ss\u00e1ga<\/em>. Riporttal szerepelt <em>A Demeter gyerekek p\u00e1lyav\u00e1laszt\u00e1sa \u00e9s m\u00e1s igaz t\u00f6rt\u00e9netek<\/em> (1977) c. k\u00f6tetben. Bek\u00f6lt\u00f6z\u00f6tt egy temesv\u00e1ri munk\u00e1ssz\u00e1ll\u00e1sra, \u00e9lm\u00e9nyeit riportk\u00f6tetben tette k\u00f6zz\u00e9 (<em>Fele\u00faton, \u00fatf\u00e9len<\/em> 1981), ez egyszerre hozott sz\u00e1m\u00e1ra orsz\u00e1gos irodalmi deb\u00fct-d\u00edjat \u00e9s szekurit\u00e1t\u00e9s feljelent\u00e9st, meghurcoltat\u00e1st. <br \/>\u00a0\u00a0 <em>Tudom\u00e1nyos t\u00e9ren<\/em> <a href=\"https:\/\/hu.wikipedia.org\/wiki\/Heged%C5%B1s_Imre\">Heged\u0171s Imr\u00e9vel<\/a> k\u00f6z\u00f6sen \u00edrt k\u00f6nyve <em>De la desene simple la holografie\/Az egyszer\u0171 rajzt\u00f3l a hologr\u00e1fi\u00e1ig<\/em> (Temesv\u00e1r, 1978) az optika probl\u00e9marendszer\u00e9t \u00e9s fejl\u0151d\u00e9s\u00e9t tekintette \u00e1t. Gondoz\u00f3ja volt az E\u00f6tv\u00f6s Lor\u00e1nd tudom\u00e1nyos \u00e9s tudom\u00e1nypolitikai \u00edr\u00e1sait tartalmaz\u00f3 T\u00e9ka-k\u00f6tetnek (1980). Szerkeszt\u00e9s\u00e9ben jelent meg a Mit tettem mint fizikus? c\u00edm\u0171 k\u00f6tet Nobel-d\u00edjas tud\u00f3sokr\u00f3l (Bukarest, 1985).<br \/>\u00a0\u00a0 Kutat\u00e1si ter\u00fcletei: sz\u00f3rv\u00e1nyhelyzet, identit\u00e1sfolyamatok, interetnikus kapcsolatok, regionalizmus-hat\u00e1rmentis\u00e9g. <br \/>\u00a0\u00a0 1993-t\u0151l tagja az \u00cdr\u00f3sz\u00f6vets\u00e9gnek.<\/p><\/div>\n\t\t\t\t<\/div>\n\t\t\t\t<\/div>\n\t\t\t\t\t<\/div>\n\t\t<\/div>\n\t\t\t\t\t\t\t<\/div>\n\t\t<\/section>\n\t\t\t\t<section class=\"elementor-section elementor-top-section elementor-element elementor-element-402d125 elementor-section-boxed elementor-section-height-default elementor-section-height-default\" data-id=\"402d125\" data-element_type=\"section\">\n\t\t\t\t\t\t<div class=\"elementor-container elementor-column-gap-default\">\n\t\t\t\t\t<div class=\"elementor-column elementor-col-100 elementor-top-column elementor-element elementor-element-0f80b2d\" data-id=\"0f80b2d\" data-element_type=\"column\">\n\t\t\t<div class=\"elementor-widget-wrap elementor-element-populated\">\n\t\t\t\t\t\t\t\t<div class=\"elementor-element elementor-element-08a5f67 elementor-widget elementor-widget-heading\" data-id=\"08a5f67\" data-element_type=\"widget\" id=\"w2-1\" data-widget_type=\"heading.default\">\n\t\t\t\t<div class=\"elementor-widget-container\">\n\t\t\t<h5 class=\"elementor-heading-title elementor-size-default\">K\u00f6tetek, tanulm\u00e1nyok, szerkeszt\u00e9s<\/h5>\t\t<\/div>\n\t\t\t\t<\/div>\n\t\t\t\t\t<\/div>\n\t\t<\/div>\n\t\t\t\t\t\t\t<\/div>\n\t\t<\/section>\n\t\t\t\t<section class=\"elementor-section elementor-top-section elementor-element elementor-element-9c3a498 elementor-section-boxed elementor-section-height-default elementor-section-height-default\" data-id=\"9c3a498\" data-element_type=\"section\">\n\t\t\t\t\t\t<div class=\"elementor-container elementor-column-gap-default\">\n\t\t\t\t\t<div class=\"elementor-column elementor-col-100 elementor-top-column elementor-element elementor-element-0360d7e\" data-id=\"0360d7e\" data-element_type=\"column\">\n\t\t\t<div class=\"elementor-widget-wrap elementor-element-populated\">\n\t\t\t\t\t\t\t\t<div class=\"elementor-element elementor-element-abfd4e6 elementor-widget elementor-widget-text-editor\" data-id=\"abfd4e6\" data-element_type=\"widget\" data-widget_type=\"text-editor.default\">\n\t\t\t\t<div class=\"elementor-widget-container\">\n\t\t\t\t\t<div class=\"elementor-text-editor elementor-clearfix\"><p class=\"wiki-paragrafus\"><strong>Sz\u00e9pirodalom:<\/strong><\/p><ul><li><em>Fele\u00faton \u2013 \u00fatf\u00e9len<\/em>, Forr\u00e1s sorozat, Kriterion K\u00f6nyvkiad\u00f3, Bukarest, 1981;<\/li><li><em>Holnap is k\u00f6sz\u00f6nnek<\/em>, riportok, essz\u00e9k, Kriterion K\u00f6nyvkiad\u00f3, Bukarest, 1989;<\/li><li>Bod\u00f3 Barna\u02d0 <em>Szenved\u0151 Temesv\u00e1r<\/em>; Rom\u00e1niai Magyar Sz\u00f3, Zsebk\u00f6nyvek, Bukarest, 1990 (a k\u00f6tet m\u00e1sik, c\u00edmad\u00f3 \u00edr\u00e1sa Miskolczi Mikl\u00f3s: <em>Sz\u00ednlelni boldog szeret\u0151t<\/em>)<\/li><li><em>Talpalatnyi r\u00e9gi\u00f3nk<\/em>, essz\u00e9k\u00f6tet, Komp-Press Kiad\u00f3, Kolozsv\u00e1r, 2003;<\/li><li><em>Meggy\u00f6t\u00f6rt val\u00f3s\u00e1g<\/em>, v\u00e1logatott publicisztik\u00e1k, Irodalmi Jelen Kiad\u00f3, Arad, 2020.<\/li><\/ul><p class=\"wiki-paragrafus\"><strong>Fizika, ismeretterjeszt\u00e9s:<\/strong><\/p><ul><li><em>De la desene simple la holografie\/Az egyszer\u0171 rajzt\u00f3l a hologr\u00e1fi\u00e1ig<\/em> Facla Kiad\u00f3, Temesv\u00e1r, 1978;<\/li><li><em>E\u00f6tv\u00f6s Lor\u00e1nd tudom\u00e1nyos \u00e9s m\u0171vel\u0151d\u00e9spolitikai \u00edr\u00e1saib\u00f3l<\/em> szerkeszt\u00e9s, bevezet\u0151 tanulm\u00e1ny, Kriterion, Bukarest, 1980;<\/li><li><em>Mit tettem mint fizikus?<\/em> T\u00e9ka sorozat, Nobel-d\u00edjas tud\u00f3sok \u00f6n\u00e9let\u00edr\u00e1sai, Kriterion Kiad\u00f3, Bukarest, 1985.<\/li><\/ul><p class=\"wiki-paragrafus\"><strong>Politikatudom\u00e1ny:<\/strong><\/p><ul><li><em>Szereppr\u00f3ba<\/em> \u2013 tanulm\u00e1nyok, Diaszp\u00f3ra K\u00f6nyvek, RMKT Kolozsv\u00e1r, 2002 (t\u00e1rsszerz\u0151);<\/li><li><em>St\u00e1tusdiskurzus<\/em> \u2013 essz\u00e9k \u00e9s tanulm\u00e1nyok, Diaszp\u00f3ra K\u00f6nyvek, Marineasa Kiad\u00f3, Temesv\u00e1r, 2003 (t\u00e1rsszerz\u0151: Bakk Mikl\u00f3ssal)<\/li><li><em>Az identit\u00e1s egyetemess\u00e9ge<\/em> \u2013 Polis Kiad\u00f3, Kolozsv\u00e1r, 2004.<\/li><li><em>Factors and Mechanisms of the Regionalization in Central-Eastern Europe<\/em>, In. Bod\u00f3 Barna (editor), <em>Local Identity and Regionalism<\/em>, Helicon, Temesv\u00e1r, 1998.<\/li><li><em>Sz\u00f3rv\u00e1ny \u00e9s nyelvhat\u00e1r<\/em> \u2013 Lucidus Kiad\u00f3, Budapest, 2009.<\/li><li><em>K\u00f6zpolitika<\/em> \u2013 Scientia Kiad\u00f3, Kolozsv\u00e1r, 2011.<\/li><li><em>Sz\u00f3rv\u00e1nystrat\u00e9gia<\/em> \u2013 Gordian Kiad\u00f3 Temesv\u00e1r, 2011.<\/li><li><em>Az identit\u00e1s t\u00fck\u00f6rcserepei<\/em>, In: <em>B\u00e1ns\u00e1gi magyar \u00f3vod\u00e1k<\/em> (szerk. Bod\u00f3 Barna), 2013, Sz\u00f3rv\u00e1ny Alap\u00edtv\u00e1ny Temesv\u00e1r, pp. 36-64.<\/li><li><em>Civil szerepek \u2013 civil szerepl\u0151k<\/em>, 2014, Gordian Kiad\u00f3 Temesv\u00e1r.<\/li><li><em>Jelens\u00e9gek sz\u00e9lz\u00fag\u00e1sban<\/em> (politikatudom\u00e1nyi tanulm\u00e1nyok), Europrint Kiad\u00f3, Nagyv\u00e1rad 2020.<\/li><\/ul><p class=\"wiki-paragrafus\"><strong>Tanulm\u00e1nyok:<\/strong> k\u00f6tetekben \u00f6sszesen 114, periodik\u00e1kban 115 szakdolgozata jelent meg.<\/p><p class=\"wiki-paragrafus\" style=\"padding-left: 40px;\"><strong>K\u00f6tetekben (v\u00e1logat\u00e1s):<\/strong><\/p><ul><li>Deconstructing a Region: the Banat\/B\u00e1ns\u00e1g (t\u00e1rszerz\u0151 Sz\u00e1sz A.Z.) in Horv\u00e1th Istv\u00e1n \u2013 Tonk M\u00e1rton (eds.) <em>Minority Politics within the Europe of Regions<\/em>, Scientia, 2011, pp. 329-351.<\/li><li>Az asszimil\u00e1ci\u00f3 jelens\u00e9gvil\u00e1ga, in Balog I. e.a. (szerk.) <em>A szociol\u00f3gia szem\u00fcveg\u00e9n kereszt\u00fcl<\/em>, Belvedere Meridionale Kiad\u00f3 Szeged, 2012. pp. 40-58.<\/li><li>Kisebbs\u00e9gi magyar fiatalok identit\u00e1sv\u00e1ltozatai, In Szab\u00f3 A.-Bauer B.-Pill\u00f3k P. <em>Mozaik<\/em> 2011 \u2013 <em>Magyar fiatalok a K\u00e1rp\u00e1t-medenc\u00e9ben<\/em>, Belvedere Meridionale, Szeged-Budapest, 2013, pp.199-246.<\/li><li>Terek \u00e9s szimb\u00f3lumok Kolozsv\u00e1r belv\u00e1ros\u00e1ban, In: Pieldner Judit \u2013 Pap Levente &#8211; Tapodi Zsuzsa \u2013 Forisek P\u00e9ter \u2013 Papp Kl\u00e1ra (szerk.) <em>Kultur\u00e1lis identit\u00e1s \u00e9s alterit\u00e1s az id\u0151ben<\/em>, Debreceni Egyetem T\u00f6rt\u00e9neti Int\u00e9zete, Debrecen, 2013, pp.109-125.<\/li><li>Kisebbs\u00e9gi civil t\u00e1rsadalom In F\u00e1bi\u00e1n Gyula \u2013 Jakab A. Zsolt (szerk.): <em>B\u00edr\u00f3 G\u00e1sp\u00e1r eml\u00e9kk\u00f6nyv<\/em>, Nemzeti Kisebbs\u00e9gkutat\u00f3 Int\u00e9zet-MTA TK Kisebbs\u00e9gkutat\u00f3 Int\u00e9zet, Kolozsv\u00e1r, 2015. pp.47-59.<\/li><li>Monuments of Public Art and the Intercultural Dialogue: The Case of the Austrian Military Monument in Timi\u015foara, In: Vasile Docea (ed.) <em>Paths to Belonging. Constructing Local Identity in Banat by Means of Cultural Heritage and Historiography<\/em>, Baden-Baden: Nomos Verlag, 2016. pp. 29-49.<\/li><li>Sz\u00f3rv\u00e1nyr\u00f3l \u2013 m\u00e1sk\u00e9nt In Cseke P\u00e9ter (szerk.) <em>Szigetek \u2013 sz\u00f3rv\u00e1nyok a K\u00e1rp\u00e1t-medenc\u00e9ben \u00e9s \u00c9szak-Amerik\u00e1ban<\/em>, Korunk \u2013 Komp-Press Kiad\u00f3, Kolozsv\u00e1r, 2016. pp.37-57.<\/li><li>Az RMDSZ ex lex \u00e1llapota, In <em>Civil j\u00f3s\u00e1g \u2013 civil hat\u00e9konys\u00e1g &#8211; Somai J\u00f3zsef 85 \u00e9ves<\/em> (szerk. Bod\u00f3 Barna, t\u00e1rsszerk. Bakk Mikl\u00f3s, Csatl\u00f3s P\u00e1l, Szenkovics Dezs\u0151), MCSZESZ kiad\u00e1sa, Kolozsv\u00e1r, 2016. pp. 35-61.<\/li><li>A birtokbav\u00e9tel l\u00e9pcs\u0151fokai In Bod\u00f3 Barna (szerk., t\u00e1rsszerk. Szab\u00f3 Lilla, Sz\u00e9man R\u00f3zsa), <em>Erd\u00e9lyi Magyar Civil \u00c9vk\u00f6nyv 2015 &#8211; A fesztiv\u00e1ljelens\u00e9g<\/em>, Kiad\u00f3 EME, Kolozsv\u00e1r, 2016. pp.7-30.<\/li><li>S\u00edrok, s\u00edrfeliratok \u2013 olvasatok. In T\u00f3dor Erika M\u00e1ria, Tank\u00f3 Enik\u0151, D\u00e9gi Zsuzsanna (szerk.) <em>Nyelvi t\u00e1jk\u00e9p, nyelvi soksz\u00edn\u0171s\u00e9g<\/em> I. k\u00f6t. 2018, Kolozsv\u00e1r: Scientia Kiad\u00f3. pp.149-176.<\/li><\/ul><p class=\"wiki-paragrafus\" style=\"padding-left: 40px;\"><strong>Szaklapok, periodik\u00e1k (v\u00e1logat\u00e1s):<\/strong><\/p><ul><li>A Bolyai egyetem, mint politikai projekt, In: <em>Mester \u00e9s Tan\u00edtv\u00e1ny<\/em>, 2008. augusztus, pp.10-32.<\/li><li>Internal Diaspora \u2013 Assimilation \u2013 Formation of the Internal Diaspora, In: <em>European and Regional Studies &#8211; Acta Universitatis Sapientia<\/em>, nr. 1\/2010.<\/li><li>T\u00e9veszm\u00e9k a politik\u00e1ban In: <em>Korunk<\/em> 2010\/8 pp.49-60.<\/li><li>Magyar iskolav\u00e1laszt\u00e1s Erd\u00e9lyben (t\u00e1rsszerz\u0151: M\u00e1rton J\u00e1nos) in <em>Kisebbs\u00e9gkutat\u00e1s<\/em> 2012\/3 sz. pp. 418-473.<\/li><li>Magyar fiatalok t\u00f6bbs\u00e9gi iskolav\u00e1laszt\u00e1sa Aradon, In <em>Kisebbs\u00e9gkutat\u00e1s<\/em> 2013\/4 sz. pp. 31-49.<\/li><li>Erd\u00e9lyi magyar civil tudom\u00e1ny, In: <em>Civil Szemle<\/em>, 2014\/3. pp.7-26.<\/li><li>Sz\u00f3rv\u00e1ny \u00e9s k\u00f6zpolitika, In: <em>Kisebbs\u00e9gkutat\u00e1s<\/em>, 2015\/3. pp.102-129.<\/li><li>A sz\u00e9kelyf\u00f6ldi auton\u00f3mia mozg\u00e1sterei, In: <em>Kisebbs\u00e9gkutat\u00e1s<\/em>, 2016\/3. pp.7-41.<\/li><li>Az erd\u00e9lyi n\u00e9met k\u00e9rd\u00e9s \u00e9s Jakabffy, In <em>Kisebbs\u00e9gi Szemle<\/em> 2017\/2, pp 109-142.<\/li><li>J\u00f6v\u0151k\u00e9p, auton\u00f3mia \u2013 sz\u00e9kely k\u00f6zigazgat\u00e1s,<em> Pro Publico Bono \u2013 Magyar K\u00f6zigazgat\u00e1s<\/em>, 2018\/1, k\u00fcl\u00f6nsz\u00e1m. 6-43.<\/li><li>Demokr\u00e1cia \u00e9s civil t\u00e1rsadalom \u2013 kisebbs\u00e9gi l\u00e9thelyzetben, <em>Korunk<\/em> 2018\/10. pp. 8-22.<\/li><\/ul><p><strong>Szerkeszt\u00e9s:<\/strong><\/p><ul><li><em>Tradi\u0163ie \u015fi interculturalitate (Hagyom\u00e1ny \u00e9s interkulturalit\u00e1s)<\/em>. Interferenciae Banaticae sorozat, Marineasa Kiad\u00f3, Temesv\u00e1r, 2002.<\/li><li><em>Hagyom\u00e1ny\u0151rz\u00e9s Temes megy\u00e9ben<\/em>, Helyzet \u2013 Jel \u2013 K\u00e9p K\u00f6nyvek, Sz\u00f3rv\u00e1ny Alap\u00edtv\u00e1ny, Marineasa Kiad\u00f3, Temesv\u00e1r, 2002.<\/li><li><em>Temesv\u00e1ri kalauz<\/em>, Helyzet \u2013 K\u00e9p \u2013 Jel K\u00f6nyvek, Sz\u00f3rv\u00e1ny Alap\u00edtv\u00e1ny \u2013 Marineasa Kiad\u00f3, Temesv\u00e1r, 2003.<\/li><li><em>K\u00f6z\u00f6ss\u00e9gfejleszt\u00e9s<\/em> (szerkeszt\u00e9s), Sz\u00f3rv\u00e1ny Alap\u00edtv\u00e1ny \u2013 Marineasa Kiad\u00f3, Temesv\u00e1r, 2004.<\/li><li><em>Honismereti strat\u00e9gia<\/em> (szerkeszt\u0151), Sz\u00f3rv\u00e1ny Alap\u00edtv\u00e1ny-Marineasa Kiad\u00f3 Temesv\u00e1r, 2006.<\/li><li><em>Region\u00e1lis identit\u00e1s<\/em>, k\u00f6z\u00f6ss\u00e9g\u00e9p\u00edt\u00e9s, sz\u00f3rv\u00e1nygondoz\u00e1s (szerkeszt\u0151, t\u00e1rsszerkeszt\u0151k: Balogh Bal\u00e1zs, Ily\u00e9s Zolt\u00e1n), Lucidus K\u00f6nyvkiad\u00f3 Budapest, 2007.<\/li><li><em>Nyelvi jogok<\/em> (szerkeszt\u0151), Interferenciae Banaticae sorozat &#8211; 3, Sz\u00f3rv\u00e1ny Alap\u00edtv\u00e1ny \u2013 Marineasa Kiad\u00f3, Temesv\u00e1r, 2007.<\/li><li><em>R\u00e9gi\u00f3ba z\u00e1rtan<\/em> (szerk.), Diaszp\u00f3ra K\u00f6nyvek sorozat \u2013 3, Sz\u00f3rv\u00e1ny Alap\u00edtv\u00e1ny- Marineasa Kiad\u00f3, Temesv\u00e1r, 2008.<\/li><li><em>Kisebbs\u00e9gben, k\u00f6z\u00f6ss\u00e9gben<\/em> (szerk.), Tempus K\u00f6nyvkiad\u00f3 Temesv\u00e1r. 2008.<\/li><li><em>Eur\u00f3pai Uni\u00f3 \u00e9s region\u00e1lis politika<\/em> (szerk.), Scientia Kiad\u00f3 Kolozsv\u00e1r, 2008.<\/li><li><em>Helyt\u00f6rt\u00e9neti kronol\u00f3gia<\/em> (szerk.), Marineasa Kiad\u00f3, Temesv\u00e1r, 2009.<\/li><li><em>Nations and National Minorities in he European Union<\/em> (ed. with M. Tonk), Scientia, Kolozsv\u00e1r, 2009.<\/li><li><em>B\u00e1ns\u00e1gi Magyar Panteon \u2013 Panteon Maghiar B\u0103n\u0103\u0163ean \u2013 Hungarian Pantheon from Banat<\/em> (editor coord.) I-II-III. 2009-2011-2014, Marineasa\/Gordian Kiad\u00f3, Temesv\u00e1r.<\/li><li><em>Fiatal tudom\u00e1ny \u2013 tudom\u00e1nyunk fiataljai a K\u00e1rp\u00e1t-medenc\u00e9ben \/ Hat\u00e1rhelyzetek IX<\/em>. (szerkeszt\u0151, t\u00e1rsszerkeszt\u0151 Szot\u00e1k Szilvia) Kiad\u00f3: K\u00fclgazdas\u00e1gi \u00e9s K\u00fcl\u00fcgyminiszt\u00e9rium, Budapest, 2017.<\/li><li><em>Civil j\u00f3s\u00e1g \u2013 civil hat\u00e9konys\u00e1g. Somai J\u00f3zsef 85 \u00e9ves<\/em> (szerk.\/t\u00e1rsszerk. Bakk Mikl\u00f3s, Csatl\u00f3s P\u00e1l, Szenkovics Dezs\u0151), Kiad\u00f3 MCSZESZ Kolozsv\u00e1r, Nyomda Europrint Nagyv\u00e1rad, 2016.<\/li><li><em>Hat\u00e1rhelyzetek IX. Fiatal tudom\u00e1ny \u2013 tudom\u00e1nyunk fiataljai a K\u00e1rp\u00e1t-medenc\u00e9ben<\/em> (szerk, t\u00e1rsszerk. Szot\u00e1k Szilvia), Budapest, K\u00fclgazdas\u00e1gi \u00e9s K\u00fcl\u00fcgyminiszt\u00e9rium, 2017.\/. <em>Hat\u00e1rhelyzetek X. Ifj\u00fas\u00e1g, tudom\u00e1nypolitika, j\u00f6v\u0151k\u00e9p: kil\u00e1t\u00e1sok \u00e9s kih\u00edv\u00e1sok a K\u00e1rp\u00e1t-medenc\u00e9ben<\/em> (szerkeszt\u0151, t\u00e1rsszerk. Szot\u00e1k Szilvia), K\u00fclgazdas\u00e1gi \u00e9s K\u00fcl\u00fcgyminiszt\u00e9rium, Budapest, 2018 \/<em>Hat\u00e1rhelyzetek XI. Diszcipl\u00edn\u00e1k tal\u00e1lkoz\u00e1sa \u2013 Nyelvek \u00e9s kult\u00far\u00e1k \u00e9rintkez\u00e9se<\/em>. Szerk. Bod\u00f3 Barna \u00e9s Szot\u00e1k Szilvia), Budapest: K\u00fclgazdas\u00e1gi \u00e9s K\u00fcl\u00fcgyminiszt\u00e9rium, 2018.<\/li><li><em>Bal\u00e1zs S\u00e1ndor: Eml\u00e9keim szem\u00e9lyekr\u0151l \u2013 \u00fajrak\u00f6zl\u00e9sekkel<\/em> (szerkeszt\u0151) Kiad\u00f3 MCSZESZ, Kolozsv\u00e1r, Nyomda Europrint Nagyv\u00e1rad, 2018.<\/li><li>Somai J\u00f3zsef: <em>A rendszerv\u00e1lt\u00e1s rem\u00e9nyei \u00e9s anakronizmusa<\/em> (szerkeszt\u0151), MCSZESZ-Gordian, 2018.<\/li><li>Szekerny\u00e9s J\u00e1nos: <em>Ferenczy J\u00f3zsef<\/em>, (szerkeszt\u0151, el\u0151sz\u00f3 BB), Sz\u00f3rv\u00e1ny Al. Temesv\u00e1r, 2018 (Megjelent 2019).<\/li><li>Ha elapad a sz\u00f3, megsz\u00f3lal a zene. Vesm\u00e1s Tam\u00e1s 70 \u00e9ves. Interj\u00fak Vasila Bogdan. Ford\u00edtotta Szekerny\u00e9s Ir\u00e9n. Szerk. Bod\u00f3 Barna. Sz\u00f3rv\u00e1ny Alap\u00edtv\u00e1ny, 2019.<\/li><\/ul><p><strong>Szerkesztette:<\/strong> <em>Rom\u00e1niai Magyar \u00c9vk\u00f6nyv sorozatot<\/em> (2000-2011), szerkeszti az <em>Erd\u00e9lyi Magyar Civil \u00c9vk\u00f6nyv<\/em> sorozatot (2013-t\u00f3l). Az \u00e1ltala szerkesztett k\u00f6tetek sz\u00e1ma 60.<\/p><p><strong>Publicisztik\u00e1k:<\/strong> helyi, orsz\u00e1gos illetve magyarorsz\u00e1gi, ausztriai lapokban: kb. 150.<\/p><\/div>\n\t\t\t\t<\/div>\n\t\t\t\t<\/div>\n\t\t\t\t\t<\/div>\n\t\t<\/div>\n\t\t\t\t\t\t\t<\/div>\n\t\t<\/section>\n\t\t\t\t<section class=\"elementor-section elementor-top-section elementor-element elementor-element-5160d1d elementor-section-boxed elementor-section-height-default elementor-section-height-default\" data-id=\"5160d1d\" data-element_type=\"section\">\n\t\t\t\t\t\t<div class=\"elementor-container elementor-column-gap-default\">\n\t\t\t\t\t<div class=\"elementor-column elementor-col-100 elementor-top-column elementor-element elementor-element-df94e30\" data-id=\"df94e30\" data-element_type=\"column\">\n\t\t\t<div class=\"elementor-widget-wrap elementor-element-populated\">\n\t\t\t\t\t\t\t\t<div class=\"elementor-element elementor-element-7406b16 elementor-widget elementor-widget-heading\" data-id=\"7406b16\" data-element_type=\"widget\" id=\"w2-2\" data-widget_type=\"heading.default\">\n\t\t\t\t<div class=\"elementor-widget-container\">\n\t\t\t<h5 class=\"elementor-heading-title elementor-size-default\">K\u00f6z\u00e9leti szerepek, tags\u00e1g<\/h5>\t\t<\/div>\n\t\t\t\t<\/div>\n\t\t\t\t\t<\/div>\n\t\t<\/div>\n\t\t\t\t\t\t\t<\/div>\n\t\t<\/section>\n\t\t\t\t<section class=\"elementor-section elementor-top-section elementor-element elementor-element-934825d elementor-section-boxed elementor-section-height-default elementor-section-height-default\" data-id=\"934825d\" data-element_type=\"section\">\n\t\t\t\t\t\t<div class=\"elementor-container elementor-column-gap-default\">\n\t\t\t\t\t<div class=\"elementor-column elementor-col-100 elementor-top-column elementor-element elementor-element-f27f9ce\" data-id=\"f27f9ce\" data-element_type=\"column\">\n\t\t\t<div class=\"elementor-widget-wrap elementor-element-populated\">\n\t\t\t\t\t\t\t\t<div class=\"elementor-element elementor-element-4a288db elementor-widget elementor-widget-text-editor\" data-id=\"4a288db\" data-element_type=\"widget\" data-widget_type=\"text-editor.default\">\n\t\t\t\t<div class=\"elementor-widget-container\">\n\t\t\t\t\t<div class=\"elementor-text-editor elementor-clearfix\"><ul><li><strong>Sz\u00f3rv\u00e1ny Alap\u00edtv\u00e1ny<\/strong> Temesv\u00e1r \u2013 alap\u00edt\u00f3 eln\u00f6k (1993-)<\/li><li><strong>Pro Amicitia Egyes\u00fclet<\/strong>, Temesv\u00e1r \u2013 alap\u00edt\u00f3 eln\u00f6k, tag (2004-)<\/li><li><strong>Magyar Civil Szervezetek Erd\u00e9lyi Sz\u00f6vets\u00e9ge<\/strong> \u2013 alap\u00edt\u00f3 aleln\u00f6k (2004), eln\u00f6k (2005-)<\/li><li><strong>POLITEIA &#8211; Rom\u00e1niai Magyar Politikatudom\u00e1nyi Egyes\u00fclet<\/strong>, Kolozsv\u00e1r \u2013 alap\u00edt\u00f3 eln\u00f6k (2000-2010), jelenleg tag<\/li><li><strong>Interkultur\u00e1lis Int\u00e9zet Temesv\u00e1r<\/strong> \u2013 tag (1993-), igazgat\u00f3tan\u00e1csi tag (2006-2017), 2019-t\u0151l megint<\/li><li><strong>Erd\u00e9lyi M\u00fazeum-Egyes\u00fclet<\/strong> \u2013 tag (1993-)<\/li><li><strong>Rom\u00e1n \u00cdr\u00f3sz\u00f6vets\u00e9g<\/strong> \u2013 tag (1993-)<\/li><li><strong>TECHN\u00c9 \u2013 temesv\u00e1ri magyar egyetemi oktat\u00f3k egyes\u00fclete<\/strong> \u2013 tag (1999)<\/li><li><strong>Magyar Nyelv \u00e9s Kult\u00fara Nemzetk\u00f6zi T\u00e1rsas\u00e1ga (Anyanyelvi Konferencia)<\/strong> \u2013 tag (1993), igazgat\u00f3tan\u00e1csi tag (2010-2015), az\u00f3ta a Tan\u00e1csad\u00f3 Test\u00fclet tagja<\/li><li><strong>Zenebar\u00e1tok T\u00e1rsas\u00e1ga<\/strong> Temesv\u00e1r \u2013 tag (1995-)<\/li><li><strong>Magyar Politikatudom\u00e1nyi T\u00e1rsas\u00e1g<\/strong> \u2013 tag (1999-2006)<\/li><li><strong>Magyar Region\u00e1lis Tudom\u00e1nyok T\u00e1rsas\u00e1ga<\/strong> \u2013 tag (2000-2006)<\/li><li><strong>MTA<\/strong> \u2013 k\u00f6ztest\u00fcleti tag (2005-)<\/li><li><strong>Magyar \u00c1lland\u00f3 \u00c9rtekezlet, Sz\u00f3rv\u00e1ny Szakbizotts\u00e1g<\/strong>, t\u00e1rseln\u00f6k (2010-2018)<\/li><li><strong>Civil \u00d6sszefog\u00e1s F\u00f3ruma<\/strong> (C\u00d6F) Budapest, C12 elnevez\u00e9s\u0171 szak\u00e9rt\u0151i csoport tagja (2018-)<\/li><li><strong>Es\u00e9lyt a Sz\u00f3rv\u00e1nynak Alap\u00edtv\u00e1ny<\/strong>, Nagyb\u00e1nhegyes (Magyarorsz\u00e1g), alap\u00edt\u00f3 (2015)<\/li><\/ul><\/div>\n\t\t\t\t<\/div>\n\t\t\t\t<\/div>\n\t\t\t\t\t<\/div>\n\t\t<\/div>\n\t\t\t\t\t\t\t<\/div>\n\t\t<\/section>\n\t\t\t\t<section class=\"elementor-section elementor-top-section elementor-element elementor-element-4332401 elementor-section-boxed elementor-section-height-default elementor-section-height-default\" data-id=\"4332401\" data-element_type=\"section\">\n\t\t\t\t\t\t<div class=\"elementor-container elementor-column-gap-default\">\n\t\t\t\t\t<div class=\"elementor-column elementor-col-100 elementor-top-column elementor-element elementor-element-44c74d4\" data-id=\"44c74d4\" data-element_type=\"column\">\n\t\t\t<div class=\"elementor-widget-wrap elementor-element-populated\">\n\t\t\t\t\t\t\t\t<div class=\"elementor-element elementor-element-0ffcee3 elementor-widget elementor-widget-heading\" data-id=\"0ffcee3\" data-element_type=\"widget\" id=\"w2-3\" data-widget_type=\"heading.default\">\n\t\t\t\t<div class=\"elementor-widget-container\">\n\t\t\t<h5 class=\"elementor-heading-title elementor-size-default\">Szakmai kiadv\u00e1nyok, szerkeszt\u0151s\u00e9gek \u2013 r\u00e9szv\u00e9tel, tags\u00e1g<\/h5>\t\t<\/div>\n\t\t\t\t<\/div>\n\t\t\t\t\t<\/div>\n\t\t<\/div>\n\t\t\t\t\t\t\t<\/div>\n\t\t<\/section>\n\t\t\t\t<section class=\"elementor-section elementor-top-section elementor-element elementor-element-5f210f0 elementor-section-boxed elementor-section-height-default elementor-section-height-default\" data-id=\"5f210f0\" data-element_type=\"section\">\n\t\t\t\t\t\t<div class=\"elementor-container elementor-column-gap-default\">\n\t\t\t\t\t<div class=\"elementor-column elementor-col-100 elementor-top-column elementor-element elementor-element-a1af909\" data-id=\"a1af909\" data-element_type=\"column\">\n\t\t\t<div class=\"elementor-widget-wrap elementor-element-populated\">\n\t\t\t\t\t\t\t\t<div class=\"elementor-element elementor-element-c46eb43 elementor-widget elementor-widget-text-editor\" data-id=\"c46eb43\" data-element_type=\"widget\" data-widget_type=\"text-editor.default\">\n\t\t\t\t<div class=\"elementor-widget-container\">\n\t\t\t\t\t<div class=\"elementor-text-editor elementor-clearfix\"><p style=\"padding-left: 40px;\">&#8211; <strong>Civil F\u00f3rum<\/strong> \u2013 a rom\u00e1niai magyar civil szf\u00e9ra lapja, szerkeszt\u0151bizotts\u00e1gi tag (2000-2012), kiad\u00f3-szerkeszt\u0151 (2013-2016)<br \/>&#8211; <strong>Magyar Kisebbs\u00e9g<\/strong> \u2013 a Politeia Politikatudom\u00e1nyi Egyes\u00fclet \u00e1ltal kiadott kisebbs\u00e9gpolitikai lap \u2013 szerkeszt\u0151bizotts\u00e1gi tag (2007-)<br \/>&#8211; <strong>Convie\u0163uirea<\/strong> (Egy\u00fctt\u00e9l\u00e9s) \u2013 a szegedi Egyetem Rom\u00e1n Nyelv \u00e9s Irodalom Tansz\u00e9ke \u00e1ltal kiadott lap \u2013 szerkeszt\u0151bizotts\u00e1gi tag (2007-2012)<br \/>&#8211; <strong>Regi(j)\u00f3vil\u00e1g<\/strong> \u2013 region\u00e1lis helyt\u00f6rt\u00e9neti \u00e9s honismereti szemle, kiad\u00f3 (2006-2017)<br \/>&#8211; <strong>European and Regional Studies<\/strong> \u2013 a Sapientia EMTE Nemzetk\u00f6zi Kapcsolatok \u00e9s Eur\u00f3pai Tanulm\u00e1nyok Tansz\u00e9k foly\u00f3irata, f\u0151szerkeszt\u0151 (2010-2016), szerkeszt\u0151bizotts\u00e1gi tag (2008-)<br \/>&#8211; <strong>Rom\u00e1niai Magyar \u00c9vk\u00f6nyv<\/strong> sorozat \u2013 szerkeszt\u0151 (2000-2009)<br \/>&#8211; <strong>Erd\u00e9lyi Magyar Civil \u00c9vk\u00f6nyv<\/strong> sorozat \u2013 szerkeszt\u0151, 2013-t\u00f3l<br \/>&#8211; <strong>B\u00e9csi Napl\u00f3<\/strong> \u2013 szerkeszt\u0151bizotts\u00e1gi tag (2019-t\u00f3l)<br \/>&#8211; <strong>Kisebbs\u00e9gv\u00e9delem<\/strong> (kisebbs\u00e9gjogi foly\u00f3irat, Budapest) \u2013szerkeszt\u0151bizotts\u00e1gi tag (2019-t\u00f3l)<\/p><\/div>\n\t\t\t\t<\/div>\n\t\t\t\t<\/div>\n\t\t\t\t\t<\/div>\n\t\t<\/div>\n\t\t\t\t\t\t\t<\/div>\n\t\t<\/section>\n\t\t\t\t<section class=\"elementor-section elementor-top-section elementor-element elementor-element-5bd0531 elementor-section-boxed elementor-section-height-default elementor-section-height-default\" data-id=\"5bd0531\" data-element_type=\"section\">\n\t\t\t\t\t\t<div class=\"elementor-container elementor-column-gap-default\">\n\t\t\t\t\t<div class=\"elementor-column elementor-col-100 elementor-top-column elementor-element elementor-element-642ae9d\" data-id=\"642ae9d\" data-element_type=\"column\">\n\t\t\t<div class=\"elementor-widget-wrap elementor-element-populated\">\n\t\t\t\t\t\t\t\t<div class=\"elementor-element elementor-element-98fad6f elementor-widget elementor-widget-heading\" data-id=\"98fad6f\" data-element_type=\"widget\" id=\"w2-4\" data-widget_type=\"heading.default\">\n\t\t\t\t<div class=\"elementor-widget-container\">\n\t\t\t<h5 class=\"elementor-heading-title elementor-size-default\">Szakmai k\u00f6z\u00e9leti elismer\u00e9s, d\u00edjak<\/h5>\t\t<\/div>\n\t\t\t\t<\/div>\n\t\t\t\t\t<\/div>\n\t\t<\/div>\n\t\t\t\t\t\t\t<\/div>\n\t\t<\/section>\n\t\t\t\t<section class=\"elementor-section elementor-top-section elementor-element elementor-element-47f424b elementor-section-boxed elementor-section-height-default elementor-section-height-default\" data-id=\"47f424b\" data-element_type=\"section\">\n\t\t\t\t\t\t<div class=\"elementor-container elementor-column-gap-default\">\n\t\t\t\t\t<div class=\"elementor-column elementor-col-100 elementor-top-column elementor-element elementor-element-846952f\" data-id=\"846952f\" data-element_type=\"column\">\n\t\t\t<div class=\"elementor-widget-wrap elementor-element-populated\">\n\t\t\t\t\t\t\t\t<div class=\"elementor-element elementor-element-fbb750d elementor-widget elementor-widget-text-editor\" data-id=\"fbb750d\" data-element_type=\"widget\" data-widget_type=\"text-editor.default\">\n\t\t\t\t<div class=\"elementor-widget-container\">\n\t\t\t\t\t<div class=\"elementor-text-editor elementor-clearfix\"><p style=\"padding-left: 40px;\">1984 \u2013 \u00edr\u00f3sz\u00f6vets\u00e9gi els\u0151k\u00f6tetes-d\u00edj a <em>Fele\u00faton-\u00fatf\u00e9len<\/em> c. k\u00f6tet\u00e9rt<br \/>1985 \u2013 riporteri n\u00edv\u00f3d\u00edj a Rom\u00e1n \u00dajs\u00e1g\u00edr\u00f3sz\u00f6vets\u00e9g r\u00e9sz\u00e9r\u0151l<br \/>2002 \u2013 Csongr\u00e1d Megye Alkot\u00f3i D\u00edja<br \/>2004 \u2013 az \u00cdr\u00f3sz\u00f6vets\u00e9g Temesv\u00e1ri T\u00e1rsas\u00e1ga d\u00edja a <em>Talpalatnyi r\u00e9gi\u00f3nk<\/em> c. k\u00f6tet\u00e9rt<br \/>2006 \u2013 Wass Albert-d\u00edj, Sepsiszentgy\u00f6rgy<br \/>2006 \u2013 Julianus-d\u00edj, Cs\u00edkszereda<br \/>2008 \u2013 Pro Cultura d\u00edj, \u00e9letm\u0171-d\u00edj, Megyei Tan\u00e1cs Temesv\u00e1r<br \/>2010 \u2013 Region\u00e1lis EMKE-d\u00edj<br \/>2013 \u2013 B\u00e1thory Istv\u00e1n-d\u00edj (Erd\u00e9lyi Magyar Nemzeti Tan\u00e1cs adom\u00e1nyozza)<br \/>2014 \u2013 Magyar K\u00f6zt\u00e1rsas\u00e1gi \u00c9rdemrend Lovagkeresztje<br \/>2018 \u2013 Szellemi honv\u00e9d\u0151-d\u00edj, Civil \u00d6sszefog\u00e1s F\u00f3ruma, Budapest<br \/>2018 \u2013 K\u00f3s K\u00e1roly-d\u00edj, Erd\u00e9lyi Magyar Nemzeti Tan\u00e1cs<br \/>2019 \u2013 K\u00f6z\u00f6ss\u00e9g\u00e9rt-d\u00edj, Temesv\u00e1r<br \/>2021 \u2013 Magyar Kult\u00fara Lovagja<\/p><\/div>\n\t\t\t\t<\/div>\n\t\t\t\t<\/div>\n\t\t\t\t\t<\/div>\n\t\t<\/div>\n\t\t\t\t\t\t\t<\/div>\n\t\t<\/section>\n\t\t\t\t<section class=\"elementor-section elementor-top-section elementor-element elementor-element-9c76540 elementor-section-boxed elementor-section-height-default elementor-section-height-default\" data-id=\"9c76540\" data-element_type=\"section\">\n\t\t\t\t\t\t<div class=\"elementor-container elementor-column-gap-default\">\n\t\t\t\t\t<div class=\"elementor-column elementor-col-100 elementor-top-column elementor-element elementor-element-d2d7331\" data-id=\"d2d7331\" data-element_type=\"column\">\n\t\t\t<div class=\"elementor-widget-wrap elementor-element-populated\">\n\t\t\t\t\t\t\t\t<div class=\"elementor-element elementor-element-2faacdf elementor-widget elementor-widget-heading\" data-id=\"2faacdf\" data-element_type=\"widget\" id=\"w3\" data-widget_type=\"heading.default\">\n\t\t\t\t<div class=\"elementor-widget-container\">\n\t\t\t<h4 class=\"elementor-heading-title elementor-size-default\">Tov\u00e1bbi inform\u00e1ci\u00f3k<\/h4>\t\t<\/div>\n\t\t\t\t<\/div>\n\t\t\t\t\t<\/div>\n\t\t<\/div>\n\t\t\t\t\t\t\t<\/div>\n\t\t<\/section>\n\t\t\t\t<section class=\"elementor-section elementor-top-section elementor-element elementor-element-34fc54e elementor-section-boxed elementor-section-height-default elementor-section-height-default\" data-id=\"34fc54e\" data-element_type=\"section\">\n\t\t\t\t\t\t<div class=\"elementor-container elementor-column-gap-default\">\n\t\t\t\t\t<div class=\"elementor-column elementor-col-100 elementor-top-column elementor-element elementor-element-bdf7c41\" data-id=\"bdf7c41\" data-element_type=\"column\">\n\t\t\t<div class=\"elementor-widget-wrap elementor-element-populated\">\n\t\t\t\t\t\t\t\t<div class=\"elementor-element elementor-element-16ef6f8 elementor-widget elementor-widget-text-editor\" data-id=\"16ef6f8\" data-element_type=\"widget\" data-widget_type=\"text-editor.default\">\n\t\t\t\t<div class=\"elementor-widget-container\">\n\t\t\t\t\t<div class=\"elementor-text-editor elementor-clearfix\"><p><strong>Hivatkoz\u00e1sok:<\/strong> 244 &#8211; az Academia.Edu szerint.<\/p><\/div>\n\t\t\t\t<\/div>\n\t\t\t\t<\/div>\n\t\t\t\t\t<\/div>\n\t\t<\/div>\n\t\t\t\t\t\t\t<\/div>\n\t\t<\/section>\n\t\t\t\t<section class=\"elementor-section elementor-top-section elementor-element elementor-element-2b5cff0 elementor-section-boxed elementor-section-height-default elementor-section-height-default\" data-id=\"2b5cff0\" data-element_type=\"section\">\n\t\t\t\t\t\t<div class=\"elementor-container elementor-column-gap-default\">\n\t\t\t\t\t<div class=\"elementor-column elementor-col-100 elementor-top-column elementor-element elementor-element-13c2307\" data-id=\"13c2307\" data-element_type=\"column\">\n\t\t\t<div class=\"elementor-widget-wrap elementor-element-populated\">\n\t\t\t\t\t\t\t\t<div class=\"elementor-element elementor-element-6d8d9f1 elementor-widget elementor-widget-heading\" data-id=\"6d8d9f1\" data-element_type=\"widget\" id=\"w3-1\" data-widget_type=\"heading.default\">\n\t\t\t\t<div class=\"elementor-widget-container\">\n\t\t\t<h5 class=\"elementor-heading-title elementor-size-default\">Id\u00e9z\u00e9sek (v\u00e1logat\u00e1s):<\/h5>\t\t<\/div>\n\t\t\t\t<\/div>\n\t\t\t\t\t<\/div>\n\t\t<\/div>\n\t\t\t\t\t\t\t<\/div>\n\t\t<\/section>\n\t\t\t\t<section class=\"elementor-section elementor-top-section elementor-element elementor-element-f578117 elementor-section-boxed elementor-section-height-default elementor-section-height-default\" data-id=\"f578117\" data-element_type=\"section\">\n\t\t\t\t\t\t<div class=\"elementor-container elementor-column-gap-default\">\n\t\t\t\t\t<div class=\"elementor-column elementor-col-100 elementor-top-column elementor-element elementor-element-bda625f\" data-id=\"bda625f\" data-element_type=\"column\">\n\t\t\t<div class=\"elementor-widget-wrap elementor-element-populated\">\n\t\t\t\t\t\t\t\t<div class=\"elementor-element elementor-element-86d9e41 elementor-widget elementor-widget-text-editor\" data-id=\"86d9e41\" data-element_type=\"widget\" data-widget_type=\"text-editor.default\">\n\t\t\t\t<div class=\"elementor-widget-container\">\n\t\t\t\t\t<div class=\"elementor-text-editor elementor-clearfix\"><ul><li>Nacionalizmus \u00e9s identit\u00e1s, \u00e9s\u201eK\u00e9pviselet \u00e9s demokr\u00e1cia id\u00e9zi: M\u00e1rkus B\u00e9la: <em>Az irodalom nyilv\u00e1nosh\u00e1za<\/em>, In: A H\u00c9T, 1999\/42.<\/li><li><em>St\u00e1tust\u00f3l st\u00e1tusig<\/em>, id\u00e9zi: K\u00e1ntor Zolt\u00e1n: A magyar nemzetpolitika \u00e9s a st\u00e1tust\u00f6rv\u00e9ny, In: B\u00e1rdi N.Lagzi G\u00e1bor (ed.) <em>Politikai \u00e9s nemzeti identit\u00e1s K\u00f6z\u00e9p-Eur\u00f3p\u00e1ban<\/em>, Kiad\u00f3 Center of Central European Studies, Budapest, 2001.<\/li><li><em>K\u00e9pviselet \u00e9s demokr\u00e1cia<\/em>, id\u00e9zi: K\u00e1ntor Zolt\u00e1n \u2013 B\u00e1rdi N\u00e1ndor: UDMR \u015fi coali\u0163ia guvernamental\u0103 (1996-2000) (I.), <em>Sfera Politicii<\/em>, Nr. 97-98., 2001<\/li><li><em>K\u00e9pviselet \u00e9s demokr\u00e1cia<\/em>, In: K\u00e1ntor Zolt\u00e1n \u2013 B\u00e1rdi N\u00e1ndor: UDMR \u015fi coali\u0163ia guvernamental\u0103 (1996-2000) (II.), <em>Sfera Politicii<\/em>, Nr. 99., 2001.<\/li><li><em>A DKMT euror\u00e9gi\u00f3 \u00e9s a helyi politikai elit<\/em> id\u00e9zi Mariana Cernicova: The Euroregion Danube-Kris-Mures-Tisa (DKMT): <em>Wishes and Achievements. Euroregional Co-operation as a Framework for Rebuilding Border Regions<\/em>, In: Fr. Ebert Stiftung, Zagreb, 2001.<\/li><li><em>K\u00e9pviselet \u00e9s demokr\u00e1cia<\/em>, In: Z. K\u00e1ntor \u2013 N. B\u00e1rdi: The Democratic Alliance of Hungarians in Romania in the Government of Romania, 1996-2000, In: <em>Regio<\/em> (Minorities, Politics, Society) Budapest, 2002.<\/li><li><em>A t\u00e1ji-t\u00f6rt\u00e9neti r\u00e9gi\u00f3kt\u00f3l az eur\u00f3r\u00e9gi\u00f3kig<\/em> id\u00e9zi: A. Gergely Andr\u00e1s: Kisebbs\u00e9g \u00e9s europaiz\u00e1l\u00f3d\u00e1s In: Kisebbs\u00e9gkutat\u00e1s, 2002. (11. \u00e9vf.) 2. sz. 535-555. old.<\/li><li><em>Local Identity and Regionalism<\/em> id\u00e9zi H\u00f3di S\u00e1ndor: Nemzeti \u00f6nk\u00e9p, Logos, T\u00f3thfalu (Szerbia-Montenegr\u00f3) 2003, 5 old.<\/li><li>Azonosul\u00e1s, elitek, pereml\u00e9t (<em>Kisebbs\u00e9gkutat\u00e1s<\/em> 1997\/ 4. \u015fi Elitek, modellek, szerepek. (<em>Korunk<\/em> 1999\/04, Bakk Mikl\u00f3s &amp; Bod\u00f3 Barna) id\u00e9zi Petteri Laihonen (Jyv\u00e4skyl\u00e4) in A rom\u00e1niai b\u00e1ns\u00e1gi (b\u00e1n\u00e1ti) tolerancia \u00e9s t\u00f6bbnyelv\u0171s\u00e9g a nyelvi ideol\u00f3gi\u00e1k t\u00fckr\u00e9ben, 2003 febru\u00e1r<\/li><li><em>R\u00e9gi\u00f3 \u00e9s politika<\/em>. (<em>Magyar Kisebbs\u00e9g<\/em>, 2003\/1), id\u00e9zi: A. Gergely Andr\u00e1s: Kisebbs\u00e9g vagy relat\u00edv t\u00f6bbs\u00e9g, <em>Magyar Kisebbs\u00e9g<\/em>, 2004\/1.<\/li><li><em>Talpalatnyi r\u00e9gi\u00f3nk id\u00e9zi<\/em> A. Gergely Andr\u00e1s: Kisebbs\u00e9g vagy relat\u00edv t\u00f6bbs\u00e9g, <em>Magyar Kisebbs\u00e9g<\/em>, 2004\/1.<\/li><li><em>Sz\u00f3rv\u00e1nyok kutat\u00e1sa<\/em> (Erd\u00e9lyi M\u00fazeum 62. 3-4. 312-316.) id\u00e9zi Ily\u00e9s Zolt\u00e1n: Sz\u00f3rv\u00e1nykutat\u00e1s, sz\u00f3rv\u00e1ny\u00e9rtelmez\u00e9s, In: <em>Magyar Tudom\u00e1ny<\/em>, 2005\/2, p. 145.<\/li><li><em>R\u00e9gi\u00f3 \u00e9s politika<\/em> (<em>Magyar Kisebbs\u00e9g<\/em>, 2003\/1) id\u00e9zi Veress Em\u0151d: A region\u00e1lis fejleszt\u00e9s szab\u00e1lyoz\u00e1s\u00e1t meghat\u00e1roz\u00f3 t\u00e9nyez\u0151k Rom\u00e1ni\u00e1ban, In: <em>Kisebbs\u00e9gkutat\u00e1s<\/em>, 2006\/1, 8-16.<\/li><li>Bel\u00e9p\u00e9s \u00e9s szocializ\u00e1ci\u00f3 a b\u00e1ns\u00e1gi sz\u00e9kelyekn\u00e9l. In: Bod\u00f3 Barna (szerk.): <em>Nagyv\u00e1rosi sz\u00f3rv\u00e1nyok<\/em>. Sz\u00f3rv\u00e1ny f\u00fczetek. Sz\u00f3rv\u00e1ny Alap\u00edtv\u00e1ny, Temesv\u00e1r 1998. 77-83. id\u00e9zi P. Leihonen: Egy finnorsz\u00e1gi nyelv\u00e9sz reflexi\u00f3i a B\u00e1ns\u00e1gr\u00f3l, In: <em>Korunk<\/em> 2006\/1<\/li><li>Sz\u00f3rv\u00e1ny \u2013 asszimil\u00e1ci\u00f3 \u2013 sz\u00f3rv\u00e1nyosod\u00e1s In <em>Szirmai \u00c9va-\u00dajv\u00e1ri Edit (szerk.) Nemzetis\u00e9gi \u2013 nemzeti \u2013 eur\u00f3pai identit\u00e1s<\/em>, Szeged 2009. Id\u00e9zi Marinka Melinda Egyh\u00e1zi \u00e9s felekezeti k\u00f6t\u0151d\u00e9s egy rom\u00e1niai sv\u00e1b faluban. <em>T\u00f6rt\u00e9nettudom\u00e1nyoi Tanulm\u00e1nyok<\/em>, Debrecen 2012.<\/li><li><em>Identit\u00e1s \u00e9s sz\u00f3rv\u00e1nydiskurzus.<\/em> Kisebbs\u00e9gkutat\u00e1s, 2003 (12) 2:384\u2013397. Id\u00e9zi A. Gergely Andr\u00e1s: Kisebbs\u00e9gben: T\u00e1rsadalom- \u00e9s kult\u00faratudom\u00e1ny \u2013 partvonalak \u00e9s szabaddob\u00e1sok. Maszol 2016.m\u00e1rc.07.<\/li><li><em>Pereml\u00e9t \u00e9s megmarad\u00e1s<\/em> \u2013 tanulm\u00e1nyok, Sz\u00f3rv\u00e1ny F\u00fczetek, Temesv\u00e1r, 1997 \u00e9s <em>R\u00e9gi\u00f3ba z\u00e1rtan<\/em> (szerk.), Sz\u00f3rv\u00e1ny Alap\u00edtv\u00e1ny- Marineasa Kiad\u00f3, Temesv\u00e1r, 2008, id\u00e9zi <em>K\u00f3kai S\u00e1ndor: A B\u00e1ns\u00e1g t\u00f6rt\u00e9neti f\u00f6ldrajza<\/em> (1718-1918) Ny\u00edregyh\u00e1za, 2010.<\/li><li><em>R\u00e9gi\u00f3 \u00e9s politika<\/em>, Magyar Kisebbs\u00e9g, 2003. 1. sz. \u00e9s Lokalit\u00e1s \u00e9s \u00e9rdektagol\u00f3d\u00e1s. In <em>Talpalatnyi r\u00e9gi\u00f3nk<\/em>. KOMP-PRESS, Korunk \u2013 id\u00e9zi A. Gergely Andr\u00e1s Repr\u00edz, avagy az avul\u00e1s k\u00f6zf\u00e9lelme, In peri-mikro-szk\u00f3p 2019 <a href=\"https:\/\/sites.google.com\/view\/peri-mikro-szkp\/20191-20\/a-gergely-andr%C3%A1s-kisebbs%C3%A9g-vagy-relat%C3%ADv-t%C3%B6bbs%C3%A9g\" target=\"_blank\" rel=\"noopener\">https:\/\/sites.google.com\/view\/peri-mikro-szk\u00f3p\/20191-20\/a-gergely-andr\u00e1s-kisebbs\u00e9g-vagy-relat\u00edv-t\u00f6bbs\u00e9g<\/a><\/li><\/ul><\/div>\n\t\t\t\t<\/div>\n\t\t\t\t<\/div>\n\t\t\t\t\t<\/div>\n\t\t<\/div>\n\t\t\t\t\t\t\t<\/div>\n\t\t<\/section>\n\t\t\t\t<section class=\"elementor-section elementor-top-section elementor-element elementor-element-cf1c5f4 elementor-section-boxed elementor-section-height-default elementor-section-height-default\" data-id=\"cf1c5f4\" data-element_type=\"section\">\n\t\t\t\t\t\t<div class=\"elementor-container elementor-column-gap-default\">\n\t\t\t\t\t<div class=\"elementor-column elementor-col-100 elementor-top-column elementor-element elementor-element-14df80f\" data-id=\"14df80f\" data-element_type=\"column\">\n\t\t\t<div class=\"elementor-widget-wrap elementor-element-populated\">\n\t\t\t\t\t\t\t\t<div class=\"elementor-element elementor-element-a3abb24 elementor-widget elementor-widget-heading\" data-id=\"a3abb24\" data-element_type=\"widget\" id=\"w3-2\" data-widget_type=\"heading.default\">\n\t\t\t\t<div class=\"elementor-widget-container\">\n\t\t\t<h5 class=\"elementor-heading-title elementor-size-default\">Recenzi\u00f3k (v\u00e1logat\u00e1s):<\/h5>\t\t<\/div>\n\t\t\t\t<\/div>\n\t\t\t\t\t<\/div>\n\t\t<\/div>\n\t\t\t\t\t\t\t<\/div>\n\t\t<\/section>\n\t\t\t\t<section class=\"elementor-section elementor-top-section elementor-element elementor-element-2a0fcc8 elementor-section-boxed elementor-section-height-default elementor-section-height-default\" data-id=\"2a0fcc8\" data-element_type=\"section\">\n\t\t\t\t\t\t<div class=\"elementor-container elementor-column-gap-default\">\n\t\t\t\t\t<div class=\"elementor-column elementor-col-100 elementor-top-column elementor-element elementor-element-c06960b\" data-id=\"c06960b\" data-element_type=\"column\">\n\t\t\t<div class=\"elementor-widget-wrap elementor-element-populated\">\n\t\t\t\t\t\t\t\t<div class=\"elementor-element elementor-element-d022e72 elementor-widget elementor-widget-text-editor\" data-id=\"d022e72\" data-element_type=\"widget\" data-widget_type=\"text-editor.default\">\n\t\t\t\t<div class=\"elementor-widget-container\">\n\t\t\t\t\t<div class=\"elementor-text-editor elementor-clearfix\"><ul><li>Kov\u00e1cs Kiss Gy\u00f6ngy: <em>Rom\u00e1niai Magyar \u00c9vk\u00f6nyv 2000<\/em> (Anuarul Maghiar din Rom\u00e2nia 2000) In: KORUNK, 2000\/11. pp. 124-125.<\/li><li>Tarj\u00e1n G. G\u00e1bor: Helyi identit\u00e1s \u00e9s regionalizmus, In: <em>Val\u00f3s\u00e1g<\/em>, 1999\/5, pp. 107-114, privind Bod\u00f3 Barna (ed.): Local Identity and Regionalism.<\/li><li>Tarj\u00e1n G. G\u00e1bor: Nagyv\u00e1rosi sz\u00f3rv\u00e1nyok In: <em>Val\u00f3s\u00e1g<\/em>, 1999\/7, pp. 94-100, a Bod\u00f3 Barna (ed.): <em>Nagyv\u00e1rosi sz\u00f3rv\u00e1nyok<\/em> 1998, Helicon, Temesv\u00e1r c.k\u00f6tetr\u0151l<\/li><li>Bak\u00f3 Bogl\u00e1rka: Temesv\u00e1ri kutat\u00e1si program a helyi identit\u00e1s \u00e9s a regionalizmus \u00f6sszef\u00fcgg\u00e9seir\u0151l, In: <em>Kisebbs\u00e9gkutat\u00e1s<\/em> 2000\/3 a Bod\u00f3 Barna (ed.) <em>Local Identity and Regionalism<\/em>. Diaspora, Temesv\u00e1r, 1998. c. k\u00f6tetr\u0151l.<\/li><li>B\u00e1rdi N\u00e1ndor: Val\u00f3s\u00e1gv\u00e1ltozatok In: <em>REGIO<\/em>, 2000\/4, pp. 210-224, a Bod\u00f3 Barna (ed.): Rom\u00e1niai Magyar \u00c9vk\u00f6nyv 2000 k\u00f6tetr\u0151l<\/li><li>A. Gergely Andr\u00e1s: Ex libris In: <em>Kult\u00fara \u00e9s K\u00f6z\u00f6ss\u00e9g<\/em> 2003\/1, pp.103-106. a <em>Tradi\u0163ie \u015fi interculturalitate &#8211; Hagyom\u00e1ny \u00e9s interkulturalit\u00e1s<\/em>, Marineasa, Temesv\u00e1r 2002. C. k\u00f6tetr\u0151l<\/li><li>Stelian M\u00e2ndru\u0163: Identit\u00e4t und Regionalismus In: <em>Berichte und Forschungen<\/em> (Oldenburg), Bd, 10\/2002,: Bod\u00f3 Barna (ed.): Local Identity and Regionalism. Temesv\u00e1r 1998. c. k\u00f6tetr\u0151l<\/li><li>Veress K\u00e1roly: A r\u00e9gi\u00f3 h\u00edv\u00f3szavai In: A H\u00e9t, 2003\/4, p.11., a <em>Talpalatnyi r\u00e9gi\u00f3nk<\/em> c. k\u00f6tetr\u0151l, Komp-Press Kiad\u00f3 Kolozsv\u00e1r, 2003;<\/li><li>A. Gergely Andr\u00e1s: Etnokultur\u00e1lis \u00e9s szociokultur\u00e1lis strat\u00e9gi\u00e1k In: <em>Kult\u00fara \u00e9s K\u00f6z\u00f6ss\u00e9g<\/em> 2006\/2, 112-119, Budapest, a Rom\u00e1niai Magyar \u00c9vk\u00f6nyv 2004-2005.<\/li><li>Bakk Mikl\u00f3s: Sorok Bod\u00f3 Barna Civil szerepek \u2013 civil szerepl\u0151k c. k\u00f6nyve el\u00e9, In. <em>Kisebbs\u00e9gkutat\u00e1s 2015\/4<\/em>.<\/li><li>A. Gergely Andr\u00e1s: Az \u00f6r\u00f6kmozg\u00f3 terei c. k\u00f6tetr\u0151l. A 70 \u00e9ves Bod\u00f3 Barna tisztelet\u00e9re In <em>F\u00f3rum T\u00e1rsadalomtudom\u00e1nyi Szemle 2018\/3<\/em><\/li><\/ul><\/div>\n\t\t\t\t<\/div>\n\t\t\t\t<\/div>\n\t\t\t\t\t<\/div>\n\t\t<\/div>\n\t\t\t\t\t\t\t<\/div>\n\t\t<\/section>\n\t\t\t\t<section class=\"elementor-section elementor-top-section elementor-element elementor-element-9f37571 elementor-section-boxed elementor-section-height-default elementor-section-height-default\" data-id=\"9f37571\" data-element_type=\"section\">\n\t\t\t\t\t\t<div class=\"elementor-container elementor-column-gap-default\">\n\t\t\t\t\t<div class=\"elementor-column elementor-col-100 elementor-top-column elementor-element elementor-element-68eae98\" data-id=\"68eae98\" data-element_type=\"column\">\n\t\t\t<div class=\"elementor-widget-wrap elementor-element-populated\">\n\t\t\t\t\t\t\t\t<div class=\"elementor-element elementor-element-529438e elementor-widget elementor-widget-heading\" data-id=\"529438e\" data-element_type=\"widget\" id=\"w3-3\" data-widget_type=\"heading.default\">\n\t\t\t\t<div class=\"elementor-widget-container\">\n\t\t\t<h5 class=\"elementor-heading-title elementor-size-default\">Interj\u00fak:<\/h5>\t\t<\/div>\n\t\t\t\t<\/div>\n\t\t\t\t\t<\/div>\n\t\t<\/div>\n\t\t\t\t\t\t\t<\/div>\n\t\t<\/section>\n\t\t\t\t<section class=\"elementor-section elementor-top-section elementor-element elementor-element-7e40bdd elementor-section-boxed elementor-section-height-default elementor-section-height-default\" data-id=\"7e40bdd\" data-element_type=\"section\">\n\t\t\t\t\t\t<div class=\"elementor-container elementor-column-gap-default\">\n\t\t\t\t\t<div class=\"elementor-column elementor-col-100 elementor-top-column elementor-element elementor-element-7d8fa80\" data-id=\"7d8fa80\" data-element_type=\"column\">\n\t\t\t<div class=\"elementor-widget-wrap elementor-element-populated\">\n\t\t\t\t\t\t\t\t<div class=\"elementor-element elementor-element-0e1b304 elementor-widget elementor-widget-text-editor\" data-id=\"0e1b304\" data-element_type=\"widget\" data-widget_type=\"text-editor.default\">\n\t\t\t\t<div class=\"elementor-widget-container\">\n\t\t\t\t\t<div class=\"elementor-text-editor elementor-clearfix\"><p class=\"wiki-paragrafus\">Tudom\u00e1nyos tev\u00e9kenys\u00e9ggel, \u00e9let\u00fattal kapcsolatos:<\/p><ul><li>K\u00e1ntor Zolt\u00e1n: <em>Esem\u00e9nyek, jelens\u00e9gek, folyamatok<\/em>, In: <em>A H\u00e9t<\/em> 2002\/14. p. 4.<\/li><li>Adriana Babe\u0163i: <em>Interculturalitate vie, nu discursuri frumoase<\/em>, In: <em>Orizont<\/em>, Nr. 9 din 2003, p. 4-5.<\/li><li>Mur\u00e1din J\u00e1nos Krist\u00f3f: A Trianon-k\u00e9rd\u00e9sk\u00f6r erd\u00e9lyi megvil\u00e1g\u00edt\u00e1sban, in <em>Trianoni Szemle \u00c9vk\u00f6nyv 2015<\/em>, 23-28 old.<\/li><li>Csinta Samu: <em>A rom\u00e1niai magyar politiz\u00e1l\u00e1s m\u00f3zesi k\u0151t\u00e1bl\u00e1ja<\/em>. In <em>H\u00e1romsz\u00e9k<\/em>, 2017. okt. 28.<\/li><li>Graur J\u00e1nos: Otthon, Temesv\u00e1ron. In: <em>Graur J\u00e1nos: Sorsok k\u00f6nyve<\/em> (2), B\u00e1ns\u00e1gi portr\u00e9k. Waldpress Kiad\u00f3, 2020. 65-74 old.<br \/>e 2018\/3<\/li><\/ul><\/div>\n\t\t\t\t<\/div>\n\t\t\t\t<\/div>\n\t\t\t\t\t<\/div>\n\t\t<\/div>\n\t\t\t\t\t\t\t<\/div>\n\t\t<\/section>\n\t\t\t\t<section class=\"elementor-section elementor-top-section elementor-element elementor-element-9561a29 elementor-section-boxed elementor-section-height-default elementor-section-height-default\" data-id=\"9561a29\" data-element_type=\"section\">\n\t\t\t\t\t\t<div class=\"elementor-container elementor-column-gap-default\">\n\t\t\t\t\t<div class=\"elementor-column elementor-col-100 elementor-top-column elementor-element elementor-element-6d65e0d\" data-id=\"6d65e0d\" data-element_type=\"column\">\n\t\t\t<div class=\"elementor-widget-wrap elementor-element-populated\">\n\t\t\t\t\t\t\t\t<div class=\"elementor-element elementor-element-26f8d7d elementor-widget elementor-widget-heading\" data-id=\"26f8d7d\" data-element_type=\"widget\" id=\"w3-4\" data-widget_type=\"heading.default\">\n\t\t\t\t<div class=\"elementor-widget-container\">\n\t\t\t<h5 class=\"elementor-heading-title elementor-size-default\">Lexikonok, bibliogr\u00e1fi\u00e1k:<\/h5>\t\t<\/div>\n\t\t\t\t<\/div>\n\t\t\t\t\t<\/div>\n\t\t<\/div>\n\t\t\t\t\t\t\t<\/div>\n\t\t<\/section>\n\t\t\t\t<section class=\"elementor-section elementor-top-section elementor-element elementor-element-1aded36 elementor-section-boxed elementor-section-height-default elementor-section-height-default\" data-id=\"1aded36\" data-element_type=\"section\">\n\t\t\t\t\t\t<div class=\"elementor-container elementor-column-gap-default\">\n\t\t\t\t\t<div class=\"elementor-column elementor-col-100 elementor-top-column elementor-element elementor-element-b7476b3\" data-id=\"b7476b3\" data-element_type=\"column\">\n\t\t\t<div class=\"elementor-widget-wrap elementor-element-populated\">\n\t\t\t\t\t\t\t\t<div class=\"elementor-element elementor-element-d7ed445 elementor-widget elementor-widget-text-editor\" data-id=\"d7ed445\" data-element_type=\"widget\" data-widget_type=\"text-editor.default\">\n\t\t\t\t<div class=\"elementor-widget-container\">\n\t\t\t\t\t<div class=\"elementor-text-editor elementor-clearfix\"><ul><li>*** <em>Erd\u00e9lyi Magyar Ki Kicsoda?<\/em>, Scripta Kiad\u00f3, Nagyv\u00e1rad, 2009.<\/li><li>*** <em>VIP \u00een Banat 2000<\/em>, Ed. Almanahul Banatului, Timi\u015foara 2000.<\/li><li>A. Bir\u0103escu \u2013 D. Z\u0103rie: <em>Scriitori \u015fi lingvi\u015fti Timi\u015foreni<\/em> (1945-1999), Ed. Marineasa, Timi\u015foara, 2000<\/li><li><em>Lexiconul Panteonul personalit\u0103\u0163ilor culturale<\/em><\/li><li>Cernicova\u2013Buc\u0103, Mariana: <em>Dic\u0163ionarul vie\u0163ii publice timi\u015fene postdecembriste 1989-2000<\/em>, Ed. Integraf, Re\u015fi\u0163a 2000.<\/li><li>*** <em>Erd\u00e9lyi Magyar Ki Kicsoda?<\/em>, Scripta Kiad\u00f3, Nagyv\u00e1rad, 2000.<\/li><li><em>Kort\u00e1rs magyar \u00edr\u00f3k 1945-1997<\/em> Bibliogr\u00e1fia. <a href=\"http:\/\/mek.niif.hu\/00000\/00019\/html\/b4.htm\" target=\"_blank\" rel=\"noopener\">http:\/\/mek.niif.hu\/00000\/00019\/html\/b4.htm<\/a><\/li><li><em>Who\u2019s Who?<\/em>, Editor: Peter Hermann, Editat De Gregor Media, 1999 (Variant\u0103 CD)<\/li><li>Balogh Edg\u00e1r (f\u0151szerk.): <em>Rom\u00e1niai Magyar Irodalmi Lexikon<\/em> I. k\u00f6tet, Kriterion, Bukarest, 1981.<\/li><\/ul><\/div>\n\t\t\t\t<\/div>\n\t\t\t\t<\/div>\n\t\t\t\t\t<\/div>\n\t\t<\/div>\n\t\t\t\t\t\t\t<\/div>\n\t\t<\/section>\n\t\t\t\t<section class=\"elementor-section elementor-top-section elementor-element elementor-element-0541b3d elementor-section-boxed elementor-section-height-default elementor-section-height-default\" data-id=\"0541b3d\" data-element_type=\"section\">\n\t\t\t\t\t\t<div class=\"elementor-container elementor-column-gap-default\">\n\t\t\t\t\t<div class=\"elementor-column elementor-col-100 elementor-top-column elementor-element elementor-element-b97a071\" data-id=\"b97a071\" data-element_type=\"column\">\n\t\t\t<div class=\"elementor-widget-wrap elementor-element-populated\">\n\t\t\t\t\t\t\t\t<div class=\"elementor-element elementor-element-a9aea10 elementor-widget elementor-widget-heading\" data-id=\"a9aea10\" data-element_type=\"widget\" id=\"w4\" data-widget_type=\"heading.default\">\n\t\t\t\t<div class=\"elementor-widget-container\">\n\t\t\t<h4 class=\"elementor-heading-title elementor-size-default\">M\u00e1s forr\u00e1s<\/h4>\t\t<\/div>\n\t\t\t\t<\/div>\n\t\t\t\t\t<\/div>\n\t\t<\/div>\n\t\t\t\t\t\t\t<\/div>\n\t\t<\/section>\n\t\t\t\t<section class=\"elementor-section elementor-top-section elementor-element elementor-element-cafe7fd elementor-section-boxed elementor-section-height-default elementor-section-height-default\" data-id=\"cafe7fd\" data-element_type=\"section\">\n\t\t\t\t\t\t<div class=\"elementor-container elementor-column-gap-default\">\n\t\t\t\t\t<div class=\"elementor-column elementor-col-100 elementor-top-column elementor-element elementor-element-e20da89\" data-id=\"e20da89\" data-element_type=\"column\">\n\t\t\t<div class=\"elementor-widget-wrap elementor-element-populated\">\n\t\t\t\t\t\t\t\t<div class=\"elementor-element elementor-element-28db6aa elementor-widget elementor-widget-text-editor\" data-id=\"28db6aa\" data-element_type=\"widget\" data-widget_type=\"text-editor.default\">\n\t\t\t\t<div class=\"elementor-widget-container\">\n\t\t\t\t\t<div class=\"elementor-text-editor elementor-clearfix\"><p>&#8211; Az \u00f6r\u00f6kmozg\u00f3 terei. Bod\u00f3 Barna hetvenedik sz\u00fclet\u00e9snapj\u00e1ra. Szerkesztette: Bakk Mikl\u00f3s, Tonk M\u00e1rton. Exxit Kiad\u00f3 Kolozsv\u00e1r, 2018.<\/p><p><a href=\"http:\/\/civilportal.ro\/BodoBarna\/wp-content\/uploads\/2021\/03\/Az-orokmozgo-terei.jpg\"><img loading=\"lazy\" decoding=\"async\" class=\"alignnone wp-image-1015 size-medium\" src=\"http:\/\/civilportal.ro\/BodoBarna\/wp-content\/uploads\/2021\/03\/Az-orokmozgo-terei-223x300.jpg\" alt=\"\" width=\"223\" height=\"300\" srcset=\"http:\/\/civilportal.ro\/BodoBarna\/wp-content\/uploads\/2021\/03\/Az-orokmozgo-terei-223x300.jpg 223w, http:\/\/civilportal.ro\/BodoBarna\/wp-content\/uploads\/2021\/03\/Az-orokmozgo-terei-762x1024.jpg 762w, http:\/\/civilportal.ro\/BodoBarna\/wp-content\/uploads\/2021\/03\/Az-orokmozgo-terei-768x1032.jpg 768w, http:\/\/civilportal.ro\/BodoBarna\/wp-content\/uploads\/2021\/03\/Az-orokmozgo-terei.jpg 1042w\" sizes=\"auto, (max-width: 223px) 100vw, 223px\" \/><\/a><br \/>&#8211; Bod\u00f3 Barna \u00e9letrajz &#8211; <a href=\"http:\/\/bodo.adatbank.transindex.ro\/belso.php?a=oneletrajz&amp;k=16\" target=\"_blank\" rel=\"noopener\">http:\/\/bodo.adatbank.transindex.ro\/belso.php?a=oneletrajz&amp;k=16<\/a> <br \/>&#8211; Bod\u00f3 Barna Szakmai \u00f6n\u00e9letrajz &#8211; <a href=\"http:\/\/civilportal.ro\/BodoBarna\/oneletrajz\/\">http:\/\/civilportal.ro\/BodoBarna\/oneletrajz\/<\/a><\/p><\/div>\n\t\t\t\t<\/div>\n\t\t\t\t<\/div>\n\t\t\t\t\t<\/div>\n\t\t<\/div>\n\t\t\t\t\t\t\t<\/div>\n\t\t<\/section>\n\t\t\t\t<section class=\"elementor-section elementor-top-section elementor-element elementor-element-44f3a2d elementor-section-boxed elementor-section-height-default elementor-section-height-default\" data-id=\"44f3a2d\" data-element_type=\"section\">\n\t\t\t\t\t\t<div class=\"elementor-container elementor-column-gap-default\">\n\t\t\t\t\t<div class=\"elementor-column elementor-col-100 elementor-top-column elementor-element elementor-element-8bf9c15\" data-id=\"8bf9c15\" data-element_type=\"column\">\n\t\t\t<div class=\"elementor-widget-wrap elementor-element-populated\">\n\t\t\t\t\t\t\t\t<div class=\"elementor-element elementor-element-b4d5215 elementor-widget elementor-widget-spacer\" data-id=\"b4d5215\" data-element_type=\"widget\" data-widget_type=\"spacer.default\">\n\t\t\t\t<div class=\"elementor-widget-container\">\n\t\t\t\t\t<div class=\"elementor-spacer\">\n\t\t\t<div class=\"elementor-spacer-inner\"><\/div>\n\t\t<\/div>\n\t\t\t\t<\/div>\n\t\t\t\t<\/div>\n\t\t\t\t\t<\/div>\n\t\t<\/div>\n\t\t\t\t\t\t\t<\/div>\n\t\t<\/section>\n\t\t\t\t\t\t<\/div>\n\t\t\t\t\t<\/div>\n\t\t","protected":false},"excerpt":{"rendered":"<p>Wikip\u00e9dia A Wikip\u00e9dia Bod\u00f3 Barna sz\u00f3cikke 2018-ban tartalmazott t\u00e9ves vagy id\u0151k\u00f6zben megv\u00e1ltozott helyzetre utal\u00f3 inform\u00e1ci\u00f3kat. K\u00e9rt\u00fck a jav\u00edt\u00e1st (nem szem\u00e9lyes k\u00e9relem volt) &#8211; akkor visszautas\u00edtott\u00e1k. K\u00f6zben friss\u00edtett\u00e9k az oldalt, de most sem teljesen pontos. Az itt csatolt sz\u00f3cikk volna j\u00f3 &#8211; term\u00e9szetesen ezt lehet r\u00f6vid\u00edteni, de a Wikip\u00e9di\u00e1ra felker\u00fcl\u0151 sz\u00f3cikkben ne szerepeljen olyan inform\u00e1ci\u00f3, ami az itt tal\u00e1lhat\u00f3 sz\u00f6vegnek ellentmond. Bod\u00f3 Barna (Sepsiszentgy\u00f6rgy, 1948. j\u00falius 29. \u2013 ) magyar \u00edr\u00f3, k\u00f6z\u00edr\u00f3, politol\u00f3gus, t\u00e1rsadalomkutat\u00f3, egyetemi tan\u00e1r. Tartalomjegyz\u00e9k \u00c9let\u00fatja Munk\u00e1ss\u00e1ga K\u00f6tetei, tanulm\u00e1nyok, szerkeszt\u00e9s (v\u00e1logat\u00e1s) K\u00f6z\u00e9leti szerepek, tags\u00e1g Szakmai kiadv\u00e1nyok, szerkeszt\u0151s\u00e9gek \u2013 r\u00e9szv\u00e9tel, tags\u00e1g Szakmai k\u00f6z\u00e9leti elismer\u00e9s, d\u00edjak Tov\u00e1bbi inform\u00e1ci\u00f3k Id\u00e9z\u00e9sek (v\u00e1logat\u00e1s) Recenzi\u00f3k (v\u00e1logat\u00e1s) Interj\u00fak Lexikonok, bibliogr\u00e1fi\u00e1k M\u00e1s forr\u00e1s \u00c9let\u00fatja \u00a0\u00a0 Tor\u00f3 T. Tibor 2019-ban, az Erd\u00e9lyi Magyar Nemzeti Tan\u00e1cs K\u00f3s K\u00e1roly d\u00edj\u00e1nak \u00e1tad\u00e1sa alkalm\u00e1val \u00edgy jellemezte: \u201eBod\u00f3 Barna az 1989. decemberi rendszerv\u00e1ltoz\u00e1s ut\u00e1ni politikai \u00e9s szellemi k\u00f6z\u00e9let f\u0151embereinek egyike. Sok csat\u00e1t meg\u00e9rt, sokat l\u00e1t\u00f3, nagy titkok tud\u00f3ja, sokat v\u00e1llal\u00f3, a kih\u00edv\u00e1sokat szemb\u0151l fogad\u00f3, nagy \u00fajrakezd\u0151. \u00dajrakezd\u0151. Kev\u00e9s \u00edr\u00e1stud\u00f3ink egyike, a jobbik fajt\u00e1b\u00f3l. Aki \u00fagy lett a rendszerv\u00e1ltoz\u00e1s f\u0151sodr\u00e1ban (Temesv\u00e1ron) politikus, hogy soha nem sz\u0171nt meg korl\u00e1tokat feszeget\u0151 \u00e9rtelmis\u00e9gi lenni. \u0150 az a fizikusb\u00f3l lett t\u00e1rsadalomtud\u00f3s, aki meglett kor\u00e1ra is meg\u0151rizte fiatalkori \u00fajs\u00e1g\u00edr\u00f3i k\u00edv\u00e1ncsis\u00e1g\u00e1t. Aki cs\u00facspolitikusk\u00e9nt is mindig civil tudott maradni. Aki a magaslatokban is j\u00e1rt \u2013 orsz\u00e1gos politikai aleln\u00f6ke volt az akkor m\u00e9g egyetlen \u00e9rdekv\u00e9delmi sz\u00f6vets\u00e9g\u00fcnknek \u2013 majd onnan al\u00e1ereszkedve, k\u00e9pes volt tisztess\u00e9gesen \u00fajj\u00e1sz\u00fcletni a \u201ebarik\u00e1d\u201d t\u00faloldal\u00e1n kutat\u00f3k\u00e9nt, oktat\u00f3k\u00e9nt \u00e9s civil mozgalm\u00e1rk\u00e9nt egyar\u00e1nt. Egy saj\u00e1tos huszadik sz\u00e1zadi renesz\u00e1nsz emberrel van dolgunk teh\u00e1t, aki \u00fajs\u00e1g\u00edr\u00f3k\u00e9nt, riporterk\u00e9nt, politikusk\u00e9nt, \u00f6nkorm\u00e1nyzati k\u00e9pvisel\u0151k\u00e9nt, kutat\u00f3k\u00e9nt, egyetemi oktat\u00f3k\u00e9nt \u00e9s a civil t\u00e1rsadalom avatott szervez\u0151jek\u00e9nt is mindig \u00f6nmaga maradt: a k\u00f6z\u00f6ss\u00e9ge \u00e9rt\u00e9keit \u00e9s \u00e9rdekeit felismer\u0151, azt felv\u00e1llal\u00f3, kreat\u00edv energi\u00e1it annak szolg\u00e1lat\u00e1ba \u00e1ll\u00edt\u00f3 szellemi munk\u00e1s.[\u2026] Kutat\u00f3i-oktat\u00f3i min\u0151s\u00e9g\u00e9ben sem tagadta meg harcos \u00f6nmag\u00e1t, amikor az \u00f6n\u00e1ll\u00f3 magyar egyetem\u00e9rt akci\u00f3z\u00f3 Bolyai Kezdem\u00e9nyez\u0151 Bizotts\u00e1g fiatalabb tagjai mell\u00e9 \u00e1llt 2003-ban, \u00e9s v\u00e1llalta a BKB eln\u00f6ks\u00e9g\u00e9t. E tiszts\u00e9gr\u0151l akkor mondott le, amikor a Hantz P\u00e9ter \u00e9s Kov\u00e1cs Lehel aleln\u00f6k\u00f6ket ki\u00e1ll\u00e1suk miatt 2006 tavasz\u00e1n kir\u00fagt\u00e1k az egyetemr\u0151l, neki pedig d\u00e9k\u00e1ni felsz\u00f3l\u00edt\u00e1sra 2006 \u0151sz\u00e9t\u0151l m\u00e1s munkahelyet kellett keresnie. [\u2026] Meghat\u00e1roz\u00f3 szerepe van abban, hogy a sz\u00f3rv\u00e1ny fogalm\u00e1t siker\u00fclt tudom\u00e1nyosan megalapozni. Bod\u00f3 Barna nev\u00e9hez k\u00f6thet\u0151 t\u00f6bb fontos strat\u00e9giai anyag kidolgoz\u00e1sa. Ezek k\u00f6z\u00fcl is kiemelked\u0151 az a sz\u00f3rv\u00e1nystrat\u00e9gia, amelyet a M\u00c1\u00c9RT sz\u00f3rv\u00e1nybizotts\u00e1ga t\u00e1rseln\u00f6kek\u00e9nt tett le az asztalra, \u00e9s amelyben \u00faj ir\u00e1nyt szabott nem csak a sz\u00f3rv\u00e1nyk\u00f6z\u00f6ss\u00e9gekkel kapcsolatos tudom\u00e1nyos kutat\u00e1soknak (\u201ea sz\u00f3rv\u00e1ny mint nemzethat\u00e1r\u201d \u00e9rtelmez\u00e9se az \u0151 nev\u00e9hez k\u00f6thet\u0151), hanem a k\u00f6z\u00f6ss\u00e9g\u00e9p\u00edt\u00e9snek \u00e9s t\u00e1mogat\u00e1spolitik\u00e1nak is. Maradand\u00f3 ebben a tekintetben az \u00e1ltala \u00e9letre h\u00edvott temesv\u00e1ri Sz\u00f3rv\u00e1ny Alap\u00edtv\u00e1ny.\u201d\u00a0\u00a0 K\u00f6z\u00e9piskolai tanulm\u00e1nyait sz\u00fcl\u0151v\u00e1ros\u00e1ban, a Sz\u00e9kely Mik\u00f3 Koll\u00e9giumban (akkor: 1. sz. K\u00f6z\u00e9piskola) v\u00e9gezte. B\u00e1r jog\u00e1szk\u00e9nt k\u00e9pzelte el \u00e9let\u00e9t, hal\u00e1los \u00e1gy\u00e1n \u00e9desapja (akit az 1966-os \u00e9retts\u00e9gi ut\u00e1n 2 h\u00f3nappal vitt el a hal\u00e1los k\u00f3r) azt tan\u00e1csolta, v\u00e1lasszon valamilyen re\u00e1l szakot \u00e9s menjen min\u00e9l t\u00e1volabb a Sz\u00e9kelyf\u00f6ldt\u0151l, legyen a kollekt\u00edv gazdas\u00e1gba bel\u00e9p\u00e9st ny\u00edltan megtagad\u00f3 nagyapa elleni politikai retorzi\u00f3kt\u00f3l min\u00e9l t\u00e1volabb. \u00cdgy ker\u00fclt a temesv\u00e1ri egyetem fizika kar\u00e1ra, ahol 1972-ben diplom\u00e1zott. \u00c9vfolyamels\u0151k\u00e9nt jelentkezett a doktori iskol\u00e1ba, jelentkez\u00e9s\u00e9t elutas\u00edtott\u00e1k (mik\u00e9nt k\u00f6vetkez\u0151, 1988-as k\u00eds\u00e9rlete is sikertelen volt). 1972-ben a Szabad Sz\u00f3 szerkeszt\u0151s\u00e9g\u00e9ben dolgozott, 1973-t\u00f3l az Ifj\u00famunk\u00e1s b\u00e1ns\u00e1gi tud\u00f3s\u00edt\u00f3ja. 1985-t\u0151l az El\u0151re szerkeszt\u0151je, els\u0151dlegesen tudom\u00e1nyos \u00edr\u00e1sokkal jelentkezett. Cikkeket, tanulm\u00e1nyokat k\u00f6z\u00f6lt erd\u00e9lyi (Korunk, A H\u00e9t, El\u0151re, Megyei T\u00fck\u00f6r, V\u00f6r\u00f6s Lobog\u00f3, M\u0171vel\u0151d\u00e9s, Igaz Sz\u00f3) valamint magyarorsz\u00e1gi (Magyar Nemzet, N\u00e9pszabads\u00e1g, \u00c9let \u00e9s Tudom\u00e1ny, \u00c9let \u00e9s Irodalom, D\u00e9lmagyarorsz\u00e1g) lapokban. \u00cdr\u00e1saiban a gazdas\u00e1gi \u00e9s t\u00e1rsadalmi val\u00f3s\u00e1g \u00f6sszetett jelens\u00e9geit mutatja be, ill. tudom\u00e1nyos, tudom\u00e1nyt\u00f6rt\u00e9neti t\u00e9m\u00e1kat taglal.\u00a0\u00a0 Az 1989-1990 fordul\u00f3j\u00e1n indul\u00f3 politikai folyamatban szerepet v\u00e1llal. Az 1989. dec. 24-\u00e9n l\u00e9trej\u00f6tt B\u00e1ns\u00e1gi Magyar Demokratikus Sz\u00f6vets\u00e9g (1991-ben tagol\u00f3dott be az RMDSZ-be) ideiglenes, majd megv\u00e1lasztott eln\u00f6ke (1990-91), az RMDSZ orsz\u00e1gos politikai aleln\u00f6ke (1990-1991), az RMDSZ \u00fcgyvezet\u0151 politikai aleln\u00f6ke (1993-1995), az RMDSZ d\u00f6nt\u00e9shoz\u00f3 test\u00fclete, az SZKT egyik aleln\u00f6ke (1995-1998). Tiszts\u00e9g\u00e9r\u0151l lemond, amikor el\u0151zetes politikai \u00edg\u00e9ret\u00e9t megszegve az RMDSZ nem l\u00e9p ki a korm\u00e1nyb\u00f3l annak ellen\u00e9re, hogy nem hozz\u00e1k l\u00e9tre a koal\u00edci\u00f3s alku legfontosabb t\u00e9tel\u00e9t, a rom\u00e1niai \u00e1llami magyar egyetemet. Helyi szinten v\u00e1llalt k\u00e9pviseleti tiszts\u00e9ge: tagja Temes megye ideiglenes tan\u00e1cs\u00e1nak (1990. janu\u00e1r-augusztus), illetve 3 mand\u00e1tumon kereszt\u00fcl (1992-2004) a megyei tan\u00e1cs (k\u00f6zgy\u0171l\u00e9s) RMDSZ-es tagja, 1996-t\u0151l a m\u0171vel\u0151d\u00e9si bizotts\u00e1g titk\u00e1ra, 2000-t\u0151l eln\u00f6ke.\u00a0\u00a0 1995-t\u0151l kezd\u0151d\u0151en a civil szf\u00e9ra, a civil l\u00e9tforma \u00e9lete meghat\u00e1roz\u00f3 t\u00e9nyez\u0151j\u00e9v\u00e9 v\u00e1lik, kezdetben civil vezet\u0151k\u00e9nt, k\u00e9s\u0151bb a ter\u00fclet kutat\u00f3jak\u00e9nt is. 1996-t\u00f3l az \u00e1ltala alap\u00edtott (1993-ban) Sz\u00f3rv\u00e1ny Alap\u00edtv\u00e1ny keret\u00e9ben m\u0171k\u00f6d\u0151 Kisebbs\u00e9gi Sz\u00f3rv\u00e1nykutat\u00f3 K\u00f6zpont f\u0151\u00e1ll\u00e1s\u00fa munkat\u00e1rsa, vezet\u0151je (2000-ig). 1995-t\u0151l tan\u00edt, kezdetben \u00f3raad\u00f3k\u00e9nt Temesv\u00e1ron (Banatul Egyetem: kisebbs\u00e9gpolitika), Nagyv\u00e1radon (Ady Endre Sajt\u00f3koll\u00e9gium: politikatudom\u00e1ny), Kolozsv\u00e1ron (BBTE: politikatudom\u00e1nyi alapkurzus, k\u00e9s\u0151bb demokr\u00e1ciaelm\u00e9let, k\u00f6zpolitika, region\u00e1lis politika). 2000-t\u0151l a BBTE politikatudom\u00e1nyi kar\u00e1n adjunktus. 2002-t\u0151l \u00f3raad\u00f3 tan\u00e1r a temesv\u00e1ri Tudom\u00e1nyegyetem Politikatudom\u00e1nyi kar\u00e1n is (regionalizmus, k\u00f6zigazgat\u00e1s). 2006-2007-ben region\u00e1lis politika kurzust tart a nagyv\u00e1radi Partium Kereszt\u00e9ny Egyetemen.\u00a0\u00a0 T\u00f6bb nemzetk\u00f6zi szemin\u00e1rium r\u00e9sztvev\u0151je, doktor\u00e1l filoz\u00f3fi\u00e1b\u00f3l (2003, BBTE), Budapesten m\u0171vel\u0151d\u00e9spolitikai mesteri k\u00e9pz\u00e9st abszolv\u00e1l (ELTE, 2006-08). A K\u00e1roly G\u00e1sp\u00e1r Reform\u00e1tus Egyetemen habilit\u00e1l politikatudom\u00e1nyi t\u00e9m\u00e1val (sz\u00f3rv\u00e1ny, 2018).\u00a0\u00a0 2006-t\u0151l a Sapientia kolozsv\u00e1ri kar\u00e1n docens a nemzetk\u00f6zi kapcsolatok \u00e9s eur\u00f3pai tanulm\u00e1nyok szakon, 2015-t\u0151l a Sapientia tiszteletbeli professzora. 2017-t\u0151l doktor\u00e1tusvezet\u0151 (a budapesti Nemzeti K\u00f6zszolg\u00e1lati Egyetem \u00e9s a Sapientia k\u00f6z\u00f6s doktori programj\u00e1ban) 2018-t\u00f3l \u00f3raad\u00f3k\u00e9nt folytatja az oktat\u00f3i tev\u00e9kenys\u00e9get. Munk\u00e1ss\u00e1ga \u00a0\u00a0 Irodalmi munk\u00e1ss\u00e1ga. Riporttal szerepelt A Demeter gyerekek p\u00e1lyav\u00e1laszt\u00e1sa \u00e9s m\u00e1s igaz t\u00f6rt\u00e9netek (1977) c. k\u00f6tetben. Bek\u00f6lt\u00f6z\u00f6tt egy temesv\u00e1ri munk\u00e1ssz\u00e1ll\u00e1sra, \u00e9lm\u00e9nyeit riportk\u00f6tetben tette k\u00f6zz\u00e9 (Fele\u00faton, \u00fatf\u00e9len 1981), ez egyszerre hozott sz\u00e1m\u00e1ra orsz\u00e1gos irodalmi deb\u00fct-d\u00edjat \u00e9s szekurit\u00e1t\u00e9s feljelent\u00e9st, meghurcoltat\u00e1st. \u00a0\u00a0 Tudom\u00e1nyos t\u00e9ren Heged\u0171s Imr\u00e9vel k\u00f6z\u00f6sen \u00edrt k\u00f6nyve De la desene simple la holografie\/Az egyszer\u0171 rajzt\u00f3l a hologr\u00e1fi\u00e1ig (Temesv\u00e1r, 1978) az optika probl\u00e9marendszer\u00e9t \u00e9s fejl\u0151d\u00e9s\u00e9t tekintette \u00e1t. Gondoz\u00f3ja volt az E\u00f6tv\u00f6s Lor\u00e1nd tudom\u00e1nyos \u00e9s tudom\u00e1nypolitikai \u00edr\u00e1sait tartalmaz\u00f3 T\u00e9ka-k\u00f6tetnek (1980). Szerkeszt\u00e9s\u00e9ben jelent meg a Mit tettem mint fizikus? c\u00edm\u0171 k\u00f6tet Nobel-d\u00edjas tud\u00f3sokr\u00f3l (Bukarest, 1985).\u00a0\u00a0 Kutat\u00e1si ter\u00fcletei: sz\u00f3rv\u00e1nyhelyzet, identit\u00e1sfolyamatok, interetnikus kapcsolatok, regionalizmus-hat\u00e1rmentis\u00e9g. \u00a0\u00a0 1993-t\u0151l tagja az \u00cdr\u00f3sz\u00f6vets\u00e9gnek. K\u00f6tetek, tanulm\u00e1nyok, szerkeszt\u00e9s Sz\u00e9pirodalom: Fele\u00faton \u2013 \u00fatf\u00e9len, Forr\u00e1s sorozat, Kriterion K\u00f6nyvkiad\u00f3, Bukarest, 1981; Holnap is k\u00f6sz\u00f6nnek, riportok, essz\u00e9k, Kriterion K\u00f6nyvkiad\u00f3, Bukarest, 1989; Bod\u00f3 Barna\u02d0 Szenved\u0151 Temesv\u00e1r; Rom\u00e1niai Magyar Sz\u00f3, Zsebk\u00f6nyvek, Bukarest, 1990 (a k\u00f6tet m\u00e1sik, c\u00edmad\u00f3 \u00edr\u00e1sa Miskolczi Mikl\u00f3s: Sz\u00ednlelni boldog szeret\u0151t) Talpalatnyi r\u00e9gi\u00f3nk, essz\u00e9k\u00f6tet, Komp-Press Kiad\u00f3, Kolozsv\u00e1r, 2003; Meggy\u00f6t\u00f6rt val\u00f3s\u00e1g, v\u00e1logatott publicisztik\u00e1k, Irodalmi Jelen Kiad\u00f3, Arad, 2020. Fizika, ismeretterjeszt\u00e9s: De la desene simple la holografie\/Az egyszer\u0171 rajzt\u00f3l a hologr\u00e1fi\u00e1ig Facla Kiad\u00f3, Temesv\u00e1r, 1978; E\u00f6tv\u00f6s Lor\u00e1nd tudom\u00e1nyos \u00e9s m\u0171vel\u0151d\u00e9spolitikai \u00edr\u00e1saib\u00f3l szerkeszt\u00e9s, bevezet\u0151 tanulm\u00e1ny, Kriterion, Bukarest, 1980; Mit tettem mint fizikus? T\u00e9ka sorozat, Nobel-d\u00edjas tud\u00f3sok \u00f6n\u00e9let\u00edr\u00e1sai, Kriterion Kiad\u00f3, Bukarest, 1985. Politikatudom\u00e1ny: Szereppr\u00f3ba \u2013 tanulm\u00e1nyok, Diaszp\u00f3ra K\u00f6nyvek, RMKT Kolozsv\u00e1r, 2002 (t\u00e1rsszerz\u0151); St\u00e1tusdiskurzus \u2013 essz\u00e9k \u00e9s tanulm\u00e1nyok, Diaszp\u00f3ra K\u00f6nyvek, Marineasa Kiad\u00f3, Temesv\u00e1r, 2003 (t\u00e1rsszerz\u0151: Bakk Mikl\u00f3ssal) Az identit\u00e1s egyetemess\u00e9ge \u2013 Polis Kiad\u00f3, Kolozsv\u00e1r, 2004. Factors and Mechanisms of the Regionalization in Central-Eastern Europe, In. Bod\u00f3 Barna (editor), Local Identity and Regionalism, Helicon, Temesv\u00e1r, 1998. Sz\u00f3rv\u00e1ny \u00e9s nyelvhat\u00e1r \u2013 Lucidus Kiad\u00f3, Budapest, 2009. K\u00f6zpolitika \u2013 Scientia Kiad\u00f3, Kolozsv\u00e1r, 2011. Sz\u00f3rv\u00e1nystrat\u00e9gia \u2013 Gordian Kiad\u00f3 Temesv\u00e1r, 2011. Az identit\u00e1s t\u00fck\u00f6rcserepei, In: B\u00e1ns\u00e1gi magyar \u00f3vod\u00e1k (szerk. Bod\u00f3 Barna), 2013, Sz\u00f3rv\u00e1ny Alap\u00edtv\u00e1ny Temesv\u00e1r, pp. 36-64. Civil szerepek \u2013 civil szerepl\u0151k, 2014, Gordian Kiad\u00f3 Temesv\u00e1r. Jelens\u00e9gek sz\u00e9lz\u00fag\u00e1sban (politikatudom\u00e1nyi tanulm\u00e1nyok), Europrint Kiad\u00f3, Nagyv\u00e1rad 2020. Tanulm\u00e1nyok: k\u00f6tetekben \u00f6sszesen 114, periodik\u00e1kban 115 szakdolgozata jelent meg. K\u00f6tetekben (v\u00e1logat\u00e1s): Deconstructing a Region: the Banat\/B\u00e1ns\u00e1g (t\u00e1rszerz\u0151 Sz\u00e1sz A.Z.) in Horv\u00e1th Istv\u00e1n \u2013 Tonk M\u00e1rton (eds.) Minority Politics within the Europe of Regions, Scientia, 2011, pp. 329-351. Az asszimil\u00e1ci\u00f3 jelens\u00e9gvil\u00e1ga, in Balog I. e.a. (szerk.) A szociol\u00f3gia szem\u00fcveg\u00e9n kereszt\u00fcl, Belvedere Meridionale Kiad\u00f3 Szeged, 2012. pp. 40-58. Kisebbs\u00e9gi magyar fiatalok identit\u00e1sv\u00e1ltozatai, In Szab\u00f3 A.-Bauer B.-Pill\u00f3k P. Mozaik 2011 \u2013 Magyar fiatalok a K\u00e1rp\u00e1t-medenc\u00e9ben, Belvedere Meridionale, Szeged-Budapest, 2013, pp.199-246. Terek \u00e9s szimb\u00f3lumok Kolozsv\u00e1r belv\u00e1ros\u00e1ban, In: Pieldner Judit \u2013 Pap Levente &#8211; Tapodi Zsuzsa \u2013 Forisek P\u00e9ter \u2013 Papp Kl\u00e1ra (szerk.) Kultur\u00e1lis identit\u00e1s \u00e9s alterit\u00e1s az id\u0151ben, Debreceni Egyetem T\u00f6rt\u00e9neti Int\u00e9zete, Debrecen, 2013, pp.109-125. Kisebbs\u00e9gi civil t\u00e1rsadalom In F\u00e1bi\u00e1n Gyula \u2013 Jakab A. Zsolt (szerk.): B\u00edr\u00f3 G\u00e1sp\u00e1r eml\u00e9kk\u00f6nyv, Nemzeti Kisebbs\u00e9gkutat\u00f3 Int\u00e9zet-MTA TK Kisebbs\u00e9gkutat\u00f3 Int\u00e9zet, Kolozsv\u00e1r, 2015. pp.47-59. Monuments of Public Art and the Intercultural Dialogue: The Case of the Austrian Military Monument in Timi\u015foara, In: Vasile Docea (ed.) Paths to Belonging. Constructing Local Identity in Banat by Means of Cultural Heritage and Historiography, Baden-Baden: Nomos Verlag, 2016. pp. 29-49. Sz\u00f3rv\u00e1nyr\u00f3l \u2013 m\u00e1sk\u00e9nt In Cseke P\u00e9ter (szerk.) Szigetek \u2013 sz\u00f3rv\u00e1nyok a K\u00e1rp\u00e1t-medenc\u00e9ben \u00e9s \u00c9szak-Amerik\u00e1ban, Korunk \u2013 Komp-Press Kiad\u00f3, Kolozsv\u00e1r, 2016. pp.37-57. Az RMDSZ ex lex \u00e1llapota, In Civil j\u00f3s\u00e1g \u2013 civil hat\u00e9konys\u00e1g &#8211; Somai J\u00f3zsef 85 \u00e9ves (szerk. Bod\u00f3 Barna, t\u00e1rsszerk. Bakk Mikl\u00f3s, Csatl\u00f3s P\u00e1l, Szenkovics Dezs\u0151), MCSZESZ kiad\u00e1sa, Kolozsv\u00e1r, 2016. pp. 35-61. A birtokbav\u00e9tel l\u00e9pcs\u0151fokai In Bod\u00f3 Barna (szerk., t\u00e1rsszerk. Szab\u00f3 Lilla, Sz\u00e9man R\u00f3zsa), Erd\u00e9lyi Magyar Civil \u00c9vk\u00f6nyv 2015 &#8211; A fesztiv\u00e1ljelens\u00e9g, Kiad\u00f3 EME, Kolozsv\u00e1r, 2016. pp.7-30. S\u00edrok, s\u00edrfeliratok \u2013 olvasatok. In T\u00f3dor Erika M\u00e1ria, Tank\u00f3 Enik\u0151, D\u00e9gi Zsuzsanna (szerk.) Nyelvi t\u00e1jk\u00e9p, nyelvi soksz\u00edn\u0171s\u00e9g I. k\u00f6t. 2018, Kolozsv\u00e1r: Scientia Kiad\u00f3. pp.149-176. Szaklapok, periodik\u00e1k (v\u00e1logat\u00e1s): A Bolyai egyetem, mint politikai projekt, In: Mester \u00e9s Tan\u00edtv\u00e1ny, 2008. augusztus, pp.10-32. Internal Diaspora \u2013 Assimilation \u2013 Formation of the Internal Diaspora, In: European and Regional Studies &#8211; Acta Universitatis Sapientia, nr. 1\/2010. T\u00e9veszm\u00e9k a politik\u00e1ban In: Korunk 2010\/8 pp.49-60. Magyar iskolav\u00e1laszt\u00e1s Erd\u00e9lyben (t\u00e1rsszerz\u0151: M\u00e1rton J\u00e1nos) in Kisebbs\u00e9gkutat\u00e1s 2012\/3 sz. pp. 418-473. Magyar fiatalok t\u00f6bbs\u00e9gi iskolav\u00e1laszt\u00e1sa Aradon, In Kisebbs\u00e9gkutat\u00e1s 2013\/4 sz. pp. 31-49. Erd\u00e9lyi magyar civil tudom\u00e1ny, In: Civil Szemle, 2014\/3. pp.7-26. Sz\u00f3rv\u00e1ny \u00e9s k\u00f6zpolitika, In: Kisebbs\u00e9gkutat\u00e1s, 2015\/3. pp.102-129. A sz\u00e9kelyf\u00f6ldi auton\u00f3mia mozg\u00e1sterei, In: Kisebbs\u00e9gkutat\u00e1s, 2016\/3. pp.7-41. Az erd\u00e9lyi n\u00e9met k\u00e9rd\u00e9s \u00e9s Jakabffy, In Kisebbs\u00e9gi Szemle 2017\/2, pp 109-142. J\u00f6v\u0151k\u00e9p, auton\u00f3mia \u2013 sz\u00e9kely k\u00f6zigazgat\u00e1s, Pro Publico Bono \u2013 Magyar K\u00f6zigazgat\u00e1s, 2018\/1, k\u00fcl\u00f6nsz\u00e1m. 6-43. Demokr\u00e1cia \u00e9s civil t\u00e1rsadalom \u2013 kisebbs\u00e9gi l\u00e9thelyzetben, Korunk 2018\/10. pp. 8-22. Szerkeszt\u00e9s: Tradi\u0163ie \u015fi interculturalitate (Hagyom\u00e1ny \u00e9s interkulturalit\u00e1s). Interferenciae Banaticae sorozat, Marineasa Kiad\u00f3, Temesv\u00e1r, 2002. Hagyom\u00e1ny\u0151rz\u00e9s Temes megy\u00e9ben, Helyzet \u2013 Jel \u2013 K\u00e9p K\u00f6nyvek, Sz\u00f3rv\u00e1ny Alap\u00edtv\u00e1ny, Marineasa Kiad\u00f3, Temesv\u00e1r, 2002. Temesv\u00e1ri kalauz, Helyzet \u2013 K\u00e9p \u2013 Jel K\u00f6nyvek, Sz\u00f3rv\u00e1ny Alap\u00edtv\u00e1ny \u2013 Marineasa Kiad\u00f3, Temesv\u00e1r, 2003. K\u00f6z\u00f6ss\u00e9gfejleszt\u00e9s (szerkeszt\u00e9s), Sz\u00f3rv\u00e1ny Alap\u00edtv\u00e1ny \u2013 Marineasa Kiad\u00f3, Temesv\u00e1r, 2004. Honismereti strat\u00e9gia (szerkeszt\u0151), Sz\u00f3rv\u00e1ny Alap\u00edtv\u00e1ny-Marineasa Kiad\u00f3 Temesv\u00e1r, 2006. Region\u00e1lis identit\u00e1s, k\u00f6z\u00f6ss\u00e9g\u00e9p\u00edt\u00e9s, sz\u00f3rv\u00e1nygondoz\u00e1s (szerkeszt\u0151, t\u00e1rsszerkeszt\u0151k: Balogh Bal\u00e1zs, Ily\u00e9s Zolt\u00e1n), Lucidus K\u00f6nyvkiad\u00f3 Budapest, 2007. Nyelvi jogok (szerkeszt\u0151), Interferenciae Banaticae sorozat &#8211; 3, Sz\u00f3rv\u00e1ny Alap\u00edtv\u00e1ny \u2013 Marineasa Kiad\u00f3, Temesv\u00e1r, 2007. R\u00e9gi\u00f3ba z\u00e1rtan (szerk.), Diaszp\u00f3ra K\u00f6nyvek sorozat \u2013 3, Sz\u00f3rv\u00e1ny Alap\u00edtv\u00e1ny- Marineasa Kiad\u00f3, Temesv\u00e1r, 2008. Kisebbs\u00e9gben, k\u00f6z\u00f6ss\u00e9gben (szerk.), Tempus K\u00f6nyvkiad\u00f3 Temesv\u00e1r. 2008. Eur\u00f3pai Uni\u00f3 \u00e9s region\u00e1lis politika (szerk.), Scientia Kiad\u00f3 Kolozsv\u00e1r, 2008. Helyt\u00f6rt\u00e9neti kronol\u00f3gia (szerk.), Marineasa Kiad\u00f3, Temesv\u00e1r, 2009. Nations and National Minorities in he European Union (ed. with M. Tonk), Scientia, Kolozsv\u00e1r, 2009. B\u00e1ns\u00e1gi Magyar Panteon \u2013 Panteon Maghiar B\u0103n\u0103\u0163ean \u2013 Hungarian Pantheon from Banat (editor coord.) I-II-III. 2009-2011-2014, Marineasa\/Gordian Kiad\u00f3, Temesv\u00e1r. Fiatal tudom\u00e1ny \u2013 tudom\u00e1nyunk fiataljai a K\u00e1rp\u00e1t-medenc\u00e9ben \/ Hat\u00e1rhelyzetek IX. (szerkeszt\u0151, t\u00e1rsszerkeszt\u0151 Szot\u00e1k Szilvia) Kiad\u00f3: K\u00fclgazdas\u00e1gi \u00e9s K\u00fcl\u00fcgyminiszt\u00e9rium, Budapest, 2017. Civil j\u00f3s\u00e1g \u2013 civil hat\u00e9konys\u00e1g. Somai J\u00f3zsef 85 \u00e9ves (szerk.\/t\u00e1rsszerk. Bakk Mikl\u00f3s, Csatl\u00f3s P\u00e1l, Szenkovics Dezs\u0151), Kiad\u00f3 MCSZESZ Kolozsv\u00e1r, Nyomda Europrint Nagyv\u00e1rad, 2016. Hat\u00e1rhelyzetek IX. Fiatal tudom\u00e1ny \u2013 tudom\u00e1nyunk fiataljai a K\u00e1rp\u00e1t-medenc\u00e9ben (szerk, t\u00e1rsszerk. Szot\u00e1k Szilvia), Budapest, K\u00fclgazdas\u00e1gi \u00e9s K\u00fcl\u00fcgyminiszt\u00e9rium, 2017.\/. Hat\u00e1rhelyzetek X. Ifj\u00fas\u00e1g, tudom\u00e1nypolitika, j\u00f6v\u0151k\u00e9p: kil\u00e1t\u00e1sok \u00e9s kih\u00edv\u00e1sok a K\u00e1rp\u00e1t-medenc\u00e9ben (szerkeszt\u0151, t\u00e1rsszerk. Szot\u00e1k Szilvia), K\u00fclgazdas\u00e1gi \u00e9s K\u00fcl\u00fcgyminiszt\u00e9rium, Budapest, 2018 \/Hat\u00e1rhelyzetek XI. Diszcipl\u00edn\u00e1k tal\u00e1lkoz\u00e1sa \u2013 Nyelvek \u00e9s kult\u00far\u00e1k \u00e9rintkez\u00e9se. Szerk. Bod\u00f3 Barna \u00e9s Szot\u00e1k Szilvia), Budapest: K\u00fclgazdas\u00e1gi \u00e9s K\u00fcl\u00fcgyminiszt\u00e9rium, 2018. Bal\u00e1zs S\u00e1ndor: Eml\u00e9keim szem\u00e9lyekr\u0151l \u2013 \u00fajrak\u00f6zl\u00e9sekkel (szerkeszt\u0151) Kiad\u00f3 MCSZESZ, Kolozsv\u00e1r, Nyomda Europrint Nagyv\u00e1rad, 2018. Somai J\u00f3zsef: A rendszerv\u00e1lt\u00e1s rem\u00e9nyei \u00e9s anakronizmusa (szerkeszt\u0151), MCSZESZ-Gordian, 2018. Szekerny\u00e9s J\u00e1nos: Ferenczy J\u00f3zsef, (szerkeszt\u0151, el\u0151sz\u00f3 BB), Sz\u00f3rv\u00e1ny Al. Temesv\u00e1r, 2018 (Megjelent 2019). Ha elapad a sz\u00f3, megsz\u00f3lal a zene. Vesm\u00e1s Tam\u00e1s 70 \u00e9ves. Interj\u00fak Vasila Bogdan. Ford\u00edtotta Szekerny\u00e9s Ir\u00e9n. Szerk. Bod\u00f3 Barna. Sz\u00f3rv\u00e1ny Alap\u00edtv\u00e1ny, 2019. Szerkesztette: Rom\u00e1niai Magyar \u00c9vk\u00f6nyv sorozatot (2000-2011), szerkeszti az Erd\u00e9lyi Magyar Civil \u00c9vk\u00f6nyv sorozatot (2013-t\u00f3l). Az \u00e1ltala szerkesztett k\u00f6tetek sz\u00e1ma 60. Publicisztik\u00e1k: helyi, orsz\u00e1gos illetve magyarorsz\u00e1gi, ausztriai lapokban: kb. 150. K\u00f6z\u00e9leti szerepek, tags\u00e1g Sz\u00f3rv\u00e1ny Alap\u00edtv\u00e1ny Temesv\u00e1r \u2013 alap\u00edt\u00f3 eln\u00f6k (1993-) Pro Amicitia Egyes\u00fclet, Temesv\u00e1r \u2013 alap\u00edt\u00f3 eln\u00f6k, tag (2004-) Magyar Civil Szervezetek Erd\u00e9lyi Sz\u00f6vets\u00e9ge \u2013 alap\u00edt\u00f3 aleln\u00f6k (2004), eln\u00f6k (2005-) POLITEIA &#8211; Rom\u00e1niai Magyar Politikatudom\u00e1nyi Egyes\u00fclet, Kolozsv\u00e1r \u2013 alap\u00edt\u00f3 eln\u00f6k (2000-2010), jelenleg tag Interkultur\u00e1lis Int\u00e9zet Temesv\u00e1r \u2013 tag (1993-), igazgat\u00f3tan\u00e1csi tag (2006-2017), 2019-t\u0151l megint Erd\u00e9lyi M\u00fazeum-Egyes\u00fclet \u2013 tag (1993-) Rom\u00e1n \u00cdr\u00f3sz\u00f6vets\u00e9g \u2013 tag (1993-) TECHN\u00c9 \u2013 temesv\u00e1ri magyar egyetemi oktat\u00f3k egyes\u00fclete \u2013 tag (1999) Magyar Nyelv \u00e9s Kult\u00fara Nemzetk\u00f6zi T\u00e1rsas\u00e1ga (Anyanyelvi Konferencia) \u2013 tag (1993), igazgat\u00f3tan\u00e1csi tag (2010-2015), az\u00f3ta a Tan\u00e1csad\u00f3 Test\u00fclet tagja Zenebar\u00e1tok T\u00e1rsas\u00e1ga Temesv\u00e1r \u2013 tag (1995-) Magyar Politikatudom\u00e1nyi T\u00e1rsas\u00e1g \u2013 tag (1999-2006) Magyar Region\u00e1lis Tudom\u00e1nyok T\u00e1rsas\u00e1ga \u2013 tag (2000-2006) MTA \u2013 k\u00f6ztest\u00fcleti tag (2005-) Magyar \u00c1lland\u00f3 \u00c9rtekezlet, Sz\u00f3rv\u00e1ny Szakbizotts\u00e1g, t\u00e1rseln\u00f6k (2010-2018) Civil \u00d6sszefog\u00e1s F\u00f3ruma (C\u00d6F) Budapest, C12 elnevez\u00e9s\u0171 szak\u00e9rt\u0151i&#8230;<\/p>\n","protected":false},"author":1,"featured_media":0,"parent":0,"menu_order":0,"comment_status":"closed","ping_status":"closed","template":"elementor_header_footer","meta":{"footnotes":""},"class_list":["post-850","page","type-page","status-publish","hentry"],"_links":{"self":[{"href":"http:\/\/civilportal.ro\/BodoBarna\/wp-json\/wp\/v2\/pages\/850","targetHints":{"allow":["GET"]}}],"collection":[{"href":"http:\/\/civilportal.ro\/BodoBarna\/wp-json\/wp\/v2\/pages"}],"about":[{"href":"http:\/\/civilportal.ro\/BodoBarna\/wp-json\/wp\/v2\/types\/page"}],"author":[{"embeddable":true,"href":"http:\/\/civilportal.ro\/BodoBarna\/wp-json\/wp\/v2\/users\/1"}],"replies":[{"embeddable":true,"href":"http:\/\/civilportal.ro\/BodoBarna\/wp-json\/wp\/v2\/comments?post=850"}],"version-history":[{"count":304,"href":"http:\/\/civilportal.ro\/BodoBarna\/wp-json\/wp\/v2\/pages\/850\/revisions"}],"predecessor-version":[{"id":1291,"href":"http:\/\/civilportal.ro\/BodoBarna\/wp-json\/wp\/v2\/pages\/850\/revisions\/1291"}],"wp:attachment":[{"href":"http:\/\/civilportal.ro\/BodoBarna\/wp-json\/wp\/v2\/media?parent=850"}],"curies":[{"name":"wp","href":"https:\/\/api.w.org\/{rel}","templated":true}]}}