{"id":52,"date":"2021-02-23T23:11:35","date_gmt":"2021-02-23T23:11:35","guid":{"rendered":"http:\/\/civilportal.ro\/BodoBarna\/?page_id=52"},"modified":"2021-02-26T19:20:18","modified_gmt":"2021-02-26T19:20:18","slug":"oktatas","status":"publish","type":"page","link":"http:\/\/civilportal.ro\/BodoBarna\/oktatas\/","title":{"rendered":"Oktat\u00e1s"},"content":{"rendered":"\t\t<div data-elementor-type=\"wp-page\" data-elementor-id=\"52\" class=\"elementor elementor-52\" data-elementor-settings=\"[]\">\n\t\t\t\t\t\t\t<div class=\"elementor-section-wrap\">\n\t\t\t\t\t\t\t<section class=\"elementor-section elementor-top-section elementor-element elementor-element-6baee686 elementor-section-boxed elementor-section-height-default elementor-section-height-default\" data-id=\"6baee686\" data-element_type=\"section\">\n\t\t\t\t\t\t<div class=\"elementor-container elementor-column-gap-default\">\n\t\t\t\t\t<div class=\"elementor-column elementor-col-100 elementor-top-column elementor-element elementor-element-123e8719\" data-id=\"123e8719\" data-element_type=\"column\">\n\t\t\t<div class=\"elementor-widget-wrap elementor-element-populated\">\n\t\t\t\t\t\t\t\t<div class=\"elementor-element elementor-element-3a34ba68 elementor-widget elementor-widget-spacer\" data-id=\"3a34ba68\" data-element_type=\"widget\" data-widget_type=\"spacer.default\">\n\t\t\t\t<div class=\"elementor-widget-container\">\n\t\t\t\t\t<div class=\"elementor-spacer\">\n\t\t\t<div class=\"elementor-spacer-inner\"><\/div>\n\t\t<\/div>\n\t\t\t\t<\/div>\n\t\t\t\t<\/div>\n\t\t\t\t\t<\/div>\n\t\t<\/div>\n\t\t\t\t\t\t\t<\/div>\n\t\t<\/section>\n\t\t\t\t<section class=\"elementor-section elementor-top-section elementor-element elementor-element-20f06bb elementor-section-boxed elementor-section-height-default elementor-section-height-default\" data-id=\"20f06bb\" data-element_type=\"section\">\n\t\t\t\t\t\t<div class=\"elementor-container elementor-column-gap-default\">\n\t\t\t\t\t<div class=\"elementor-column elementor-col-100 elementor-top-column elementor-element elementor-element-2ce73c10\" data-id=\"2ce73c10\" data-element_type=\"column\">\n\t\t\t<div class=\"elementor-widget-wrap elementor-element-populated\">\n\t\t\t\t\t\t\t\t<div class=\"elementor-element elementor-element-685093b9 elementor-widget elementor-widget-heading\" data-id=\"685093b9\" data-element_type=\"widget\" data-widget_type=\"heading.default\">\n\t\t\t\t<div class=\"elementor-widget-container\">\n\t\t\t<h1 class=\"elementor-heading-title elementor-size-default\">Oktatott t\u00e1rgyak<\/h1>\t\t<\/div>\n\t\t\t\t<\/div>\n\t\t\t\t\t<\/div>\n\t\t<\/div>\n\t\t\t\t\t\t\t<\/div>\n\t\t<\/section>\n\t\t\t\t<section class=\"elementor-section elementor-top-section elementor-element elementor-element-eb85610 elementor-section-boxed elementor-section-height-default elementor-section-height-default\" data-id=\"eb85610\" data-element_type=\"section\">\n\t\t\t\t\t\t<div class=\"elementor-container elementor-column-gap-default\">\n\t\t\t\t\t<div class=\"elementor-column elementor-col-100 elementor-top-column elementor-element elementor-element-315d4b8\" data-id=\"315d4b8\" data-element_type=\"column\">\n\t\t\t<div class=\"elementor-widget-wrap elementor-element-populated\">\n\t\t\t\t\t\t\t\t<div class=\"elementor-element elementor-element-c179cce elementor-widget elementor-widget-text-editor\" data-id=\"c179cce\" data-element_type=\"widget\" data-widget_type=\"text-editor.default\">\n\t\t\t\t<div class=\"elementor-widget-container\">\n\t\t\t\t\t<div class=\"elementor-text-editor elementor-clearfix\"><p><img loading=\"lazy\" decoding=\"async\" class=\"aligncenter wp-image-455\" src=\"http:\/\/civilportal.ro\/BodoBarna\/wp-content\/uploads\/2021\/02\/Sapientia-Kolozsvari-Kar-epulete-1024x768.jpg\" alt=\"\" width=\"500\" height=\"375\" srcset=\"http:\/\/civilportal.ro\/BodoBarna\/wp-content\/uploads\/2021\/02\/Sapientia-Kolozsvari-Kar-epulete-1024x768.jpg 1024w, http:\/\/civilportal.ro\/BodoBarna\/wp-content\/uploads\/2021\/02\/Sapientia-Kolozsvari-Kar-epulete-300x225.jpg 300w, http:\/\/civilportal.ro\/BodoBarna\/wp-content\/uploads\/2021\/02\/Sapientia-Kolozsvari-Kar-epulete-768x576.jpg 768w, http:\/\/civilportal.ro\/BodoBarna\/wp-content\/uploads\/2021\/02\/Sapientia-Kolozsvari-Kar-epulete-1536x1152.jpg 1536w, http:\/\/civilportal.ro\/BodoBarna\/wp-content\/uploads\/2021\/02\/Sapientia-Kolozsvari-Kar-epulete-1140x855.jpg 1140w, http:\/\/civilportal.ro\/BodoBarna\/wp-content\/uploads\/2021\/02\/Sapientia-Kolozsvari-Kar-epulete.jpg 2048w\" sizes=\"auto, (max-width: 500px) 100vw, 500px\" \/><\/p><\/div>\n\t\t\t\t<\/div>\n\t\t\t\t<\/div>\n\t\t\t\t\t<\/div>\n\t\t<\/div>\n\t\t\t\t\t\t\t<\/div>\n\t\t<\/section>\n\t\t\t\t<section class=\"elementor-section elementor-top-section elementor-element elementor-element-b2a6770 elementor-section-boxed elementor-section-height-default elementor-section-height-default\" data-id=\"b2a6770\" data-element_type=\"section\">\n\t\t\t\t\t\t<div class=\"elementor-container elementor-column-gap-default\">\n\t\t\t\t\t<div class=\"elementor-column elementor-col-100 elementor-top-column elementor-element elementor-element-426b8a9\" data-id=\"426b8a9\" data-element_type=\"column\">\n\t\t\t<div class=\"elementor-widget-wrap elementor-element-populated\">\n\t\t\t\t\t\t\t\t<div class=\"elementor-element elementor-element-16001cb elementor-widget elementor-widget-heading\" data-id=\"16001cb\" data-element_type=\"widget\" data-widget_type=\"heading.default\">\n\t\t\t\t<div class=\"elementor-widget-container\">\n\t\t\t<h3 class=\"elementor-heading-title elementor-size-default\">Bod\u00f3 Barna - Sapientia Erd\u00e9lyi Magyar Tudom\u00e1nyegyetem, Kolozsv\u00e1ri Kar<\/h3>\t\t<\/div>\n\t\t\t\t<\/div>\n\t\t\t\t\t<\/div>\n\t\t<\/div>\n\t\t\t\t\t\t\t<\/div>\n\t\t<\/section>\n\t\t\t\t<section class=\"elementor-section elementor-top-section elementor-element elementor-element-2f0f03d8 elementor-section-boxed elementor-section-height-default elementor-section-height-default\" data-id=\"2f0f03d8\" data-element_type=\"section\">\n\t\t\t\t\t\t<div class=\"elementor-container elementor-column-gap-default\">\n\t\t\t\t\t<div class=\"elementor-column elementor-col-100 elementor-top-column elementor-element elementor-element-1cec186a\" data-id=\"1cec186a\" data-element_type=\"column\">\n\t\t\t<div class=\"elementor-widget-wrap elementor-element-populated\">\n\t\t\t\t\t\t\t\t<div class=\"elementor-element elementor-element-7da39055 elementor-widget elementor-widget-text-editor\" data-id=\"7da39055\" data-element_type=\"widget\" data-widget_type=\"text-editor.default\">\n\t\t\t\t<div class=\"elementor-widget-container\">\n\t\t\t\t\t<div class=\"elementor-text-editor elementor-clearfix\"><p>2015\/16-os tan\u00e9v, I. f\u00e9l\u00e9v<\/p><ul><li><strong>Bevezet\u00e9s a politikatudom\u00e1nyba<\/strong> (el\u0151ad\u00e1s) \u2013 nemzetk\u00f6zi kapcsolatok \u00e9s Eur\u00f3pa-tanulm\u00e1nyok szak I. \u00e9v<\/li><li><strong>Kisebbs\u00e9gpolitika az EU-ban<\/strong> (el\u0151ad\u00e1s) \u2013 nemzetk\u00f6zi kapcsolatok \u00e9s Eur\u00f3pa-tanulm\u00e1nyok szak III. \u00e9v<\/li><li><strong>K\u00f6zpolitika<\/strong> (el\u0151ad\u00e1s) \u2013 nemzetk\u00f6zi kapcsolatok \u00e9s Eur\u00f3pa-tanulm\u00e1nyok szak III. \u00e9v<\/li><li><strong>Civil \u00e9rdek\u00e9rv\u00e9nyes\u00edt\u00e9s (lobbi) az EU-ban<\/strong> (el\u0151ad\u00e1s \u00e9s szemin\u00e1rium) \u2013 diplom\u00e1cia \u00e9s interkultur\u00e1lis tanulm\u00e1nyok mesteri II. \u00e9v<\/li><\/ul><p>2015\/16-os tan\u00e9v, II. f\u00e9l\u00e9v<\/p><ul><li><strong>Region\u00e1lis politika az EU-ban<\/strong> (el\u0151ad\u00e1s \u00e9s szemin\u00e1rium) \u2013 nemzetk\u00f6zi kapcsolatok \u00e9s Eur\u00f3pa-tanulm\u00e1nyok szak II. \u00e9v<\/li><li><strong>T\u00f6bbszint\u0171 korm\u00e1nyz\u00e1s az EU-ban<\/strong> (el\u0151ad\u00e1s \u00e9s szemin\u00e1rium) \u2013 nemzetk\u00f6zi kapcsolatok \u00e9s Eur\u00f3pa-tanulm\u00e1nyok szak III. \u00e9v<\/li><li><strong>Kisebbs\u00e9gek \u00e9s kisebbs\u00e9gpolitika Eur\u00f3p\u00e1ban<\/strong> (el\u0151ad\u00e1s \u00e9s szemin\u00e1rium) \u2013 diplom\u00e1cia \u00e9s interkultur\u00e1lis tanulm\u00e1nyok mesteri I. \u00e9v<\/li><li><strong>Szakdolgozat\u00edr\u00e1s<\/strong> (el\u0151ad\u00e1s) \u2013 nemzetk\u00f6zi kapcsolatok \u00e9s Eur\u00f3pa-tanulm\u00e1nyok szak III. \u00e9v<\/li><li><strong>M\u00f3dszertan<\/strong> az \u00e1llampolg\u00e1ri nevel\u00e9s tant\u00e1rgy tan\u00edt\u00e1s\u00e1t illet\u0151en (el\u0151ad\u00e1s \u00e9s szemin\u00e1rium) \u2013 nemzetk\u00f6zi kapcsolatok \u00e9s Eur\u00f3pa-tanulm\u00e1nyok szakos \u00e9s joghallgat\u00f3k, II. \u00e9v<\/li><\/ul><p>2016\/17-es tan\u00e9v, I. f\u00e9l\u00e9v<\/p><ul><li><strong>Bevezet\u00e9s a politikatudom\u00e1nyba<\/strong> (el\u0151ad\u00e1s) \u2013 nemzetk\u00f6zi kapcsolatok \u00e9s Eur\u00f3pa-tanulm\u00e1nyok szak I. \u00e9v<\/li><li><strong>K\u00f6zpolitika<\/strong> (el\u0151ad\u00e1s) \u2013 nemzetk\u00f6zi kapcsolatok \u00e9s Eur\u00f3pa-tanulm\u00e1nyok szak III. \u00e9v<\/li><li><strong>Civil \u00e9rdek\u00e9rv\u00e9nyes\u00edt\u00e9s<\/strong> (lobbi) az EU-ban (el\u0151ad\u00e1s \u00e9s szemin\u00e1rium) \u2013 diplom\u00e1cia \u00e9s interkultur\u00e1lis tanulm\u00e1nyok mesteri II. \u00e9v<\/li><\/ul><p>2016\/17-es tan\u00e9v, II. f\u00e9l\u00e9v<\/p><ul><li><strong>T\u00f6bbszint\u0171 korm\u00e1nyz\u00e1s az EU-ban<\/strong> (el\u0151ad\u00e1s \u00e9s szemin\u00e1rium) \u2013 nemzetk\u00f6zi kapcsolatok \u00e9s Eur\u00f3pa-tanulm\u00e1nyok szak III. \u00e9v<\/li><li><strong>Kisebbs\u00e9gek \u00e9s kisebbs\u00e9gpolitika Eur\u00f3p\u00e1ban<\/strong> (el\u0151ad\u00e1s \u00e9s szemin\u00e1rium) \u2013 diplom\u00e1cia \u00e9s interkultur\u00e1lis tanulm\u00e1nyok mesteri I. \u00e9v<\/li><li>M\u00f3dszertan az \u00e1llampolg\u00e1ri nevel\u00e9s tant\u00e1rgy tan\u00edt\u00e1s\u00e1t illet\u0151en (el\u0151ad\u00e1s \u00e9s szemin\u00e1rium) \u2013 nemzetk\u00f6zi kapcsolatok \u00e9s Eur\u00f3pa-tanulm\u00e1nyok szakos \u00e9s joghallgat\u00f3k, II. \u00e9v<\/li><\/ul><p>2017\/18-as tan\u00e9v, I. f\u00e9l\u00e9v<\/p><ul><li><strong>Bevezet\u00e9s a politikatudom\u00e1nyba<\/strong> (el\u0151ad\u00e1s) \u2013 nemzetk\u00f6zi kapcsolatok \u00e9s Eur\u00f3pa-tanulm\u00e1nyok szak I. \u00e9v<\/li><li><strong>K\u00f6zpolitika<\/strong> (el\u0151ad\u00e1s) \u2013 nemzetk\u00f6zi kapcsolatok \u00e9s Eur\u00f3pa-tanulm\u00e1nyok szak II. \u00e9v<\/li><\/ul><p>2017\/18-as tan\u00e9v, II. f\u00e9l\u00e9v<\/p><ul><li><strong>T\u00f6bbszint\u0171 korm\u00e1nyz\u00e1s az EU-ban<\/strong> (el\u0151ad\u00e1s \u00e9s szemin\u00e1rium) \u2013 nemzetk\u00f6zi kapcsolatok \u00e9s Eur\u00f3pa-tanulm\u00e1nyok szak III. \u00e9v<\/li><li><strong>Szakdolgozat\u00edr\u00e1s<\/strong> (el\u0151ad\u00e1s) \u2013 nemzetk\u00f6zi kapcsolatok \u00e9s Eur\u00f3pa-tanulm\u00e1nyok szakos III. \u00e9ves hallgat\u00f3k<\/li><li><strong>Kisebbs\u00e9gek \u00e9s kisebbs\u00e9gpolitika Eur\u00f3p\u00e1ban<\/strong> (el\u0151ad\u00e1s \u00e9s szemin\u00e1rium) \u2013 diplom\u00e1cia \u00e9s interkultur\u00e1lis tanulm\u00e1nyok mesteri I. \u00e9v<\/li><li><strong>Civil \u00e9rdek\u00e9rv\u00e9nyes\u00edt\u00e9s (lobbi) az EU-ban<\/strong> (el\u0151ad\u00e1s \u00e9s szemin\u00e1rium) \u2013 diplom\u00e1cia \u00e9s interkultur\u00e1lis tanulm\u00e1nyok mesteri II. \u00e9v<\/li><li><strong>M\u00f3dszertan<\/strong> az \u00e1llampolg\u00e1ri nevel\u00e9s tant\u00e1rgy tan\u00edt\u00e1s\u00e1t illet\u0151en (el\u0151ad\u00e1s \u00e9s szemin\u00e1rium) \u2013 nemzetk\u00f6zi kapcsolatok \u00e9s Eur\u00f3pa-tanulm\u00e1nyok szakos \u00e9s joghallgat\u00f3k, II. \u00e9v<\/li><\/ul><p>2018\/19-es tan\u00e9v, I. f\u00e9l\u00e9v<\/p><ul><li><strong>Etika<\/strong> (el\u0151ad\u00e1s) \u2013 nemzetk\u00f6zi kapcsolatok, jog, k\u00f6rnyezettudom\u00e1ny, film \u00e9s m\u00e9dia szakok I. \u00e9v, DIT, KT, Film m\u00e9dia mesterk\u00e9pz\u0151 I. \u00e9v<\/li><li><strong>K\u00f6zpolitika<\/strong> (el\u0151ad\u00e1s) \u2013 nemzetk\u00f6zi kapcsolatok \u00e9s Eur\u00f3pa-tanulm\u00e1nyok szak II. \u00e9v<\/li><\/ul><p>2018\/19-es tan\u00e9v, II. f\u00e9l\u00e9v<\/p><ul><li><strong>T\u00f6bbszint\u0171 korm\u00e1nyz\u00e1s az EU-ban<\/strong> (el\u0151ad\u00e1s \u00e9s szemin\u00e1rium) \u2013 nemzetk\u00f6zi kapcsolatok \u00e9s Eur\u00f3pa-tanulm\u00e1nyok szak III. \u00e9v<\/li><li><strong>Civil \u00e9rdek\u00e9rv\u00e9nyes\u00edt\u00e9s (lobbi) az EU-ban<\/strong> (el\u0151ad\u00e1s \u00e9s szemin\u00e1rium) \u2013 diplom\u00e1cia \u00e9s interkultur\u00e1lis tanulm\u00e1nyok mesteri II. \u00e9v<\/li><li><strong>Szakdolgozat\u00edr\u00e1s<\/strong> (el\u0151ad\u00e1s) \u2013 nemzetk\u00f6zi kapcsolatok \u00e9s Eur\u00f3pa-tanulm\u00e1nyok szakos III. \u00e9v<\/li><li><strong>M\u00f3dszertan<\/strong> az \u00e1llampolg\u00e1ri nevel\u00e9s tant\u00e1rgy tan\u00edt\u00e1s\u00e1t illet\u0151en (el\u0151ad\u00e1s \u00e9s szemin\u00e1rium) \u2013 nemzetk\u00f6zi kapcsolatok \u00e9s Eur\u00f3pa-tanulm\u00e1nyok szakos \u00e9s joghallgat\u00f3k, II. \u00e9v<\/li><\/ul><p>2019\/20-as tan\u00e9v, I. f\u00e9l\u00e9v<\/p><ul><li><strong>Etika<\/strong> (el\u0151ad\u00e1s) \u2013 nemzetk\u00f6zi kapcsolatok, jog, k\u00f6rnyezettudom\u00e1ny, film \u00e9s m\u00e9dia szakos I. \u00e9ves alap- \u00e9s mesterk\u00e9pz\u0151s hallgat\u00f3k<\/li><li><strong>K\u00f6zpolitika<\/strong> (el\u0151ad\u00e1s) \u2013 nemzetk\u00f6zi kapcsolatok \u00e9s Eur\u00f3pa-tanulm\u00e1nyok szakos II. \u00e9v<\/li><\/ul><p>2019\/20-as tan\u00e9v, II. f\u00e9l\u00e9v<\/p><ul><li><strong>Szakdolgozat\u00edr\u00e1s<\/strong> (el\u0151ad\u00e1s) \u2013 nemzetk\u00f6zi kapcsolatok \u00e9s Eur\u00f3pa-tanulm\u00e1nyok szakos I. \u00e9v<\/li><li><strong>T\u00f6bbszint\u0171 korm\u00e1nyz\u00e1s az EU-ban<\/strong> (el\u0151ad\u00e1s) \u2013 nemzetk\u00f6zi kapcsolatok \u00e9s Eur\u00f3pa-tanulm\u00e1nyok szakos III. \u00e9v<\/li><li><strong>M\u00f3dszertan<\/strong> az \u00e1llampolg\u00e1ri nevel\u00e9s tant\u00e1rgy tan\u00edt\u00e1s\u00e1t illet\u0151en (el\u0151ad\u00e1s \u00e9s szemin\u00e1rium) \u2013 nemzetk\u00f6zi kapcsolatok \u00e9s Eur\u00f3pa-tanulm\u00e1nyok szakos \u00e9s joghallgat\u00f3k, II. \u00e9v<\/li><\/ul><p>2020\/21-es tan\u00e9v, I. f\u00e9l\u00e9v<\/p><ul><li><strong>Etika<\/strong> (el\u0151ad\u00e1s) \u2013 nemzetk\u00f6zi kapcsolatok, jog, k\u00f6rnyezettudom\u00e1ny, film \u00e9s m\u00e9dia szakos I. \u00e9ves alap- \u00e9s mesterk\u00e9pz\u0151s hallgat\u00f3k<\/li><li><strong>K\u00f6zpolitika<\/strong> (el\u0151ad\u00e1s) \u2013 nemzetk\u00f6zi kapcsolatok \u00e9s Eur\u00f3pa-tanulm\u00e1nyok szakos II. \u00e9ves hallgat\u00f3k<\/li><\/ul><p>2020\/21-es tan\u00e9v, II. f\u00e9l\u00e9v<\/p><ul><li><strong>Szakdolgozat\u00edr\u00e1s<\/strong> (el\u0151ad\u00e1s) \u2013 nemzetk\u00f6zi kapcsolatok \u00e9s Eur\u00f3pa-tanulm\u00e1nyok szakos I. \u00e9ves hallgat\u00f3k<\/li><li><strong>T\u00f6bbszint\u0171 korm\u00e1nyz\u00e1s az EU-ban<\/strong> (el\u0151ad\u00e1s) \u2013 nemzetk\u00f6zi kapcsolatok \u00e9s Eur\u00f3pa-tanulm\u00e1nyok szakos III. \u00e9ves hallgat\u00f3k<\/li><li><strong>M\u00f3dszertan<\/strong> az \u00e1llampolg\u00e1ri nevel\u00e9s tant\u00e1rgy tan\u00edt\u00e1s\u00e1t illet\u0151en (el\u0151ad\u00e1s \u00e9s szemin\u00e1rium) \u2013 nemzetk\u00f6zi kapcsolatok \u00e9s Eur\u00f3pa-tanulm\u00e1nyok szakos \u00e9s joghallgat\u00f3k, II. \u00e9v<\/li><\/ul><\/div>\n\t\t\t\t<\/div>\n\t\t\t\t<\/div>\n\t\t\t\t\t<\/div>\n\t\t<\/div>\n\t\t\t\t\t\t\t<\/div>\n\t\t<\/section>\n\t\t\t\t<section class=\"elementor-section elementor-top-section elementor-element elementor-element-82e59e7 elementor-section-boxed elementor-section-height-default elementor-section-height-default\" data-id=\"82e59e7\" data-element_type=\"section\">\n\t\t\t\t\t\t<div class=\"elementor-container elementor-column-gap-default\">\n\t\t\t\t\t<div class=\"elementor-column elementor-col-100 elementor-top-column elementor-element elementor-element-025bdba\" data-id=\"025bdba\" data-element_type=\"column\">\n\t\t\t<div class=\"elementor-widget-wrap elementor-element-populated\">\n\t\t\t\t\t\t\t\t<div class=\"elementor-element elementor-element-3d8ab10 elementor-widget elementor-widget-spacer\" data-id=\"3d8ab10\" data-element_type=\"widget\" data-widget_type=\"spacer.default\">\n\t\t\t\t<div class=\"elementor-widget-container\">\n\t\t\t\t\t<div class=\"elementor-spacer\">\n\t\t\t<div class=\"elementor-spacer-inner\"><\/div>\n\t\t<\/div>\n\t\t\t\t<\/div>\n\t\t\t\t<\/div>\n\t\t\t\t\t<\/div>\n\t\t<\/div>\n\t\t\t\t\t\t\t<\/div>\n\t\t<\/section>\n\t\t\t\t\t\t<\/div>\n\t\t\t\t\t<\/div>\n\t\t","protected":false},"excerpt":{"rendered":"<p>Oktatott t\u00e1rgyak Bod\u00f3 Barna &#8211; Sapientia Erd\u00e9lyi Magyar Tudom\u00e1nyegyetem, Kolozsv\u00e1ri Kar 2015\/16-os tan\u00e9v, I. f\u00e9l\u00e9v Bevezet\u00e9s a politikatudom\u00e1nyba (el\u0151ad\u00e1s) \u2013 nemzetk\u00f6zi kapcsolatok \u00e9s Eur\u00f3pa-tanulm\u00e1nyok szak I. \u00e9v Kisebbs\u00e9gpolitika az EU-ban (el\u0151ad\u00e1s) \u2013 nemzetk\u00f6zi kapcsolatok \u00e9s Eur\u00f3pa-tanulm\u00e1nyok szak III. \u00e9v K\u00f6zpolitika (el\u0151ad\u00e1s) \u2013 nemzetk\u00f6zi kapcsolatok \u00e9s Eur\u00f3pa-tanulm\u00e1nyok szak III. \u00e9v Civil \u00e9rdek\u00e9rv\u00e9nyes\u00edt\u00e9s (lobbi) az EU-ban (el\u0151ad\u00e1s \u00e9s szemin\u00e1rium) \u2013 diplom\u00e1cia \u00e9s interkultur\u00e1lis tanulm\u00e1nyok mesteri II. \u00e9v 2015\/16-os tan\u00e9v, II. f\u00e9l\u00e9v Region\u00e1lis politika az EU-ban (el\u0151ad\u00e1s \u00e9s szemin\u00e1rium) \u2013 nemzetk\u00f6zi kapcsolatok \u00e9s Eur\u00f3pa-tanulm\u00e1nyok szak II. \u00e9v T\u00f6bbszint\u0171 korm\u00e1nyz\u00e1s az EU-ban (el\u0151ad\u00e1s \u00e9s szemin\u00e1rium) \u2013 nemzetk\u00f6zi kapcsolatok \u00e9s Eur\u00f3pa-tanulm\u00e1nyok szak III. \u00e9v Kisebbs\u00e9gek \u00e9s kisebbs\u00e9gpolitika Eur\u00f3p\u00e1ban (el\u0151ad\u00e1s \u00e9s szemin\u00e1rium) \u2013 diplom\u00e1cia \u00e9s interkultur\u00e1lis tanulm\u00e1nyok mesteri I. \u00e9v Szakdolgozat\u00edr\u00e1s (el\u0151ad\u00e1s) \u2013 nemzetk\u00f6zi kapcsolatok \u00e9s Eur\u00f3pa-tanulm\u00e1nyok szak III. \u00e9v M\u00f3dszertan az \u00e1llampolg\u00e1ri nevel\u00e9s tant\u00e1rgy tan\u00edt\u00e1s\u00e1t illet\u0151en (el\u0151ad\u00e1s \u00e9s szemin\u00e1rium) \u2013 nemzetk\u00f6zi kapcsolatok \u00e9s Eur\u00f3pa-tanulm\u00e1nyok szakos \u00e9s joghallgat\u00f3k, II. \u00e9v 2016\/17-es tan\u00e9v, I. f\u00e9l\u00e9v Bevezet\u00e9s a politikatudom\u00e1nyba (el\u0151ad\u00e1s) \u2013 nemzetk\u00f6zi kapcsolatok \u00e9s Eur\u00f3pa-tanulm\u00e1nyok szak I. \u00e9v K\u00f6zpolitika (el\u0151ad\u00e1s) \u2013 nemzetk\u00f6zi kapcsolatok \u00e9s Eur\u00f3pa-tanulm\u00e1nyok szak III. \u00e9v Civil \u00e9rdek\u00e9rv\u00e9nyes\u00edt\u00e9s (lobbi) az EU-ban (el\u0151ad\u00e1s \u00e9s szemin\u00e1rium) \u2013 diplom\u00e1cia \u00e9s interkultur\u00e1lis tanulm\u00e1nyok mesteri II. \u00e9v 2016\/17-es tan\u00e9v, II. f\u00e9l\u00e9v T\u00f6bbszint\u0171 korm\u00e1nyz\u00e1s az EU-ban (el\u0151ad\u00e1s \u00e9s szemin\u00e1rium) \u2013 nemzetk\u00f6zi kapcsolatok \u00e9s Eur\u00f3pa-tanulm\u00e1nyok szak III. \u00e9v Kisebbs\u00e9gek \u00e9s kisebbs\u00e9gpolitika Eur\u00f3p\u00e1ban (el\u0151ad\u00e1s \u00e9s szemin\u00e1rium) \u2013 diplom\u00e1cia \u00e9s interkultur\u00e1lis tanulm\u00e1nyok mesteri I. \u00e9v M\u00f3dszertan az \u00e1llampolg\u00e1ri nevel\u00e9s tant\u00e1rgy tan\u00edt\u00e1s\u00e1t illet\u0151en (el\u0151ad\u00e1s \u00e9s szemin\u00e1rium) \u2013 nemzetk\u00f6zi kapcsolatok \u00e9s Eur\u00f3pa-tanulm\u00e1nyok szakos \u00e9s joghallgat\u00f3k, II. \u00e9v 2017\/18-as tan\u00e9v, I. f\u00e9l\u00e9v Bevezet\u00e9s a politikatudom\u00e1nyba (el\u0151ad\u00e1s) \u2013 nemzetk\u00f6zi kapcsolatok \u00e9s Eur\u00f3pa-tanulm\u00e1nyok szak I. \u00e9v K\u00f6zpolitika (el\u0151ad\u00e1s) \u2013 nemzetk\u00f6zi kapcsolatok \u00e9s Eur\u00f3pa-tanulm\u00e1nyok szak II. \u00e9v 2017\/18-as tan\u00e9v, II. f\u00e9l\u00e9v T\u00f6bbszint\u0171 korm\u00e1nyz\u00e1s az EU-ban (el\u0151ad\u00e1s \u00e9s szemin\u00e1rium) \u2013 nemzetk\u00f6zi kapcsolatok \u00e9s Eur\u00f3pa-tanulm\u00e1nyok szak III. \u00e9v Szakdolgozat\u00edr\u00e1s (el\u0151ad\u00e1s) \u2013 nemzetk\u00f6zi kapcsolatok \u00e9s Eur\u00f3pa-tanulm\u00e1nyok szakos III. \u00e9ves hallgat\u00f3k Kisebbs\u00e9gek \u00e9s kisebbs\u00e9gpolitika Eur\u00f3p\u00e1ban (el\u0151ad\u00e1s \u00e9s szemin\u00e1rium) \u2013 diplom\u00e1cia \u00e9s interkultur\u00e1lis tanulm\u00e1nyok mesteri I. \u00e9v Civil \u00e9rdek\u00e9rv\u00e9nyes\u00edt\u00e9s (lobbi) az EU-ban (el\u0151ad\u00e1s \u00e9s szemin\u00e1rium) \u2013 diplom\u00e1cia \u00e9s interkultur\u00e1lis tanulm\u00e1nyok mesteri II. \u00e9v M\u00f3dszertan az \u00e1llampolg\u00e1ri nevel\u00e9s tant\u00e1rgy tan\u00edt\u00e1s\u00e1t illet\u0151en (el\u0151ad\u00e1s \u00e9s szemin\u00e1rium) \u2013 nemzetk\u00f6zi kapcsolatok \u00e9s Eur\u00f3pa-tanulm\u00e1nyok szakos \u00e9s joghallgat\u00f3k, II. \u00e9v 2018\/19-es tan\u00e9v, I. f\u00e9l\u00e9v Etika (el\u0151ad\u00e1s) \u2013 nemzetk\u00f6zi kapcsolatok, jog, k\u00f6rnyezettudom\u00e1ny, film \u00e9s m\u00e9dia szakok I. \u00e9v, DIT, KT, Film m\u00e9dia mesterk\u00e9pz\u0151 I. \u00e9v K\u00f6zpolitika (el\u0151ad\u00e1s) \u2013 nemzetk\u00f6zi kapcsolatok \u00e9s Eur\u00f3pa-tanulm\u00e1nyok szak II. \u00e9v 2018\/19-es tan\u00e9v, II. f\u00e9l\u00e9v T\u00f6bbszint\u0171 korm\u00e1nyz\u00e1s az EU-ban (el\u0151ad\u00e1s \u00e9s szemin\u00e1rium) \u2013 nemzetk\u00f6zi kapcsolatok \u00e9s Eur\u00f3pa-tanulm\u00e1nyok szak III. \u00e9v Civil \u00e9rdek\u00e9rv\u00e9nyes\u00edt\u00e9s (lobbi) az EU-ban (el\u0151ad\u00e1s \u00e9s szemin\u00e1rium) \u2013 diplom\u00e1cia \u00e9s interkultur\u00e1lis tanulm\u00e1nyok mesteri II. \u00e9v Szakdolgozat\u00edr\u00e1s (el\u0151ad\u00e1s) \u2013 nemzetk\u00f6zi kapcsolatok \u00e9s Eur\u00f3pa-tanulm\u00e1nyok szakos III. \u00e9v M\u00f3dszertan az \u00e1llampolg\u00e1ri nevel\u00e9s tant\u00e1rgy tan\u00edt\u00e1s\u00e1t illet\u0151en (el\u0151ad\u00e1s \u00e9s szemin\u00e1rium) \u2013 nemzetk\u00f6zi kapcsolatok \u00e9s Eur\u00f3pa-tanulm\u00e1nyok szakos \u00e9s joghallgat\u00f3k, II. \u00e9v 2019\/20-as tan\u00e9v, I. f\u00e9l\u00e9v Etika (el\u0151ad\u00e1s) \u2013 nemzetk\u00f6zi kapcsolatok, jog, k\u00f6rnyezettudom\u00e1ny, film \u00e9s m\u00e9dia szakos I. \u00e9ves alap- \u00e9s mesterk\u00e9pz\u0151s hallgat\u00f3k K\u00f6zpolitika (el\u0151ad\u00e1s) \u2013 nemzetk\u00f6zi kapcsolatok \u00e9s Eur\u00f3pa-tanulm\u00e1nyok szakos II. \u00e9v 2019\/20-as tan\u00e9v, II. f\u00e9l\u00e9v Szakdolgozat\u00edr\u00e1s (el\u0151ad\u00e1s) \u2013 nemzetk\u00f6zi kapcsolatok \u00e9s Eur\u00f3pa-tanulm\u00e1nyok szakos I. \u00e9v T\u00f6bbszint\u0171 korm\u00e1nyz\u00e1s az EU-ban (el\u0151ad\u00e1s) \u2013 nemzetk\u00f6zi kapcsolatok \u00e9s Eur\u00f3pa-tanulm\u00e1nyok szakos III. \u00e9v M\u00f3dszertan az \u00e1llampolg\u00e1ri nevel\u00e9s tant\u00e1rgy tan\u00edt\u00e1s\u00e1t illet\u0151en (el\u0151ad\u00e1s \u00e9s szemin\u00e1rium) \u2013 nemzetk\u00f6zi kapcsolatok \u00e9s Eur\u00f3pa-tanulm\u00e1nyok szakos \u00e9s joghallgat\u00f3k, II. \u00e9v 2020\/21-es tan\u00e9v, I. f\u00e9l\u00e9v Etika (el\u0151ad\u00e1s) \u2013 nemzetk\u00f6zi kapcsolatok, jog, k\u00f6rnyezettudom\u00e1ny, film \u00e9s m\u00e9dia szakos I. \u00e9ves alap- \u00e9s mesterk\u00e9pz\u0151s hallgat\u00f3k K\u00f6zpolitika (el\u0151ad\u00e1s) \u2013 nemzetk\u00f6zi kapcsolatok \u00e9s Eur\u00f3pa-tanulm\u00e1nyok szakos II. \u00e9ves hallgat\u00f3k 2020\/21-es tan\u00e9v, II. f\u00e9l\u00e9v Szakdolgozat\u00edr\u00e1s (el\u0151ad\u00e1s) \u2013 nemzetk\u00f6zi kapcsolatok \u00e9s Eur\u00f3pa-tanulm\u00e1nyok szakos I. \u00e9ves hallgat\u00f3k T\u00f6bbszint\u0171 korm\u00e1nyz\u00e1s az EU-ban (el\u0151ad\u00e1s) \u2013 nemzetk\u00f6zi kapcsolatok \u00e9s Eur\u00f3pa-tanulm\u00e1nyok szakos III. \u00e9ves hallgat\u00f3k M\u00f3dszertan az \u00e1llampolg\u00e1ri nevel\u00e9s tant\u00e1rgy tan\u00edt\u00e1s\u00e1t illet\u0151en (el\u0151ad\u00e1s \u00e9s szemin\u00e1rium) \u2013 nemzetk\u00f6zi kapcsolatok \u00e9s Eur\u00f3pa-tanulm\u00e1nyok szakos \u00e9s joghallgat\u00f3k, II. \u00e9v<\/p>\n","protected":false},"author":1,"featured_media":0,"parent":0,"menu_order":0,"comment_status":"closed","ping_status":"closed","template":"elementor_header_footer","meta":{"footnotes":""},"class_list":["post-52","page","type-page","status-publish","hentry"],"_links":{"self":[{"href":"http:\/\/civilportal.ro\/BodoBarna\/wp-json\/wp\/v2\/pages\/52","targetHints":{"allow":["GET"]}}],"collection":[{"href":"http:\/\/civilportal.ro\/BodoBarna\/wp-json\/wp\/v2\/pages"}],"about":[{"href":"http:\/\/civilportal.ro\/BodoBarna\/wp-json\/wp\/v2\/types\/page"}],"author":[{"embeddable":true,"href":"http:\/\/civilportal.ro\/BodoBarna\/wp-json\/wp\/v2\/users\/1"}],"replies":[{"embeddable":true,"href":"http:\/\/civilportal.ro\/BodoBarna\/wp-json\/wp\/v2\/comments?post=52"}],"version-history":[{"count":12,"href":"http:\/\/civilportal.ro\/BodoBarna\/wp-json\/wp\/v2\/pages\/52\/revisions"}],"predecessor-version":[{"id":458,"href":"http:\/\/civilportal.ro\/BodoBarna\/wp-json\/wp\/v2\/pages\/52\/revisions\/458"}],"wp:attachment":[{"href":"http:\/\/civilportal.ro\/BodoBarna\/wp-json\/wp\/v2\/media?parent=52"}],"curies":[{"name":"wp","href":"https:\/\/api.w.org\/{rel}","templated":true}]}}