{"id":472,"date":"2021-02-26T20:14:23","date_gmt":"2021-02-26T20:14:23","guid":{"rendered":"http:\/\/civilportal.ro\/BodoBarna\/?page_id=472"},"modified":"2021-02-26T21:17:44","modified_gmt":"2021-02-26T21:17:44","slug":"kutatas","status":"publish","type":"page","link":"http:\/\/civilportal.ro\/BodoBarna\/kutatas\/","title":{"rendered":"Kutat\u00e1s"},"content":{"rendered":"\t\t<div data-elementor-type=\"wp-page\" data-elementor-id=\"472\" class=\"elementor elementor-472\" data-elementor-settings=\"[]\">\n\t\t\t\t\t\t\t<div class=\"elementor-section-wrap\">\n\t\t\t\t\t\t\t<section class=\"elementor-section elementor-top-section elementor-element elementor-element-55f132d2 elementor-section-boxed elementor-section-height-default elementor-section-height-default\" data-id=\"55f132d2\" data-element_type=\"section\">\n\t\t\t\t\t\t<div class=\"elementor-container elementor-column-gap-default\">\n\t\t\t\t\t<div class=\"elementor-column elementor-col-100 elementor-top-column elementor-element elementor-element-70a8297c\" data-id=\"70a8297c\" data-element_type=\"column\">\n\t\t\t<div class=\"elementor-widget-wrap elementor-element-populated\">\n\t\t\t\t\t\t\t\t<div class=\"elementor-element elementor-element-53bfa42d elementor-widget elementor-widget-spacer\" data-id=\"53bfa42d\" data-element_type=\"widget\" data-widget_type=\"spacer.default\">\n\t\t\t\t<div class=\"elementor-widget-container\">\n\t\t\t\t\t<div class=\"elementor-spacer\">\n\t\t\t<div class=\"elementor-spacer-inner\"><\/div>\n\t\t<\/div>\n\t\t\t\t<\/div>\n\t\t\t\t<\/div>\n\t\t\t\t\t<\/div>\n\t\t<\/div>\n\t\t\t\t\t\t\t<\/div>\n\t\t<\/section>\n\t\t\t\t<section class=\"elementor-section elementor-top-section elementor-element elementor-element-23ea9085 elementor-section-boxed elementor-section-height-default elementor-section-height-default\" data-id=\"23ea9085\" data-element_type=\"section\">\n\t\t\t\t\t\t<div class=\"elementor-container elementor-column-gap-default\">\n\t\t\t\t\t<div class=\"elementor-column elementor-col-100 elementor-top-column elementor-element elementor-element-33087fdf\" data-id=\"33087fdf\" data-element_type=\"column\">\n\t\t\t<div class=\"elementor-widget-wrap elementor-element-populated\">\n\t\t\t\t\t\t\t\t<div class=\"elementor-element elementor-element-57193395 elementor-widget elementor-widget-heading\" data-id=\"57193395\" data-element_type=\"widget\" data-widget_type=\"heading.default\">\n\t\t\t\t<div class=\"elementor-widget-container\">\n\t\t\t<h1 class=\"elementor-heading-title elementor-size-default\">Kutat\u00e1s<\/h1>\t\t<\/div>\n\t\t\t\t<\/div>\n\t\t\t\t\t<\/div>\n\t\t<\/div>\n\t\t\t\t\t\t\t<\/div>\n\t\t<\/section>\n\t\t\t\t<section class=\"elementor-section elementor-top-section elementor-element elementor-element-81de38b elementor-section-boxed elementor-section-height-default elementor-section-height-default\" data-id=\"81de38b\" data-element_type=\"section\">\n\t\t\t\t\t\t<div class=\"elementor-container elementor-column-gap-default\">\n\t\t\t\t\t<div class=\"elementor-column elementor-col-100 elementor-top-column elementor-element elementor-element-e9f3464\" data-id=\"e9f3464\" data-element_type=\"column\">\n\t\t\t<div class=\"elementor-widget-wrap elementor-element-populated\">\n\t\t\t\t\t\t\t\t<div class=\"elementor-element elementor-element-3ddb713 elementor-widget elementor-widget-spacer\" data-id=\"3ddb713\" data-element_type=\"widget\" data-widget_type=\"spacer.default\">\n\t\t\t\t<div class=\"elementor-widget-container\">\n\t\t\t\t\t<div class=\"elementor-spacer\">\n\t\t\t<div class=\"elementor-spacer-inner\"><\/div>\n\t\t<\/div>\n\t\t\t\t<\/div>\n\t\t\t\t<\/div>\n\t\t\t\t\t<\/div>\n\t\t<\/div>\n\t\t\t\t\t\t\t<\/div>\n\t\t<\/section>\n\t\t\t\t<section class=\"elementor-section elementor-top-section elementor-element elementor-element-2d29f74 elementor-section-boxed elementor-section-height-default elementor-section-height-default\" data-id=\"2d29f74\" data-element_type=\"section\">\n\t\t\t\t\t\t<div class=\"elementor-container elementor-column-gap-default\">\n\t\t\t\t\t<div class=\"elementor-column elementor-col-100 elementor-top-column elementor-element elementor-element-4cf68c5\" data-id=\"4cf68c5\" data-element_type=\"column\">\n\t\t\t<div class=\"elementor-widget-wrap elementor-element-populated\">\n\t\t\t\t\t\t\t\t<div class=\"elementor-element elementor-element-54d39f5 elementor-widget elementor-widget-text-editor\" data-id=\"54d39f5\" data-element_type=\"widget\" data-widget_type=\"text-editor.default\">\n\t\t\t\t<div class=\"elementor-widget-container\">\n\t\t\t\t\t<div class=\"elementor-text-editor elementor-clearfix\"><p>Egyetemi oktat\u00f3k\u00e9nt kutat\u00f3i feladataink is voltak \u00e9s vannak. A Sapientia oktat\u00f3jak\u00e9nt a k\u00f6vetkez\u0151 t\u00e9m\u00e1kat kutattam: <em>kisebbs\u00e9gi l\u00e9thelyzet, etnikumk\u00f6zi kapcsolatok, identit\u00e1s \u00e9s asszimil\u00e1ci\u00f3, kisebbs\u00e9gi k\u00e9pviselet, civil szf\u00e9ra, regionalizmus, jeles el\u0151d\u00f6k hagyat\u00e9ka<\/em>. 2006 \u00e9s 2014 k\u00f6z\u00f6tt 6 orsz\u00e1gos \u00e9s 11 nemzetk\u00f6zi kutat\u00e1si projektnek voltam a vezet\u0151je illetve a kutat\u00f3i csapat tagja. A nemzetk\u00f6zi besorol\u00e1s eset\u00fcnkben megt\u00e9veszt\u0151 lehet: egy kutat\u00e1s kiv\u00e9tel\u00e9vel magyarorsz\u00e1gi t\u00e1mogat\u00e1st jelent.<\/p><p>2015 \u00f3ta az al\u00e1bbi kutat\u00e1sokra kaptam t\u00e1mogat\u00e1st. A felsorol\u00e1sba nem ker\u00fcltek be azok a kutat\u00e1sok, amelyeket szervezet (MCSZESZ) \u00e1ltal futtatott projektek keret\u00e9ben val\u00f3s\u00edtottunk meg. Ilyen volt t\u00f6bbek k\u00f6z\u00f6tt a k\u00e9t <em>Civil t\u00e9rk\u00e9p kutat\u00e1s<\/em> (MCSZESZ 2017 \u00e9s 2018), az <em>\u00c9rt\u00e9kment\u00e9s sz\u00f3rv\u00e1nyban<\/em> (MCSZESZ 2019).<\/p><\/div>\n\t\t\t\t<\/div>\n\t\t\t\t<\/div>\n\t\t\t\t\t<\/div>\n\t\t<\/div>\n\t\t\t\t\t\t\t<\/div>\n\t\t<\/section>\n\t\t\t\t<section class=\"elementor-section elementor-top-section elementor-element elementor-element-3e36279 elementor-section-boxed elementor-section-height-default elementor-section-height-default\" data-id=\"3e36279\" data-element_type=\"section\">\n\t\t\t\t\t\t<div class=\"elementor-container elementor-column-gap-default\">\n\t\t\t\t\t<div class=\"elementor-column elementor-col-100 elementor-top-column elementor-element elementor-element-d75cfc4\" data-id=\"d75cfc4\" data-element_type=\"column\">\n\t\t\t<div class=\"elementor-widget-wrap elementor-element-populated\">\n\t\t\t\t\t\t\t\t<div class=\"elementor-element elementor-element-1707277 elementor-widget elementor-widget-spacer\" data-id=\"1707277\" data-element_type=\"widget\" data-widget_type=\"spacer.default\">\n\t\t\t\t<div class=\"elementor-widget-container\">\n\t\t\t\t\t<div class=\"elementor-spacer\">\n\t\t\t<div class=\"elementor-spacer-inner\"><\/div>\n\t\t<\/div>\n\t\t\t\t<\/div>\n\t\t\t\t<\/div>\n\t\t\t\t\t<\/div>\n\t\t<\/div>\n\t\t\t\t\t\t\t<\/div>\n\t\t<\/section>\n\t\t\t\t<section class=\"elementor-section elementor-top-section elementor-element elementor-element-3412786 elementor-section-boxed elementor-section-height-default elementor-section-height-default\" data-id=\"3412786\" data-element_type=\"section\">\n\t\t\t\t\t\t<div class=\"elementor-container elementor-column-gap-default\">\n\t\t\t\t\t<div class=\"elementor-column elementor-col-100 elementor-top-column elementor-element elementor-element-a1cab6b\" data-id=\"a1cab6b\" data-element_type=\"column\">\n\t\t\t<div class=\"elementor-widget-wrap elementor-element-populated\">\n\t\t\t\t\t\t\t\t<section class=\"elementor-section elementor-inner-section elementor-element elementor-element-6ea2d40 elementor-section-boxed elementor-section-height-default elementor-section-height-default\" data-id=\"6ea2d40\" data-element_type=\"section\" data-settings=\"{&quot;background_background&quot;:&quot;classic&quot;}\">\n\t\t\t\t\t\t<div class=\"elementor-container elementor-column-gap-default\">\n\t\t\t\t\t<div class=\"elementor-column elementor-col-33 elementor-inner-column elementor-element elementor-element-3171156\" data-id=\"3171156\" data-element_type=\"column\">\n\t\t\t<div class=\"elementor-widget-wrap elementor-element-populated\">\n\t\t\t\t\t\t\t\t<div class=\"elementor-element elementor-element-bfcbb71 elementor-widget elementor-widget-heading\" data-id=\"bfcbb71\" data-element_type=\"widget\" data-widget_type=\"heading.default\">\n\t\t\t\t<div class=\"elementor-widget-container\">\n\t\t\t<h5 class=\"elementor-heading-title elementor-size-default\">2015<\/h5>\t\t<\/div>\n\t\t\t\t<\/div>\n\t\t\t\t\t<\/div>\n\t\t<\/div>\n\t\t\t\t<div class=\"elementor-column elementor-col-33 elementor-inner-column elementor-element elementor-element-99f317c\" data-id=\"99f317c\" data-element_type=\"column\">\n\t\t\t<div class=\"elementor-widget-wrap elementor-element-populated\">\n\t\t\t\t\t\t\t\t<div class=\"elementor-element elementor-element-b1b517a elementor-widget elementor-widget-text-editor\" data-id=\"b1b517a\" data-element_type=\"widget\" data-widget_type=\"text-editor.default\">\n\t\t\t\t<div class=\"elementor-widget-container\">\n\t\t\t\t\t<div class=\"elementor-text-editor elementor-clearfix\"><h6 style=\"text-align: center;\">Sz\u00f3rv\u00e1ny \u00e9s asszimil\u00e1ci\u00f3<\/h6><p><a href=\"http:\/\/civilportal.ro\/BodoBarna\/wp-content\/uploads\/2021\/02\/Bodo-Barna_Szorvany-es-asszimilacio.pdf\"><img loading=\"lazy\" decoding=\"async\" class=\"aligncenter wp-image-471\" src=\"http:\/\/civilportal.ro\/BodoBarna\/wp-content\/uploads\/2021\/02\/pdf-ikon.png\" alt=\"\" width=\"250\" height=\"257\" \/><\/a><\/p><\/div>\n\t\t\t\t<\/div>\n\t\t\t\t<\/div>\n\t\t\t\t\t<\/div>\n\t\t<\/div>\n\t\t\t\t<div class=\"elementor-column elementor-col-33 elementor-inner-column elementor-element elementor-element-ae43bf9\" data-id=\"ae43bf9\" data-element_type=\"column\">\n\t\t\t<div class=\"elementor-widget-wrap elementor-element-populated\">\n\t\t\t\t\t\t\t\t<div class=\"elementor-element elementor-element-3461a34 elementor-widget elementor-widget-text-editor\" data-id=\"3461a34\" data-element_type=\"widget\" data-widget_type=\"text-editor.default\">\n\t\t\t\t<div class=\"elementor-widget-container\">\n\t\t\t\t\t<div class=\"elementor-text-editor elementor-clearfix\"><p>Az asszimil\u00e1ci\u00f3 kutat\u00e1s\u00e1ban k\u00e9t vonulat k\u00fcl\u00f6nb\u00f6ztethet\u0151 meg. Egyr\u00e9szt vizsg\u00e1lhat\u00f3 az \u00e1llami, a hatalmi t\u00e9nyez\u0151k t\u00f6rekv\u00e9se \u00e9s politik\u00e1ja, illetve k\u00fcl\u00f6n elemz\u00e9s t\u00e1rgy\u00e1t k\u00e9pezik az egy\u00e9n szintj\u00e9n jelentkez\u0151 folyamatok. Az asszimil\u00e1ci\u00f3s helyzet val\u00f3j\u00e1ban az \u00e9n\/mi \u00e9s a te\/ti (a m\u00e1sik) k\u00f6z\u00f6tt l\u00e9tez\u0151 <em>interakt\u00edv, kommunikat\u00edv s\u00e9ma<\/em> kereteit alkot\u00f3 <em>felt\u00e9teleket<\/em> jelenti. Az asszimil\u00e1ci\u00f3s helyzet fenomenol\u00f3giai vizsg\u00e1lata t\u00e1rja fel azokat a folyamatokat \u00e9s vezet el azokhoz a fogalmakhoz, amelyek seg\u00edts\u00e9g\u00e9vel az asszimil\u00e1ci\u00f3 \u00e1ltal\u00e1nos, a partikul\u00e1ris saj\u00e1toss\u00e1gokt\u00f3l elvonatkoztatott alapesetei le\u00edrhat\u00f3ak.<br \/>Kidolgoztam egy, a k\u00f6z\u00e9p-eur\u00f3pai t\u00e9rs\u00e9g t\u00e1rsadalmi k\u00f6r\u00fclm\u00e9nyeire alapoz\u00f3 asszimil\u00e1ci\u00f3s modellt. A <em>Jelent\u00e9sben<\/em> t\u00e1rgyalom azokat a fogalmakat \u00e9s k\u00e9rd\u00e9seket, amelyekre a modellt alapozom, illetve amelyek seg\u00edtenek a folyamatok jelleg\u00e9nek a felt\u00e1r\u00e1s\u00e1ban. A dolgozat m\u00e1sodik fel\u00e9ben a kutat\u00e1st mutatom be. <br \/><em>Kutat\u00e1si z\u00e1r\u00f3jelent\u00e9s<\/em> az MTA 5706\/3\/2015-\u00f6s \u00f6szt\u00f6nd\u00edj t\u00e1mogat\u00e1s\u00e1nak keret\u00e9ben v\u00e9gzett munk\u00e1r\u00f3l.<\/p><\/div>\n\t\t\t\t<\/div>\n\t\t\t\t<\/div>\n\t\t\t\t\t<\/div>\n\t\t<\/div>\n\t\t\t\t\t\t\t<\/div>\n\t\t<\/section>\n\t\t\t\t\t<\/div>\n\t\t<\/div>\n\t\t\t\t\t\t\t<\/div>\n\t\t<\/section>\n\t\t\t\t<section class=\"elementor-section elementor-top-section elementor-element elementor-element-ff976da elementor-section-boxed elementor-section-height-default elementor-section-height-default\" data-id=\"ff976da\" data-element_type=\"section\">\n\t\t\t\t\t\t<div class=\"elementor-container elementor-column-gap-default\">\n\t\t\t\t\t<div class=\"elementor-column elementor-col-100 elementor-top-column elementor-element elementor-element-64ed453\" data-id=\"64ed453\" data-element_type=\"column\">\n\t\t\t<div class=\"elementor-widget-wrap elementor-element-populated\">\n\t\t\t\t\t\t\t\t<section class=\"elementor-section elementor-inner-section elementor-element elementor-element-56f82df elementor-section-boxed elementor-section-height-default elementor-section-height-default\" data-id=\"56f82df\" data-element_type=\"section\" data-settings=\"{&quot;background_background&quot;:&quot;classic&quot;}\">\n\t\t\t\t\t\t<div class=\"elementor-container elementor-column-gap-default\">\n\t\t\t\t\t<div class=\"elementor-column elementor-col-33 elementor-inner-column elementor-element elementor-element-c7f4aab\" data-id=\"c7f4aab\" data-element_type=\"column\">\n\t\t\t<div class=\"elementor-widget-wrap elementor-element-populated\">\n\t\t\t\t\t\t\t\t<div class=\"elementor-element elementor-element-813ffe2 elementor-widget elementor-widget-heading\" data-id=\"813ffe2\" data-element_type=\"widget\" data-widget_type=\"heading.default\">\n\t\t\t\t<div class=\"elementor-widget-container\">\n\t\t\t<h5 class=\"elementor-heading-title elementor-size-default\">2018-2019<\/h5>\t\t<\/div>\n\t\t\t\t<\/div>\n\t\t\t\t\t<\/div>\n\t\t<\/div>\n\t\t\t\t<div class=\"elementor-column elementor-col-33 elementor-inner-column elementor-element elementor-element-7472360\" data-id=\"7472360\" data-element_type=\"column\">\n\t\t\t<div class=\"elementor-widget-wrap elementor-element-populated\">\n\t\t\t\t\t\t\t\t<div class=\"elementor-element elementor-element-febfe82 elementor-widget elementor-widget-text-editor\" data-id=\"febfe82\" data-element_type=\"widget\" data-widget_type=\"text-editor.default\">\n\t\t\t\t<div class=\"elementor-widget-container\">\n\t\t\t\t\t<div class=\"elementor-text-editor elementor-clearfix\"><h6 style=\"text-align: center;\">Eml\u00e9kjelek sorsa \u2013 kit zavarnak az eml\u00e9kjelek?<\/h6><p><a href=\"http:\/\/civilportal.ro\/BodoBarna\/wp-content\/uploads\/2021\/02\/Bodo-Barna_Emlekjelek-sorsa_Tegnap-es-holnap-kozott.pdf\"><img loading=\"lazy\" decoding=\"async\" class=\"aligncenter wp-image-471\" src=\"http:\/\/civilportal.ro\/BodoBarna\/wp-content\/uploads\/2021\/02\/pdf-ikon.png\" alt=\"\" width=\"250\" height=\"257\" \/><\/a><\/p><\/div>\n\t\t\t\t<\/div>\n\t\t\t\t<\/div>\n\t\t\t\t\t<\/div>\n\t\t<\/div>\n\t\t\t\t<div class=\"elementor-column elementor-col-33 elementor-inner-column elementor-element elementor-element-857aa66\" data-id=\"857aa66\" data-element_type=\"column\">\n\t\t\t<div class=\"elementor-widget-wrap elementor-element-populated\">\n\t\t\t\t\t\t\t\t<div class=\"elementor-element elementor-element-95bd43b elementor-widget elementor-widget-text-editor\" data-id=\"95bd43b\" data-element_type=\"widget\" data-widget_type=\"text-editor.default\">\n\t\t\t\t<div class=\"elementor-widget-container\">\n\t\t\t\t\t<div class=\"elementor-text-editor elementor-clearfix\"><p>Rendszer- illetve hatalomv\u00e1lt\u00e1skor visszat\u00e9r\u0151 k\u00e9rd\u00e9s, mi legyen azokkal az eml\u00e9kjelekkel (szobrokkal, eml\u00e9kt\u00e1bl\u00e1kkal, eml\u00e9km\u0171vekkel), amelyek egy kor\u00e1bbi korban sz\u00fclettek, annak \u00e9rt\u00e9keit \u00e9s politikai sz\u00e1nd\u00e9kait k\u00e9pviselik. Eset\u00fcnkben: mi legyen a magyar t\u00f6rt\u00e9nelmet \u00e9s kult\u00far\u00e1t id\u00e9z\u0151 eml\u00e9kjelekkel Erd\u00e9lyben, Rom\u00e1ni\u00e1ban. Ebben a vonatkoz\u00e1sban semmilyen k\u00e9toldal\u00fa illetve nemzetk\u00f6zi egyezm\u00e9ny nincs, sem megkereshet\u0151 f\u00f3rum, erre a k\u00e9rd\u00e9sre Rom\u00e1nia a maga m\u00f3dj\u00e1n adta meg a v\u00e1laszt. Az erd\u00e9lyi magyars\u00e1g sz\u00e1m\u00e1ra \u00e9letbe v\u00e1g\u00f3 k\u00e9rd\u00e9s, hogy az imp\u00e9riumv\u00e1lt\u00e1ssal, Trianon ut\u00e1n mik\u00e9nt viszonyult az \u00faj hatalom a kor\u00e1bbi, orsz\u00e1gos vagy helyi \u00e9rt\u00e9keket megjelen\u00edt\u0151 eml\u00e9kjelekhez. B\u00e1r folytak kutat\u00e1sok, a rom\u00e1niai B\u00e1ns\u00e1got illet\u0151en eddig nem k\u00e9sz\u00fclt a teljess\u00e9g ig\u00e9ny\u00e9vel, a t\u00f6rt\u00e9nelem alakul\u00e1s\u00e1nak \u00e1ldozatul esett valamennyi eml\u00e9kjelre kiterjed\u0151 elemz\u00e9s. A pontos sz\u00e1mot nem ismerj\u00fck, Arad, Temes \u00e9s Krass\u00f3-Sz\u00f6r\u00e9ny megy\u00e9kben (t\u00f6rt\u00e9nelmi B\u00e1ns\u00e1gban) nincs (sincs) minden elveszett\/elt\u00fcntetett eml\u00e9kjelr\u0151l tudom\u00e1sunk, feltehet\u0151leg k\u00f6zel 100 szobor, t\u00e1bla \u00e9s m\u00e1s eml\u00e9kjel esett a t\u00f6rt\u00e9nelmi viharok \u00e1ldozat\u00e1ul, t\u00f6bbs\u00e9g\u00e9ben magyar vonatkoz\u00e1s\u00faak, de van n\u00e9met\/sv\u00e1b is, \u00e9s n\u00e9h\u00e1ny rom\u00e1n.<br \/>Megb\u00edz\u00e1si szerz\u0151d\u00e9s (2018) az <em>\u00d6sszetartozunk Sz\u00f6vets\u00e9g<\/em> r\u00e9sz\u00e9r\u0151l.<\/p><\/div>\n\t\t\t\t<\/div>\n\t\t\t\t<\/div>\n\t\t\t\t\t<\/div>\n\t\t<\/div>\n\t\t\t\t\t\t\t<\/div>\n\t\t<\/section>\n\t\t\t\t\t<\/div>\n\t\t<\/div>\n\t\t\t\t\t\t\t<\/div>\n\t\t<\/section>\n\t\t\t\t<section class=\"elementor-section elementor-top-section elementor-element elementor-element-008bf32 elementor-section-boxed elementor-section-height-default elementor-section-height-default\" data-id=\"008bf32\" data-element_type=\"section\">\n\t\t\t\t\t\t<div class=\"elementor-container elementor-column-gap-default\">\n\t\t\t\t\t<div class=\"elementor-column elementor-col-100 elementor-top-column elementor-element elementor-element-cd095ef\" data-id=\"cd095ef\" data-element_type=\"column\">\n\t\t\t<div class=\"elementor-widget-wrap elementor-element-populated\">\n\t\t\t\t\t\t\t\t<section class=\"elementor-section elementor-inner-section elementor-element elementor-element-626a075 elementor-section-boxed elementor-section-height-default elementor-section-height-default\" data-id=\"626a075\" data-element_type=\"section\" data-settings=\"{&quot;background_background&quot;:&quot;classic&quot;}\">\n\t\t\t\t\t\t<div class=\"elementor-container elementor-column-gap-default\">\n\t\t\t\t\t<div class=\"elementor-column elementor-col-33 elementor-inner-column elementor-element elementor-element-141fca0\" data-id=\"141fca0\" data-element_type=\"column\">\n\t\t\t<div class=\"elementor-widget-wrap elementor-element-populated\">\n\t\t\t\t\t\t\t\t<div class=\"elementor-element elementor-element-e1f5018 elementor-widget elementor-widget-heading\" data-id=\"e1f5018\" data-element_type=\"widget\" data-widget_type=\"heading.default\">\n\t\t\t\t<div class=\"elementor-widget-container\">\n\t\t\t<h5 class=\"elementor-heading-title elementor-size-default\">2018-2020<\/h5>\t\t<\/div>\n\t\t\t\t<\/div>\n\t\t\t\t\t<\/div>\n\t\t<\/div>\n\t\t\t\t<div class=\"elementor-column elementor-col-33 elementor-inner-column elementor-element elementor-element-d40b61c\" data-id=\"d40b61c\" data-element_type=\"column\">\n\t\t\t<div class=\"elementor-widget-wrap elementor-element-populated\">\n\t\t\t\t\t\t\t\t<div class=\"elementor-element elementor-element-b31fa9b elementor-widget elementor-widget-text-editor\" data-id=\"b31fa9b\" data-element_type=\"widget\" data-widget_type=\"text-editor.default\">\n\t\t\t\t<div class=\"elementor-widget-container\">\n\t\t\t\t\t<div class=\"elementor-text-editor elementor-clearfix\"><h6 style=\"text-align: center;\">Kult\u00fara hat\u00e1rok n\u00e9lk\u00fcl<\/h6><p><a href=\"http:\/\/civilportal.ro\/BodoBarna\/wp-content\/uploads\/2021\/02\/Bodo-Barna_Kultura-hatarok-nelkul-kutatasi-jelentes.pdf\"><img loading=\"lazy\" decoding=\"async\" class=\"aligncenter wp-image-471\" src=\"http:\/\/civilportal.ro\/BodoBarna\/wp-content\/uploads\/2021\/02\/pdf-ikon.png\" alt=\"\" width=\"250\" height=\"257\" \/><\/a><\/p><\/div>\n\t\t\t\t<\/div>\n\t\t\t\t<\/div>\n\t\t\t\t\t<\/div>\n\t\t<\/div>\n\t\t\t\t<div class=\"elementor-column elementor-col-33 elementor-inner-column elementor-element elementor-element-02b745f\" data-id=\"02b745f\" data-element_type=\"column\">\n\t\t\t<div class=\"elementor-widget-wrap elementor-element-populated\">\n\t\t\t\t\t\t\t\t<div class=\"elementor-element elementor-element-6f1f581 elementor-widget elementor-widget-text-editor\" data-id=\"6f1f581\" data-element_type=\"widget\" data-widget_type=\"text-editor.default\">\n\t\t\t\t<div class=\"elementor-widget-container\">\n\t\t\t\t\t<div class=\"elementor-text-editor elementor-clearfix\"><p>Transznacion\u00e1lis egy\u00fcttm\u0171k\u00f6d\u00e9si kapcsolatok vizsg\u00e1lata Magyarorsz\u00e1g \u00e9s Rom\u00e1nia, hat\u00e1ron t\u00fali kapcsolatokkal rendelkez\u0151, a projektbe bevont hazai \u00e9s hat\u00e1ron t\u00fali telep\u00fcl\u00e9seken: a kapcsolatok ir\u00e1nyults\u00e1ga, eredm\u00e9nye, aktivit\u00e1si szintje, testv\u00e9rv\u00e1rosi kapcsolatok vizsg\u00e1lata. C\u00e9l a nemzetk\u00f6zi tapasztalatok \u00e9s j\u00f3 gyakorlatok megismer\u00e9se \u00e9s aj\u00e1nl\u00e1sok kidolgoz\u00e1sa. Sz\u00fcks\u00e9ges nemzetk\u00f6zi szakpolitikai tapasztalatok \u00e9s j\u00f3 gyakorlatok megismer\u00e9se is, a megoldand\u00f3 t\u00e1rsadalmi hi\u00e1nyok \u00e9s probl\u00e9m\u00e1k jobb kezel\u00e9se \u00e9rdek\u00e9ben. Fontos a civil (erny\u0151)szervezetek egy\u00fcttm\u0171k\u00f6d\u00e9se, a testv\u00e9rtelep\u00fcl\u00e9sek kapcsolatai \u00e9s a multikultur\u00e1lis soksz\u00edn\u0171s\u00e9g.<br \/>A kutat\u00e1si c\u00e9ljait, az \u00e1ltal\u00e1nos \u00e9s saj\u00e1tos elv\u00e1r\u00e1sokat a <em>Nonprofit Hagyom\u00e1ny Alap\u00edtv\u00e1ny<\/em> munkat\u00e1rsi k\u00f6z\u00f6ss\u00e9ge dolgozta ki. Kutat\u00e1si k\u00e9rd\u0151\u00edv elk\u00e9sz\u00edt\u00e9se, pr\u00f3balek\u00e9rdez\u00e9s: <em>Magyar Civil Szervezetek Erd\u00e9lyi Sz\u00f6vets\u00e9ge<\/em> (Bod\u00f3 Barna \u2013 k\u00e9rd\u0151\u00edv, Br\u00eenzan-Antal Krisztina \u2013 pr\u00f3bak\u00e9rdez\u00e9s). A kutat\u00e1s megszervez\u00e9se, lek\u00e9rdez\u00e9s ir\u00e1ny\u00edt\u00e1sa: <em>Nonprofit Hagyom\u00e1ny Alap\u00edtv\u00e1ny<\/em> \u00e9s <em>\u00d6sszetartozunk Sz\u00f6vets\u00e9g<\/em>. Akci\u00f3ter\u00fclet: Magyarorsz\u00e1g \u00e9s Rom\u00e1nia hat\u00e1ron \u00e1tny\u00fal\u00f3 egy\u00fcttm\u0171k\u00f6d\u00e9sben r\u00e9szt vev\u0151 telep\u00fcl\u00e9sek civil szervezetei \u00e9s \u00f6nkorm\u00e1nyzatai. A kutat\u00e1s eredm\u00e9nyeinek a feldolgoz\u00e1sa, adatbevitel, alapmegoszl\u00e1sok kisz\u00e1m\u00edt\u00e1sa: Brinzan-Antal Krisztina, a kutat\u00e1si eredm\u00e9nyek elemz\u00e9se, \u00e9rtelmez\u00e9se: Bod\u00f3 Barna. <br \/>A kutat\u00e1s a pitvarosi sz\u00e9khely\u0171 Nonprofit Hagyom\u00e1ny Alap\u00edtv\u00e1ny \u00e1ltal futtatott EFOP-5.2.2-17-201700028 k\u00f3dsz\u00e1m\u00fa <em>Kult\u00fara hat\u00e1rok n\u00e9lk\u00fcl<\/em> projekt r\u00e9sze. Futamid\u0151: 2018 \u2013 2020.<\/p><\/div>\n\t\t\t\t<\/div>\n\t\t\t\t<\/div>\n\t\t\t\t\t<\/div>\n\t\t<\/div>\n\t\t\t\t\t\t\t<\/div>\n\t\t<\/section>\n\t\t\t\t\t<\/div>\n\t\t<\/div>\n\t\t\t\t\t\t\t<\/div>\n\t\t<\/section>\n\t\t\t\t<section class=\"elementor-section elementor-top-section elementor-element elementor-element-6476bfd elementor-section-boxed elementor-section-height-default elementor-section-height-default\" data-id=\"6476bfd\" data-element_type=\"section\">\n\t\t\t\t\t\t<div class=\"elementor-container elementor-column-gap-default\">\n\t\t\t\t\t<div class=\"elementor-column elementor-col-100 elementor-top-column elementor-element elementor-element-12a249f\" data-id=\"12a249f\" data-element_type=\"column\">\n\t\t\t<div class=\"elementor-widget-wrap elementor-element-populated\">\n\t\t\t\t\t\t\t\t<section class=\"elementor-section elementor-inner-section elementor-element elementor-element-9fadc84 elementor-section-boxed elementor-section-height-default elementor-section-height-default\" data-id=\"9fadc84\" data-element_type=\"section\" data-settings=\"{&quot;background_background&quot;:&quot;classic&quot;}\">\n\t\t\t\t\t\t<div class=\"elementor-container elementor-column-gap-default\">\n\t\t\t\t\t<div class=\"elementor-column elementor-col-33 elementor-inner-column elementor-element elementor-element-9402801\" data-id=\"9402801\" data-element_type=\"column\">\n\t\t\t<div class=\"elementor-widget-wrap elementor-element-populated\">\n\t\t\t\t\t\t\t\t<div class=\"elementor-element elementor-element-cf8460e elementor-widget elementor-widget-heading\" data-id=\"cf8460e\" data-element_type=\"widget\" data-widget_type=\"heading.default\">\n\t\t\t\t<div class=\"elementor-widget-container\">\n\t\t\t<h5 class=\"elementor-heading-title elementor-size-default\">2019<\/h5>\t\t<\/div>\n\t\t\t\t<\/div>\n\t\t\t\t\t<\/div>\n\t\t<\/div>\n\t\t\t\t<div class=\"elementor-column elementor-col-33 elementor-inner-column elementor-element elementor-element-4ad3dfa\" data-id=\"4ad3dfa\" data-element_type=\"column\">\n\t\t\t<div class=\"elementor-widget-wrap elementor-element-populated\">\n\t\t\t\t\t\t\t\t<div class=\"elementor-element elementor-element-2e678d4 elementor-widget elementor-widget-text-editor\" data-id=\"2e678d4\" data-element_type=\"widget\" data-widget_type=\"text-editor.default\">\n\t\t\t\t<div class=\"elementor-widget-container\">\n\t\t\t\t\t<div class=\"elementor-text-editor elementor-clearfix\"><h6 style=\"text-align: center;\">K\u00e9nyszerp\u00e1ly\u00e1k \u00e9s kit\u00f6r\u00e9si pontok <br \/>Az erd\u00e9lyi magyar civil szf\u00e9ra helyzete<\/h6><p><a href=\"http:\/\/civilportal.ro\/BodoBarna\/wp-content\/uploads\/2021\/02\/Bodo-Barna_Kenyszerpalyak-es-kitoresi-pontok.pdf\"><img loading=\"lazy\" decoding=\"async\" class=\"aligncenter wp-image-471\" src=\"http:\/\/civilportal.ro\/BodoBarna\/wp-content\/uploads\/2021\/02\/pdf-ikon.png\" alt=\"\" width=\"250\" height=\"257\" \/><\/a><\/p><\/div>\n\t\t\t\t<\/div>\n\t\t\t\t<\/div>\n\t\t\t\t\t<\/div>\n\t\t<\/div>\n\t\t\t\t<div class=\"elementor-column elementor-col-33 elementor-inner-column elementor-element elementor-element-354b95d\" data-id=\"354b95d\" data-element_type=\"column\">\n\t\t\t<div class=\"elementor-widget-wrap elementor-element-populated\">\n\t\t\t\t\t\t\t\t<div class=\"elementor-element elementor-element-aaf7e98 elementor-widget elementor-widget-text-editor\" data-id=\"aaf7e98\" data-element_type=\"widget\" data-widget_type=\"text-editor.default\">\n\t\t\t\t<div class=\"elementor-widget-container\">\n\t\t\t\t\t<div class=\"elementor-text-editor elementor-clearfix\"><p>A civil t\u00e1rsadalom k\u00f6zvet\u00edt a t\u00e1rsadalom \u00e9s a k\u00f6zhatalmat gyakorl\u00f3 int\u00e9zm\u00e9nyek, m\u00e1sk\u00e9pp a politikai \u00e1llam k\u00f6z\u00f6tt. A kisebbs\u00e9gi int\u00e9zm\u00e9nyrendszerek eset\u00e9ben meghat\u00e1roz\u00f3, hogy a civil szf\u00e9ra etnikai dimenzi\u00f3val is kieg\u00e9sz\u00fcl, az \u00e1llami szektorhoz a t\u00f6bbs\u00e9gi, a nonprofit szektorhoz pedig a kisebbs\u00e9gi jelleg t\u00e1rsul. Kisebbs\u00e9gi civil szf\u00e9ra l\u00e9tezik, de kialakul\u00e1s\u00e1nak folyamata elt\u00e9r a civil t\u00e1rsadalom megjelen\u00e9s\u00e9nek folyamat\u00e1t\u00f3l. K\u00e9t l\u00e9nyegi k\u00fcl\u00f6nbs\u00e9g: megjelen\u00e9se sok esetben hi\u00e1nyz\u00f3 k\u00f6z\u00f6ss\u00e9gi funkci\u00f3kra adott v\u00e1lasz, illetve kisebbs\u00e9gi kontextusban nem val\u00f3sul meg a k\u00f6z- \u00e9s a mag\u00e1nszf\u00e9ra dichot\u00f3m sz\u00e9tv\u00e1laszt\u00e1sa. A kisebbs\u00e9gi civil szf\u00e9ra, amennyiben a m\u00e1r jelzett opci\u00f3 ment\u00e9n befel\u00e9, k\u00f6z\u00f6ss\u00e9ge fel\u00e9 fordul, lemond a t\u00e1rsadalmi ellen\u0151rz\u0151 funkci\u00f3r\u00f3l. A kutat\u00e1s kimutatta, hogy elvben l\u00e9tezik egy\u00fcttm\u0171k\u00f6d\u00e9s a civilek \u00e9s a helyhat\u00f3s\u00e1g k\u00f6z\u00f6tt, de a gyakorlat sz\u00ednes. Elmondhat\u00f3: a) a kisebbs\u00e9gi civil szervezetek nemcsak abban a vonatkoz\u00e1sban k\u00fcl\u00f6nb\u00f6znek egy nemzeti t\u00e1rsadalom civil szervezeteit\u0151l, hogy a civilekre jellemz\u0151 civil kontroll szerep eset\u00fckben nem vagy m\u00e1sk\u00e9pp nyilv\u00e1nul meg, hanem az is bonyol\u00edtja a helyzetet, hogy a kisebbs\u00e9gi l\u00e9thelyzet h\u00e1rom esete (t\u00f6mb, fronthelyzet, sz\u00f3rv\u00e1ny) m\u00e1s-m\u00e1s civil szf\u00e9r\u00e1t gener\u00e1l; b) az erd\u00e9lyi magyar civil t\u00e1rsadalom a szervezets\u0171r\u0171s\u00e9get illet\u0151en (2,3 szervezet ezer lakosra) jelent\u0151set l\u00e9pett el\u0151re az ut\u00f3bbi \u00e9vekben, de m\u00e9g mindig elmarad mind a rom\u00e1niai \u00e1tlagt\u00f3l (3,1 szervezet ezer lakosra), mind a magyart\u00f3l (6,2 szervezet ezer lakosra); c) az \u00f6nkorm\u00e1nyzati civil kapcsolatok Rom\u00e1ni\u00e1ban m\u00e9g nem jutottak el arra a szintre, amikor az \u00f6nkorm\u00e1nyzatok igazi partnerk\u00e9nt kezeln\u00e9k a<br \/>civil szf\u00e9r\u00e1t, a kisebbs\u00e9gi (magyar) civil szf\u00e9ra h\u00e1tr\u00e1ny\u00e1t fokozza, hogy sz\u00f3rv\u00e1nyhelyzetben az \u00f6nkorm\u00e1nyzatok nem ismerik a kisebbs\u00e9gi (magyar) civil szf\u00e9r\u00e1t.<br \/>Projektsz\u00e1m 2527\/5\/2019\/HTMT, Futamid\u0151 2019. j\u00fanius 1. \u2013 2019. december 1.<\/p><\/div>\n\t\t\t\t<\/div>\n\t\t\t\t<\/div>\n\t\t\t\t\t<\/div>\n\t\t<\/div>\n\t\t\t\t\t\t\t<\/div>\n\t\t<\/section>\n\t\t\t\t\t<\/div>\n\t\t<\/div>\n\t\t\t\t\t\t\t<\/div>\n\t\t<\/section>\n\t\t\t\t<section class=\"elementor-section elementor-top-section elementor-element elementor-element-0ced98a elementor-section-boxed elementor-section-height-default elementor-section-height-default\" data-id=\"0ced98a\" data-element_type=\"section\">\n\t\t\t\t\t\t<div class=\"elementor-container elementor-column-gap-default\">\n\t\t\t\t\t<div class=\"elementor-column elementor-col-100 elementor-top-column elementor-element elementor-element-b04652f\" data-id=\"b04652f\" data-element_type=\"column\">\n\t\t\t<div class=\"elementor-widget-wrap elementor-element-populated\">\n\t\t\t\t\t\t\t\t<section class=\"elementor-section elementor-inner-section elementor-element elementor-element-effc30b elementor-section-boxed elementor-section-height-default elementor-section-height-default\" data-id=\"effc30b\" data-element_type=\"section\" data-settings=\"{&quot;background_background&quot;:&quot;classic&quot;}\">\n\t\t\t\t\t\t<div class=\"elementor-container elementor-column-gap-default\">\n\t\t\t\t\t<div class=\"elementor-column elementor-col-33 elementor-inner-column elementor-element elementor-element-a88b157\" data-id=\"a88b157\" data-element_type=\"column\">\n\t\t\t<div class=\"elementor-widget-wrap elementor-element-populated\">\n\t\t\t\t\t\t\t\t<div class=\"elementor-element elementor-element-0e67392 elementor-widget elementor-widget-heading\" data-id=\"0e67392\" data-element_type=\"widget\" data-widget_type=\"heading.default\">\n\t\t\t\t<div class=\"elementor-widget-container\">\n\t\t\t<h5 class=\"elementor-heading-title elementor-size-default\">2019-2020<\/h5>\t\t<\/div>\n\t\t\t\t<\/div>\n\t\t\t\t\t<\/div>\n\t\t<\/div>\n\t\t\t\t<div class=\"elementor-column elementor-col-33 elementor-inner-column elementor-element elementor-element-cfe6777\" data-id=\"cfe6777\" data-element_type=\"column\">\n\t\t\t<div class=\"elementor-widget-wrap elementor-element-populated\">\n\t\t\t\t\t\t\t\t<div class=\"elementor-element elementor-element-52bb1e3 elementor-widget elementor-widget-text-editor\" data-id=\"52bb1e3\" data-element_type=\"widget\" data-widget_type=\"text-editor.default\">\n\t\t\t\t<div class=\"elementor-widget-container\">\n\t\t\t\t\t<div class=\"elementor-text-editor elementor-clearfix\"><h6 style=\"text-align: center;\">Sz\u00f3rv\u00e1nyvid\u00e9kek civil szervezeteinek felt\u00e9rk\u00e9pez\u00e9se, integr\u00e1ci\u00f3ja<\/h6><p><a href=\"http:\/\/civilportal.ro\/BodoBarna\/wp-content\/uploads\/2021\/02\/Bodo-Barna_Erdelyi-magyar-szorvanymegyek-civil-szervezeteinek-helyzete.pdf\"><img loading=\"lazy\" decoding=\"async\" class=\"aligncenter wp-image-471\" src=\"http:\/\/civilportal.ro\/BodoBarna\/wp-content\/uploads\/2021\/02\/pdf-ikon.png\" alt=\"\" width=\"250\" height=\"257\" \/><\/a><\/p><\/div>\n\t\t\t\t<\/div>\n\t\t\t\t<\/div>\n\t\t\t\t\t<\/div>\n\t\t<\/div>\n\t\t\t\t<div class=\"elementor-column elementor-col-33 elementor-inner-column elementor-element elementor-element-4653a1b\" data-id=\"4653a1b\" data-element_type=\"column\">\n\t\t\t<div class=\"elementor-widget-wrap elementor-element-populated\">\n\t\t\t\t\t\t\t\t<div class=\"elementor-element elementor-element-d30acf8 elementor-widget elementor-widget-text-editor\" data-id=\"d30acf8\" data-element_type=\"widget\" data-widget_type=\"text-editor.default\">\n\t\t\t\t<div class=\"elementor-widget-container\">\n\t\t\t\t\t<div class=\"elementor-text-editor elementor-clearfix\"><p>A kisebbs\u00e9g nyelv\u00e9t nem v\u00e9di \u00e1llama: a rom\u00e1n \u00e1llam megengedi, de nem garant\u00e1lja a kisebbs\u00e9gi nyelvhaszn\u00e1latot. A k\u00f6z\u00f6ss\u00e9gnek mag\u00e1nak kell nyelv\u00e9t megv\u00e9denie. Ebben kap szerepet a civil szf\u00e9ra. A kisebbs\u00e9gi civil szervezet szolg\u00e1l \u00e9s szolg\u00e1ltat: kultur\u00e1lis programokat biztos\u00edt, amelyek a magyars\u00e1g sz\u00e1m\u00e1ra helyben, els\u0151sorban sz\u00f3rv\u00e1nyban nem l\u00e9teznek. H\u00e1rom erd\u00e9lyi megy\u00e9ben (Feh\u00e9r, Hunyad, M\u00e1ramaros) v\u00e9gezt\u00fck el a helyzetfelm\u00e9r\u00e9st: friss\u00edtett\u00fck a civil szervezeti adatb\u00e1zist, felm\u00e9rt\u00fck az alv\u00f3 szervezeteket, hogy mi\u00e9rt f\u00fcggesztett\u00e9k fel a tev\u00e9kenys\u00e9g\u00fcket, tov\u00e1bb\u00e1 hol nincsenek szervezetek, de nagy sz\u00fcks\u00e9g volna a tev\u00e9kenys\u00e9g\u00fckre. Foglalkoztunk a revitaliz\u00e1ci\u00f3val, a tev\u00e9kenys\u00e9g el- illetve \u00fajraind\u00edt\u00e1s\u00e1val. <br \/><em>Szakmai besz\u00e1mol\u00f3<\/em> a Nemzeti Egy\u00fcttm\u0171k\u00f6d\u00e9si Alap \u00e1ltal t\u00e1mogatott NEA-UN-19-\u00d6-V-0248\/2019-es projekt keret\u00e9ben Feh\u00e9r, Hunyad, M\u00e1ramaros megy\u00e9kben, 2019-20-ban elv\u00e9gzett munk\u00e1r\u00f3l.<\/p><\/div>\n\t\t\t\t<\/div>\n\t\t\t\t<\/div>\n\t\t\t\t\t<\/div>\n\t\t<\/div>\n\t\t\t\t\t\t\t<\/div>\n\t\t<\/section>\n\t\t\t\t\t<\/div>\n\t\t<\/div>\n\t\t\t\t\t\t\t<\/div>\n\t\t<\/section>\n\t\t\t\t<section class=\"elementor-section elementor-top-section elementor-element elementor-element-d510e03 elementor-section-boxed elementor-section-height-default elementor-section-height-default\" data-id=\"d510e03\" data-element_type=\"section\">\n\t\t\t\t\t\t<div class=\"elementor-container elementor-column-gap-default\">\n\t\t\t\t\t<div class=\"elementor-column elementor-col-100 elementor-top-column elementor-element elementor-element-3df0dd8\" data-id=\"3df0dd8\" data-element_type=\"column\">\n\t\t\t<div class=\"elementor-widget-wrap elementor-element-populated\">\n\t\t\t\t\t\t\t\t<div class=\"elementor-element elementor-element-48ca5de elementor-widget elementor-widget-spacer\" data-id=\"48ca5de\" data-element_type=\"widget\" data-widget_type=\"spacer.default\">\n\t\t\t\t<div class=\"elementor-widget-container\">\n\t\t\t\t\t<div class=\"elementor-spacer\">\n\t\t\t<div class=\"elementor-spacer-inner\"><\/div>\n\t\t<\/div>\n\t\t\t\t<\/div>\n\t\t\t\t<\/div>\n\t\t\t\t\t<\/div>\n\t\t<\/div>\n\t\t\t\t\t\t\t<\/div>\n\t\t<\/section>\n\t\t\t\t\t\t<\/div>\n\t\t\t\t\t<\/div>\n\t\t","protected":false},"excerpt":{"rendered":"<p>Kutat\u00e1s Egyetemi oktat\u00f3k\u00e9nt kutat\u00f3i feladataink is voltak \u00e9s vannak. A Sapientia oktat\u00f3jak\u00e9nt a k\u00f6vetkez\u0151 t\u00e9m\u00e1kat kutattam: kisebbs\u00e9gi l\u00e9thelyzet, etnikumk\u00f6zi kapcsolatok, identit\u00e1s \u00e9s asszimil\u00e1ci\u00f3, kisebbs\u00e9gi k\u00e9pviselet, civil szf\u00e9ra, regionalizmus, jeles el\u0151d\u00f6k hagyat\u00e9ka. 2006 \u00e9s 2014 k\u00f6z\u00f6tt 6 orsz\u00e1gos \u00e9s 11 nemzetk\u00f6zi kutat\u00e1si projektnek voltam a vezet\u0151je illetve a kutat\u00f3i csapat tagja. A nemzetk\u00f6zi besorol\u00e1s eset\u00fcnkben megt\u00e9veszt\u0151 lehet: egy kutat\u00e1s kiv\u00e9tel\u00e9vel magyarorsz\u00e1gi t\u00e1mogat\u00e1st jelent. 2015 \u00f3ta az al\u00e1bbi kutat\u00e1sokra kaptam t\u00e1mogat\u00e1st. A felsorol\u00e1sba nem ker\u00fcltek be azok a kutat\u00e1sok, amelyeket szervezet (MCSZESZ) \u00e1ltal futtatott projektek keret\u00e9ben val\u00f3s\u00edtottunk meg. Ilyen volt t\u00f6bbek k\u00f6z\u00f6tt a k\u00e9t Civil t\u00e9rk\u00e9p kutat\u00e1s (MCSZESZ 2017 \u00e9s 2018), az \u00c9rt\u00e9kment\u00e9s sz\u00f3rv\u00e1nyban (MCSZESZ 2019). 2015 Sz\u00f3rv\u00e1ny \u00e9s asszimil\u00e1ci\u00f3 Az asszimil\u00e1ci\u00f3 kutat\u00e1s\u00e1ban k\u00e9t vonulat k\u00fcl\u00f6nb\u00f6ztethet\u0151 meg. Egyr\u00e9szt vizsg\u00e1lhat\u00f3 az \u00e1llami, a hatalmi t\u00e9nyez\u0151k t\u00f6rekv\u00e9se \u00e9s politik\u00e1ja, illetve k\u00fcl\u00f6n elemz\u00e9s t\u00e1rgy\u00e1t k\u00e9pezik az egy\u00e9n szintj\u00e9n jelentkez\u0151 folyamatok. Az asszimil\u00e1ci\u00f3s helyzet val\u00f3j\u00e1ban az \u00e9n\/mi \u00e9s a te\/ti (a m\u00e1sik) k\u00f6z\u00f6tt l\u00e9tez\u0151 interakt\u00edv, kommunikat\u00edv s\u00e9ma kereteit alkot\u00f3 felt\u00e9teleket jelenti. Az asszimil\u00e1ci\u00f3s helyzet fenomenol\u00f3giai vizsg\u00e1lata t\u00e1rja fel azokat a folyamatokat \u00e9s vezet el azokhoz a fogalmakhoz, amelyek seg\u00edts\u00e9g\u00e9vel az asszimil\u00e1ci\u00f3 \u00e1ltal\u00e1nos, a partikul\u00e1ris saj\u00e1toss\u00e1gokt\u00f3l elvonatkoztatott alapesetei le\u00edrhat\u00f3ak.Kidolgoztam egy, a k\u00f6z\u00e9p-eur\u00f3pai t\u00e9rs\u00e9g t\u00e1rsadalmi k\u00f6r\u00fclm\u00e9nyeire alapoz\u00f3 asszimil\u00e1ci\u00f3s modellt. A Jelent\u00e9sben t\u00e1rgyalom azokat a fogalmakat \u00e9s k\u00e9rd\u00e9seket, amelyekre a modellt alapozom, illetve amelyek seg\u00edtenek a folyamatok jelleg\u00e9nek a felt\u00e1r\u00e1s\u00e1ban. A dolgozat m\u00e1sodik fel\u00e9ben a kutat\u00e1st mutatom be. Kutat\u00e1si z\u00e1r\u00f3jelent\u00e9s az MTA 5706\/3\/2015-\u00f6s \u00f6szt\u00f6nd\u00edj t\u00e1mogat\u00e1s\u00e1nak keret\u00e9ben v\u00e9gzett munk\u00e1r\u00f3l. 2018-2019 Eml\u00e9kjelek sorsa \u2013 kit zavarnak az eml\u00e9kjelek? Rendszer- illetve hatalomv\u00e1lt\u00e1skor visszat\u00e9r\u0151 k\u00e9rd\u00e9s, mi legyen azokkal az eml\u00e9kjelekkel (szobrokkal, eml\u00e9kt\u00e1bl\u00e1kkal, eml\u00e9km\u0171vekkel), amelyek egy kor\u00e1bbi korban sz\u00fclettek, annak \u00e9rt\u00e9keit \u00e9s politikai sz\u00e1nd\u00e9kait k\u00e9pviselik. Eset\u00fcnkben: mi legyen a magyar t\u00f6rt\u00e9nelmet \u00e9s kult\u00far\u00e1t id\u00e9z\u0151 eml\u00e9kjelekkel Erd\u00e9lyben, Rom\u00e1ni\u00e1ban. Ebben a vonatkoz\u00e1sban semmilyen k\u00e9toldal\u00fa illetve nemzetk\u00f6zi egyezm\u00e9ny nincs, sem megkereshet\u0151 f\u00f3rum, erre a k\u00e9rd\u00e9sre Rom\u00e1nia a maga m\u00f3dj\u00e1n adta meg a v\u00e1laszt. Az erd\u00e9lyi magyars\u00e1g sz\u00e1m\u00e1ra \u00e9letbe v\u00e1g\u00f3 k\u00e9rd\u00e9s, hogy az imp\u00e9riumv\u00e1lt\u00e1ssal, Trianon ut\u00e1n mik\u00e9nt viszonyult az \u00faj hatalom a kor\u00e1bbi, orsz\u00e1gos vagy helyi \u00e9rt\u00e9keket megjelen\u00edt\u0151 eml\u00e9kjelekhez. B\u00e1r folytak kutat\u00e1sok, a rom\u00e1niai B\u00e1ns\u00e1got illet\u0151en eddig nem k\u00e9sz\u00fclt a teljess\u00e9g ig\u00e9ny\u00e9vel, a t\u00f6rt\u00e9nelem alakul\u00e1s\u00e1nak \u00e1ldozatul esett valamennyi eml\u00e9kjelre kiterjed\u0151 elemz\u00e9s. A pontos sz\u00e1mot nem ismerj\u00fck, Arad, Temes \u00e9s Krass\u00f3-Sz\u00f6r\u00e9ny megy\u00e9kben (t\u00f6rt\u00e9nelmi B\u00e1ns\u00e1gban) nincs (sincs) minden elveszett\/elt\u00fcntetett eml\u00e9kjelr\u0151l tudom\u00e1sunk, feltehet\u0151leg k\u00f6zel 100 szobor, t\u00e1bla \u00e9s m\u00e1s eml\u00e9kjel esett a t\u00f6rt\u00e9nelmi viharok \u00e1ldozat\u00e1ul, t\u00f6bbs\u00e9g\u00e9ben magyar vonatkoz\u00e1s\u00faak, de van n\u00e9met\/sv\u00e1b is, \u00e9s n\u00e9h\u00e1ny rom\u00e1n.Megb\u00edz\u00e1si szerz\u0151d\u00e9s (2018) az \u00d6sszetartozunk Sz\u00f6vets\u00e9g r\u00e9sz\u00e9r\u0151l. 2018-2020 Kult\u00fara hat\u00e1rok n\u00e9lk\u00fcl Transznacion\u00e1lis egy\u00fcttm\u0171k\u00f6d\u00e9si kapcsolatok vizsg\u00e1lata Magyarorsz\u00e1g \u00e9s Rom\u00e1nia, hat\u00e1ron t\u00fali kapcsolatokkal rendelkez\u0151, a projektbe bevont hazai \u00e9s hat\u00e1ron t\u00fali telep\u00fcl\u00e9seken: a kapcsolatok ir\u00e1nyults\u00e1ga, eredm\u00e9nye, aktivit\u00e1si szintje, testv\u00e9rv\u00e1rosi kapcsolatok vizsg\u00e1lata. C\u00e9l a nemzetk\u00f6zi tapasztalatok \u00e9s j\u00f3 gyakorlatok megismer\u00e9se \u00e9s aj\u00e1nl\u00e1sok kidolgoz\u00e1sa. Sz\u00fcks\u00e9ges nemzetk\u00f6zi szakpolitikai tapasztalatok \u00e9s j\u00f3 gyakorlatok megismer\u00e9se is, a megoldand\u00f3 t\u00e1rsadalmi hi\u00e1nyok \u00e9s probl\u00e9m\u00e1k jobb kezel\u00e9se \u00e9rdek\u00e9ben. Fontos a civil (erny\u0151)szervezetek egy\u00fcttm\u0171k\u00f6d\u00e9se, a testv\u00e9rtelep\u00fcl\u00e9sek kapcsolatai \u00e9s a multikultur\u00e1lis soksz\u00edn\u0171s\u00e9g.A kutat\u00e1si c\u00e9ljait, az \u00e1ltal\u00e1nos \u00e9s saj\u00e1tos elv\u00e1r\u00e1sokat a Nonprofit Hagyom\u00e1ny Alap\u00edtv\u00e1ny munkat\u00e1rsi k\u00f6z\u00f6ss\u00e9ge dolgozta ki. Kutat\u00e1si k\u00e9rd\u0151\u00edv elk\u00e9sz\u00edt\u00e9se, pr\u00f3balek\u00e9rdez\u00e9s: Magyar Civil Szervezetek Erd\u00e9lyi Sz\u00f6vets\u00e9ge (Bod\u00f3 Barna \u2013 k\u00e9rd\u0151\u00edv, Br\u00eenzan-Antal Krisztina \u2013 pr\u00f3bak\u00e9rdez\u00e9s). A kutat\u00e1s megszervez\u00e9se, lek\u00e9rdez\u00e9s ir\u00e1ny\u00edt\u00e1sa: Nonprofit Hagyom\u00e1ny Alap\u00edtv\u00e1ny \u00e9s \u00d6sszetartozunk Sz\u00f6vets\u00e9g. Akci\u00f3ter\u00fclet: Magyarorsz\u00e1g \u00e9s Rom\u00e1nia hat\u00e1ron \u00e1tny\u00fal\u00f3 egy\u00fcttm\u0171k\u00f6d\u00e9sben r\u00e9szt vev\u0151 telep\u00fcl\u00e9sek civil szervezetei \u00e9s \u00f6nkorm\u00e1nyzatai. A kutat\u00e1s eredm\u00e9nyeinek a feldolgoz\u00e1sa, adatbevitel, alapmegoszl\u00e1sok kisz\u00e1m\u00edt\u00e1sa: Brinzan-Antal Krisztina, a kutat\u00e1si eredm\u00e9nyek elemz\u00e9se, \u00e9rtelmez\u00e9se: Bod\u00f3 Barna. A kutat\u00e1s a pitvarosi sz\u00e9khely\u0171 Nonprofit Hagyom\u00e1ny Alap\u00edtv\u00e1ny \u00e1ltal futtatott EFOP-5.2.2-17-201700028 k\u00f3dsz\u00e1m\u00fa Kult\u00fara hat\u00e1rok n\u00e9lk\u00fcl projekt r\u00e9sze. Futamid\u0151: 2018 \u2013 2020. 2019 K\u00e9nyszerp\u00e1ly\u00e1k \u00e9s kit\u00f6r\u00e9si pontok Az erd\u00e9lyi magyar civil szf\u00e9ra helyzete A civil t\u00e1rsadalom k\u00f6zvet\u00edt a t\u00e1rsadalom \u00e9s a k\u00f6zhatalmat gyakorl\u00f3 int\u00e9zm\u00e9nyek, m\u00e1sk\u00e9pp a politikai \u00e1llam k\u00f6z\u00f6tt. A kisebbs\u00e9gi int\u00e9zm\u00e9nyrendszerek eset\u00e9ben meghat\u00e1roz\u00f3, hogy a civil szf\u00e9ra etnikai dimenzi\u00f3val is kieg\u00e9sz\u00fcl, az \u00e1llami szektorhoz a t\u00f6bbs\u00e9gi, a nonprofit szektorhoz pedig a kisebbs\u00e9gi jelleg t\u00e1rsul. Kisebbs\u00e9gi civil szf\u00e9ra l\u00e9tezik, de kialakul\u00e1s\u00e1nak folyamata elt\u00e9r a civil t\u00e1rsadalom megjelen\u00e9s\u00e9nek folyamat\u00e1t\u00f3l. K\u00e9t l\u00e9nyegi k\u00fcl\u00f6nbs\u00e9g: megjelen\u00e9se sok esetben hi\u00e1nyz\u00f3 k\u00f6z\u00f6ss\u00e9gi funkci\u00f3kra adott v\u00e1lasz, illetve kisebbs\u00e9gi kontextusban nem val\u00f3sul meg a k\u00f6z- \u00e9s a mag\u00e1nszf\u00e9ra dichot\u00f3m sz\u00e9tv\u00e1laszt\u00e1sa. A kisebbs\u00e9gi civil szf\u00e9ra, amennyiben a m\u00e1r jelzett opci\u00f3 ment\u00e9n befel\u00e9, k\u00f6z\u00f6ss\u00e9ge fel\u00e9 fordul, lemond a t\u00e1rsadalmi ellen\u0151rz\u0151 funkci\u00f3r\u00f3l. A kutat\u00e1s kimutatta, hogy elvben l\u00e9tezik egy\u00fcttm\u0171k\u00f6d\u00e9s a civilek \u00e9s a helyhat\u00f3s\u00e1g k\u00f6z\u00f6tt, de a gyakorlat sz\u00ednes. Elmondhat\u00f3: a) a kisebbs\u00e9gi civil szervezetek nemcsak abban a vonatkoz\u00e1sban k\u00fcl\u00f6nb\u00f6znek egy nemzeti t\u00e1rsadalom civil szervezeteit\u0151l, hogy a civilekre jellemz\u0151 civil kontroll szerep eset\u00fckben nem vagy m\u00e1sk\u00e9pp nyilv\u00e1nul meg, hanem az is bonyol\u00edtja a helyzetet, hogy a kisebbs\u00e9gi l\u00e9thelyzet h\u00e1rom esete (t\u00f6mb, fronthelyzet, sz\u00f3rv\u00e1ny) m\u00e1s-m\u00e1s civil szf\u00e9r\u00e1t gener\u00e1l; b) az erd\u00e9lyi magyar civil t\u00e1rsadalom a szervezets\u0171r\u0171s\u00e9get illet\u0151en (2,3 szervezet ezer lakosra) jelent\u0151set l\u00e9pett el\u0151re az ut\u00f3bbi \u00e9vekben, de m\u00e9g mindig elmarad mind a rom\u00e1niai \u00e1tlagt\u00f3l (3,1 szervezet ezer lakosra), mind a magyart\u00f3l (6,2 szervezet ezer lakosra); c) az \u00f6nkorm\u00e1nyzati civil kapcsolatok Rom\u00e1ni\u00e1ban m\u00e9g nem jutottak el arra a szintre, amikor az \u00f6nkorm\u00e1nyzatok igazi partnerk\u00e9nt kezeln\u00e9k acivil szf\u00e9r\u00e1t, a kisebbs\u00e9gi (magyar) civil szf\u00e9ra h\u00e1tr\u00e1ny\u00e1t fokozza, hogy sz\u00f3rv\u00e1nyhelyzetben az \u00f6nkorm\u00e1nyzatok nem ismerik a kisebbs\u00e9gi (magyar) civil szf\u00e9r\u00e1t.Projektsz\u00e1m 2527\/5\/2019\/HTMT, Futamid\u0151 2019. j\u00fanius 1. \u2013 2019. december 1. 2019-2020 Sz\u00f3rv\u00e1nyvid\u00e9kek civil szervezeteinek felt\u00e9rk\u00e9pez\u00e9se, integr\u00e1ci\u00f3ja A kisebbs\u00e9g nyelv\u00e9t nem v\u00e9di \u00e1llama: a rom\u00e1n \u00e1llam megengedi, de nem garant\u00e1lja a kisebbs\u00e9gi nyelvhaszn\u00e1latot. A k\u00f6z\u00f6ss\u00e9gnek mag\u00e1nak kell nyelv\u00e9t megv\u00e9denie. Ebben kap szerepet a civil szf\u00e9ra. A kisebbs\u00e9gi civil szervezet szolg\u00e1l \u00e9s szolg\u00e1ltat: kultur\u00e1lis programokat biztos\u00edt, amelyek a magyars\u00e1g sz\u00e1m\u00e1ra helyben, els\u0151sorban sz\u00f3rv\u00e1nyban nem l\u00e9teznek. H\u00e1rom erd\u00e9lyi megy\u00e9ben (Feh\u00e9r, Hunyad, M\u00e1ramaros) v\u00e9gezt\u00fck el a helyzetfelm\u00e9r\u00e9st: friss\u00edtett\u00fck a civil szervezeti adatb\u00e1zist, felm\u00e9rt\u00fck az alv\u00f3 szervezeteket, hogy mi\u00e9rt f\u00fcggesztett\u00e9k fel a tev\u00e9kenys\u00e9g\u00fcket, tov\u00e1bb\u00e1 hol nincsenek szervezetek, de nagy sz\u00fcks\u00e9g volna a tev\u00e9kenys\u00e9g\u00fckre. Foglalkoztunk a revitaliz\u00e1ci\u00f3val, a tev\u00e9kenys\u00e9g el- illetve \u00fajraind\u00edt\u00e1s\u00e1val. Szakmai besz\u00e1mol\u00f3 a Nemzeti Egy\u00fcttm\u0171k\u00f6d\u00e9si Alap \u00e1ltal t\u00e1mogatott NEA-UN-19-\u00d6-V-0248\/2019-es projekt keret\u00e9ben Feh\u00e9r, Hunyad, M\u00e1ramaros megy\u00e9kben, 2019-20-ban elv\u00e9gzett munk\u00e1r\u00f3l.<\/p>\n","protected":false},"author":1,"featured_media":0,"parent":0,"menu_order":0,"comment_status":"closed","ping_status":"closed","template":"elementor_header_footer","meta":{"footnotes":""},"class_list":["post-472","page","type-page","status-publish","hentry"],"_links":{"self":[{"href":"http:\/\/civilportal.ro\/BodoBarna\/wp-json\/wp\/v2\/pages\/472","targetHints":{"allow":["GET"]}}],"collection":[{"href":"http:\/\/civilportal.ro\/BodoBarna\/wp-json\/wp\/v2\/pages"}],"about":[{"href":"http:\/\/civilportal.ro\/BodoBarna\/wp-json\/wp\/v2\/types\/page"}],"author":[{"embeddable":true,"href":"http:\/\/civilportal.ro\/BodoBarna\/wp-json\/wp\/v2\/users\/1"}],"replies":[{"embeddable":true,"href":"http:\/\/civilportal.ro\/BodoBarna\/wp-json\/wp\/v2\/comments?post=472"}],"version-history":[{"count":88,"href":"http:\/\/civilportal.ro\/BodoBarna\/wp-json\/wp\/v2\/pages\/472\/revisions"}],"predecessor-version":[{"id":564,"href":"http:\/\/civilportal.ro\/BodoBarna\/wp-json\/wp\/v2\/pages\/472\/revisions\/564"}],"wp:attachment":[{"href":"http:\/\/civilportal.ro\/BodoBarna\/wp-json\/wp\/v2\/media?parent=472"}],"curies":[{"name":"wp","href":"https:\/\/api.w.org\/{rel}","templated":true}]}}