{"id":396,"date":"2021-02-26T13:52:25","date_gmt":"2021-02-26T13:52:25","guid":{"rendered":"http:\/\/civilportal.ro\/BodoBarna\/?page_id=396"},"modified":"2021-02-26T19:35:53","modified_gmt":"2021-02-26T19:35:53","slug":"konferenciak","status":"publish","type":"page","link":"http:\/\/civilportal.ro\/BodoBarna\/konferenciak\/","title":{"rendered":"Konferenci\u00e1k, el\u0151ad\u00e1sok"},"content":{"rendered":"\t\t<div data-elementor-type=\"wp-page\" data-elementor-id=\"396\" class=\"elementor elementor-396\" data-elementor-settings=\"[]\">\n\t\t\t\t\t\t\t<div class=\"elementor-section-wrap\">\n\t\t\t\t\t\t\t<section class=\"elementor-section elementor-top-section elementor-element elementor-element-6b500ce7 elementor-section-boxed elementor-section-height-default elementor-section-height-default\" data-id=\"6b500ce7\" data-element_type=\"section\">\n\t\t\t\t\t\t<div class=\"elementor-container elementor-column-gap-default\">\n\t\t\t\t\t<div class=\"elementor-column elementor-col-100 elementor-top-column elementor-element elementor-element-7f330a8\" data-id=\"7f330a8\" data-element_type=\"column\">\n\t\t\t<div class=\"elementor-widget-wrap elementor-element-populated\">\n\t\t\t\t\t\t\t\t<div class=\"elementor-element elementor-element-1920786f elementor-widget elementor-widget-spacer\" data-id=\"1920786f\" data-element_type=\"widget\" data-widget_type=\"spacer.default\">\n\t\t\t\t<div class=\"elementor-widget-container\">\n\t\t\t\t\t<div class=\"elementor-spacer\">\n\t\t\t<div class=\"elementor-spacer-inner\"><\/div>\n\t\t<\/div>\n\t\t\t\t<\/div>\n\t\t\t\t<\/div>\n\t\t\t\t\t<\/div>\n\t\t<\/div>\n\t\t\t\t\t\t\t<\/div>\n\t\t<\/section>\n\t\t\t\t<section class=\"elementor-section elementor-top-section elementor-element elementor-element-11c86922 elementor-section-boxed elementor-section-height-default elementor-section-height-default\" data-id=\"11c86922\" data-element_type=\"section\">\n\t\t\t\t\t\t<div class=\"elementor-container elementor-column-gap-default\">\n\t\t\t\t\t<div class=\"elementor-column elementor-col-100 elementor-top-column elementor-element elementor-element-61f48df1\" data-id=\"61f48df1\" data-element_type=\"column\">\n\t\t\t<div class=\"elementor-widget-wrap elementor-element-populated\">\n\t\t\t\t\t\t\t\t<div class=\"elementor-element elementor-element-5c24f5b7 elementor-widget elementor-widget-heading\" data-id=\"5c24f5b7\" data-element_type=\"widget\" data-widget_type=\"heading.default\">\n\t\t\t\t<div class=\"elementor-widget-container\">\n\t\t\t<h1 class=\"elementor-heading-title elementor-size-default\">Konferenci\u00e1k, el\u0151ad\u00e1sok<\/h1>\t\t<\/div>\n\t\t\t\t<\/div>\n\t\t\t\t\t<\/div>\n\t\t<\/div>\n\t\t\t\t\t\t\t<\/div>\n\t\t<\/section>\n\t\t\t\t<section class=\"elementor-section elementor-top-section elementor-element elementor-element-b38bd18 elementor-section-boxed elementor-section-height-default elementor-section-height-default\" data-id=\"b38bd18\" data-element_type=\"section\">\n\t\t\t\t\t\t<div class=\"elementor-container elementor-column-gap-default\">\n\t\t\t\t\t<div class=\"elementor-column elementor-col-100 elementor-top-column elementor-element elementor-element-d0d317d\" data-id=\"d0d317d\" data-element_type=\"column\">\n\t\t\t<div class=\"elementor-widget-wrap elementor-element-populated\">\n\t\t\t\t\t\t\t\t<div class=\"elementor-element elementor-element-77c28c2 elementor-widget elementor-widget-spacer\" data-id=\"77c28c2\" data-element_type=\"widget\" data-widget_type=\"spacer.default\">\n\t\t\t\t<div class=\"elementor-widget-container\">\n\t\t\t\t\t<div class=\"elementor-spacer\">\n\t\t\t<div class=\"elementor-spacer-inner\"><\/div>\n\t\t<\/div>\n\t\t\t\t<\/div>\n\t\t\t\t<\/div>\n\t\t\t\t\t<\/div>\n\t\t<\/div>\n\t\t\t\t\t\t\t<\/div>\n\t\t<\/section>\n\t\t\t\t<section class=\"elementor-section elementor-top-section elementor-element elementor-element-9ceee39 elementor-section-boxed elementor-section-height-default elementor-section-height-default\" data-id=\"9ceee39\" data-element_type=\"section\">\n\t\t\t\t\t\t<div class=\"elementor-container elementor-column-gap-default\">\n\t\t\t\t\t<div class=\"elementor-column elementor-col-100 elementor-top-column elementor-element elementor-element-bdf697e\" data-id=\"bdf697e\" data-element_type=\"column\">\n\t\t\t<div class=\"elementor-widget-wrap elementor-element-populated\">\n\t\t\t\t\t\t\t\t<div class=\"elementor-element elementor-element-ec9a9a7 elementor-tabs-view-vertical elementor-widget elementor-widget-tabs\" data-id=\"ec9a9a7\" data-element_type=\"widget\" data-widget_type=\"tabs.default\">\n\t\t\t\t<div class=\"elementor-widget-container\">\n\t\t\t\t\t<div class=\"elementor-tabs\">\n\t\t\t<div class=\"elementor-tabs-wrapper\" role=\"tablist\" >\n\t\t\t\t\t\t\t\t\t<div id=\"elementor-tab-title-2481\" class=\"elementor-tab-title elementor-tab-desktop-title\" aria-selected=\"true\" data-tab=\"1\" role=\"tab\" tabindex=\"0\" aria-controls=\"elementor-tab-content-2481\" aria-expanded=\"false\">2020<\/div>\n\t\t\t\t\t\t\t\t\t<div id=\"elementor-tab-title-2482\" class=\"elementor-tab-title elementor-tab-desktop-title\" aria-selected=\"false\" data-tab=\"2\" role=\"tab\" tabindex=\"-1\" aria-controls=\"elementor-tab-content-2482\" aria-expanded=\"false\">2019<\/div>\n\t\t\t\t\t\t\t\t\t<div id=\"elementor-tab-title-2483\" class=\"elementor-tab-title elementor-tab-desktop-title\" aria-selected=\"false\" data-tab=\"3\" role=\"tab\" tabindex=\"-1\" aria-controls=\"elementor-tab-content-2483\" aria-expanded=\"false\">2018<\/div>\n\t\t\t\t\t\t\t\t\t<div id=\"elementor-tab-title-2484\" class=\"elementor-tab-title elementor-tab-desktop-title\" aria-selected=\"false\" data-tab=\"4\" role=\"tab\" tabindex=\"-1\" aria-controls=\"elementor-tab-content-2484\" aria-expanded=\"false\">2017<\/div>\n\t\t\t\t\t\t\t\t\t<div id=\"elementor-tab-title-2485\" class=\"elementor-tab-title elementor-tab-desktop-title\" aria-selected=\"false\" data-tab=\"5\" role=\"tab\" tabindex=\"-1\" aria-controls=\"elementor-tab-content-2485\" aria-expanded=\"false\">2016<\/div>\n\t\t\t\t\t\t\t\t\t<div id=\"elementor-tab-title-2486\" class=\"elementor-tab-title elementor-tab-desktop-title\" aria-selected=\"false\" data-tab=\"6\" role=\"tab\" tabindex=\"-1\" aria-controls=\"elementor-tab-content-2486\" aria-expanded=\"false\">2015<\/div>\n\t\t\t\t\t\t\t\t\t<div id=\"elementor-tab-title-2487\" class=\"elementor-tab-title elementor-tab-desktop-title\" aria-selected=\"false\" data-tab=\"7\" role=\"tab\" tabindex=\"-1\" aria-controls=\"elementor-tab-content-2487\" aria-expanded=\"false\">2014<\/div>\n\t\t\t\t\t\t\t\t\t<div id=\"elementor-tab-title-2488\" class=\"elementor-tab-title elementor-tab-desktop-title\" aria-selected=\"false\" data-tab=\"8\" role=\"tab\" tabindex=\"-1\" aria-controls=\"elementor-tab-content-2488\" aria-expanded=\"false\">2013<\/div>\n\t\t\t\t\t\t\t\t\t<div id=\"elementor-tab-title-2489\" class=\"elementor-tab-title elementor-tab-desktop-title\" aria-selected=\"false\" data-tab=\"9\" role=\"tab\" tabindex=\"-1\" aria-controls=\"elementor-tab-content-2489\" aria-expanded=\"false\">2012<\/div>\n\t\t\t\t\t\t\t\t\t<div id=\"elementor-tab-title-24810\" class=\"elementor-tab-title elementor-tab-desktop-title\" aria-selected=\"false\" data-tab=\"10\" role=\"tab\" tabindex=\"-1\" aria-controls=\"elementor-tab-content-24810\" aria-expanded=\"false\">2011<\/div>\n\t\t\t\t\t\t\t<\/div>\n\t\t\t<div class=\"elementor-tabs-content-wrapper\" role=\"tablist\" aria-orientation=\"vertical\">\n\t\t\t\t\t\t\t\t\t<div class=\"elementor-tab-title elementor-tab-mobile-title\" aria-selected=\"true\" data-tab=\"1\" role=\"tab\" tabindex=\"0\" aria-controls=\"elementor-tab-content-2481\" aria-expanded=\"false\">2020<\/div>\n\t\t\t\t\t<div id=\"elementor-tab-content-2481\" class=\"elementor-tab-content elementor-clearfix\" data-tab=\"1\" role=\"tabpanel\" aria-labelledby=\"elementor-tab-title-2481\" tabindex=\"0\" hidden=\"false\"><p><em>2020. november 20.<\/em> \u2013 <strong>K\u00f6z\u00e9p-Eur\u00f3pa m\u00faltja, jelene \u00e9s j\u00f6v\u0151je.<\/strong><br \/>Szervez\u0151: Sapientia \u2013 EMTE Kolozsv\u00e1ri Kar, Budapesti Gazdas\u00e1gi Egyetem K\u00fclkereskedelmi Kar. Nemzetk\u00f6zi konferencia.<br \/>Helysz\u00edn: interneten.<br \/>El\u0151ad\u00e1s: <strong>Eml\u00e9kezetpolitika versus szomsz\u00e9ds\u00e1gpolitika.<\/strong><\/p><p><em>2020. november 26.<\/em> \u2013 <strong>Tervezett \u00e9s spont\u00e1n folyamatok a magyar demokratikus \u00e1tmenet idej\u00e9n.<\/strong><br \/>Szervez\u0151: RET\u00d6RKI \u2013 Rendszerv\u00e1lt\u00e1s T\u00f6rt\u00e9net\u00e9t Kutat\u00f3 Int\u00e9zet \u00e9s Arch\u00edvum. Nemzetk\u00f6zi konferencia.<br \/>Helysz\u00edn: interneten.<br \/>El\u0151ad\u00e1s: <strong>A hat\u00e1ron t\u00fali magyarokkal kapcsolatos nemzetpolitika a rendszerv\u00e1lt\u00e1s sor\u00e1n.<\/strong><\/p><p><em>2020. november 27.<\/em> \u2013 <strong>J\u00f6v\u0151form\u00e1l\u00f3 tudom\u00e1ny a B\u00e1ns\u00e1gban.<\/strong><br \/>Szervez\u0151: KAB B\u00e1ns\u00e1gi region\u00e1lis munkabizotts\u00e1g. Helyi konferencia.<br \/>Helysz\u00edn: interneten.<br \/>El\u0151ad\u00e1s: <strong>Tor\u00f3 Tibor &#8211; ember az er\u0151terekben.<\/strong><\/p><\/div>\n\t\t\t\t\t\t\t\t\t<div class=\"elementor-tab-title elementor-tab-mobile-title\" aria-selected=\"false\" data-tab=\"2\" role=\"tab\" tabindex=\"-1\" aria-controls=\"elementor-tab-content-2482\" aria-expanded=\"false\">2019<\/div>\n\t\t\t\t\t<div id=\"elementor-tab-content-2482\" class=\"elementor-tab-content elementor-clearfix\" data-tab=\"2\" role=\"tabpanel\" aria-labelledby=\"elementor-tab-title-2482\" tabindex=\"0\" hidden=\"hidden\"><p><em>2019. febru\u00e1r 8.<\/em> \u2013 <strong>Temesv\u00e1ri t\u00f6rt\u00e9netek a 100. \u00e9vfordul\u00f3n.<\/strong><br \/>Szervez\u0151: K\u00e1rp\u00e1t-medencei Magyra Auton\u00f3miatan\u00e1cs, Erd\u00e9lyi Magyar Nemzeti Tan\u00e1cs. Orsz\u00e1gos konferencia.<br \/>Helysz\u00edn: Temesv\u00e1r.<br \/>El\u0151ad\u00e1s: <strong>A temesv\u00e1ri \u201ecsoda\u201d.<\/strong><\/p><p><em>2019. \u00e1prilis 24-25.<\/em> \u2013 <strong>Eur\u00f3pai Uni\u00f3s Civil Egy\u00fcttm\u0171k\u00f6d\u00e9si Konferencia.<\/strong><br \/>Szervez\u0151 C\u00d6F-C\u00d6KA. Nemzetk\u00f6zi konferencia.<br \/>Helysz\u00edn: Budapest.<br \/>El\u0151ad\u00e1s: <strong>Eur\u00f3pai Egyes\u00fclt \u00c1llamok \u00e9s a kisebbs\u00e9gi k\u00e9rd\u00e9s.<\/strong><\/p><p><em>2019. m\u00e1jus 29-31.<\/em> \u2013 <strong>Hat\u00e1rtalan magyar irodalom.<\/strong><br \/>Szervez\u0151: Magyar Nyelv \u00e9s Kult\u00fara Nemzetk\u00f6zi T\u00e1rsas\u00e1ga \u2013 Anyanyelvi Konferencia. Nemzetk\u00f6zi konferencia.<br \/>Helysz\u00edn: Badacsony.<br \/>El\u0151ad\u00e1s: <strong>Sz\u00f3rv\u00e1ny \u00e9s irodalom.<\/strong><\/p><p><em>2019. augusztus 21-25.<\/em> \u2013 <strong>15. Finnugor \u00cdr\u00f3kongresszus.<\/strong><br \/>Szervez\u0151 AFUL Finnugor Irodalmi Egyes\u00fclet, BBTE. B\u00f6lcs\u00e9szettudom\u00e1nyi Kar. Nemzetk\u00f6zi konferencia.<br \/>Helysz\u00edn: Kolozsv\u00e1r.<br \/>El\u0151ad\u00e1s: <strong>Magyar sz\u00f3 a nyelvhat\u00e1ron.<\/strong><\/p><p><em>2019. szeptember 6-8.<\/em> \u2013 S<strong>oborsini Repk\u00e9ny<\/strong> &#8211; irodalmi \u00f6sszej\u00f6vetel.<br \/>Szervez\u0151 dr. K\u00f6v\u00e9r P\u00e9ter \u00e9s csal\u00e1dja.<br \/>Helysz\u00edn: Soborsin.<br \/>Felolvasott sz\u00f6veg: <strong>P\u00e1pal\u00e1togat\u00e1s.<\/strong><\/p><p><em>2019. november 8-9<\/em>. \u2013 <strong>A K\u00e1rp\u00e1t-medencei magyars\u00e1g t\u00e1rsadalmi \u00e9s gazdas\u00e1gi helyzete.<\/strong><br \/>Szervez\u0151: Nemzetstrat\u00e9giai Kutat\u00f3int\u00e9zet. Nemzetk\u00f6zi konferencia.<br \/>Helysz\u00edn: Miskolc.<br \/>El\u0151ad\u00e1s: <strong>Sz\u00f3rv\u00e1ny \u2013 nemzet \u2013 megmarad\u00e1s.<\/strong><\/p><p><em>2019. november 20.<\/em> \u2013 <strong>Selye J\u00e1nos Egyetem<\/strong>, Kom\u00e1rom.<br \/>El\u0151ad\u00e1s: <strong>A nemzet hat\u00e1ra \u2013 a sz\u00f3rv\u00e1ny.<\/strong><\/p><p><em>2019. november 21.<\/em> \u2013 <strong>A Magyar Tudom\u00e1ny Napja Erd\u00e9lyben \u2013 160 \u00e9ves az EME.<\/strong><br \/>Szervez\u0151k: Sapientia EMTE Kolozsv\u00e1ri Kar, EME, Politeia Rom\u00e1niai Magyar Politikatudom\u00e1nyi Egyes\u00fclet. Orsz\u00e1gos konferencia.<br \/>Helysz\u00edn: Kolozsv\u00e1r.<br \/>El\u0151ad\u00e1s: <strong>Harc a m\u00falt\u00e9rt \u2013 a centen\u00e1rium jegy\u00e9ben.<\/strong><\/p><\/div>\n\t\t\t\t\t\t\t\t\t<div class=\"elementor-tab-title elementor-tab-mobile-title\" aria-selected=\"false\" data-tab=\"3\" role=\"tab\" tabindex=\"-1\" aria-controls=\"elementor-tab-content-2483\" aria-expanded=\"false\">2018<\/div>\n\t\t\t\t\t<div id=\"elementor-tab-content-2483\" class=\"elementor-tab-content elementor-clearfix\" data-tab=\"3\" role=\"tabpanel\" aria-labelledby=\"elementor-tab-title-2483\" tabindex=\"0\" hidden=\"hidden\"><p><em>2018. m\u00e1jus 17-18.<\/em> \u2013 <strong>Magyarnak lenni Eur\u00f3p\u00e1ban.<\/strong> P\u00e1sk\u00e1ndi-, Jakabffy-, Dsida Napok.<br \/>Szervez\u0151k: EMKE, K\u00f6lcsey Egyes\u00fclet. Nemzetk\u00f6zi konferencia.<br \/>Helysz\u00edn: Szatm\u00e1rn\u00e9meti.<br \/>El\u0151ad\u00e1s: <strong>Jakabffy radikalizmusa.<\/strong><\/p><p><em>2018. augusztus 7-11.<\/em> \u2013 <strong>Sapientia Ny\u00e1ri Egyetem.<\/strong><br \/>Szervez\u0151: Sapientia EMTE. Orsz\u00e1gos.<br \/>Helysz\u00edn: Marosv\u00e1s\u00e1rhely.<br \/>El\u0151ad\u00e1s: <strong>A birtokbav\u00e9tel l\u00e9pcs\u0151fokai.<\/strong><\/p><p><em>2018. szeptember 1-2.<\/em> \u2013 <strong>Partiumi honismereti konferencia.<\/strong><br \/>Szervez\u0151: Partiumi \u00e9s B\u00e1ns\u00e1gi M\u0171eml\u00e9kv\u00e9d\u0151 \u00e9s Eml\u00e9khely T\u00e1rsas\u00e1g. Orsz\u00e1gos konferencia.<br \/>Helysz\u00edn: \u00c9rsemj\u00e9n.<br \/>Felk\u00e9rt hozz\u00e1sz\u00f3l\u00e1s: <strong>Sz\u00f3rv\u00e1ny \u00e9s honismeret.<\/strong><\/p><p><em>2018. november 2-3.<\/em> \u2013 <strong>100 \u00e9v esem\u00e9nyei \u00e9s a rom\u00e1niai szerbek.<\/strong> Szervez\u0151: Rom\u00e1niai Szerbek Sz\u00f6vets\u00e9ge. Nemzetk\u00f6zi konferencia.<br \/>Helysz\u00edn: Temesv\u00e1r.<br \/>El\u0151ad\u00e1s: <strong>Istoria istoriei. Cum \u0219i de ce dispar monumente? (Kit b\u00e1ntanak az eml\u00e9km\u0171vek?)<\/strong><\/p><p><em>2018. november 16.<\/em> \u2013 <strong>Hat\u00e1rtalan tudom\u00e1ny a B\u00e1ns\u00e1gban.<\/strong> A Magyar Tudom\u00e1ny \u00dcnnepe.<br \/>Szervez\u0151: KAB B\u00e1ns\u00e1gi region\u00e1lis munkabizotts\u00e1g. Helyi konferencia.<br \/>Helysz\u00edn: Temesv\u00e1r.<br \/>El\u0151ad\u00e1s: <strong>Jakabffy \u00e9s a n\u00e9met k\u00e9rd\u00e9s.<\/strong><\/p><\/div>\n\t\t\t\t\t\t\t\t\t<div class=\"elementor-tab-title elementor-tab-mobile-title\" aria-selected=\"false\" data-tab=\"4\" role=\"tab\" tabindex=\"-1\" aria-controls=\"elementor-tab-content-2484\" aria-expanded=\"false\">2017<\/div>\n\t\t\t\t\t<div id=\"elementor-tab-content-2484\" class=\"elementor-tab-content elementor-clearfix\" data-tab=\"4\" role=\"tabpanel\" aria-labelledby=\"elementor-tab-title-2484\" tabindex=\"0\" hidden=\"hidden\"><p><em>2017. \u00e1prilis 20-22.<\/em> \u2013 <strong>Sz\u00e9kelyf\u00f6ld konferencia (Sz\u00e9kely Kongresszus).<\/strong><br \/>Szervez\u0151: Sapientia \u2013 EMTE, t\u00e1rsszervez\u0151k Sz\u00e9kely Nemzeti M\u00fazeum Sepsiszentgy\u00f6rgy, a Cs\u00edki Sz\u00e9kely M\u00fazeum, Ha\u00e1z Rezs\u0151 M\u00fazeum Udvarhely, Sz\u00e9kelyf\u00f6ldi Region\u00e1lis Tudom\u00e1nyi T\u00e1rsas\u00e1g. Nemzetk\u00f6zi konferencia. Oktat\u00e1si Szekci\u00f3.<br \/>Helysz\u00edn: Sepsiszentgy\u00f6rgy.<br \/>El\u0151ad\u00e1s: <strong>Fels\u0151oktat\u00e1s Sz\u00e9kelyf\u00f6ld\u00f6n \u2013 helyzetk\u00e9p, kih\u00edv\u00e1sok, \u00e9rtelmez\u0151 gondolatok<\/strong> (Tonk M\u00e1rtonnal k\u00f6z\u00f6sen)<\/p><p><em>2017. j\u00fanius 23-24<\/em>. \u2013 <strong>Erd\u00e9lyi Politikatudom\u00e1nyi Konferencia.<\/strong><br \/>Szervez\u0151k: Sapientia EMTE Kolozsv\u00e1ri Kar, BBTE Politikatudom\u00e1nyi Int\u00e9zet, ELTE \u00c1llam- \u00e9s Jogtudom\u00e1nyi Kar. Nemzetk\u00f6zi konferencia.<br \/>Helysz\u00edn: Kolozsv\u00e1r.<br \/>El\u0151ad\u00e1s: <strong>Venczel J\u00f3zsef.<\/strong><\/p><p><em>2017. j\u00fanius 30.<\/em> \u2013 <strong>Geopolitikai folyamatok \u00e9s lehets\u00e9ges hat\u00e1saik.<\/strong><br \/>Szervez\u0151k: Sapientia EMTE Kolozsv\u00e1ri Kar, P\u00e9csi TE, PADOC Alap\u00edtv\u00e1ny. Nemzetk\u00f6zi konferencia.<br \/>Helysz\u00edn: Kolozsv\u00e1r.<br \/>El\u0151ad\u00e1s: <strong>A rom\u00e1n diplom\u00e1cia \u00e9s a b\u00e9ket\u00e1rgyal\u00e1sok.<\/strong><\/p><p><em>2017. j\u00falius 21.<\/em> \u2013 <strong>B\u00e1lv\u00e1nyosi Ny\u00e1ri Szabadegyetem.<\/strong><br \/>Szervez\u0151: Pro Minoritate Alap\u00edtv\u00e1ny, Magyar Ifj\u00fas\u00e1gi Tan\u00e1cs. Nemzetk\u00f6zi. <strong>T\u00f6rt\u00e9nelem \u00e9s m\u00edtosz a 20. sz\u00e1zadi rom\u00e1n-magyar viszonyban. Lucian Boia \u00e9s hi\u00e1nyz\u00f3 t\u00e1rsai<\/strong> \u2013 szakmai besz\u00e9lget\u00e9s.<br \/><strong>Megh\u00edvottak:<\/strong> Bod\u00f3 Barna (politol\u00f3gus, Sapientia EMTE) Zahor\u00e1n Csaba (t\u00f6rt\u00e9n\u00e9sz, Budapest).<br \/><strong>Moder\u00e1tor:<\/strong> Csinta Samu (\u00fajs\u00e1g\u00edr\u00f3, Sepsiszentgy\u00f6rgy).<\/p><p><em>2017. szeptember 12.<\/em> \u2013 <strong>Magyarok a t\u00e9ren: civilek \u00e9s a nemzetpolitika. Magyar napok, fesztiv\u00e1lok a K\u00e1rp\u00e1t-medenc\u00e9ben.<\/strong><br \/>Szervez\u0151: Nemzetpolitika Kutat\u00f3int\u00e9zet. Nemzetk\u00f6zi m\u0171helykonferencia.<br \/>Helysz\u00edn: Budapest.<br \/><strong>Megh\u00edvottak:<\/strong> Bod\u00f3 Barna, Hajnal Jen\u0151, Kudloty\u00e1k Krisztina.<br \/><strong>Moder\u00e1tor:<\/strong> K\u00e1ntor Zolt\u00e1n.<\/p><p><em>2017. szeptember 22-23.<\/em> \u2013 <strong>Nyelvi t\u00e1jk\u00e9p, nyelvi soksz\u00edn\u0171s\u00e9g.<\/strong><br \/>Szervez\u0151k: Sapientia EMTE Cs\u00edkszeredai Kar, MTA Nyelvtudom\u00e1nyi Int\u00e9zet, KAB. Nemzetk\u00f6z konferencia.<br \/>Helysz\u00edn: Cs\u00edkszereda.<br \/>El\u0151ad\u00e1s: <strong>A temesv\u00e1r-j\u00f3zsefv\u00e1rosi temet\u0151 nyelvi t\u00e1jk\u00e9pe.<\/strong><\/p><p><em>2017. szeptember 29-30.<\/em> \u2013 <strong>Nemzettudat \u00e9s nemzeti identit\u00e1s.<\/strong><br \/>Szervez\u0151: Sz\u00e9chenyi T\u00e1rsas\u00e1g. Nemzetk\u00f6zi konferencia.<br \/>Helysz\u00edn: Sopron.<br \/>El\u0151ad\u00e1s: <strong>Sz\u00f3rv\u00e1ny \u00e9s nemzethat\u00e1r.<\/strong><\/p><p><em>2017. okt\u00f3ber 13.<\/em> \u2013 <strong>Amire felesk\u00fcdt\u00fcnk Isten s ember el\u0151tt,<\/strong> politikat\u00f6rt\u00e9neti konferencia.<br \/>Szervez\u0151: Erd\u00e9lyi Magyar Nemzeti Tan\u00e1cs. Orsz\u00e1gos konferencia.<br \/>Helysz\u00edn: Kolozsv\u00e1r.<br \/>El\u0151ad\u00e1s: <strong>A Kolozsv\u00e1ri Nyilatkozat sz\u00f6veg\u00e9nek alakul\u00e1sa.<\/strong><\/p><p><em>2017. november 7.<\/em> \u2013 <strong>Nagyv\u00e1rosi magyar k\u00f6z\u00f6ss\u00e9gek helyzete a sz\u00f3rv\u00e1nyban \u00e9s diaszp\u00f3r\u00e1ban.<\/strong><br \/>Szervez\u0151 KMKF, Sz\u00f3rv\u00e1ny \u2013 diaszp\u00f3ra munkacsoport \u00fcl\u00e9se.<br \/>Helysz\u00edn: Budapest.<br \/>El\u0151ad\u00e1s: <strong>Nagyv\u00e1rosi sz\u00f3rv\u00e1nyok Erd\u00e9lyben.<\/strong><\/p><p><em>2017. november 14.<\/em> \u2013 <strong>Magyar Sz\u00f3rv\u00e1ny Napja.<\/strong><br \/>Szervez\u0151: Magyar Nemzeti Tan\u00e1cs.<br \/>Helysz\u00edn: Szabadka.<br \/>El\u0151ad\u00e1s: <strong>Sz\u00f3rv\u00e1ny napi gondolatok.<\/strong><\/p><p><em>2017. november 16-17.<\/em> \u2013 <strong>Az eur\u00f3pai civil egy\u00fcttm\u0171k\u00f6d\u00e9s alapjai.<\/strong><br \/>Szervez\u0151: Civil \u00d6sszefog\u00e1s F\u00f3rum, Eur\u00f3pai Uni\u00f3 Alapjogi \u00dcgyn\u00f6ks\u00e9ge. Nemzetk\u00f6zi konferencia.<br \/>Helysz\u00edn: Budapest.<br \/>El\u0151ad\u00e1s: <strong>T\u00e1rsadalmi hidak.<\/strong><\/p><p><em>2017. november 29-30.<\/em> \u2013 <strong>Helyi k\u00f6rnyezeti probl\u00e9m\u00e1k \u00e9s v\u00e1laszok Magyarorsz\u00e1gon \u00e9s Rom\u00e1ni\u00e1ban.<\/strong><br \/>Szervez\u0151k: Sapientia EMTE, Kolozsv\u00e1ri Kar, Debreceni Egyetem \u00c1llam- \u00e9s Jogtudom\u00e1nyi Kar. Nemzetk\u00f6zi konferencia.<br \/>El\u0151ad\u00e1s: <strong>\u201eSzem\u00e9tpolitika\u201d erd\u00e9lyi megy\u00e9kben<\/strong> (t\u00e1rsszerz\u0151 Lakatos Ibolya).<\/p><\/div>\n\t\t\t\t\t\t\t\t\t<div class=\"elementor-tab-title elementor-tab-mobile-title\" aria-selected=\"false\" data-tab=\"5\" role=\"tab\" tabindex=\"-1\" aria-controls=\"elementor-tab-content-2485\" aria-expanded=\"false\">2016<\/div>\n\t\t\t\t\t<div id=\"elementor-tab-content-2485\" class=\"elementor-tab-content elementor-clearfix\" data-tab=\"5\" role=\"tabpanel\" aria-labelledby=\"elementor-tab-title-2485\" tabindex=\"0\" hidden=\"hidden\"><p><em>2016. janu\u00e1r 30.<\/em> \u2013 <strong>Civil Szervezetek Napja.<\/strong><br \/>Szervez\u0151: Budapest F\u0151v\u00e1ros XIII. Ker\u00fcleti \u00d6nkorm\u00e1nyzat.<br \/>Helysz\u00edn: Budapest.<br \/>El\u0151ad\u00e1s: <strong>Egy\u00fcttm\u0171k\u00f6d\u00e9sek hat\u00e1ron innen \u00e9s t\u00fal \u2013 K\u00e1rp\u00e1t-medencei civil kapcsolatok.<\/strong><\/p><p><em>2016. febru\u00e1r 13.<\/em> \u2013 <strong>M\u00e1rton \u00c1ron Kutat\u00f3i Konferencia.<\/strong><br \/>Szervez\u0151: Balassi Int\u00e9zet. Orsz\u00e1gos konferencia.<br \/>Helysz\u00edn: Budapest.<br \/>El\u0151ad\u00e1s: <strong>A sz\u00f3rv\u00e1ny, mint tudom\u00e1nyos k\u00e9rd\u00e9s.<\/strong><\/p><p><em>2016. \u00e1prilis 1.<\/em> \u2013 <strong>Bar\u00e1ti este el\u0151ad\u00e1ssorozat.<\/strong><br \/>Szervez\u0151 Sz\u00f3rv\u00e1ny Alap\u00edtv\u00e1ny.<br \/>Helysz\u00edn: Temesv\u00e1r.<br \/>El\u0151ad\u00e1s: <strong>Pozsgay Imre.<\/strong><\/p><p><em>2016. m\u00e1jus 13.<\/em> \u2013 <strong>T\u00e1rsadalomtudom\u00e1nyi doktori iskola<\/strong>, \u00c1llam- \u00e9s Jogtudom\u00e1nyi Kar.<br \/>Helysz\u00edn: P\u00e9cs.<br \/>El\u0151ad\u00e1s: <strong>A sz\u00f3rv\u00e1ny, mint t\u00e1rsadalomtudom\u00e1nyos kih\u00edv\u00e1s.<\/strong><\/p><p><em>2016. m\u00e1jus 19-20.<\/em> \u2013 <strong>Jakabffy Napok \u00e9s P\u00e1sk\u00e1ndi-megeml\u00e9kez\u00e9s.<\/strong><br \/>Szervez\u0151: Erd\u00e9lyi Magyar K\u00f6zm\u0171vel\u0151d\u00e9si Egyes\u00fclet, K\u00f6lcsey Egyes\u00fclet. Nemzetk\u00f6zi konferencia.<br \/>Helysz\u00edn: Szatm\u00e1rn\u00e9meti.<br \/>El\u0151ad\u00e1s: <strong>Jakabffy \u00e9s a sv\u00e1bok.<\/strong><\/p><p><em>2016. november. 4-5.<\/em> \u2013 <strong>Venczel J\u00f3zsef eml\u00e9kkonferencia.<\/strong><br \/>Szervez\u0151: Sapientia EMTE. Orsz\u00e1gos konferencia.<br \/>Helysz\u00edn: Cs\u00edkszereda.<br \/>El\u0151ad\u00e1s: <strong>Venczel J\u00f3zsef \u00e9s a vil\u00e1gh\u00e1bor\u00fak k\u00f6z\u00f6tti rom\u00e1n (agr\u00e1r)politika.<\/strong><\/p><p><em>2016. november 10-11<\/em>. \u2013 <strong>Globaliz\u00e1ci\u00f3 vagy lokaliz\u00e1ci\u00f3 a Baltikumt\u00f3l az Adri\u00e1ig?<\/strong><br \/>Szervez\u0151: Magyars\u00e1gtudom\u00e1nyi Kutat\u00e1sok M\u0171hely, Magyar Tudom\u00e1nyos Akad\u00e9mia Veszpr\u00e9mi Ter\u00fcleti Bizotts\u00e1ga. Nemzetk\u00f6zi konferencia.<br \/>Helysz\u00edn: Veszpr\u00e9m.<br \/>El\u0151ad\u00e1s: <strong>A birtokbav\u00e9tel l\u00e9pcs\u0151fokai \u2013 az erd\u00e9lyi magyar fesztiv\u00e1lokr\u00f3l.<\/strong><\/p><p><em>2016. november 11-12.<\/em> \u2013 <strong>CLUJ \u2022 KOLOZSV\u00c1R \u2022 KLAUSENBURG \u2022 700. Kolozsv\u00e1r 700 \u00e9ve kir\u00e1lyi v\u00e1ros.<\/strong> Nemzetk\u00f6zi konferencia.<br \/>Szervez\u0151k: Sapientia EMTE Kolozsv\u00e1ri Kar, BBTE T\u00f6rt\u00e9nelem \u00e9s Filoz\u00f3fia Kar.<br \/>Helysz\u00edn: Kolozsv\u00e1r.<br \/>El\u0151ad\u00e1s: <strong>Helyt\u00f6rt\u00e9net \u00e9s a k\u00f6z\u00f6ss\u00e9g \u00f6nk\u00e9pe.<\/strong><\/p><p><em>2016. november 15.<\/em> \u2013 <strong>Magyar Sz\u00f3rv\u00e1ny Napja.<\/strong> Szervez\u0151: Nemzetpolitikai Kutat\u00f3int\u00e9zet. Nemzetk\u00f6zi konferencia.<br \/>Helysz\u00edn: Budapest.<br \/>Kerekasztal-besz\u00e9lget\u00e9s Helyzetk\u00e9p a sz\u00f3rv\u00e1nyr\u00f3l. <strong>Megh\u00edvott<\/strong> r\u00e9sztvev\u0151.<\/p><p><em>2016. november 22-23.<\/em> \u2013 <strong>Pillanatk\u00e9pek a XX. sz\u00e1zad magyar k\u00f6zigazgat\u00e1s\u00e1nak t\u00f6rt\u00e9net\u00e9b\u0151l.<\/strong><br \/>Szervez\u0151k: Nemzeti K\u00f6zszolg\u00e1lati Egyetem, Magyar Nemzeti Lev\u00e9lt\u00e1r. Nemzetk\u00f6zi konferencia.<br \/>Helysz\u00edn: Budapest.<br \/>El\u0151ad\u00e1s: <strong>A sz\u00e9kely k\u00f6zigazgat\u00e1s \u00e9s az auton\u00f3mia.<\/strong><\/p><p><em>2016. november 28.<\/em> \u2013 <strong>Moderniz\u00e1ci\u00f3 \u00e9s k\u00f6vetkezm\u00e9nyei a B\u00e1ns\u00e1gban.<\/strong><br \/>Szervez\u0151: Kolozsv\u00e1ri Akad\u00e9miai Bizotts\u00e1g B\u00e1ns\u00e1gi Region\u00e1lis Munkabizotts\u00e1ga. Nemzetk\u00f6zi konferencia a Magyar Tudom\u00e1ny \u00dcnnepe alkalm\u00e1b\u00f3l. Orsz\u00e1gos konferencia.<br \/>Helysz\u00edn: Temesv\u00e1r.<br \/>El\u0151ad\u00e1s: <strong>B\u00e1ns\u00e1g, mint moderniz\u00e1ci\u00f3s k\u00f6zeg.<\/strong><\/p><\/div>\n\t\t\t\t\t\t\t\t\t<div class=\"elementor-tab-title elementor-tab-mobile-title\" aria-selected=\"false\" data-tab=\"6\" role=\"tab\" tabindex=\"-1\" aria-controls=\"elementor-tab-content-2486\" aria-expanded=\"false\">2015<\/div>\n\t\t\t\t\t<div id=\"elementor-tab-content-2486\" class=\"elementor-tab-content elementor-clearfix\" data-tab=\"6\" role=\"tabpanel\" aria-labelledby=\"elementor-tab-title-2486\" tabindex=\"0\" hidden=\"hidden\"><p><em>2015. \u00e1prilis 26-28.<\/em> \u2013 <strong>A K\u00e1rp\u00e1t-medencei sz\u00f3rv\u00e1nymagyars\u00e1g \u00e9s a k\u00f6zm\u00e9dia viszonya. Nemzetk\u00f6zi konferencia<\/strong>.<br \/>Szervez\u0151k: MTVA (M\u00e9diaszolg\u00e1ltat\u00e1s-t\u00e1mogat\u00f3 \u00e9s Vagyonkezel\u0151 Alap), K\u00f3s K\u00e1roly Koll\u00e9gium, Sapientia \u2013 EMTE.<br \/>Helysz\u00edn: Kolozsv\u00e1r.<br \/>El\u0151ad\u00e1s: <strong>Sz\u00f3rv\u00e1ny \u00e9s anyanyelv\u0171 m\u00e9dia<\/strong>.<\/p><p><em>2015. m\u00e1jus 28-29<\/em>. \u2013 <strong>Erd\u00e9lyi politikat\u00f6rt\u00e9neti konferencia.<\/strong> Nemzetk\u00f6zi konferencia.<br \/>Szervez\u0151k: Babe\u0219-Bolyai Tudom\u00e1nyegyetem, Sapientia \u2013 Erd\u00e9lyi Magyar Tudom\u00e1nyegyetem.<br \/>Helysz\u00edn: Kolozsv\u00e1r.<br \/>El\u0151ad\u00e1s: <strong>A vlachok \u00e9s a rom\u00e1n nemzetpolitika.<\/strong><\/p><p><em>2015. j\u00fanius 11.<\/em> \u2013 <strong>Egy\u00fcttgondolkod\u00e1s a nemzetstrat\u00e9gi\u00e1r\u00f3l \u00e9s a nemzetpolitik\u00e1r\u00f3l.<\/strong> Nemzetk\u00f6zi konferencia.<br \/>Szervez\u0151: Nemzetstrat\u00e9giai Kutat\u00f3int\u00e9zet.<br \/>Helysz\u00edn: Veszpr\u00e9m.<br \/>El\u0151ad\u00e1s: <strong>Kisebbs\u00e9gi h\u00eddszerep t\u00f6bbs\u00e9gi nacionalizmus.<\/strong><\/p><p><em>2015. szeptember 24.<\/em> \u2013 <strong>\u201e\u00c1ld\u00e1s, n\u00e9pess\u00e9g!\u201d Leteleped\u00e9s \u2013 elv\u00e1ndorl\u00e1s a B\u00e1ns\u00e1gban.<\/strong> Nemzetk\u00f6zi konferencia.<br \/>Szervez\u0151k: Partium Kereszt\u00e9ny Egyetem, Juh\u00e1sz Istv\u00e1n Alap\u00edtv\u00e1ny Hollandia, \u00daj Ezred\u00e9v Reform\u00e1tus K\u00f6zpont.<br \/>Helysz\u00edn: Temesv\u00e1r.<br \/>El\u0151ad\u00e1s: <strong>B\u00e1ns\u00e1g \u00e9s a demogr\u00e1fiai k\u00e9rd\u00e9s.<\/strong><\/p><\/div>\n\t\t\t\t\t\t\t\t\t<div class=\"elementor-tab-title elementor-tab-mobile-title\" aria-selected=\"false\" data-tab=\"7\" role=\"tab\" tabindex=\"-1\" aria-controls=\"elementor-tab-content-2487\" aria-expanded=\"false\">2014<\/div>\n\t\t\t\t\t<div id=\"elementor-tab-content-2487\" class=\"elementor-tab-content elementor-clearfix\" data-tab=\"7\" role=\"tabpanel\" aria-labelledby=\"elementor-tab-title-2487\" tabindex=\"0\" hidden=\"hidden\"><p>16 konferencia r\u00e9szv\u00e9tel, 10 el\u0151ad\u00e1s.<\/p><\/div>\n\t\t\t\t\t\t\t\t\t<div class=\"elementor-tab-title elementor-tab-mobile-title\" aria-selected=\"false\" data-tab=\"8\" role=\"tab\" tabindex=\"-1\" aria-controls=\"elementor-tab-content-2488\" aria-expanded=\"false\">2013<\/div>\n\t\t\t\t\t<div id=\"elementor-tab-content-2488\" class=\"elementor-tab-content elementor-clearfix\" data-tab=\"8\" role=\"tabpanel\" aria-labelledby=\"elementor-tab-title-2488\" tabindex=\"0\" hidden=\"hidden\"><p>20 konferencia r\u00e9szv\u00e9tel, 15 el\u0151ad\u00e1s.<\/p><\/div>\n\t\t\t\t\t\t\t\t\t<div class=\"elementor-tab-title elementor-tab-mobile-title\" aria-selected=\"false\" data-tab=\"9\" role=\"tab\" tabindex=\"-1\" aria-controls=\"elementor-tab-content-2489\" aria-expanded=\"false\">2012<\/div>\n\t\t\t\t\t<div id=\"elementor-tab-content-2489\" class=\"elementor-tab-content elementor-clearfix\" data-tab=\"9\" role=\"tabpanel\" aria-labelledby=\"elementor-tab-title-2489\" tabindex=\"0\" hidden=\"hidden\"><p>15 konferencia r\u00e9szv\u00e9tel, 13 el\u0151ad\u00e1s.<\/p><\/div>\n\t\t\t\t\t\t\t\t\t<div class=\"elementor-tab-title elementor-tab-mobile-title\" aria-selected=\"false\" data-tab=\"10\" role=\"tab\" tabindex=\"-1\" aria-controls=\"elementor-tab-content-24810\" aria-expanded=\"false\">2011<\/div>\n\t\t\t\t\t<div id=\"elementor-tab-content-24810\" class=\"elementor-tab-content elementor-clearfix\" data-tab=\"10\" role=\"tabpanel\" aria-labelledby=\"elementor-tab-title-24810\" tabindex=\"0\" hidden=\"hidden\"><p>18 konferenci\u00e1n vettem r\u00e9szt, ezeken 9 el\u0151ad\u00e1st tartottam.<\/p><\/div>\n\t\t\t\t\t\t\t<\/div>\n\t\t<\/div>\n\t\t\t\t<\/div>\n\t\t\t\t<\/div>\n\t\t\t\t\t<\/div>\n\t\t<\/div>\n\t\t\t\t\t\t\t<\/div>\n\t\t<\/section>\n\t\t\t\t<section class=\"elementor-section elementor-top-section elementor-element elementor-element-d0754f3 elementor-section-boxed elementor-section-height-default elementor-section-height-default\" data-id=\"d0754f3\" data-element_type=\"section\">\n\t\t\t\t\t\t<div class=\"elementor-container elementor-column-gap-default\">\n\t\t\t\t\t<div class=\"elementor-column elementor-col-100 elementor-top-column elementor-element elementor-element-d07b414\" data-id=\"d07b414\" data-element_type=\"column\">\n\t\t\t<div class=\"elementor-widget-wrap elementor-element-populated\">\n\t\t\t\t\t\t\t\t<div class=\"elementor-element elementor-element-60befe7 elementor-widget elementor-widget-spacer\" data-id=\"60befe7\" data-element_type=\"widget\" data-widget_type=\"spacer.default\">\n\t\t\t\t<div class=\"elementor-widget-container\">\n\t\t\t\t\t<div class=\"elementor-spacer\">\n\t\t\t<div class=\"elementor-spacer-inner\"><\/div>\n\t\t<\/div>\n\t\t\t\t<\/div>\n\t\t\t\t<\/div>\n\t\t\t\t\t<\/div>\n\t\t<\/div>\n\t\t\t\t\t\t\t<\/div>\n\t\t<\/section>\n\t\t\t\t<section class=\"elementor-section elementor-top-section elementor-element elementor-element-456bcb4 elementor-section-boxed elementor-section-height-default elementor-section-height-default\" data-id=\"456bcb4\" data-element_type=\"section\">\n\t\t\t\t\t\t<div class=\"elementor-container elementor-column-gap-default\">\n\t\t\t\t\t<div class=\"elementor-column elementor-col-100 elementor-top-column elementor-element elementor-element-755d403\" data-id=\"755d403\" data-element_type=\"column\">\n\t\t\t<div class=\"elementor-widget-wrap elementor-element-populated\">\n\t\t\t\t\t\t\t\t<div class=\"elementor-element elementor-element-9550664 elementor-widget elementor-widget-text-editor\" data-id=\"9550664\" data-element_type=\"widget\" data-widget_type=\"text-editor.default\">\n\t\t\t\t<div class=\"elementor-widget-container\">\n\t\t\t\t\t<div class=\"elementor-text-editor elementor-clearfix\"><p>2006 el\u0151tt nem k\u00e9sz\u00edtettem \u00f6sszefoglal\u00f3 anyagot az oktat\u00e1son t\u00fali tev\u00e9kenys\u00e9gr\u0151l, pontosabban a konferencia-r\u00e9szv\u00e9telekr\u0151l \u00e9s el\u0151ad\u00e1sokr\u00f3l (de a kutat\u00e1sokr\u00f3l sem).<\/p><p>2011 el\u0151tt \u00e9vente 2-4 fontos konferenci\u00e1n vettem r\u00e9szt (2006: 2, 2007: 2, 2008: 3, 2009: 4, 2010: 4).<\/p><p>2011-t\u0151l figyelembe vettem a civil szervezetek \u00e1ltal futtatott projektek keret\u00e9ben megtartott el\u0151ad\u00e1sokat is \u2013 ez\u00e9rt a r\u00e9szv\u00e9teli sz\u00e1m megn\u00f6vekedett.<\/p><\/div>\n\t\t\t\t<\/div>\n\t\t\t\t<\/div>\n\t\t\t\t\t<\/div>\n\t\t<\/div>\n\t\t\t\t\t\t\t<\/div>\n\t\t<\/section>\n\t\t\t\t<section class=\"elementor-section elementor-top-section elementor-element elementor-element-4414dca elementor-section-boxed elementor-section-height-default elementor-section-height-default\" data-id=\"4414dca\" data-element_type=\"section\">\n\t\t\t\t\t\t<div class=\"elementor-container elementor-column-gap-default\">\n\t\t\t\t\t<div class=\"elementor-column elementor-col-100 elementor-top-column elementor-element elementor-element-d5e8e19\" data-id=\"d5e8e19\" data-element_type=\"column\">\n\t\t\t<div class=\"elementor-widget-wrap elementor-element-populated\">\n\t\t\t\t\t\t\t\t<div class=\"elementor-element elementor-element-6079e06 elementor-widget elementor-widget-spacer\" data-id=\"6079e06\" data-element_type=\"widget\" data-widget_type=\"spacer.default\">\n\t\t\t\t<div class=\"elementor-widget-container\">\n\t\t\t\t\t<div class=\"elementor-spacer\">\n\t\t\t<div class=\"elementor-spacer-inner\"><\/div>\n\t\t<\/div>\n\t\t\t\t<\/div>\n\t\t\t\t<\/div>\n\t\t\t\t\t<\/div>\n\t\t<\/div>\n\t\t\t\t\t\t\t<\/div>\n\t\t<\/section>\n\t\t\t\t\t\t<\/div>\n\t\t\t\t\t<\/div>\n\t\t","protected":false},"excerpt":{"rendered":"<p>Konferenci\u00e1k, el\u0151ad\u00e1sok 2020 2019 2018 2017 2016 2015 2014 2013 2012 2011 2020 2020. november 20. \u2013 K\u00f6z\u00e9p-Eur\u00f3pa m\u00faltja, jelene \u00e9s j\u00f6v\u0151je.Szervez\u0151: Sapientia \u2013 EMTE Kolozsv\u00e1ri Kar, Budapesti Gazdas\u00e1gi Egyetem K\u00fclkereskedelmi Kar. Nemzetk\u00f6zi konferencia.Helysz\u00edn: interneten.El\u0151ad\u00e1s: Eml\u00e9kezetpolitika versus szomsz\u00e9ds\u00e1gpolitika. 2020. november 26. \u2013 Tervezett \u00e9s spont\u00e1n folyamatok a magyar demokratikus \u00e1tmenet idej\u00e9n.Szervez\u0151: RET\u00d6RKI \u2013 Rendszerv\u00e1lt\u00e1s T\u00f6rt\u00e9net\u00e9t Kutat\u00f3 Int\u00e9zet \u00e9s Arch\u00edvum. Nemzetk\u00f6zi konferencia.Helysz\u00edn: interneten.El\u0151ad\u00e1s: A hat\u00e1ron t\u00fali magyarokkal kapcsolatos nemzetpolitika a rendszerv\u00e1lt\u00e1s sor\u00e1n. 2020. november 27. \u2013 J\u00f6v\u0151form\u00e1l\u00f3 tudom\u00e1ny a B\u00e1ns\u00e1gban.Szervez\u0151: KAB B\u00e1ns\u00e1gi region\u00e1lis munkabizotts\u00e1g. Helyi konferencia.Helysz\u00edn: interneten.El\u0151ad\u00e1s: Tor\u00f3 Tibor &#8211; ember az er\u0151terekben. 2019 2019. febru\u00e1r 8. \u2013 Temesv\u00e1ri t\u00f6rt\u00e9netek a 100. \u00e9vfordul\u00f3n.Szervez\u0151: K\u00e1rp\u00e1t-medencei Magyra Auton\u00f3miatan\u00e1cs, Erd\u00e9lyi Magyar Nemzeti Tan\u00e1cs. Orsz\u00e1gos konferencia.Helysz\u00edn: Temesv\u00e1r.El\u0151ad\u00e1s: A temesv\u00e1ri \u201ecsoda\u201d. 2019. \u00e1prilis 24-25. \u2013 Eur\u00f3pai Uni\u00f3s Civil Egy\u00fcttm\u0171k\u00f6d\u00e9si Konferencia.Szervez\u0151 C\u00d6F-C\u00d6KA. Nemzetk\u00f6zi konferencia.Helysz\u00edn: Budapest.El\u0151ad\u00e1s: Eur\u00f3pai Egyes\u00fclt \u00c1llamok \u00e9s a kisebbs\u00e9gi k\u00e9rd\u00e9s. 2019. m\u00e1jus 29-31. \u2013 Hat\u00e1rtalan magyar irodalom.Szervez\u0151: Magyar Nyelv \u00e9s Kult\u00fara Nemzetk\u00f6zi T\u00e1rsas\u00e1ga \u2013 Anyanyelvi Konferencia. Nemzetk\u00f6zi konferencia.Helysz\u00edn: Badacsony.El\u0151ad\u00e1s: Sz\u00f3rv\u00e1ny \u00e9s irodalom. 2019. augusztus 21-25. \u2013 15. Finnugor \u00cdr\u00f3kongresszus.Szervez\u0151 AFUL Finnugor Irodalmi Egyes\u00fclet, BBTE. B\u00f6lcs\u00e9szettudom\u00e1nyi Kar. Nemzetk\u00f6zi konferencia.Helysz\u00edn: Kolozsv\u00e1r.El\u0151ad\u00e1s: Magyar sz\u00f3 a nyelvhat\u00e1ron. 2019. szeptember 6-8. \u2013 Soborsini Repk\u00e9ny &#8211; irodalmi \u00f6sszej\u00f6vetel.Szervez\u0151 dr. K\u00f6v\u00e9r P\u00e9ter \u00e9s csal\u00e1dja.Helysz\u00edn: Soborsin.Felolvasott sz\u00f6veg: P\u00e1pal\u00e1togat\u00e1s. 2019. november 8-9. \u2013 A K\u00e1rp\u00e1t-medencei magyars\u00e1g t\u00e1rsadalmi \u00e9s gazdas\u00e1gi helyzete.Szervez\u0151: Nemzetstrat\u00e9giai Kutat\u00f3int\u00e9zet. Nemzetk\u00f6zi konferencia.Helysz\u00edn: Miskolc.El\u0151ad\u00e1s: Sz\u00f3rv\u00e1ny \u2013 nemzet \u2013 megmarad\u00e1s. 2019. november 20. \u2013 Selye J\u00e1nos Egyetem, Kom\u00e1rom.El\u0151ad\u00e1s: A nemzet hat\u00e1ra \u2013 a sz\u00f3rv\u00e1ny. 2019. november 21. \u2013 A Magyar Tudom\u00e1ny Napja Erd\u00e9lyben \u2013 160 \u00e9ves az EME.Szervez\u0151k: Sapientia EMTE Kolozsv\u00e1ri Kar, EME, Politeia Rom\u00e1niai Magyar Politikatudom\u00e1nyi Egyes\u00fclet. Orsz\u00e1gos konferencia.Helysz\u00edn: Kolozsv\u00e1r.El\u0151ad\u00e1s: Harc a m\u00falt\u00e9rt \u2013 a centen\u00e1rium jegy\u00e9ben. 2018 2018. m\u00e1jus 17-18. \u2013 Magyarnak lenni Eur\u00f3p\u00e1ban. P\u00e1sk\u00e1ndi-, Jakabffy-, Dsida Napok.Szervez\u0151k: EMKE, K\u00f6lcsey Egyes\u00fclet. Nemzetk\u00f6zi konferencia.Helysz\u00edn: Szatm\u00e1rn\u00e9meti.El\u0151ad\u00e1s: Jakabffy radikalizmusa. 2018. augusztus 7-11. \u2013 Sapientia Ny\u00e1ri Egyetem.Szervez\u0151: Sapientia EMTE. Orsz\u00e1gos.Helysz\u00edn: Marosv\u00e1s\u00e1rhely.El\u0151ad\u00e1s: A birtokbav\u00e9tel l\u00e9pcs\u0151fokai. 2018. szeptember 1-2. \u2013 Partiumi honismereti konferencia.Szervez\u0151: Partiumi \u00e9s B\u00e1ns\u00e1gi M\u0171eml\u00e9kv\u00e9d\u0151 \u00e9s Eml\u00e9khely T\u00e1rsas\u00e1g. Orsz\u00e1gos konferencia.Helysz\u00edn: \u00c9rsemj\u00e9n.Felk\u00e9rt hozz\u00e1sz\u00f3l\u00e1s: Sz\u00f3rv\u00e1ny \u00e9s honismeret. 2018. november 2-3. \u2013 100 \u00e9v esem\u00e9nyei \u00e9s a rom\u00e1niai szerbek. Szervez\u0151: Rom\u00e1niai Szerbek Sz\u00f6vets\u00e9ge. Nemzetk\u00f6zi konferencia.Helysz\u00edn: Temesv\u00e1r.El\u0151ad\u00e1s: Istoria istoriei. Cum \u0219i de ce dispar monumente? (Kit b\u00e1ntanak az eml\u00e9km\u0171vek?) 2018. november 16. \u2013 Hat\u00e1rtalan tudom\u00e1ny a B\u00e1ns\u00e1gban. A Magyar Tudom\u00e1ny \u00dcnnepe.Szervez\u0151: KAB B\u00e1ns\u00e1gi region\u00e1lis munkabizotts\u00e1g. Helyi konferencia.Helysz\u00edn: Temesv\u00e1r.El\u0151ad\u00e1s: Jakabffy \u00e9s a n\u00e9met k\u00e9rd\u00e9s. 2017 2017. \u00e1prilis 20-22. \u2013 Sz\u00e9kelyf\u00f6ld konferencia (Sz\u00e9kely Kongresszus).Szervez\u0151: Sapientia \u2013 EMTE, t\u00e1rsszervez\u0151k Sz\u00e9kely Nemzeti M\u00fazeum Sepsiszentgy\u00f6rgy, a Cs\u00edki Sz\u00e9kely M\u00fazeum, Ha\u00e1z Rezs\u0151 M\u00fazeum Udvarhely, Sz\u00e9kelyf\u00f6ldi Region\u00e1lis Tudom\u00e1nyi T\u00e1rsas\u00e1g. Nemzetk\u00f6zi konferencia. Oktat\u00e1si Szekci\u00f3.Helysz\u00edn: Sepsiszentgy\u00f6rgy.El\u0151ad\u00e1s: Fels\u0151oktat\u00e1s Sz\u00e9kelyf\u00f6ld\u00f6n \u2013 helyzetk\u00e9p, kih\u00edv\u00e1sok, \u00e9rtelmez\u0151 gondolatok (Tonk M\u00e1rtonnal k\u00f6z\u00f6sen) 2017. j\u00fanius 23-24. \u2013 Erd\u00e9lyi Politikatudom\u00e1nyi Konferencia.Szervez\u0151k: Sapientia EMTE Kolozsv\u00e1ri Kar, BBTE Politikatudom\u00e1nyi Int\u00e9zet, ELTE \u00c1llam- \u00e9s Jogtudom\u00e1nyi Kar. Nemzetk\u00f6zi konferencia.Helysz\u00edn: Kolozsv\u00e1r.El\u0151ad\u00e1s: Venczel J\u00f3zsef. 2017. j\u00fanius 30. \u2013 Geopolitikai folyamatok \u00e9s lehets\u00e9ges hat\u00e1saik.Szervez\u0151k: Sapientia EMTE Kolozsv\u00e1ri Kar, P\u00e9csi TE, PADOC Alap\u00edtv\u00e1ny. Nemzetk\u00f6zi konferencia.Helysz\u00edn: Kolozsv\u00e1r.El\u0151ad\u00e1s: A rom\u00e1n diplom\u00e1cia \u00e9s a b\u00e9ket\u00e1rgyal\u00e1sok. 2017. j\u00falius 21. \u2013 B\u00e1lv\u00e1nyosi Ny\u00e1ri Szabadegyetem.Szervez\u0151: Pro Minoritate Alap\u00edtv\u00e1ny, Magyar Ifj\u00fas\u00e1gi Tan\u00e1cs. Nemzetk\u00f6zi. T\u00f6rt\u00e9nelem \u00e9s m\u00edtosz a 20. sz\u00e1zadi rom\u00e1n-magyar viszonyban. Lucian Boia \u00e9s hi\u00e1nyz\u00f3 t\u00e1rsai \u2013 szakmai besz\u00e9lget\u00e9s.Megh\u00edvottak: Bod\u00f3 Barna (politol\u00f3gus, Sapientia EMTE) Zahor\u00e1n Csaba (t\u00f6rt\u00e9n\u00e9sz, Budapest).Moder\u00e1tor: Csinta Samu (\u00fajs\u00e1g\u00edr\u00f3, Sepsiszentgy\u00f6rgy). 2017. szeptember 12. \u2013 Magyarok a t\u00e9ren: civilek \u00e9s a nemzetpolitika. Magyar napok, fesztiv\u00e1lok a K\u00e1rp\u00e1t-medenc\u00e9ben.Szervez\u0151: Nemzetpolitika Kutat\u00f3int\u00e9zet. Nemzetk\u00f6zi m\u0171helykonferencia.Helysz\u00edn: Budapest.Megh\u00edvottak: Bod\u00f3 Barna, Hajnal Jen\u0151, Kudloty\u00e1k Krisztina.Moder\u00e1tor: K\u00e1ntor Zolt\u00e1n. 2017. szeptember 22-23. \u2013 Nyelvi t\u00e1jk\u00e9p, nyelvi soksz\u00edn\u0171s\u00e9g.Szervez\u0151k: Sapientia EMTE Cs\u00edkszeredai Kar, MTA Nyelvtudom\u00e1nyi Int\u00e9zet, KAB. Nemzetk\u00f6z konferencia.Helysz\u00edn: Cs\u00edkszereda.El\u0151ad\u00e1s: A temesv\u00e1r-j\u00f3zsefv\u00e1rosi temet\u0151 nyelvi t\u00e1jk\u00e9pe. 2017. szeptember 29-30. \u2013 Nemzettudat \u00e9s nemzeti identit\u00e1s.Szervez\u0151: Sz\u00e9chenyi T\u00e1rsas\u00e1g. Nemzetk\u00f6zi konferencia.Helysz\u00edn: Sopron.El\u0151ad\u00e1s: Sz\u00f3rv\u00e1ny \u00e9s nemzethat\u00e1r. 2017. okt\u00f3ber 13. \u2013 Amire felesk\u00fcdt\u00fcnk Isten s ember el\u0151tt, politikat\u00f6rt\u00e9neti konferencia.Szervez\u0151: Erd\u00e9lyi Magyar Nemzeti Tan\u00e1cs. Orsz\u00e1gos konferencia.Helysz\u00edn: Kolozsv\u00e1r.El\u0151ad\u00e1s: A Kolozsv\u00e1ri Nyilatkozat sz\u00f6veg\u00e9nek alakul\u00e1sa. 2017. november 7. \u2013 Nagyv\u00e1rosi magyar k\u00f6z\u00f6ss\u00e9gek helyzete a sz\u00f3rv\u00e1nyban \u00e9s diaszp\u00f3r\u00e1ban.Szervez\u0151 KMKF, Sz\u00f3rv\u00e1ny \u2013 diaszp\u00f3ra munkacsoport \u00fcl\u00e9se.Helysz\u00edn: Budapest.El\u0151ad\u00e1s: Nagyv\u00e1rosi sz\u00f3rv\u00e1nyok Erd\u00e9lyben. 2017. november 14. \u2013 Magyar Sz\u00f3rv\u00e1ny Napja.Szervez\u0151: Magyar Nemzeti Tan\u00e1cs.Helysz\u00edn: Szabadka.El\u0151ad\u00e1s: Sz\u00f3rv\u00e1ny napi gondolatok. 2017. november 16-17. \u2013 Az eur\u00f3pai civil egy\u00fcttm\u0171k\u00f6d\u00e9s alapjai.Szervez\u0151: Civil \u00d6sszefog\u00e1s F\u00f3rum, Eur\u00f3pai Uni\u00f3 Alapjogi \u00dcgyn\u00f6ks\u00e9ge. Nemzetk\u00f6zi konferencia.Helysz\u00edn: Budapest.El\u0151ad\u00e1s: T\u00e1rsadalmi hidak. 2017. november 29-30. \u2013 Helyi k\u00f6rnyezeti probl\u00e9m\u00e1k \u00e9s v\u00e1laszok Magyarorsz\u00e1gon \u00e9s Rom\u00e1ni\u00e1ban.Szervez\u0151k: Sapientia EMTE, Kolozsv\u00e1ri Kar, Debreceni Egyetem \u00c1llam- \u00e9s Jogtudom\u00e1nyi Kar. Nemzetk\u00f6zi konferencia.El\u0151ad\u00e1s: \u201eSzem\u00e9tpolitika\u201d erd\u00e9lyi megy\u00e9kben (t\u00e1rsszerz\u0151 Lakatos Ibolya). 2016 2016. janu\u00e1r 30. \u2013 Civil Szervezetek Napja.Szervez\u0151: Budapest F\u0151v\u00e1ros XIII. Ker\u00fcleti \u00d6nkorm\u00e1nyzat.Helysz\u00edn: Budapest.El\u0151ad\u00e1s: Egy\u00fcttm\u0171k\u00f6d\u00e9sek hat\u00e1ron innen \u00e9s t\u00fal \u2013 K\u00e1rp\u00e1t-medencei civil kapcsolatok. 2016. febru\u00e1r 13. \u2013 M\u00e1rton \u00c1ron Kutat\u00f3i Konferencia.Szervez\u0151: Balassi Int\u00e9zet. Orsz\u00e1gos konferencia.Helysz\u00edn: Budapest.El\u0151ad\u00e1s: A sz\u00f3rv\u00e1ny, mint tudom\u00e1nyos k\u00e9rd\u00e9s. 2016. \u00e1prilis 1. \u2013 Bar\u00e1ti este el\u0151ad\u00e1ssorozat.Szervez\u0151 Sz\u00f3rv\u00e1ny Alap\u00edtv\u00e1ny.Helysz\u00edn: Temesv\u00e1r.El\u0151ad\u00e1s: Pozsgay Imre. 2016. m\u00e1jus 13. \u2013 T\u00e1rsadalomtudom\u00e1nyi doktori iskola, \u00c1llam- \u00e9s Jogtudom\u00e1nyi Kar.Helysz\u00edn: P\u00e9cs.El\u0151ad\u00e1s: A sz\u00f3rv\u00e1ny, mint t\u00e1rsadalomtudom\u00e1nyos kih\u00edv\u00e1s. 2016. m\u00e1jus 19-20. \u2013 Jakabffy Napok \u00e9s P\u00e1sk\u00e1ndi-megeml\u00e9kez\u00e9s.Szervez\u0151: Erd\u00e9lyi Magyar K\u00f6zm\u0171vel\u0151d\u00e9si Egyes\u00fclet, K\u00f6lcsey Egyes\u00fclet. Nemzetk\u00f6zi konferencia.Helysz\u00edn: Szatm\u00e1rn\u00e9meti.El\u0151ad\u00e1s: Jakabffy \u00e9s a sv\u00e1bok. 2016. november. 4-5. \u2013 Venczel J\u00f3zsef eml\u00e9kkonferencia.Szervez\u0151: Sapientia EMTE. Orsz\u00e1gos konferencia.Helysz\u00edn: Cs\u00edkszereda.El\u0151ad\u00e1s: Venczel J\u00f3zsef \u00e9s a vil\u00e1gh\u00e1bor\u00fak k\u00f6z\u00f6tti rom\u00e1n (agr\u00e1r)politika. 2016. november 10-11. \u2013 Globaliz\u00e1ci\u00f3 vagy lokaliz\u00e1ci\u00f3 a Baltikumt\u00f3l az Adri\u00e1ig?Szervez\u0151: Magyars\u00e1gtudom\u00e1nyi Kutat\u00e1sok M\u0171hely, Magyar Tudom\u00e1nyos Akad\u00e9mia Veszpr\u00e9mi Ter\u00fcleti Bizotts\u00e1ga. Nemzetk\u00f6zi konferencia.Helysz\u00edn: Veszpr\u00e9m.El\u0151ad\u00e1s: A birtokbav\u00e9tel l\u00e9pcs\u0151fokai \u2013 az erd\u00e9lyi magyar fesztiv\u00e1lokr\u00f3l. 2016. november 11-12. \u2013 CLUJ \u2022 KOLOZSV\u00c1R \u2022 KLAUSENBURG \u2022 700. Kolozsv\u00e1r 700 \u00e9ve kir\u00e1lyi v\u00e1ros. Nemzetk\u00f6zi konferencia.Szervez\u0151k: Sapientia EMTE Kolozsv\u00e1ri Kar, BBTE T\u00f6rt\u00e9nelem \u00e9s Filoz\u00f3fia Kar.Helysz\u00edn: Kolozsv\u00e1r.El\u0151ad\u00e1s: Helyt\u00f6rt\u00e9net \u00e9s a k\u00f6z\u00f6ss\u00e9g \u00f6nk\u00e9pe. 2016. november 15. \u2013 Magyar Sz\u00f3rv\u00e1ny Napja. Szervez\u0151: Nemzetpolitikai Kutat\u00f3int\u00e9zet. Nemzetk\u00f6zi konferencia.Helysz\u00edn: Budapest.Kerekasztal-besz\u00e9lget\u00e9s Helyzetk\u00e9p a sz\u00f3rv\u00e1nyr\u00f3l. Megh\u00edvott r\u00e9sztvev\u0151. 2016. november 22-23. \u2013 Pillanatk\u00e9pek a XX. sz\u00e1zad magyar k\u00f6zigazgat\u00e1s\u00e1nak t\u00f6rt\u00e9net\u00e9b\u0151l.Szervez\u0151k: Nemzeti K\u00f6zszolg\u00e1lati Egyetem, Magyar Nemzeti Lev\u00e9lt\u00e1r. Nemzetk\u00f6zi konferencia.Helysz\u00edn: Budapest.El\u0151ad\u00e1s: A sz\u00e9kely k\u00f6zigazgat\u00e1s \u00e9s az auton\u00f3mia. 2016. november 28. \u2013 Moderniz\u00e1ci\u00f3 \u00e9s k\u00f6vetkezm\u00e9nyei a B\u00e1ns\u00e1gban.Szervez\u0151: Kolozsv\u00e1ri Akad\u00e9miai Bizotts\u00e1g B\u00e1ns\u00e1gi Region\u00e1lis Munkabizotts\u00e1ga. Nemzetk\u00f6zi konferencia a Magyar Tudom\u00e1ny \u00dcnnepe alkalm\u00e1b\u00f3l. Orsz\u00e1gos konferencia.Helysz\u00edn: Temesv\u00e1r.El\u0151ad\u00e1s: B\u00e1ns\u00e1g, mint moderniz\u00e1ci\u00f3s k\u00f6zeg. 2015 2015. \u00e1prilis 26-28. \u2013 A K\u00e1rp\u00e1t-medencei sz\u00f3rv\u00e1nymagyars\u00e1g \u00e9s a k\u00f6zm\u00e9dia viszonya. Nemzetk\u00f6zi konferencia.Szervez\u0151k: MTVA (M\u00e9diaszolg\u00e1ltat\u00e1s-t\u00e1mogat\u00f3 \u00e9s Vagyonkezel\u0151 Alap), K\u00f3s K\u00e1roly Koll\u00e9gium, Sapientia \u2013 EMTE.Helysz\u00edn: Kolozsv\u00e1r.El\u0151ad\u00e1s: Sz\u00f3rv\u00e1ny \u00e9s anyanyelv\u0171 m\u00e9dia. 2015. m\u00e1jus 28-29. \u2013 Erd\u00e9lyi politikat\u00f6rt\u00e9neti konferencia. Nemzetk\u00f6zi konferencia.Szervez\u0151k: Babe\u0219-Bolyai Tudom\u00e1nyegyetem, Sapientia \u2013 Erd\u00e9lyi Magyar Tudom\u00e1nyegyetem.Helysz\u00edn: Kolozsv\u00e1r.El\u0151ad\u00e1s: A vlachok \u00e9s a rom\u00e1n nemzetpolitika. 2015. j\u00fanius 11. \u2013 Egy\u00fcttgondolkod\u00e1s a nemzetstrat\u00e9gi\u00e1r\u00f3l \u00e9s a nemzetpolitik\u00e1r\u00f3l. Nemzetk\u00f6zi konferencia.Szervez\u0151: Nemzetstrat\u00e9giai Kutat\u00f3int\u00e9zet.Helysz\u00edn: Veszpr\u00e9m.El\u0151ad\u00e1s: Kisebbs\u00e9gi h\u00eddszerep t\u00f6bbs\u00e9gi nacionalizmus. 2015. szeptember 24. \u2013 \u201e\u00c1ld\u00e1s, n\u00e9pess\u00e9g!\u201d Leteleped\u00e9s \u2013 elv\u00e1ndorl\u00e1s a B\u00e1ns\u00e1gban. Nemzetk\u00f6zi konferencia.Szervez\u0151k: Partium Kereszt\u00e9ny Egyetem, Juh\u00e1sz Istv\u00e1n Alap\u00edtv\u00e1ny Hollandia, \u00daj Ezred\u00e9v Reform\u00e1tus K\u00f6zpont.Helysz\u00edn: Temesv\u00e1r.El\u0151ad\u00e1s: B\u00e1ns\u00e1g \u00e9s a demogr\u00e1fiai k\u00e9rd\u00e9s. 2014 16 konferencia r\u00e9szv\u00e9tel, 10 el\u0151ad\u00e1s. 2013 20 konferencia r\u00e9szv\u00e9tel, 15 el\u0151ad\u00e1s. 2012 15 konferencia r\u00e9szv\u00e9tel, 13 el\u0151ad\u00e1s. 2011 18 konferenci\u00e1n vettem r\u00e9szt, ezeken 9 el\u0151ad\u00e1st tartottam. 2006 el\u0151tt nem k\u00e9sz\u00edtettem \u00f6sszefoglal\u00f3 anyagot az oktat\u00e1son t\u00fali tev\u00e9kenys\u00e9gr\u0151l, pontosabban a konferencia-r\u00e9szv\u00e9telekr\u0151l \u00e9s el\u0151ad\u00e1sokr\u00f3l (de a kutat\u00e1sokr\u00f3l sem). 2011 el\u0151tt \u00e9vente 2-4 fontos konferenci\u00e1n vettem r\u00e9szt (2006: 2, 2007: 2, 2008: 3, 2009: 4, 2010: 4). 2011-t\u0151l figyelembe vettem a civil szervezetek \u00e1ltal futtatott projektek keret\u00e9ben megtartott el\u0151ad\u00e1sokat is \u2013 ez\u00e9rt a r\u00e9szv\u00e9teli sz\u00e1m megn\u00f6vekedett.<\/p>\n","protected":false},"author":1,"featured_media":0,"parent":0,"menu_order":0,"comment_status":"closed","ping_status":"closed","template":"elementor_header_footer","meta":{"footnotes":""},"class_list":["post-396","page","type-page","status-publish","hentry"],"_links":{"self":[{"href":"http:\/\/civilportal.ro\/BodoBarna\/wp-json\/wp\/v2\/pages\/396","targetHints":{"allow":["GET"]}}],"collection":[{"href":"http:\/\/civilportal.ro\/BodoBarna\/wp-json\/wp\/v2\/pages"}],"about":[{"href":"http:\/\/civilportal.ro\/BodoBarna\/wp-json\/wp\/v2\/types\/page"}],"author":[{"embeddable":true,"href":"http:\/\/civilportal.ro\/BodoBarna\/wp-json\/wp\/v2\/users\/1"}],"replies":[{"embeddable":true,"href":"http:\/\/civilportal.ro\/BodoBarna\/wp-json\/wp\/v2\/comments?post=396"}],"version-history":[{"count":41,"href":"http:\/\/civilportal.ro\/BodoBarna\/wp-json\/wp\/v2\/pages\/396\/revisions"}],"predecessor-version":[{"id":465,"href":"http:\/\/civilportal.ro\/BodoBarna\/wp-json\/wp\/v2\/pages\/396\/revisions\/465"}],"wp:attachment":[{"href":"http:\/\/civilportal.ro\/BodoBarna\/wp-json\/wp\/v2\/media?parent=396"}],"curies":[{"name":"wp","href":"https:\/\/api.w.org\/{rel}","templated":true}]}}