{"id":20,"date":"2021-02-23T22:33:35","date_gmt":"2021-02-23T22:33:35","guid":{"rendered":"http:\/\/civilportal.ro\/BodoBarna\/?page_id=20"},"modified":"2025-07-31T06:45:49","modified_gmt":"2025-07-31T06:45:49","slug":"publikaciok","status":"publish","type":"page","link":"http:\/\/civilportal.ro\/BodoBarna\/publikaciok\/","title":{"rendered":"Publik\u00e1ci\u00f3s jegyz\u00e9k"},"content":{"rendered":"\t\t<div data-elementor-type=\"wp-page\" data-elementor-id=\"20\" class=\"elementor elementor-20\" data-elementor-settings=\"[]\">\n\t\t\t\t\t\t\t<div class=\"elementor-section-wrap\">\n\t\t\t\t\t\t\t<section class=\"elementor-section elementor-top-section elementor-element elementor-element-9035ecc elementor-section-boxed elementor-section-height-default elementor-section-height-default\" data-id=\"9035ecc\" data-element_type=\"section\">\n\t\t\t\t\t\t<div class=\"elementor-container elementor-column-gap-default\">\n\t\t\t\t\t<div class=\"elementor-column elementor-col-100 elementor-top-column elementor-element elementor-element-03e7ecb\" data-id=\"03e7ecb\" data-element_type=\"column\">\n\t\t\t<div class=\"elementor-widget-wrap elementor-element-populated\">\n\t\t\t\t\t\t\t\t<div class=\"elementor-element elementor-element-18f5b93 elementor-widget elementor-widget-spacer\" data-id=\"18f5b93\" data-element_type=\"widget\" data-widget_type=\"spacer.default\">\n\t\t\t\t<div class=\"elementor-widget-container\">\n\t\t\t\t\t<div class=\"elementor-spacer\">\n\t\t\t<div class=\"elementor-spacer-inner\"><\/div>\n\t\t<\/div>\n\t\t\t\t<\/div>\n\t\t\t\t<\/div>\n\t\t\t\t\t<\/div>\n\t\t<\/div>\n\t\t\t\t\t\t\t<\/div>\n\t\t<\/section>\n\t\t\t\t<section class=\"elementor-section elementor-top-section elementor-element elementor-element-3418a33 elementor-section-boxed elementor-section-height-default elementor-section-height-default\" data-id=\"3418a33\" data-element_type=\"section\">\n\t\t\t\t\t\t<div class=\"elementor-container elementor-column-gap-default\">\n\t\t\t\t\t<div class=\"elementor-column elementor-col-100 elementor-top-column elementor-element elementor-element-a5e5b9f\" data-id=\"a5e5b9f\" data-element_type=\"column\">\n\t\t\t<div class=\"elementor-widget-wrap elementor-element-populated\">\n\t\t\t\t\t\t\t\t<div class=\"elementor-element elementor-element-1bc1bea elementor-widget elementor-widget-heading\" data-id=\"1bc1bea\" data-element_type=\"widget\" data-widget_type=\"heading.default\">\n\t\t\t\t<div class=\"elementor-widget-container\">\n\t\t\t<h1 class=\"elementor-heading-title elementor-size-default\">Publik\u00e1ci\u00f3s jegyz\u00e9k<\/h1>\t\t<\/div>\n\t\t\t\t<\/div>\n\t\t\t\t\t<\/div>\n\t\t<\/div>\n\t\t\t\t\t\t\t<\/div>\n\t\t<\/section>\n\t\t\t\t<section class=\"elementor-section elementor-top-section elementor-element elementor-element-108e9dd elementor-section-boxed elementor-section-height-default elementor-section-height-default\" data-id=\"108e9dd\" data-element_type=\"section\">\n\t\t\t\t\t\t<div class=\"elementor-container elementor-column-gap-default\">\n\t\t\t\t\t<div class=\"elementor-column elementor-col-100 elementor-top-column elementor-element elementor-element-caee7a7\" data-id=\"caee7a7\" data-element_type=\"column\">\n\t\t\t<div class=\"elementor-widget-wrap elementor-element-populated\">\n\t\t\t\t\t\t\t\t<div class=\"elementor-element elementor-element-a75e807 elementor-widget elementor-widget-spacer\" data-id=\"a75e807\" data-element_type=\"widget\" data-widget_type=\"spacer.default\">\n\t\t\t\t<div class=\"elementor-widget-container\">\n\t\t\t\t\t<div class=\"elementor-spacer\">\n\t\t\t<div class=\"elementor-spacer-inner\"><\/div>\n\t\t<\/div>\n\t\t\t\t<\/div>\n\t\t\t\t<\/div>\n\t\t\t\t\t<\/div>\n\t\t<\/div>\n\t\t\t\t\t\t\t<\/div>\n\t\t<\/section>\n\t\t\t\t<section class=\"elementor-section elementor-top-section elementor-element elementor-element-4227a94 elementor-section-boxed elementor-section-height-default elementor-section-height-default\" data-id=\"4227a94\" data-element_type=\"section\">\n\t\t\t\t\t\t<div class=\"elementor-container elementor-column-gap-default\">\n\t\t\t\t\t<div class=\"elementor-column elementor-col-100 elementor-top-column elementor-element elementor-element-4003a36\" data-id=\"4003a36\" data-element_type=\"column\">\n\t\t\t<div class=\"elementor-widget-wrap elementor-element-populated\">\n\t\t\t\t\t\t\t\t<div class=\"elementor-element elementor-element-d862567 elementor-tabs-view-horizontal elementor-widget elementor-widget-tabs\" data-id=\"d862567\" data-element_type=\"widget\" data-widget_type=\"tabs.default\">\n\t\t\t\t<div class=\"elementor-widget-container\">\n\t\t\t\t\t<div class=\"elementor-tabs\">\n\t\t\t<div class=\"elementor-tabs-wrapper\" role=\"tablist\" >\n\t\t\t\t\t\t\t\t\t<div id=\"elementor-tab-title-2261\" class=\"elementor-tab-title elementor-tab-desktop-title\" aria-selected=\"true\" data-tab=\"1\" role=\"tab\" tabindex=\"0\" aria-controls=\"elementor-tab-content-2261\" aria-expanded=\"false\">A.)  SZ\u00c9P\u00cdR\u00c1S<\/div>\n\t\t\t\t\t\t\t\t\t<div id=\"elementor-tab-title-2262\" class=\"elementor-tab-title elementor-tab-desktop-title\" aria-selected=\"false\" data-tab=\"2\" role=\"tab\" tabindex=\"-1\" aria-controls=\"elementor-tab-content-2262\" aria-expanded=\"false\">B.)  TERM\u00c9SZETTUDOM\u00c1NY<\/div>\n\t\t\t\t\t\t\t\t\t<div id=\"elementor-tab-title-2263\" class=\"elementor-tab-title elementor-tab-desktop-title\" aria-selected=\"false\" data-tab=\"3\" role=\"tab\" tabindex=\"-1\" aria-controls=\"elementor-tab-content-2263\" aria-expanded=\"false\">C.)  T\u00c1RSADALOMTUDOM\u00c1NY<\/div>\n\t\t\t\t\t\t\t\t\t<div id=\"elementor-tab-title-2264\" class=\"elementor-tab-title elementor-tab-desktop-title\" aria-selected=\"false\" data-tab=\"4\" role=\"tab\" tabindex=\"-1\" aria-controls=\"elementor-tab-content-2264\" aria-expanded=\"false\">D.)  PUBLICISZTIK\u00c1K, CIKKEK<\/div>\n\t\t\t\t\t\t\t<\/div>\n\t\t\t<div class=\"elementor-tabs-content-wrapper\" role=\"tablist\" aria-orientation=\"vertical\">\n\t\t\t\t\t\t\t\t\t<div class=\"elementor-tab-title elementor-tab-mobile-title\" aria-selected=\"true\" data-tab=\"1\" role=\"tab\" tabindex=\"0\" aria-controls=\"elementor-tab-content-2261\" aria-expanded=\"false\">A.)  SZ\u00c9P\u00cdR\u00c1S<\/div>\n\t\t\t\t\t<div id=\"elementor-tab-content-2261\" class=\"elementor-tab-content elementor-clearfix\" data-tab=\"1\" role=\"tabpanel\" aria-labelledby=\"elementor-tab-title-2261\" tabindex=\"0\" hidden=\"false\"><p>\u00a0<\/p><p class=\"pub-cim\"><strong>I. Szerz\u0151i k\u00f6tetek<\/strong><\/p><ol><li><em>Fele\u00faton \u2013 \u00fatf\u00e9len<\/em>, riportf\u0171z\u00e9r, Kriterion K\u00f6nyvkiad\u00f3, Bukarest, 1981;<\/li><li><em>Holnap is k\u00f6sz\u00f6nnek<\/em>, riportok, essz\u00e9k, Kriterion K\u00f6nyvkiad\u00f3, Bukarest, 1989;<\/li><li><em>Szenved\u0151 Temesv\u00e1r<\/em>, feljegyz\u00e9sek, RMSZ Bukarest, 1990;<\/li><li><em>Meggy\u00f6t\u00f6rt val\u00f3s\u00e1g<\/em> (v\u00e1logatott publicisztik\u00e1k), Irodalmi Jelen Kiad\u00f3, Arad, 2020.<\/li><\/ol><p class=\"pub-cim\"><strong>II. K\u00f6z\u00f6s k\u00f6tetek<\/strong><\/p><ol><li>Rajzt\u00e1bl\u00e1k k\u00f6z\u00f6tt, In: Bitay \u00d6d\u00f6n (szerk.) <em>A Demeter gyerekek p\u00e1lyav\u00e1lt\u00e1sa \u00e9s m\u00e1s igaz t\u00f6rt\u00e9netek<\/em> (riportok), Politikai K\u00f6nyvkiad\u00f3, Bukarest, 1977. pp.141-155.<\/li><li>Megszolg\u00e1lt f\u00e1radts\u00e1g, In: <em>J\u00f6v\u0151\u00e9p\u00edt\u0151k<\/em> (riportok), Kriterion K\u00f6nyvkiad\u00f3, Bukarest, 1987. pp.119-126.<\/li><li>F\u00e9l\u00faton, \u00f6nmagunk fel\u00e9, In: Veress Zolt\u00e1n \u2013 D\u00e1vid Gyula (szerk.) <em>Egy kisebbs\u00e9g kisebbs\u00e9gei<\/em>, Stockholm 1997. pp.169-196.<\/li><li>Ki a nyertes? In: <em>A Fony\u00f3di Helikon 10<\/em>, Fony\u00f3d, 1993.<\/li><li>Sz\u00f3rv\u00e1ny \u00e9s irodalom. In: <em>Hat\u00e1rtalan magyar irodalom. Tanulm\u00e1nyok a vil\u00e1g magyars\u00e1g\u00e1nak irodalm\u00e1r\u00f3l<\/em>. Magyar Napl\u00f3 Kiad\u00f3, Budapest. 2020. pp. 15\u2013163.<\/li><\/ol><p class=\"pub-cim\"><strong>III. Szerkeszt\u0151, kiad\u00f3<\/strong><\/p><ol><li>T. Sz\u00e9kely L\u00e1szl\u00f3: <em>\u00c9rdekes t\u00e1jak<\/em> (szerkeszt\u0151, el\u0151sz\u00f3), Sz\u00f3rv\u00e1ny Alap\u00edtv\u00e1ny, Temesv\u00e1r, 2012.<\/li><li>Simon, Stela: <em>Csal\u00e1di album<\/em> (szerkeszt\u0151), Sz\u00f3rv\u00e1ny Alap\u00edtv\u00e1ny Temesv\u00e1r, 2013.<\/li><li><em>Mi, a \u201966-osok. Eml\u00e9keznek a Sz\u00e9kely Mik\u00f3 Koll\u00e9gium 1966-ban v\u00e9gzett tanul\u00f3i<\/em> (szerkeszt\u0151, t\u00e1rsszerkeszt\u0151k Bende J\u00f3zsef, K\u00f6lcze G\u00e1sp\u00e1r, Asztalos (Petri) M\u00e1rta, Simon (Szab\u00f3) \u00c9va, Sz\u00e9kely Gy\u00f6ngyv\u00e9r), Sepsiszentgy\u00f6rgy, Nyomda Gordian Temesv\u00e1r, 2016.<\/li><li>Bal\u00e1zs S\u00e1ndor: <em>Eml\u00e9keim szem\u00e9lyekr\u0151l \u2013 \u00fajrak\u00f6zl\u00e9sekkel<\/em> (szerkeszt\u0151), Kiad\u00f3 MCSZESZ, Nyomda Europrint Nagyv\u00e1rad, 2018.<\/li><li><em>Tan\u00e1r \u00dar! Itt a helyed!<\/em> Albert Ferenc 90. sz\u00fclet\u00e9snapj\u00e1ra (szerkeszt\u0151) Sz\u00f3rv\u00e1ny Alap\u00edtv\u00e1ny, 2019.<\/li><li>Bal\u00e1zs S\u00e1ndor: <em>Aforizm\u00e1im, t\u00e9ziseim<\/em>. (szerkeszt\u0151). Europrint Kiad\u00f3 Nagyv\u00e1rad, 2020.<\/li><li><em>A hely tud\u00f3sa. Eml\u00e9kk\u00f6nyv Szekerny\u00e9s J\u00e1nos nyolcvanadik sz\u00fclet\u00e9snapj\u00e1ra<\/em> (szerkesztett\u00e9k Bod\u00f3 Barna, Borsi-K\u00e1lm\u00e1n B\u00e9la, Szab\u00f3 Zsolt), szerz\u0151. M\u0171vel\u0151d\u00e9s, Kolozsv\u00e1r, 2021.<\/li><li>Fikl Kl\u00e1ra: <em>Talpon maradni.<\/em> Temesv\u00e1r kultur\u00e1lis metamorf\u00f3zisa. Szerkeszt\u0151. Europrint Nagyv\u00e1rad, 2022.<\/li><li>Fikl Kl\u00e1ra: <em>M\u00edtosz \u00e9s t\u00f6rt\u00e9nelem. Ada-Kaleh. Herkulesf\u00fcrd\u0151.<\/em> Szerkeszt\u0151. Colorprint, Zilah. 2025.<\/li><\/ol><\/div>\n\t\t\t\t\t\t\t\t\t<div class=\"elementor-tab-title elementor-tab-mobile-title\" aria-selected=\"false\" data-tab=\"2\" role=\"tab\" tabindex=\"-1\" aria-controls=\"elementor-tab-content-2262\" aria-expanded=\"false\">B.)  TERM\u00c9SZETTUDOM\u00c1NY<\/div>\n\t\t\t\t\t<div id=\"elementor-tab-content-2262\" class=\"elementor-tab-content elementor-clearfix\" data-tab=\"2\" role=\"tabpanel\" aria-labelledby=\"elementor-tab-title-2262\" tabindex=\"0\" hidden=\"hidden\"><p>\u00a0<\/p><p class=\"pub-cim\"><strong>I. K\u00f6tetek<\/strong><\/p><ol><li><em>De la desene simple la holografie (A rajzt\u00f3l a hologr\u00e1fi\u00e1ig)<\/em> Heged\u00fcs Imr\u00e9vel k\u00f6z\u00f6sen \u2013 Colec\u0163ia Gnosis, Facla Timi\u015foara, 1978.<\/li><li><em>E\u00f6tv\u00f6s Lor\u00e1nd tudom\u00e1nyos \u00e9s m\u0171vel\u0151d\u00e9spolitikai \u00edr\u00e1saib\u00f3l<\/em> \u2013 T\u00e9ka Sorozat, Kriterion K\u00f6nyvkiad\u00f3, Bukarest, 1980.<\/li><li><em>Mit tettem mint fizikus?<\/em> \u2013 Nobel-d\u00edjasok \u00f6n\u00e9let\u00edr\u00e1sai, T\u00e9ka Sorozat, Kriterion K\u00f6nyvkiad\u00f3, Bukarest, 1985.<\/li><\/ol><\/div>\n\t\t\t\t\t\t\t\t\t<div class=\"elementor-tab-title elementor-tab-mobile-title\" aria-selected=\"false\" data-tab=\"3\" role=\"tab\" tabindex=\"-1\" aria-controls=\"elementor-tab-content-2263\" aria-expanded=\"false\">C.)  T\u00c1RSADALOMTUDOM\u00c1NY<\/div>\n\t\t\t\t\t<div id=\"elementor-tab-content-2263\" class=\"elementor-tab-content elementor-clearfix\" data-tab=\"3\" role=\"tabpanel\" aria-labelledby=\"elementor-tab-title-2263\" tabindex=\"0\" hidden=\"hidden\"><div class=\"tartalom-kivonat\">\n\n&nbsp;\n<ul>\n \t<li><a href=\"#pub-1\">I. Szerz\u0151i k\u00f6tetek<\/a><\/li>\n \t<li><a href=\"#pub-2\">II. T\u00f6bb szerz\u0151s k\u00f6tetek (2-4 szerz\u0151)<\/a><\/li>\n \t<li><a href=\"#pub-3\">III. Ford\u00edt\u00e1sok<\/a><\/li>\n \t<li><a href=\"#pub-4\">IV. Kiad\u00f3, szerkeszt\u0151 (esetenk\u00e9nt t\u00e1rsszerz\u0151)<\/a><\/li>\n \t<li><a href=\"#pub-5\">V. Tanulm\u00e1nyok, dolgozatok k\u00f6tetekben<\/a><\/li>\n \t<li><a href=\"#pub-6\">VI. Essz\u00e9k, tanulm\u00e1nyok, recenzi\u00f3k periodik\u00e1kban (1990 ut\u00e1n)<\/a><\/li>\n<\/ul>\n\n<hr \/>\n\n<\/div>\n<p id=\"pub-1\" class=\"pub-cim\"><strong>I. Szerz\u0151i k\u00f6tetek:<\/strong><\/p>\n\n<ol>\n \t<li><em>Talpalatnyi r\u00e9gi\u00f3nk<\/em> (politol\u00f3giai essz\u00e9k, tanulm\u00e1nyok), Komp-Press Kiad\u00f3 Kolozsv\u00e1r, 2003.<\/li>\n \t<li><em>Politica regional\u0103 \u015fi dezvoltarea teritoriului (Region\u00e1lis politika \u00e9s ter\u00fcletfejleszt\u00e9s)<\/em> \u2013 k\u00e9zik\u00f6nyv, Marineasa Kiad\u00f3, Temesv\u00e1r, 2003.<\/li>\n \t<li><em>Az identit\u00e1s egyetemess\u00e9ge<\/em> \u2013 Polis Kiad\u00f3, Kolozsv\u00e1r, 2004.<\/li>\n \t<li><em>Sz\u00f3rv\u00e1ny \u00e9s nyelvhat\u00e1r<\/em> \u2013 Lucidus Kiad\u00f3, Budapest, 2009.<\/li>\n \t<li><em>K\u00f6zpolitika<\/em> \u2013 Scientia Kiad\u00f3, Kolozsv\u00e1r, 2011.<\/li>\n \t<li><em>Sz\u00f3rv\u00e1nystrat\u00e9gia<\/em> (vitaanyag), Gordian Kiad\u00f3 Temesv\u00e1r, 2011.<\/li>\n \t<li><em>Civil szerepek<\/em> \u2013 civil szerepl\u0151k (essz\u00e9k, dolgozatok), Gordian Kiad\u00f3, Temesv\u00e1r, 2014.<\/li>\n \t<li><em>Jelens\u00e9gek sz\u00e9lz\u00fag\u00e1sban<\/em> (politikatudom\u00e1nyi tanulm\u00e1nyok), Europrint Kiad\u00f3, Nagyv\u00e1rad 2020.<\/li>\n \t<li><em>Egy m\u00e1s mellett.<\/em> Politikatudom\u00e1nyi essz\u00e9k \u00e9s tanulm\u00e1nyok. Scientia Kiad\u00f3 Kolozsv\u00e1r, 2022.<\/li>\n<\/ol>\n<p id=\"pub-2\" class=\"pub-cim\"><strong>II. T\u00f6bb szerz\u0151s k\u00f6tetek (2-4 szerz\u0151)<\/strong><\/p>\n\n<ol>\n \t<li><em>Ember \u00e9s vil\u00e1g<\/em> \u2013 tanulm\u00e1nyok a hitr\u0151l, (szerkeszt\u0151 \u00e9s szerz\u0151), Kriterion K\u00f6nyvkiad\u00f3, Bukarest, 1986.<\/li>\n \t<li><em>Pereml\u00e9t \u00e9s megmarad\u00e1s<\/em> \u2013 tanulm\u00e1nyok, Sz\u00f3rv\u00e1ny F\u00fczetek, Temesv\u00e1r, 1997 (Albert Ferenccel \u00e9s Papp Z. Attil\u00e1val)<\/li>\n \t<li><em>Szereppr\u00f3ba<\/em> \u2013 tanulm\u00e1nyok, Diaszp\u00f3ra K\u00f6nyvek, RMKT Kolozsv\u00e1r, 2002 (Albert Ferenccel, Bakk Mikl\u00f3ssal, Gazda \u00c1rp\u00e1ddal)<\/li>\n \t<li><em>St\u00e1tusdiskurzus<\/em> \u2013 essz\u00e9k \u00e9s tanulm\u00e1nyok, Diaszp\u00f3ra K\u00f6nyvek, Sz\u00f3rv\u00e1ny Alap\u00edtv\u00e1ny \u2013Marineasa Kiad\u00f3, Temesv\u00e1r, 2003 (Bakk Mikl\u00f3ssal)<\/li>\n \t<li><em>Foltok a kisebbs\u00e9gi magyar j\u00f6v\u0151k\u00e9pen. Temesv\u00e1ri \u00e9s temesk\u00f6zi magyar \u00f3vodai k\u00f6rk\u00e9p<\/em>. Szerz\u0151, szerkeszt\u0151. T\u00e1rsszerz\u0151 Incze Erika. Belvedere Meridionale Kiad\u00f3, Szeged, 2024.<\/li>\n<\/ol>\n<p id=\"pub-3\" class=\"pub-cim\"><strong>III. Ford\u00edt\u00e1sok<\/strong><\/p>\n\n<ol>\n \t<li><em>A k\u00f6zigazgat\u00e1s elemei<\/em>, Civitas k\u00f6zigazgat\u00e1si jegyzetek, Civitas, Kolozsv\u00e1r, 2006 (Ford\u00edt\u00e1s Kacs\u00f3 Zsuzsann\u00e1val)<\/li>\n \t<li>Hategan, I.- P\u00eer\u015fe, M.C. \u2013 <em>Premiere \u015fi priorit\u0103\u0163i timi\u015forene (Temesv\u00e1ri premierek)<\/em>, 2009, Timi\u015foara: Ed. Banatul, n\u00e9gynyelv\u0171 k\u00f6tet, ford\u00edt\u00e1s magyarra<\/li>\n \t<li>Hategan, I. \u2013 <em>Premiere \u015fi priorit\u0103\u0163i timi\u015forene vol. 2. (Temesv\u00e1ri premierek 2. k\u00f6tet)<\/em>, 2010, Timi\u015foara: Ed. Banatul, n\u00e9gynyelv\u0171 k\u00f6tet, ford\u00edt\u00e1s magyarra<\/li>\n<\/ol>\n<p id=\"pub-4\" class=\"pub-cim\"><strong>IV. Kiad\u00f3, szerkeszt\u0151 (esetenk\u00e9nt t\u00e1rsszerz\u0151)<\/strong><\/p>\n<p class=\"pub-alcim\"><strong>\u00c9vk\u00f6nyvek<\/strong><\/p>\n\n<ol>\n \t<li><em>Rom\u00e1niai Magyar \u00c9vk\u00f6nyv 2000<\/em>, szerkeszt\u0151 \u2013 Sz\u00f3rv\u00e1ny Alap\u00edtv\u00e1ny Temesv\u00e1r \u2013 Polis Kiad\u00f3 Kolozsv\u00e1r, 2000.<\/li>\n \t<li><em>Rom\u00e1niai Magyar \u00c9vk\u00f6nyv 2001<\/em>, szerkeszt\u0151 \u2013 Sz\u00f3rv\u00e1ny Alap\u00edtv\u00e1ny Temesv\u00e1r \u2013 Polis Kiad\u00f3 Kolozsv\u00e1r, 2001.<\/li>\n \t<li><em>Rom\u00e1niai Magyar \u00c9vk\u00f6nyv 2002<\/em>, szerkeszt\u0151 \u2013 Sz\u00f3rv\u00e1ny Alap\u00edtv\u00e1ny Temesv\u00e1r \u2013 Polis Kolozsv\u00e1r, 2002.<\/li>\n \t<li><em>Rom\u00e1niai Magyar \u00c9vk\u00f6nyv 2003<\/em>, szerkeszt\u0151 \u2013 Sz\u00f3rv\u00e1ny Alap\u00edtv\u00e1ny \u2013 Marineasa Kiad\u00f3 Temesv\u00e1r, 2003.<\/li>\n \t<li><em>Rom\u00e1niai Magyar \u00c9vk\u00f6nyv 2004-2005<\/em>, szerkeszt\u0151, Sz\u00f3rv\u00e1ny Alap\u00edtv\u00e1ny \u2013 Marineasa Kiad\u00f3 Temesv\u00e1r, 2005.<\/li>\n \t<li><em>Rom\u00e1niai Magyar \u00c9vk\u00f6nyv 2006<\/em>, szerkeszt\u0151, Sz\u00f3rv\u00e1ny Alap\u00edtv\u00e1ny \u2013 Marineasa Kiad\u00f3, Temesv\u00e1r, 2007.<\/li>\n \t<li><em>Rom\u00e1niai Magyar \u00c9vk\u00f6nyv 2007-2008<\/em>, szerkeszt\u0151, Sz\u00f3rv\u00e1ny \u2013 Marineasa Kiad\u00f3, Temesv\u00e1r, 2008.<\/li>\n \t<li><em>Rom\u00e1niai Magyar \u00c9vk\u00f6nyv 2009-2010<\/em>, szerkeszt\u0151, Sz\u00f3rv\u00e1ny Alap\u00edtv\u00e1ny \u2013 Sapientia-EMTE, Gordian Kiad\u00f3, Temesv\u00e1r, 2011.<\/li>\n \t<li><em>Erd\u00e9lyi Magyar Civil \u00c9vk\u00f6nyv 2013<\/em>, szerkeszt\u0151, Gordian Kiad\u00f3 Temesv\u00e1r, 2014.<\/li>\n \t<li><em>Erd\u00e9lyi Magyar Civil \u00c9vk\u00f6nyv 2014<\/em>, szerkeszt\u0151., t\u00e1rsszerk. Sz\u00e9kely T\u00fcnde, Gordian Kiad\u00f3 Temesv\u00e1r, 2014.<\/li>\n \t<li><em>Erd\u00e9lyi Magyar Civil \u00c9vk\u00f6nyv 2015<\/em>, szerkeszt\u0151, t\u00e1rsszerk. Szab\u00f3 Lilla, Sz\u00e9man Emese R\u00f3zsa, Erd\u00e9lyi M\u00fazeum Egyes\u00fclet Kiad\u00f3ja Kolozsv\u00e1r, 2016.<\/li>\n \t<li><em>Erd\u00e9lyi Magyar Civil \u00c9vk\u00f6nyv 2016-17<\/em>, szerkeszt\u0151, Magyar Civil Szervezetek Erd\u00e9lyi Sz\u00f6vets\u00e9ge, Kolozsv\u00e1r 2017.<\/li>\n \t<li><em>Erd\u00e9lyi Magyar Civil \u00c9vk\u00f6nyv 2018-19<\/em> (szerkeszt\u0151), Magyar Civil Szervezetek Erd\u00e9lyi Sz\u00f6vets\u00e9ge, Kolozsv\u00e1r, megjelent 2020.<\/li>\n \t<li><em>Hat\u00e1rhelyzetek IX. Fiatal tudom\u00e1ny \u2013 tudom\u00e1nyunk fiataljai a K\u00e1rp\u00e1t-medenc\u00e9ben<\/em> (szerkeszt\u0151, t\u00e1rsszerk. Szot\u00e1k Szilvia), Budapest, K\u00fclgazdas\u00e1gi \u00e9s K\u00fcl\u00fcgyminiszt\u00e9rium, 2017. El\u0151sz\u00f3: Fiatalok \u00e9s a kutat\u00e1s (Tonk M\u00e1rtonnal).<\/li>\n \t<li><em>Hat\u00e1rhelyzetek X. Ifj\u00fas\u00e1g, tudom\u00e1nypolitika, j\u00f6v\u0151k\u00e9p: kil\u00e1t\u00e1sok \u00e9s kih\u00edv\u00e1sok a K\u00e1rp\u00e1t-medenc\u00e9ben<\/em> (szerkeszt\u0151, t\u00e1rsszerk. Szot\u00e1k Szilvia), K\u00fclgazdas\u00e1gi \u00e9s K\u00fcl\u00fcgyminiszt\u00e9rium, Budapest, 2018. El\u0151sz\u00f3: F\u00e9ltve \u0151rz\u00f6tt j\u00f6v\u0151 (Tonk M\u00e1rtonnal).<\/li>\n \t<li><em>Hat\u00e1rhelyzetek XI. Diszcipl\u00edn\u00e1k tal\u00e1lkoz\u00e1sa \u2013 Nyelvek \u00e9s kult\u00far\u00e1k \u00e9rintkez\u00e9se<\/em> (Szerk. Bod\u00f3 Barna \u00e9s Szot\u00e1k Szilvia), Budapest: K\u00fclgazdas\u00e1gi \u00e9s K\u00fcl\u00fcgyminiszt\u00e9rium, 2018. El\u0151sz\u00f3: A tudom\u00e1ny, a tud\u00e1s \u00e9s a fiatalok (Tonk M\u00e1rtonnal).<\/li>\n<\/ol>\n<p class=\"pub-alcim\"><strong>Strat\u00e9gia, k\u00f6z\u00f6ss\u00e9gi program, \u00e9rdekv\u00e9delem<\/strong><\/p>\n\n<ol>\n \t<li><em>Kisebbs\u00e9gi \u00e9rdekv\u00e9delem<\/em>, az 1996. decemberi, Temesv\u00e1rt megtartott tan\u00e1cskoz\u00e1s anyaga, Sz\u00f3rv\u00e1ny Alap\u00edtv\u00e1ny, Temesv\u00e1r, 1997.<\/li>\n \t<li><em>Strategia cultural\u0103 a jude\u0163ului Timi\u015f \/Temes megye m\u0171vel\u0151d\u00e9si strat\u00e9gi\u00e1ja\/<\/em>, a szak\u00e9rt\u0151i csoport tagja, Kiadja a Temesv\u00e1ri Interkultur\u00e1lis Int\u00e9zet, 2002.<\/li>\n \t<li><em>Honismereti strat\u00e9gia<\/em> (szerkeszt\u0151), Sz\u00f3rv\u00e1ny Alap\u00edtv\u00e1ny \u2013 Marineasa Kiad\u00f3 Temesv\u00e1r, 2006.<\/li>\n \t<li><em>Strategia de dezvoltare a Euroregiunii DKMT<\/em> (DKMT Euror\u00e9gi\u00f3 fejleszt\u00e9si strat\u00e9gi\u00e1ja) &#8211; szerkeszt\u0151, t\u00e1rsszerkeszt\u0151 Nagy Imre, Temes Megye Tan\u00e1csa \u00e9s Marineasa Kiad\u00f3, Temesv\u00e1r, 2007.<\/li>\n<\/ol>\n<p class=\"pub-alcim\"><strong>T\u00f6rt\u00e9nelem, helyt\u00f6rt\u00e9net, \u00e9rt\u00e9kmeg\u0151rz\u00e9s<\/strong><\/p>\n\n<ol>\n \t<li><em>Feh\u00e9r K\u00f6nyv az 1944. \u0151szi magyarellenes atrocit\u00e1sokr\u00f3l<\/em> (kiad\u00f3 \u00e9s szerkeszt\u0151), RMDSZ, Kolozsv\u00e1r, 1995.<\/li>\n \t<li><em>Monument 2000<\/em>, Patrimoniu cultural \u015fi responsabilitate civic\u0103, (Kultur\u00e1lis \u00f6r\u00f6ks\u00e9g \u00e9s civil felel\u0151ss\u00e9g) az 1999. \u00e1prilisi temesv\u00e1ri tan\u00e1cskoz\u00e1s anyaga, (szerkeszt\u0151) Marineasa Kiad\u00f3, Temesv\u00e1r, 2000.<\/li>\n \t<li><em>Hagyom\u00e1ny\u0151rz\u00e9s Temes megy\u00e9ben<\/em> (szerkeszt\u0151, el\u0151sz\u00f3), Helyzet \u2013 Jel \u2013 K\u00e9p K\u00f6nyvek, Sz\u00f3rv\u00e1ny Alap\u00edtv\u00e1ny, Marineasa Kiad\u00f3, Temesv\u00e1r, 2002.<\/li>\n \t<li>Delesega Gyula: <em>Temesv\u00e1ri kalauz<\/em>, Helyzet \u2013 K\u00e9p \u2013 Jel K\u00f6nyvek (szerkeszt\u0151), Sz\u00f3rv\u00e1ny Alap\u00edtv\u00e1ny \u2013 Marineasa Kiad\u00f3, Temesv\u00e1r, I. kiad\u00e1s 2003, II. kiad\u00e1s 2005, rom\u00e1n nyelv\u0171 kiad\u00e1s 2012, IV. kiad\u00e1s 2019.<\/li>\n \t<li>Vicze K\u00e1roly: <em>\u201eAz v\u00e9g Temesv\u00e1rban\u2026\u201d<\/em> (szerkeszt\u0151, ut\u00f3sz\u00f3), Sz\u00f3rv\u00e1ny Alap\u00edtv\u00e1ny, Temesv\u00e1r, 2006.<\/li>\n \t<li>Vicze K\u00e1roly: <em>Temesk\u00f6zi t\u00f6rt\u00e9nelem<\/em> (szerkeszt\u0151), Sz\u00f3rv\u00e1ny Alap\u00edtv\u00e1ny Temesv\u00e1r, 2007.<\/li>\n \t<li>Jancs\u00f3 \u00c1rp\u00e1d: <em>A Bega \u2013 a B\u00e1ns\u00e1g elk\u00e9nyeztetett foly\u00f3ja<\/em> (szerkeszt\u0151), Sz\u00f3rv\u00e1ny Alap\u00edtv\u00e1ny Temesv\u00e1r, 2007.<\/li>\n \t<li><em>Ghid cronologic pt. ora\u015fe b\u0103n\u0103\u0163ene (B\u00e1ns\u00e1gi v\u00e1rosok helyt\u00f6rt\u00e9neti kronol\u00f3gi\u00e1ja<\/em>, szerkeszt\u0151, szerz\u0151) Sz\u00f3rv\u00e1ny Alap\u00edtv\u00e1ny \u2013 Marineasa Kiad\u00f3, Temesv\u00e1r 2007.<\/li>\n \t<li><em>Cronologia ora\u015felor b\u0103n\u0103\u0163ene II. (B\u00e1ns\u00e1gi v\u00e1rosok helyt\u00f6rt\u00e9neti kronol\u00f3gi\u00e1ja II<\/em>, rom\u00e1n ny. k\u00f6tet, szerkeszt\u0151, szerz\u0151), Marineasa Kiad\u00f3, Temesv\u00e1r, 2009.<\/li>\n \t<li><em>B\u00e1ns\u00e1gi v\u00e1rosok helyt\u00f6rt\u00e9neti kronol\u00f3gi\u00e1ja<\/em> (magyar nyelv\u0171 k\u00f6tet, szerkeszt\u0151, szerz\u0151), Marineasa Kiad\u00f3, Temesv\u00e1r, 2009.<\/li>\n \t<li>Vicze K\u00e1roly (\u00f6ssze\u00e1ll\u00edtotta) <em>Temesk\u00f6zi eml\u00e9khelyek<\/em>, (szerkeszt\u0151), Sz\u00f3rv\u00e1ny Alap\u00edtv\u00e1ny Temesv\u00e1r, 2008.<\/li>\n \t<li><em>B\u00e1ns\u00e1gi Magyar Panteon \u2013 Panteon Maghiar B\u0103n\u0103\u0163ean \u2013 Hungarian Pantheon from Banat vol. 1.<\/em> (szerkeszt\u0151, szerz\u0151), Marineasa Kiad\u00f3, Temesv\u00e1r, 2009.<\/li>\n \t<li><em>B\u00e1ns\u00e1gi Magyar Panteon II &#8211; Panteon Maghiar B\u0103n\u0103\u0163ean II \u2013 Hungarian Pantheon from Banat II<\/em> (szerkeszt\u0151, szerz\u0151), Gordian Kiad\u00f3, Temesv\u00e1r, 2011.<\/li>\n \t<li>Mikl\u00f3sik Ilona \u2013 Kakucs Lajos:<em> Orm\u00f3s Zsigmond a m\u00fazeumalap\u00edt\u00f3<\/em> (szerkeszt\u0151), Sz\u00f3rv\u00e1ny Alap\u00edtv\u00e1ny, Temesv\u00e1r, 2013.<\/li>\n \t<li><em>B\u00e1ns\u00e1gi Magyar Panteon III &#8211; Panteon Maghiar B\u0103n\u0103\u0163ean III \u2013 Hungarian Pantheon from Banat III<\/em> (szerkeszt\u0151, szerz\u0151), Gordian Kiad\u00f3, Temesv\u00e1r, 2014.<\/li>\n \t<li><em>Kolozsv\u00e1rr\u00f3l fiataloknak \u2013 Cluj-Napoca for Youth<\/em>, (szerkeszt\u0151, szerz\u0151), Gordian Temesv\u00e1r, 2015.<\/li>\n \t<li>Szekerny\u00e9s J\u00e1nos: <em>Ferenczy J\u00f3zsef<\/em>, (szerkeszt\u0151, el\u0151sz\u00f3), Sz\u00f3rv\u00e1ny Alap\u00edtv\u00e1ny Temesv\u00e1r, 2018 (Megjelent 2019).<\/li>\n<li>Pataki Zolt\u00e1n: <em>K\u00f6zt\u00e9ri szobrok Temesv\u00e1ron\/Statui de for public in Timi\u0219oara\/Public Forum Statues in Timi\u0219oara<\/em>. Szerkeszt\u0151. B\u00e1ns\u00e1gi Magyar \u00c9rt\u00e9kek\u00e9rt Egyes\u00fclet. 2023. <\/li>\n<li><em>\u00c9p\u00edtett \u00f6r\u00f6ks\u00e9g\u00fcnk a Temesk\u00f6zben<\/em>. Szerz\u0151, szerkeszt\u0151. B\u00e1ns\u00e1gi Magyar \u00c9rt\u00e9kek\u00e9rt Egyes\u00fclet, Temesv\u00e1r, 2024. <\/li>\n<\/ol>\n<p class=\"pub-alcim\"><strong>Civil szf\u00e9ra<\/strong><\/p>\n\n<ol>\n \t<li><em>P\u00e1ly\u00e1zat\u00edr\u00e1s<\/em> (szerkeszt\u0151), Sz\u00f3rv\u00e1ny Alap\u00edtv\u00e1ny \u2013 Marineasa Kiad\u00f3, Temesv\u00e1r, 2005.<\/li>\n \t<li><em>R\u00e9gi\u00f3 \u00e9s civil szf\u00e9ra<\/em> (szerkeszt\u0151), az 1998. \u00e1prilisi cs\u00e1kovai konferencia anyaga, Mirton Kiad\u00f3 Temesv\u00e1r, 1999.<\/li>\n \t<li><em>K\u00f6z\u00f6ss\u00e9gfejleszt\u00e9s<\/em> (szerkeszt\u0151), Sz\u00f3rv\u00e1ny Alap\u00edtv\u00e1ny \u2013 Marineasa Kiad\u00f3, Temesv\u00e1r, 2004.<\/li>\n \t<li><em>Civil j\u00f3s\u00e1g \u2013 civil hat\u00e9konys\u00e1g. Somai J\u00f3zsef 85 \u00e9ves<\/em> (szerkeszt\u0151, t\u00e1rsszerkeszt\u0151k Bakk Mikl\u00f3s, Csatl\u00f3s P\u00e1l, Szenkovics Dezs\u0151), Kiad\u00f3 MCSZESZ, Nyomda Europrint Nagyv\u00e1rad, 2016.<\/li>\n<\/ol>\n<p class=\"pub-alcim\"><strong>Sz\u00f3rv\u00e1nyk\u00e9rd\u00e9s, oktat\u00e1s<\/strong><\/p>\n\n<ol>\n \t<li><em>Jelen \u00e9s j\u00f6v\u0151 a sz\u00f3rv\u00e1nykutat\u00e1sban<\/em>, a Sepsiillyefalv\u00e1n megtartott 1996. m\u00e1rciusi sz\u00f3rv\u00e1nytan\u00e1cskoz\u00e1s el\u0151ad\u00e1sai, (szerkeszt\u0151), Sz\u00f3rv\u00e1ny Alap\u00edtv\u00e1ny Temesv\u00e1r, 1996.<\/li>\n \t<li><em>Nagyv\u00e1rosi sz\u00f3rv\u00e1nyok<\/em>, az 1997. janu\u00e1ri, Nagyszalont\u00e1n megtartott tan\u00e1cskoz\u00e1s anyaga, (szerkeszt\u0151), Helicon Kiad\u00f3, Temesv\u00e1r, 1998.<\/li>\n \t<li><em>Sz\u00f3rv\u00e1ny \u00e9s iskola<\/em> \u2013 a 2001. \u00e1prilisi, az Iskola Alap\u00edtv\u00e1ny szervez\u00e9s\u00e9ben megtartott kolozsv\u00e1ri konferencia anyaga, (szerkeszt\u0151), RMKT Kolozsv\u00e1r, 2001.<\/li>\n \t<li><em>Region\u00e1lis identit\u00e1s, k\u00f6z\u00f6ss\u00e9g\u00e9p\u00edt\u00e9s, sz\u00f3rv\u00e1nygondoz\u00e1s<\/em> (szerkeszt\u0151, t\u00e1rsszerkeszt\u0151k: Balogh Bal\u00e1zs, Ily\u00e9s Zolt\u00e1n), Lucidus K\u00f6nyvkiad\u00f3 Budapest, 2007.<\/li>\n \t<li><em>B\u00e1ns\u00e1gi magyar \u00f3vod\u00e1k<\/em> (szerkeszt\u0151, szerz\u0151), Sz\u00f3rv\u00e1ny Alap\u00edtv\u00e1ny Temesv\u00e1r, 2013.<\/li>\n<\/ol>\n<p class=\"pub-alcim\"><strong>Identit\u00e1s, regionalizmus, nemzeti kisebbs\u00e9gek<\/strong><\/p>\n\n<ol>\n \t<li><em>Local Identity and Regionalism<\/em> \/Helyi identit\u00e1s \u00e9s regionalizmus\/ (szerkeszt\u0151, szerz\u0151), a Sz\u00f3rv\u00e1ny Alap\u00edtv\u00e1ny \u00e1ltal 1997-ben lefolytatott kutat\u00e1st \u00e9s az err\u0151l tartott nemzetk\u00f6zi konferencia projektbemutat\u00f3 k\u00f6tete Helicon Kiad\u00f3, Temesv\u00e1r, 1998.<\/li>\n \t<li><em>Multikulturalizmus \u00e9s \u00f6kum\u00e9nia<\/em> (szerkeszt\u0151, szerz\u0151), az 1998. decemberi temesv\u00e1ri konferencia anyaga, Mirton Kiad\u00f3 Temesv\u00e1r, 1999.<\/li>\n \t<li><em>Tradi\u0163ie \u015fi interculturalitate \/Hagyom\u00e1ny \u00e9s interkulturalit\u00e1s\/<\/em> (szerkeszt\u0151, szerz\u0151), az azonos c\u00edmmel 2001 december\u00e9ben Temesv\u00e1ron megtartott konferencia h\u00e1romnyelv\u0171 k\u00f6tete. Interferenciae Banaticae &#8211; 1, Marineasa Kiad\u00f3, Temesv\u00e1r, 2002.<\/li>\n \t<li><em>Imaginea celuilalt \u015fi comunicare \/A mellett\u00fck \u00e9l\u0151 m\u00e1sik\/<\/em> Colec\u0163ia Interferenciae Banaticae Sorozat &#8211; 2, (szerkeszt\u0151, szerz\u0151), Sz\u00f3rv\u00e1ny Alap\u00edtv\u00e1ny \u2013 Marineasa Kiad\u00f3, Temesv\u00e1r, 2006.<\/li>\n \t<li><em>Nyelvi jogok<\/em>, Interferenciae Banaticae sorozat \u2013 3, (szerkeszt\u0151), Sz\u00f3rv\u00e1ny Alap\u00edtv\u00e1ny \u2013 Marineasa Kiad\u00f3, Temesv\u00e1r, 2007.<\/li>\n \t<li><em>R\u00e9gi\u00f3ba z\u00e1rtan<\/em> (szerkeszt\u0151, szerz\u0151), Diaszp\u00f3ra K\u00f6nyvek sorozat \u2013 3, Sz\u00f3rv\u00e1ny Alap\u00edtv\u00e1ny- Marineasa Kiad\u00f3, Temesv\u00e1r, 2008.<\/li>\n \t<li><em>Kisebbs\u00e9gben, k\u00f6z\u00f6ss\u00e9gben. Bal\u00e1zs S\u00e1ndor 80. sz\u00fclet\u00e9snapj\u00e1ra<\/em> (szerkeszt\u0151 \u00e9s szerz\u0151), Tempus K\u00f6nyvkiad\u00f3 Temesv\u00e1r, 2008.<\/li>\n \t<li><em>Eur\u00f3pai Uni\u00f3 \u00e9s region\u00e1lis politika<\/em> (szerkeszt\u0151 \u00e9s szerz\u0151), Scientia Kiad\u00f3 Kolozsv\u00e1r, 2008.<\/li>\n \t<li><em>Nations and National Minorities in the European Union<\/em> (szerkeszt\u0151, t\u00e1rsszerkeszt\u0151 M. Tonk), Scientia, Kolozsv\u00e1r, 2009.<\/li>\n \t<li><em>Efectele ader\u0103rii la Uniunea European\u0103 asupra rela\u0163iilor transfrontaliere din agricultur\u0103 \u015fi comer\u0163 \/Az EU csatlakoz\u00e1s hat\u00e1sa a hat\u00e1ron \u00e1tny\u00fal\u00f3 kapcsolatokra\/<\/em>, (t\u00e1rsszerz\u0151), kutat\u00e1si jelent\u00e9s, Innoratio M\u0171hely, Szeged, 2010.<\/li>\n \t<li>Somai J\u00f3zsef: <em>A rendszerv\u00e1lt\u00e1s rem\u00e9nyei \u00e9s anakronizmusa<\/em> (szerkeszt\u0151), MCSZESZ-Gordian, Kolozsv\u00e1r, 2018.<\/li>\n<\/ol>\n<p class=\"pub-alcim\"><strong>Zene<\/strong><\/p>\n\n<ol>\n \t<li>Bod\u00f3 M\u00e1ria: <em>Crea\u0163ia b\u0103n\u0103\u0163ean\u0103 pentru pian \u00een perioada interbelic\u0103 \/A b\u00e1ns\u00e1gi zongorairodalom a vil\u00e1gh\u00e1bor\u00f3k k\u00f6z\u00f6tt<\/em>\/ (szerkeszt\u0151), Editura Marineasa, Timi\u015foara, 2005.<\/li>\n \t<li>Bod\u00f3 M\u00e1ria: <em>Studiul \u015fi predarea pianului \/Zongoraiskola<\/em>\/ (szerkeszt\u0151), Editura Marineasa, Timi\u015foara, egyetemi jegyzet, 2006 \u2013 I. kiad\u00e1s, 2010 \u2013 II., b\u0151v\u00edtett kiad\u00e1s.<\/li>\n \t<li>Bod\u00f3 M\u00e1ria: <em>J\u00e1rosy Opera Omnia I, Muzica simfonic\u0103 la Timi\u015foara \u00een anii 1920 \/ A szimf\u00f3nikus zene Temesv\u00e1ron az 1920-as \u00e9vekben<\/em>, k\u00e9tnyelv\u0171 k\u00f6tet, (szerkeszt\u0151), Gutenberg Univers Kiad\u00f3 Arad 2010.<\/li>\n \t<li>Bod\u00f3 M\u00e1ria: <em>J\u00e1rosy Opera Omnia II, Muzica de camer\u0103 la Timi\u015foara \u00een anii 1920 \/ Kamarazene Temesv\u00e1ron az 1920-as \u00e9vekben<\/em> (szerkeszt\u0151), k\u00e9tnyelv\u0171 k\u00f6tet, Gutenberg Univers Kiad\u00f3 Arad 2011.<\/li>\n \t<li>Kamocsa B\u00e9la: <em>Temesv\u00e1ri blues<\/em> (szerkeszt\u0151) Sz\u00f3rv\u00e1ny Alap\u00edtv\u00e1ny, Temesv\u00e1r, 2011.<\/li>\n \t<li><em>Ha elapad a sz\u00f3, megsz\u00f3lal a zene<\/em>. Vesm\u00e1s Tam\u00e1ssal besz\u00e9lget Vasile Bogdan. Ford\u00edtotta Szekerny\u00e9s Ir\u00e9n, (szerkeszt\u0151). Kiad\u00f3 Sz\u00f3rv\u00e1ny Alap\u00edtv\u00e1ny, Temesv\u00e1r, 2019.<\/li>\n<\/ol>\n<p id=\"pub-5\" class=\"pub-cim\"><strong>V. Tanulm\u00e1nyok, dolgozatok k\u00f6tetekben<\/strong><\/p>\n<p class=\"pub-alcim\"><strong>T\u00e1rsadalmi folyamatok, megismer\u00e9s<\/strong><\/p>\n\n<ol>\n \t<li><em>Egy t\u00e1rsadalmi sodr\u00e1s ir\u00e1nya \u00e9s hozad\u00e9ka<\/em> In: Egyed P\u00e9ter (szerk.) V\u00e1ltoz\u00f3 val\u00f3s\u00e1g, Kriterion, Kolozsv\u00e1r, 1984, pp. 202-224.<\/li>\n \t<li><em>A megismer\u0151 az ismeretlen hat\u00e1r\u00e1n<\/em>, In Bod\u00f3 Barna (szerk.), Ember \u00e9s vil\u00e1g, Kriterion, Kolozsv\u00e1r, 1986, pp. 65-91.<\/li>\n \t<li>T\u00e9veszm\u00e9k a politik\u00e1ban, In: Cseke P\u00e9ter (szerk.)<em> A tudom\u00e1ny hat\u00e1rai<\/em>, Kolozsv\u00e1r: Komp-Press, 2011, pp.163-175.<\/li>\n \t<li>T\u00e9veszm\u00e9k a politik\u00e1ban. In: A. Gergely Andr\u00e1s (szerk.) <em>Sorsfordul\u00f3k &#8211; \u00dcdv\u00f6zl\u0151k\u00f6tet R\u00f3bert P\u00e9ter 60. sz\u00fclet\u00e9snapj\u00e1ra<\/em>. Budapest: MTATKPTI, 2014. pp. 103-115.<\/li>\n<\/ol>\n<p class=\"pub-alcim\"><strong>Eur\u00f3pa<\/strong><\/p>\n\n<ol>\n \t<li>K\u00e9tsebess\u00e9g\u0171 Eur\u00f3pa, In: <em>Magyar kisebbs\u00e9gek a K\u00e1rp\u00e1t-medenc\u00e9ben<\/em>, Kaposv\u00e1r 1991.<\/li>\n \t<li>Kisebbs\u00e9gek \u00e9s Kelet-Eur\u00f3pa, In: <em>Kereszty\u00e9n politika IV.<\/em> Kolozsv\u00e1r, 1996.<\/li>\n \t<li>Schengen, a kih\u00edv\u00e1s In: <em>Schengen, a magyar-magyar kapcsolatok az uni\u00f3s v\u00edzumrendszer \u00e1rny\u00e9k\u00e1ban<\/em>, Lucidus, Budapest, 2000.<\/li>\n<\/ol>\n<p class=\"pub-alcim\"><strong>Magyarorsz\u00e1g<\/strong><\/p>\n\n<ol>\n \t<li>A st\u00e1tust\u00f6rv\u00e9ny mint er\u0151pr\u00f3ba In: Bod\u00f3 Barna (szerk.) <em>Rom\u00e1niai Magyar \u00c9vk\u00f6nyv 2001<\/em>. Sz\u00f3rv\u00e1ny Alap\u00edtv\u00e1ny \u2013 Polis, Temesv\u00e1r-Kolozsv\u00e1r, 2001.<\/li>\n \t<li>St\u00e1tust\u00f3l st\u00e1tusig, In: <em>Kr\u00f3nika \u00c9vk\u00f6nyv 2000-2001<\/em>, Kolozsv\u00e1r, 2001.<\/li>\n \t<li>St\u00e1tust\u00f3l st\u00e1tusig, In: K\u00e1ntor Zolt\u00e1n (szerk.): <em>A st\u00e1tust\u00f6rv\u00e9ny \u2013 dokumentumok, tanulm\u00e1nyok, publicisztika<\/em>, Teleki L\u00e1szl\u00f3 Alap\u00edtv\u00e1ny, Budapest, 2002. p. 496-500.<\/li>\n \t<li>Hely\u00fcnk a magyar vil\u00e1gban In N\u00e9meth Mikl\u00f3s Attila (szerk.) <em>Merre tov\u00e1bb, polg\u00e1ri Magyarorsz\u00e1g?<\/em> M\u00e9ry Ratio Kiad\u00f3, Budapest, 2015. pp.79-95.<\/li>\n<\/ol>\n<p class=\"pub-alcim\"><strong>Rom\u00e1nia, demokr\u00e1cia, RMDSZ<\/strong><\/p>\n\n<ol>\n \t<li>Die Chancen der Demokratie in Rum\u00e4nien \/A demokr\u00e1cia es\u00e9lyei Rom\u00e1ni\u00e1ban\/, In: <em>Wege in die Freiheit<\/em>, Z\u00fcrich 1992.<\/li>\n \t<li>Demokr\u00e1cia \u00e9s jog\u00e1llamis\u00e1g, In: <em>Kereszty\u00e9n politika III<\/em>, Kolozsv\u00e1r, 1995.<\/li>\n \t<li>K\u00e9pviselet \u00e9s demokr\u00e1cia, In: Bakk Mikl\u00f3s\u2013Sz\u00e9kely Istv\u00e1n\u2013Tor\u00f3 T. Tibor (szerk.), <em>\u00datk\u00f6zben<\/em>, Pro-Print, Cs\u00edkszereda, 1999, pp. 117-124.<\/li>\n \t<li>Rom\u00e1nia 2000, In: Bod\u00f3 Barna (szerk.) <em>Rom\u00e1niai Magyar \u00c9vk\u00f6nyv 2000<\/em>, Sz\u00f3rv\u00e1ny Alap\u00edtv\u00e1ny &#8211; Polis K\u00f6nyvkiad\u00f3, Temesv\u00e1r-Kolozsv\u00e1r, 2000.<\/li>\n \t<li>Originalitate \u015fi\/sau democra\u0163ie \/Eredetis\u00e9g \u00e9s\/vagy demokr\u00e1cia\/, In: Vasile Docea (ed.): <em>Institu\u0163ii (nu doar) politice<\/em>, Ed. Mica Valahia, Bucure\u015fti, 2003.<\/li>\n \t<li>Der Dialog und der diskursiver Raum der post-kommunistische \u00dcbergangsperiode \/P\u00e1rbesz\u00e9d \u00e9s diszkurzivit\u00e1s a posztkommunista \u00e1tmeneti id\u0151szakban\/, In: <em>Mut zur Ethik<\/em>, Feldkirch (Ausztria), 2005.<\/li>\n \t<li>A rom\u00e1niai k\u00e1rp\u00f3tl\u00e1si folyamat \u00e9s hat\u00e1sai, In: Bod\u00f3 Barna (szerk.): <em>Rom\u00e1niai Magyar \u00c9vk\u00f6nyv 2007-2008<\/em>, 2008, Sz\u00f3rv\u00e1ny-Marineasa, Temesv\u00e1r, pp.247-364. (t\u00e1rsszerz\u0151k: M\u00e1rton J\u00e1nos, Orb\u00e1n Bal\u00e1zs)<\/li>\n \t<li>Az RMDSZ ex lex \u00e1llapota, In <em>Civil j\u00f3s\u00e1g \u2013 civil hat\u00e9konys\u00e1g &#8211; Somai J\u00f3zsef 85 \u00e9ves<\/em> (szerk. Bod\u00f3 Barna, Bakk Mikl\u00f3s, Csatl\u00f3s P\u00e1l, Szenkovics Dezs\u0151), Kiad\u00f3 MCSZESZ, Kolozsv\u00e1r, Nyomda Europrint Nagyv\u00e1rad, 2016. pp. 35-61.<\/li>\n \t<li>Patar\u00e9t &#8211; from Waste Management to Risk Policy (t\u00e1rssszerz\u0151 Lakatos Ibolya), In Mih\u00e1ly F\u00f3nai, Ferenc P\u00e9nzes, J\u00e1nos Krist\u00f3f Mur\u00e1din (Eds.) <em>Local Environmental Problems and Answers in Hungary and Romania<\/em>, 2018, Cluj-Napoca: Scientia, pp 141-162.<\/li>\n<\/ol>\n<p class=\"pub-alcim\"><strong>B\u00e1ns\u00e1g<\/strong><\/p>\n\n<ol>\n \t<li>Distan\u0163e sociale \u015fi identitate local\u0103 \u00een Banatul istoric \/ T\u00e1rsadalmi t\u00e1vols\u00e1gok \u00e9s helyi identit\u00e1s a t\u00f6rt\u00e9nelmi B\u00e1ns\u00e1gban\/, In: N. Bocsan-S. Mitu-T. Nicoara (coord.): <em>Identitate \u015fi alteritate<\/em>, Kolozsv\u00e1r 1998.<\/li>\n \t<li>Banat \u015fi interculturalitate \/A B\u00e1ns\u00e1g \u00e9s az interkulturalit\u00e1s\/, In: R. Poledna \u2013 F. Ruegg \u2013 C. Rus (coord.): <em>Interculturalitate, Cercet\u0103ri \u015fi perspective rom\u00e2ne\u015fti<\/em>, Presa Universitar\u0103 Cluj, 2002.<\/li>\n \t<li>Deconstructing a Region: the Banat\/B\u00e1ns\u00e1g (t\u00e1rszerz\u0151 Sz\u00e1sz A.Z.) in Horv\u00e1th Istv\u00e1n \u2013 Tonk M\u00e1rton (eds.) <em>Minority Politics within the Europe of Regions<\/em>, Scientia, Kolozsv\u00e1r, 2011, pp. 329-351.<\/li>\n \t<li>A dekonstru\u00e1lt r\u00e9gi\u00f3 (t\u00e1rsszerz\u0151 Sz\u00e1sz A. Zolt\u00e1n), In Bod\u00f3 Barna (szerk.) <em>Rom\u00e1niai Magyar \u00c9vk\u00f6nyv 2009-2010<\/em>, megjelent 2011, pp. 93-110.<\/li>\n \t<li>Temesv\u00e1ri vasvit\u00e9zek. In: <em>Mindenki Kalend\u00e1riuma<\/em> 2022. Helyt\u00f6rt\u00e9neti \u00c9vk\u00f6nyv. pp. 175-186.<\/li>\n \t<li>Milyen h\u00e1z a magyar h\u00e1z? In: <em>Mindenki Kalend\u00e1riuma<\/em> 2023. Helyt\u00f6rt\u00e9neti \u00c9vk\u00f6nyv pp. 133-175.<\/li>\n \t<li>Bolyai \u00e9s Temesv\u00e1r. In: <em>Mindenki Kalend\u00e1riuma<\/em> 2024. Helyt\u00f6rt\u00e9neti \u00c9vk\u00f6nyv, pp.240-260.<\/li>\n \t<li>F\u00e1k \u00e9s cserj\u00e9k \u00fcd\u00edt\u0151 vil\u00e1ga: B\u00e1zos In Bod\u00f3 Barna (szerk.) <em>\u00c9p\u00edtett \u00f6r\u00f6ks\u00e9g\u00fcnk a Temesk\u00f6zben<\/em>. B\u00e1ns\u00e1gi Magyar \u00c9rt\u00e9kek\u00e9rt Egyes\u00fclet, Temesv\u00e1r, 2024. 37\u201364.<\/li>\n \t<li>\u00c1llami magyar f\u0151gimn\u00e1zium, Lugos. In Bod\u00f3 Barna (szerk.)<em> \u00c9p\u00edtett \u00f6r\u00f6ks\u00e9g\u00fcnk a Temesk\u00f6zben<\/em>. B\u00e1ns\u00e1gi Magyar \u00c9rt\u00e9kek\u00e9rt Egyes\u00fclet, Temesv\u00e1r, 2024.117\u2013149.<\/li>\n<\/ol>\n<p class=\"pub-alcim\"><strong>Sz\u00e9kelyf\u00f6ld<\/strong><\/p>\n\n<ol>\n \t<li>A t\u00f6rt\u00e9nelmi Sz\u00e9kelyf\u00f6ld rendtart\u00e1sa, In: Berecz G\u00e1bor \u2013 Fekete K\u00e1roly (szerk.): <em>Az aradi K\u00f6lcsey Egyes\u00fclet \u00c9vk\u00f6nyve 2013-2014<\/em>. Gutenberg Nyomda, Arad, 2014. pp. 50-75.<\/li>\n \t<li>A sepsiszentgy\u00f6rgyi Honv\u00e9d eml\u00e9km\u0171 (t\u00e1rsszerz\u0151 Imre Erika) In Papp Rich\u00e1rd \u2013 A. Gergely Andr\u00e1s (szerk.) <em>A nemzettudat t\u00e1rgyiasul\u00e1sai<\/em>, Antroport K\u00f6nyvek 6, MAKAT, Budapest 2015 (megjelent 2019), pp.30-42.<\/li>\n \t<li>J\u00f6v\u0151k\u00e9p, auton\u00f3mia \u2013 sz\u00e9kely k\u00f6zigazgat\u00e1s In: Cseke P\u00e9ter (szerk.): <em>Sz\u00e9kelyf\u00f6ld a 21. sz\u00e1zadban<\/em>. Budapest: Nap Kiad\u00f3. 2020. pp. 9-44.<\/li>\n<\/ol>\n<p class=\"pub-alcim\"><strong>Regionalizmus<\/strong><\/p>\n\n<ol>\n \t<li><em>Factors and Mechanisms of the Regionalization in Central-Eastern Europe<\/em> (t\u00e1rsszerz\u0151k Albert Ferenc, Bakk Mikl\u00f3s), In. Bod\u00f3 Barna (editor), <em>Local Identity and Regionalism<\/em>, Helicon, Temesv\u00e1r, 1998, pag. 91-107.<\/li>\n \t<li>From Geographical\/Historical Regions to the Euro-regions, In: <em>Minorities Research<\/em>, Budapest 1999.<\/li>\n \t<li>Regionalizmus \u00e9s\/vagy regionaliz\u00e1ci\u00f3, In: Bod\u00f3 Barna (szerk.) <em>R\u00e9gi\u00f3 \u00e9s civil szf\u00e9ra<\/em>, Mirton Temesv\u00e1r,1999, pp. 26-47.<\/li>\n \t<li>R\u00e9gi\u00f3k mozg\u00e1sban, In: <em>R\u00e9gi\u00f3k hat\u00e1rok n\u00e9lk\u00fcl, forradalmak befejezetlen\u00fcl<\/em>, Tokaji \u00cdr\u00f3t\u00e1bor, Miskolc, 1999.<\/li>\n \t<li>A t\u00e1ji-t\u00f6rt\u00e9neti r\u00e9gi\u00f3kt\u00f3l az euror\u00e9gi\u00f3kig, In: <em>Gazdas\u00e1g, euror\u00e9gi\u00f3k<\/em>, RMKT, Kolozsv\u00e1r, 1999.<\/li>\n \t<li>A t\u00e1ji-t\u00f6rt\u00e9neti r\u00e9gi\u00f3kt\u00f3l az euror\u00e9gi\u00f3kig, In: <em>K\u00e1rp\u00e1t-medencei \u00f6nismeret<\/em>, Lucidus, Budapest, 2001.<\/li>\n \t<li>Kist\u00e9rs\u00e9gek \u2013 a hi\u00e1nyz\u00f3 szerepl\u0151k, In: Bod\u00f3 Barna (szerk.) <em>Rom\u00e1niai Magyar \u00c9vk\u00f6nyv 2003<\/em>, Sz\u00f3rv\u00e1ny Alap\u00edtv\u00e1ny &#8211; Marineasa, Temesv\u00e1r.<\/li>\n \t<li>Kist\u00e9rs\u00e9gek, civilek, szervezetek, In: Nem\u00e9nyi \u00c1gnes (szerk.):<em> T\u00e1rsadalom \u00e9s politika. Etnikai folyamatok Rom\u00e1nia n\u00e9gy kist\u00e9rs\u00e9g\u00e9ben<\/em>, Risoprint, Kolozsv\u00e1r, 2006. pp. 273-308.<\/li>\n \t<li>Regionalizmus \u00e9s k\u00f6zigazgat\u00e1s Rom\u00e1ni\u00e1ban, In: R\u00e1cz Szil\u00e1rd (szerk.): <em>Region\u00e1lis \u00e1talakul\u00e1s a K\u00e1rp\u00e1t-medenc\u00e9ben<\/em>, Magyar Region\u00e1lis Tudom\u00e1nyi T\u00e1rsas\u00e1g, P\u00e9cs, 2006. pp. 276-289.<\/li>\n \t<li>A regionalizmus diszkurz\u00edv megjelen\u00edt\u00e9se (t\u00e1rsszerz\u0151: Bakk Mikl\u00f3s), In: Bod\u00f3 Barna (szerk.), <em>Rom\u00e1niai Magyar \u00c9vk\u00f6nyv 2006<\/em>, Marineasa Kiad\u00f3 Temesv\u00e1r, 2007, pp. 144-153.<\/li>\n \t<li>Regionalit\u00e1s, k\u00f6z\u00f6ss\u00e9g\u00e9p\u00edt\u00e9s, sz\u00f3rv\u00e1nygondoz\u00e1s, In: <em>Region\u00e1lis identit\u00e1s, k\u00f6z\u00f6ss\u00e9g\u00e9p\u00edt\u00e9s, sz\u00f3rv\u00e1nygondoz\u00e1s<\/em> (szerkeszt\u0151, t\u00e1rsszerkeszt\u0151k: Balogh Bal\u00e1zs, Ily\u00e9s Zolt\u00e1n), Lucidus K\u00f6nyvkiad\u00f3 Budapest, 2007. pp.270-279. old.<\/li>\n \t<li>R\u00e9gi\u00f3, identit\u00e1s, kult\u00fara, In: Bod\u00f3 Barna (szerk.): <em>R\u00e9gi\u00f3ba z\u00e1rtan<\/em>, Diaszp\u00f3ra K\u00f6nyvek sorozat \u2013 3, Sz\u00f3rv\u00e1ny Alap\u00edtv\u00e1ny &#8211; Marineasa Kiad\u00f3, Temesv\u00e1r, 2008.<\/li>\n \t<li>Regionalizmus \u00e9s k\u00f6zigazgat\u00e1s Rom\u00e1ni\u00e1ban, In: Bod\u00f3 Barna (szerk.): <em>Eur\u00f3pai Uni\u00f3 \u00e9s region\u00e1lis politika<\/em> (szerk.), 2008, Scientia Kiad\u00f3 Kolozsv\u00e1r, pp. 109-124.<\/li>\n \t<li>A rom\u00e1niai region\u00e1lis politika, In: Bod\u00f3 Barna (szerk.): <em>Eur\u00f3pai Uni\u00f3 \u00e9s region\u00e1lis politika<\/em> (szerk.), 2008, Scientia Kiad\u00f3 Kolozsv\u00e1r, pp. 395-410.<\/li>\n \t<li>Hat\u00e1rt\u00e9rs\u00e9g \u00e9s egy\u00fcttm\u0171k\u00f6d\u00e9s, In: Bod\u00f3 Barna (szerk.): <em>Rom\u00e1niai Magyar \u00c9vk\u00f6nyv 2007-2008<\/em>, 2008, Sz\u00f3rv\u00e1ny-Marineasa, Temesv\u00e1r, pp. 85-98.<\/li>\n \t<li>\u00datban hazafel\u00e9. In: Cseke P\u00e9ter (szerk.): <em>Kist\u00e9rs\u00e9gek \u2013 nagy rem\u00e9nyek?<\/em> Komp-Press Kiad\u00f3, Kolozsv\u00e1r, 2009. pp. 11-19.<\/li>\n \t<li>Kist\u00e9rs\u00e9gek a politika \u00e9s a k\u00f6zigazgat\u00e1s szor\u00edt\u00e1s\u00e1ban. In: Cseke P\u00e9ter (szerk.): <em>Kist\u00e9rs\u00e9gek \u2013 nagy rem\u00e9nyek?<\/em> Komp-Press Kiad\u00f3, Kolozsv\u00e1r, 2009. pp. 293-314.<\/li>\n \t<li>Hat\u00e1rt\u00e9rs\u00e9g \u00e9s egy\u00fcttm\u0171k\u00f6d\u00e9s, In: So\u00f3s E.- Fejes Zs. (szerk.): <em>R\u00e9gi\u00f3 a h\u00e1rmashat\u00e1r ment\u00e9n<\/em>, Szegedi Tudom\u00e1nyegyetem, 2010, pp. 94-103.<\/li>\n \t<li>Az EU-csatlakoz\u00e1s hat\u00e1sa a hat\u00e1ron \u00e1tny\u00fal\u00f3 gazdas\u00e1gi kapcsolatokra (t\u00e1rsszerz\u0151 Tor\u00f3 Tibor), In Bod\u00f3 Barna (szerk.) <em>Rom\u00e1niai Magyar \u00c9vk\u00f6nyv 2009-2010<\/em>, megjelent 2011, pp. 123-147.<\/li>\n<\/ol>\n<p class=\"pub-alcim\"><strong>Kisebbs\u00e9gek, etnikumk\u00f6zi kapcsolatok<\/strong><\/p>\n\n<ol>\n \t<li>K\u00f6zigazgat\u00e1s \u00e9s nyelvpolitika, In: <em>Ki\u00fat a csapd\u00e1b\u00f3l?<\/em> Budapest 1998.<\/li>\n \t<li>Despre toleran\u0163\u0103 \/A toleranci\u00e1r\u00f3l\/, In: V. Docea (ed.) <em>Colocvii politice<\/em>, Presa Universitar\u0103 Rom\u00e2n\u0103, Temesv\u00e1r, 2001.<\/li>\n \t<li>Szeg\u00e9nys\u00e9g \u00e9s etnikum, In: <em>Rom\u00e1niai Magyar \u00c9vk\u00f6nyv 2001<\/em>. Sz\u00f3rv\u00e1ny Alap\u00edtv\u00e1ny \u2013 Polis, Temesv\u00e1r-Kolozsv\u00e1r, 2001.<\/li>\n \t<li>Nemzet\u00e9p\u00edt\u00e9s a XXI. sz\u00e1zadban, In: <em>\u201956 \u00e9s D\u00e9lvid\u00e9k<\/em>, Szabadka, 2002.<\/li>\n \t<li>Minorit\u0103\u0163i, elite, rela\u0163ii interetnice \/Kisebbs\u00e9gek, elitek, etnikumk\u00f6zi kapcsolatok\/, In: Bod\u00f3 Barna (szerk),<em> Tradi\u0163ie \u015fi interculturalitate \/Hagyom\u00e1ny \u00e9s interkulturalit\u00e1s\/<\/em>, Marineasa, Temesv\u00e1r, 2002.<\/li>\n \t<li>A hi\u00e1nyz\u00f3 st\u00e1tusdiskurzus, In: Bod\u00f3 Barna (szerk.) <em>Rom\u00e1niai Magyar \u00c9vk\u00f6nyv 2002<\/em>, Sz\u00f3rv\u00e1ny Alap\u00edtv\u00e1ny Temesv\u00e1r, Polis Kolozsv\u00e1r, 2002.<\/li>\n \t<li>Limbile locale \u015fi comunicarea \/Helyi nyelvek \u00e9s kommunik\u00e1ci\u00f3\/, In: Bod\u00f3 Barna (szerk.) <em>Imaginea celuilalt \u015fi comunicare<\/em>, Colec\u0163ia Interferenciae Banaticae, Sz\u00f3rv\u00e1ny Alap\u00edtv\u00e1ny &#8211; Marineasa, Temesv\u00e1r, 2006, pp. 13-38.<\/li>\n \t<li>Elita local\u0103, imaginea celuilalt \u015fi rela\u0163iile interetnice \/Helyi elit, m\u00e1ss\u00e1g \u00e9s etnikumk\u00f6zi kapcsolatok\/ (t\u00e1rsszerz\u0151 Schwarz Katalin) In: Bod\u00f3 Barna (szerk.), <em>Imaginea celuilalt \u015fi comunicare<\/em>, Colec\u0163ia Interferenciae Banaticae, Sz\u00f3rv\u00e1ny Alap\u00edtv\u00e1ny \u2013 Marineasa, Temesv\u00e1r, 2006, pp. 54-98.<\/li>\n \t<li>Limbile locale \u015fi comunicarea, coabitarea unor comunit\u0103\u0163i etnice locale \/Helyi nyelvek \u00e9s kommunik\u00e1ci\u00f3 \u2013 helyi etnikumok egy\u00fctt\u00e9l\u00e9se\/, In: Brassai L\u00e1szl\u00f3 \u2013 Victor Sibianu (ed.): <em>Valorile multiculturalit\u0103\u0163ii<\/em>, Status Kiad\u00f3 Cs\u00edkszereda, 2007. pp.181-202.<\/li>\n \t<li>Terek \u00e9s szimb\u00f3lumok Kolozsv\u00e1r belv\u00e1ros\u00e1ban, In: Pieldner Judit \u2013 Pap Levente &#8211; Tapodi Zsuzsa \u2013 Forisek P\u00e9ter \u2013 Papp Kl\u00e1ra (szerk.) <em>Kultur\u00e1lis identit\u00e1s \u00e9s alterit\u00e1s az id\u0151ben<\/em>, Debreceni Egyetem T\u00f6rt\u00e9neti Int\u00e9zete, Debrecen, 2013, pp.109-125.<\/li>\n \t<li>Monuments of Public Art and the Intercultural Dialogue: The Case of the Austrian Military Monument in Timi\u015foara, In: Vasile Docea (ed.) Paths to Belonging. Constructing Local Identity in Banat by Means of Cultural Heritage and Historiography, Baden-Baden: Nomos Verlag, 2016. pp. 29-49.<\/li>\n \t<li>A birtokbav\u00e9tel l\u00e9pcs\u0151fokai, In <em>Erd\u00e9lyi Magyar Civil \u00c9vk\u00f6nyv 2015<\/em> (szerk. Bod\u00f3 Barna, t\u00e1rsszerk. Szab\u00f3 Lilla, Sz\u00e9man Emese R\u00f3zsa), Erd\u00e9lyi M\u00fazeum Egyes\u00fclet Kiad\u00f3ja Kolozsv\u00e1r, 2016, ISSN 2360-1140, 7-30 pp.<\/li>\n \t<li>Kisebbs\u00e9gi h\u00eddszerep \u2013 t\u00f6bbs\u00e9gi nacionalizmus. In: Duray Mikl\u00f3s, Garaczi Imre, P\u00e9ti M\u00e1rton, Szal\u00f3ky-Hoffmann Csilla, Sz\u00e1sz Jen\u0151 (szerk.): <em>Egy\u00fcttgondolkod\u00e1s nemzetstrat\u00e9gi\u00e1r\u00f3l \u00e9s nemzetpolitik\u00e1r\u00f3l<\/em>. Nemzetstrat\u00e9giai Kutat\u00f3int\u00e9zet Budapest, 2016, pp. 115-121.<\/li>\n \t<li>S\u00edrok, s\u00edrfeliratok \u2013 olvasatok. In T\u00f3dor Erika M\u00e1ria, Tank\u00f3 Enik\u0151, D\u00e9gi Zsuzsanna (szerk.) <em>Nyelvi t\u00e1jk\u00e9p, nyelvi soksz\u00edn\u0171s\u00e9g<\/em> I. k\u00f6t. 2018, Kolozsv\u00e1r: Scientia Kiad\u00f3, pp.149-176.<\/li>\n \t<li>Istoria istoriei. Cum \u0219i de ce dispar monumente? \/Mi\u00e9rt t\u0171nnek el eml\u00e9km\u0171vek?\/ In Bugarski, Stevan (ed.) \u0422\u0435\u043c\u0438\u0448\u0432\u0430\u0440\u0441\u043a\u0438 \u0437\u0431\u043e\u0440\u043d\u0438\u043a (Temi\u0161varski Zbornik) vol. 11. 2019, Matica Srpska, Novi Sad, pp.209-242.<\/li>\n \t<li>\u00d6nvizsg\u00e1lat \u00e9s ki\u00fatkeres\u00e9s. In: (D\u00e1vid Gyula (szerk.): <em>Szatm\u00e1ri megeml\u00e9kez\u00e9sek \u2013 \u00c9vfordul\u00f3k jegy\u00e9ben (2022-2023)<\/em>, Polis Kiad\u00f3, Kolozsv\u00e1r, 2024.<\/li>\n<\/ol>\n<p class=\"pub-alcim\"><strong>Identit\u00e1s, sz\u00f3rv\u00e1ny, asszimil\u00e1ci\u00f3<\/strong><\/p>\n\n<ol>\n \t<li>Kult\u00fara, identit\u00e1snarrat\u00edv\u00e1k, politika, In: Bod\u00f3 Barna (szerk.) <em>Multikulturalizmus \u00e9s \u00f6kum\u00e9nia<\/em>, Temesv\u00e1r, 1999.<\/li>\n \t<li>Modernit\u00e1s, identit\u00e1s, asszimil\u00e1ci\u00f3, In: Ando Gy.\u2013Eperjessy E.\u2013Grin I.\u2013Krupa A. (szerk.): <em>A nemzetis\u00e9gi kult\u00far\u00e1k az ezredfordul\u00f3n<\/em>, MTA-Magyar N\u00e9prajzi T\u00e1rsas\u00e1g, B\u00e9k\u00e9scsaba-Budapest, 2001, pp.277-283.<\/li>\n \t<li>Sz\u00f3rv\u00e1nynarrat\u00edv\u00e1k, In: Ily\u00e9s Z.\u2013Papp R. (szerk.): <em>Tanulm\u00e1nyok a sz\u00f3rv\u00e1nyr\u00f3l<\/em>, Gondolat-MTAKI Budapest, 2005, pp. 43-51.<\/li>\n \t<li>\u00c9rt\u00e9kek, nyelvhaszn\u00e1lat \u2013 sz\u00f3rv\u00e1ny, In: Bak\u00f3 Bogl\u00e1rka\u2013Szot\u00e1k Szilvia (szerk.): <em>Magyarlakta kist\u00e9rs\u00e9gek \u00e9s kisebbs\u00e9gi identit\u00e1sok a K\u00e1rp\u00e1t &#8211; Medenc\u00e9ben<\/em>, Gondolat-MTA Etnikai-Nemzeti Kisebbs\u00e9gkutat\u00f3 Int\u00e9zet, Budapest, 2005. pp. 20-45.<\/li>\n \t<li>Sz\u00f3rv\u00e1nynarrat\u00edv\u00e1k, In: Ily\u00e9s Z.\u2013Papp R. (szerk.):<em> Tanulm\u00e1nyok a sz\u00f3rv\u00e1nyr\u00f3l<\/em>, Gondolat-MTAKI, Budapest, 2005, pp.43-51.<\/li>\n \t<li>Diaspora, Strategy \u2013 Nation \/ Sz\u00f3rv\u00e1ny, strat\u00e9gia \u2013 nemzet\/ In: Balogh B.\u2013Ily\u00e9s Z. (eds.): <em>Perspectives of Diaspora Existence<\/em>, Akad\u00e9miai K, Budapest, 2007, pp. 79-95.<\/li>\n \t<li>A sz\u00f3rv\u00e1nyt\u00f3l a nemzetig \u2013 \u00e9s vissza, In: Bod\u00f3 Barna (szerk.), <em>Nyelvi jogok<\/em>, Interferenciae Banaticae sorozat &#8211; 3, Sz\u00f3rv\u00e1ny Alap\u00edtv\u00e1ny \u2013 Marineasa Kiad\u00f3, Temesv\u00e1r, 2007, pp.157-171.<\/li>\n \t<li>Kultur\u00e1lis elit sz\u00f3rv\u00e1nyban, In: T. Kiss Tam\u00e1s (szerk.) <em>Kult\u00fara, m\u0171v\u00e9szet, t\u00e1rsadalom<\/em>, Szegedi Tudom\u00e1nyegyetem, Szeged, 2007 (megjelent 2008), pp. 299-309.<\/li>\n \t<li>Sz\u00f3rv\u00e1ny \u2013 asszimil\u00e1ci\u00f3 \u2013 sz\u00f3rv\u00e1nyosod\u00e1s. In: Szirmai \u00c9va\u2013\u00dajv\u00e1ri Edit (szerk.) <em>Nemzetis\u00e9gi\u2013, nemzeti\u2013, eur\u00f3pai identit\u00e1s<\/em>. (A SZTE JGYPK Feln\u0151ttk\u00e9pz\u00e9si Int\u00e9zet\u00e9ben tartott konferencia el\u0151ad\u00e1sai.) Szeged, 2009. pp.182\u2013207.<\/li>\n \t<li>Elit \u00e9s szerep sz\u00f3rv\u00e1nyban, In: Garaczi I.\u2013Szil\u00e1gyi I. (szerk.): <em>A kult\u00fara, a tudom\u00e1ny \u00e9s a nemzet helye a K\u00e1rp\u00e1t-medenc\u00e9ben<\/em>, Pannon Egyetem, Veszpr\u00e9m, 2010. pp.101-117.<\/li>\n \t<li>Nyelv\u0151rz\u00e9s sz\u00f3rv\u00e1nyban, In: Serf\u0151z\u0151 Simon (szerk.): <em>\u00c9l\u0151 nyelv, \u00e9l\u0151 irodalom \u2013 hagyom\u00e1ny \u00e9s kih\u00edv\u00e1s<\/em>, B\u00edbor Kiad\u00f3, Tokaj, 2010. pp.195-211.<\/li>\n \t<li>Anyanyelv \u00e9s sz\u00f3rv\u00e1ny, In: Serf\u0151z\u0151 Simon (szerk.): <em>A magyar irodalom \u00e9gt\u00e1jai \u2013 sok\u00e1g\u00fa s\u00edp Tokajban<\/em>, B\u00edbor Kiad\u00f3, Tokaj 2011.<\/li>\n \t<li>Anyanyelv \u2013 sz\u00f3rv\u00e1ny \u2013 identit\u00e1s, In Garaczi Imre (szerk.): <em>\u00c9rt\u00e9k \u00e9s sors<\/em>. <em>Nemzetpolitika \u2013 kultur\u00e1lis \u00f6r\u00f6ks\u00e9g \u2013 identit\u00e1s<\/em>. Veszpr\u00e9m: Veszpr\u00e9mi Hum\u00e1n Tudom\u00e1nyok\u00e9rt Alap\u00edtv\u00e1ny 2012 (Magyars\u00e1gtudom\u00e1nyi kutat\u00e1sok 2). pp. 11-29.<\/li>\n \t<li>Az asszimil\u00e1ci\u00f3 jelens\u00e9gvil\u00e1ga, In Balog I. e.a. (szerk.) <em>A szociol\u00f3gia szem\u00fcveg\u00e9n kereszt\u00fcl<\/em>, Belvedere Meridionale Kiad\u00f3 Szeged, 2012. pp. 40-58.<\/li>\n \t<li>Kisebbs\u00e9gi magyar fiatalok identit\u00e1sv\u00e1ltozatai, In Szab\u00f3 A.\u2013Bauer B.\u2013Pill\u00f3k P. <em>Mozaik 2011 \u2013 Magyar fiatalok a K\u00e1rp\u00e1t-medenc\u00e9ben<\/em>, Belvedere Meridionale, Szeged-Budapest, 2013, pp.199-246.<\/li>\n \t<li>Az identit\u00e1s t\u00fck\u00f6rcserepei, In: <em>B\u00e1ns\u00e1gi magyar \u00f3vod\u00e1k<\/em> (szerk. Bod\u00f3 Barna), 2013, Sz\u00f3rv\u00e1ny Alap\u00edtv\u00e1ny Temesv\u00e1r, pp. 36-64.<\/li>\n \t<li>Sz\u00f3rv\u00e1nyr\u00f3l \u2013 m\u00e1sk\u00e9nt In Cseke P\u00e9ter (szerk.) <em>Szigetek \u2013 sz\u00f3rv\u00e1nyok a K\u00e1rp\u00e1t-medenc\u00e9ben \u00e9s \u00c9szak-Amerik\u00e1ban<\/em>, Korunk \u2013 Komp-Press, Kolozsv\u00e1r, 2016. pp.37-57.<\/li>\n \t<li>Honismeret \u2013 sz\u00f3rv\u00e1ny \u2013 strat\u00e9gia, In: P\u00e1l L\u00e1szl\u00f3n\u00e9 Szab\u00f3 Zsuzsanna (szerk.) A Csongr\u00e1d megyei Honismereti Egyes\u00fclet \u00c9vk\u00f6nyve 2013-2015, Kiadja az Egyes\u00fclet, Szeged, 2015, pp. 100-108.<\/li>\n \t<li>Sz\u00f3rv\u00e1ny \u00e9s helyt\u00f6rt\u00e9net\/\u00d6r\u00f6kbefogad\u00e1s, In K\u00e1rolyi Attila (szerk.) <em>Szem\u00e9lyis\u00e9g \u00e9s szem\u00e9lyess\u00e9g a vel\u00fcnk \u00e9l\u0151 t\u00f6rt\u00e9nelemben \u00e9s a t\u00e1jban<\/em>, Csongr\u00e1d Megyei Honismereti Egyes\u00fclet, Szeged, 2018. pp. 13-17.<\/li>\n \t<li>Sz\u00f3rv\u00e1ny \u00e9s helyt\u00f6rt\u00e9net, In: <em>Honismereti Tan\u00e1ri M\u0171hely F\u00fczetek<\/em>, Szeged, 2018. pp. 13\u201318.<\/li>\n \t<li>Sz\u00f3rv\u00e1ny \u00e9s helyt\u00f6rt\u00e9net\/\u00d6r\u00f6kbefogad\u00e1s, In K\u00e1rolyi Attila (szerk.) <em>Szem\u00e9lyis\u00e9g \u00e9s szem\u00e9lyess\u00e9g a vel\u00fcnk \u00e9l\u0151 t\u00f6rt\u00e9nelemben \u00e9s a t\u00e1jban<\/em>, Csongr\u00e1d Megyei Honismereti Egyes\u00fclet, Szeged, 2018. pp. 13-17.<\/li>\n<\/ol>\n<p class=\"pub-alcim\"><strong>Identit\u00e1s, regionalizmus, nemzeti kisebbs\u00e9gek<\/strong><\/p>\n\n<ol>\n \t<li>Tegnap \u00e9s holnap k\u00f6z\u00f6tt. Eml\u00e9kjelek sorsa a B\u00e1ns\u00e1gban 1918 ut\u00e1n.\n<em>Kisebbs\u00e9gv\u00e9delem<\/em>. K\u00fcl\u00f6nsz\u00e1m. 2020. 211-297. Magyar \u00e9s angol nyelven.<\/li>\n<\/ol>\n<p class=\"pub-alcim\"><strong>Oktat\u00e1s, kult\u00fara, tudom\u00e1ny<\/strong><\/p>\n\n<ol>\n \t<li>Sz\u00f3rv\u00e1ny, iskola \u2013 ing\u00e1z\u00e1s, In: Bod\u00f3 Barna (szerk.) <em>Sz\u00f3rv\u00e1ny \u00e9s iskola<\/em>, Kolozsv\u00e1r, 2001.<\/li>\n \t<li>Cultur\u0103 \u015fi civiliza\u0163ie tradi\u0163ional\u0103 \/Hagyom\u00e1nyos kult\u00fara \u00e9s civiliz\u00e1ci\u00f3\/, In: Corina R\u0103ceanu (editor), <em>Strategia cultural\u0103 a jude\u0163ului Timi\u015f \/Temes megye kultur\u00e1lis strat\u00e9gi\u00e1ja\/<\/em>, Institutul Intercultural &#8211; Editura Brumar, Temesv\u00e1r, 2002.<\/li>\n \t<li>\u00d6nmagunk felfedez\u00e9se, In: Bod\u00f3 Barna (szerk.) <em>Hagyom\u00e1ny\u0151rz\u00e9s Temes megy\u00e9ben<\/em>, Sz\u00f3rv\u00e1ny Alap\u00edtv\u00e1ny, Temesv\u00e1r, 2002.<\/li>\n \t<li>Tud\u00e1s \u00e9s demokr\u00e1cia, In: <em>A tud\u00e1s mint t\u00e1rsadalmi er\u0151forr\u00e1s<\/em>, EMCSZA, Kolozsv\u00e1r, 2002.<\/li>\n \t<li>Az erd\u00e9lyi magyar politikatudom\u00e1ny \u2013 t\u00e1rsszerz\u0151, In: T\u00e1nczos V.\u2013T\u0151k\u00e9s Gy. (szerk.): <em>Tizenk\u00e9t \u00e9v. \u00d6sszefoglal\u00f3 tanulm\u00e1nyok az erd\u00e9lyi magyar tudom\u00e1nyos kutat\u00e1s 1990-2001 k\u00f6z\u00f6tti eredm\u00e9nyeir\u0151l<\/em>. Scientia Kiad\u00f3 Kolozsv\u00e1r, 2002.<\/li>\n \t<li>A t\u00e1mogat\u00e1si rendszerek \u00e9s az iskolah\u00e1l\u00f3zat, In: Somai J\u00f3zsef (szerk.): <em>A rom\u00e1niai magyar oktat\u00e1si h\u00e1l\u00f3zat j\u00f6v\u0151k\u00e9pe<\/em>, Iskola Alap\u00edtv\u00e1ny, Kolozsv\u00e1r, 2003. (t\u00e1rsszerz\u0151)<\/li>\n \t<li>Fordul\u00f3ponton a fels\u0151oktat\u00e1s, In: Bod\u00f3 Barna (szerk.): <em>Rom\u00e1niai Magyar \u00c9vk\u00f6nyv 2004-2005<\/em>, Sz\u00f3rv\u00e1ny Alap\u00edtv\u00e1ny &#8211; Marineasa, 2005, Temesv\u00e1r, pp.344-358.<\/li>\n \t<li>A BKB-folyamat, In: Bod\u00f3 Barna (szerk.), <em>Rom\u00e1niai Magyar \u00c9vk\u00f6nyv 2006<\/em>, Marineasa Kiad\u00f3 Temesv\u00e1r, 2007, pp. 205-215.<\/li>\n \t<li>Egyetem\u00e9p\u00edt\u00e9s \u00e9s multikulturalit\u00e1s, In: Bod\u00f3 Barna (szerk.) <em>Kisebbs\u00e9gben, k\u00f6z\u00f6ss\u00e9gben<\/em>, 2008, Tempus K\u00f6nyvkiad\u00f3 Temesv\u00e1r, pp.201-229.<\/li>\n \t<li>Bal\u00e1zs S\u00e1ndor k\u00f6sz\u00f6nt\u00e9se In <em>Kisebbs\u00e9gben, k\u00f6z\u00f6ss\u00e9gben<\/em> c. k\u00f6tetben, szerk. Bod\u00f3 Barna, Tempus Kiad\u00f3, Temesv\u00e1r, 2008.<\/li>\n \t<li>Egyetem\u00e9p\u00edt\u00e9s \u00e9s multikulturalit\u00e1s, In: Somai J\u00f3zsef: <em>Feh\u00e9r k\u00f6nyv az erd\u00e9lyi magyar fels\u0151oktat\u00e1s k\u00e1lv\u00e1ri\u00e1j\u00e1r\u00f3l<\/em>, BEBE Kolozsv\u00e1r, 2009, pp. 165-194.<\/li>\n \t<li>The Bolyai University as a Political Project. In: <em>Nations and National Minorities in the European Union<\/em> (eds. Bod\u00f3 Barna, M. Tonk), 2009, Scientia, Kolozsv\u00e1r, pp. 179-207.<\/li>\n \t<li>Tehets\u00e9gek a r\u00e9gi\u00f3ban, In <em>R\u00e9gi(j)\u00f3vil\u00e1g \u00c9vk\u00f6nyv 2012<\/em>, Gordian, Temesv\u00e1r, pp. 7-16.<\/li>\n \t<li>Tehets\u00e9geink t\u00e9rk\u00e9pez\u00e9se, In <em>R\u00e9gi(j)\u00f3vil\u00e1g \u00c9vk\u00f6nyv 2012<\/em>, Gordian, Temesv\u00e1r, pp. 42-44.<\/li>\n \t<li>Tehets\u00e9gek a r\u00e9gi\u00f3ban, In <em>Arad \u00e9s a K\u00f6lcsey Egyes\u00fclet \u2013 a B\u00e1ns\u00e1g \u00e9s a Partium hat\u00e1r\u00e1n<\/em>, Arad, EDy Optic LTT, 2014. pp. 153-173.<\/li>\n \t<li>Te mit v\u00e1lasztan\u00e1l? Az esem\u00e9nynapt\u00e1r, mint kultur\u00e1lis eszk\u00f6z. In <em>Erd\u00e9lyi Magyar Civil \u00c9vk\u00f6nyv 2014<\/em> (szerk. Bod\u00f3 Barna, t\u00e1rsszerk. Sz\u00e9kely T\u00fcnde), Gordian Kiad\u00f3 Temesv\u00e1r, 2014, pp.153-171.<\/li>\n \t<li>Akaratlanul. <em>Sz\u00f3rv\u00e1nykoll\u00e9giumok \u00e9s t\u00e1rsadalmi k\u00f6rnyezet. In: Sz\u00f3rv\u00e1nykoll\u00e9giumok a K\u00e1rp\u00e1t-medenc\u00e9ben<\/em>, Budapest: Nemzetstrat\u00e9giai Kutat\u00f3int\u00e9zet. 2014. pp. 123-133.<\/li>\n \t<li>Heim P\u00e9ter, Hofmann K\u00e1roly, Kerpely K\u00e1lm\u00e1n, Kabos \u00c1rmin, Glattfelder Gyula, Fasching Antal, Sch\u00fctz Antal, Uhly\u00e1rik B\u00e9la, P\u00e1ll Gy\u00f6rgy, Balogh Edg\u00e1r, Boros B\u00e9la, P\u00e1llfy Gy\u00f6rgy, Sall\u00f3 Ervin, Tor\u00f3 Tibor, T\u00e1csi L\u00e1szl\u00f3 portr\u00e9i In Bod\u00f3 Barna (szerk.) <em>B\u00e1ns\u00e1gi Magyar Panteon III<\/em>. Gordian Kiad\u00f3, Temesv\u00e1r, 2014.<\/li>\n \t<li>H\u00edres kolozsv\u00e1ri szem\u00e9lyis\u00e9gek, In Bod\u00f3 Barna (szerk.) <em>Kolozsv\u00e1rr\u00f3l fiataloknak \u2013 Cluj-Napoca for Youth<\/em>. Gordian Temesv\u00e1r, 2015, pp. 31-40.<\/li>\n \t<li>Borb\u00e9ly Imre, In Szak\u00e1cs \u00c1rp\u00e1d (szerk.) <em>\u201e\u0150r \u00e9s \u00dar\u201d \u2013 Borb\u00e9ly Imr\u00e9t\u0151l b\u00facs\u00faznak bar\u00e1tai \u00e9s harcost\u00e1rsai<\/em>, K\u00e1rp\u00e1tia Kiad\u00f3, 2018, pp 143-145.<\/li>\n \t<li>Ember az er\u0151terekben: Tor\u00f3 Tibor. In <em>Mindenki Kalend\u00e1riuma 2020<\/em>. Helyt\u00f6rt\u00e9neti \u00c9vk\u00f6nyv. pp. 137-160.<\/li>\n \t<li>A hely tud\u00f3sa. Szekerny\u00e9s J\u00e1nos laud\u00e1ci\u00f3ja. In <em>A hely tud\u00f3sa. Eml\u00e9kk\u00f6nyv Szekerny\u00e9s J\u00e1nos nyolcvanadik sz\u00fclet\u00e9snapj\u00e1ra<\/em> (szerkesztett\u00e9k Bod\u00f3 Barna, Borsi-K\u00e1lm\u00e1n B\u00e9la, Szab\u00f3 Zsolt), M\u0171vel\u0151d\u00e9s, Kolozsv\u00e1r, 2021. pp. 134-136.<\/li>\n \t<li>Ki mondja meg? \u00c9rt\u00e9kek, civilek, kisebbs\u00e9gi k\u00f6z\u00f6ss\u00e9gek. In: <em>Az aradi K\u00f6lcsey Egyes\u00fclet \u00e9vk\u00f6nyve<\/em>, 2019-2020-2021, Arad 2021. pp. 211\u2013226.<\/li>\n<\/ol>\n<p class=\"pub-alcim\"><strong>Civil szf\u00e9ra<\/strong><\/p>\n\n<ol>\n \t<li>Az \u00f6nkorm\u00e1nyzatok \u00e9s a civil szf\u00e9ra In: <em>A civil szf\u00e9ra szerepe a k\u00f6z\u00f6ss\u00e9gfejleszt\u00e9sben<\/em>, Kolozsv\u00e1r, 2001.<\/li>\n \t<li>Int\u00e9zm\u00e9ny \u00e9s \u00f6n\u00e9p\u00edtkez\u00e9s, In: Somai J\u00f3zsef (szerk.): <em>A civil t\u00e1rsadalom \u00e9s az \u00f6n\u00e9p\u00edtkez\u0151 int\u00e9zm\u00e9nyfejleszt\u00e9s<\/em>, ERMACISZA, Kolozsv\u00e1r, 2004. pp. 89-93.<\/li>\n \t<li>Politikai p\u00e1rtok, civil k\u00f6z\u00f6ss\u00e9gek (Bakk Mikl\u00f3ssal), In: Horv\u00e1th Gyula (szerk.): <em>\u00c9szaknyugat-Erd\u00e9ly R\u00e9gi\u00f3<\/em>, MTA RKK, Dial\u00f3g Campus Kiad\u00f3, Budapest-P\u00e9cs, 2006, pp.514-540.<\/li>\n \t<li>\u00d6nkorm\u00e1nyzatok nemzetk\u00f6zi kapcsolatai. \u00d6nkorm\u00e1nyzatok \u00e9s civil szervezetek. In: Horv\u00e1th Gyula (szerk.): <em>D\u00e9l-Erd\u00e9ly \u00e9s B\u00e1ns\u00e1g<\/em>, MTA RKK, Dial\u00f3g Campus Kiad\u00f3, P\u00e9cs-Budapest, 2009. pp.531-540.<\/li>\n \t<li>Falugondnoki szolg\u00e1lat Erd\u00e9lyben. In: Cseke P\u00e9ter (szerk.): <em>Kist\u00e9rs\u00e9gek \u2013 nagy rem\u00e9nyek?<\/em> Komp-Press Kiad\u00f3, Kolozsv\u00e1r, 2009. pp. 77-91.<\/li>\n \t<li>Civilek kisebbs\u00e9gben, In Papp M.-Bencze I.-Bod\u00f3 B.-Fricz T.: <em>Civil etikai k\u00f3dex<\/em>, M\u00e9ry Ratio Kiad\u00f3, Budapest 2013. pp.71-89.<\/li>\n \t<li>Ki mondja meg? In: <em>Civilnek maradni<\/em>, Kiad\u00f3 F\u00f3kusz Egyes\u00fclet, Budapest, 2014, pp.31-48.<\/li>\n \t<li>Who tell what? In <em>Staying Civil<\/em> Kiad\u00f3 F\u00f3kusz Egyes\u00fclet, Budapest, 2014. pp. 31-48,<\/li>\n \t<li>Kisebbs\u00e9gi civil k\u00f3dex, In Bod\u00f3 Barna (szerk.) <em>Erd\u00e9lyi Magyar Civil \u00c9vk\u00f6nyv 2013<\/em>, Gordian Kiad\u00f3 Temesv\u00e1r, 2014. pp. 156-176.<\/li>\n \t<li>Kisebbs\u00e9gi civil t\u00e1rsadalom In F\u00e1bi\u00e1n Gyula \u2013 Jakab A. Zsolt (szerk.): <em>B\u00edr\u00f3 G\u00e1sp\u00e1r eml\u00e9kk\u00f6nyv<\/em>, Nemzeti Kisebbs\u00e9gkutat\u00f3 Int\u00e9zet-MTA TK Kisebbs\u00e9gkutat\u00f3 Int\u00e9zet, Kolozsv\u00e1r, 2015. pp.47-59.<\/li>\n \t<li>Civil szerepek \u00e9s a kisebbs\u00e9gi l\u00e9t. In Fricz Tam\u00e1s et.al. (szerk.): <em>Civilitika<\/em>, M\u00e9ry Ratio Budapest, 2016. pp.159-186.<\/li>\n \t<li>A mi fiataljaink, In Bod\u00f3 Barna (szerk.) <em>Erd\u00e9lyi Magyar Civil \u00c9vk\u00f6nyv 2016-2017<\/em>, Kiad\u00f3 MCSZESZ, Kolozsv\u00e1r, 2017, pp.7-8.<\/li>\n \t<li>Ifj\u00fas\u00e1gi civil szervezeti adatt\u00e1r, t\u00e1rsszerz\u0151k: Brinzan-Antal Krisztina, Simon Eszter, Varga Szilvia), In Bod\u00f3 Barna (szerk.) <em>Erd\u00e9lyi Magyar Civil \u00c9vk\u00f6nyv 2016-2017<\/em>, Kiad\u00f3 MCSZESZ, Kolozsv\u00e1r 2017, pp.345-369.<\/li>\n<\/ol>\n<p id=\"pub-6\" class=\"pub-cim\"><strong>VI. Essz\u00e9k, tanulm\u00e1nyok, recenzi\u00f3k periodik\u00e1kban (1990 ut\u00e1n)<\/strong><\/p>\n<p class=\"pub-alcim\"><strong>Essz\u00e9k, elemz\u00e9sek<\/strong><\/p>\n\n<ol>\n \t<li>Korszer\u0171 korszer\u0171tlens\u00e9g, In: <em>Hitel<\/em> 1991\/14, p.22-27.<\/li>\n \t<li>Sikeres k\u00eds\u00e9rlet, In: <em>Korunk<\/em>, 1994\/3. p. 28-30.<\/li>\n \t<li>Ism\u00e9tl\u0151d\u0151 t\u00f6rt\u00e9nelem?, In: <em>A H\u00e9t<\/em>, 1995\/3.<\/li>\n \t<li>Nacionalizmus \u00e9s identit\u00e1s, In: A <em>H\u00e9t<\/em>, 1997\/5.<\/li>\n \t<li>K\u00e9pviselet \u00e9s demokr\u00e1cia, In: <em>A H\u00e9t<\/em>, 1997\/29.<\/li>\n \t<li>Valami m\u00e1st. In: <em>Szabads\u00e1g<\/em>, 1997. j\u00fal. 28.<\/li>\n \t<li>Civil tudom\u00e1ny, In: <em>A H\u00e9t<\/em>, 1999\/7.<\/li>\n \t<li>Schengen, a kih\u00edv\u00e1s, In: <em>A H\u00e9t<\/em>, 1999\/14.<\/li>\n \t<li>Egy\u00fctt, de k\u00fcl\u00f6n. B\u00e1ns\u00e1gi etnikai diskurzusok. <em>A H\u00e9t<\/em>, 1999, 41 sz.<\/li>\n \t<li>Rom\u00e1nia \u00e9s az eur\u00f3pai integr\u00e1ci\u00f3. In: <em>Korunk<\/em>, 2000\/11, p.32-35.<\/li>\n \t<li>Sz\u00f3rv\u00e1nyok kutat\u00e1sa, In: <em>Erd\u00e9lyi M\u00fazeum<\/em>, 2000\/3-4, p.312-316.<\/li>\n \t<li>Felel\u0151ss\u00e9g \u00e9s t\u00f6rv\u00e9ny, In: <em>Erd\u00e9lyi M\u00fazeum<\/em>, 2003\/1-2.<\/li>\n \t<li>Tud\u00e1s \u00e9s tanul\u00e1s, In: <em>Sz\u00edn \u2013 K\u00f6z\u00f6ss\u00e9gi M\u0171vel\u0151d\u00e9s<\/em> (Budapest), 2007\/1, pp. 77-79.<\/li>\n \t<li>Civil \u2013 \u00e9rdek \u2013 v\u00e9delem, In: <em>Civil F\u00f3rum<\/em>, 2007\/4. pp. 3-6.<\/li>\n \t<li>\u00datban hazafel\u00e9, In: <em>Korunk<\/em>, 2008\/6, pp.5-9.<\/li>\n \t<li>Civil \u00f6nmagunk, In: <em>Civil F\u00f3rum<\/em>, 2008\/3, pp. 4-7.<\/li>\n \t<li>Politikai kommunik\u00e1ci\u00f3 \u2013 m\u00e9dia \u2013 m\u00e9diapolitika, In <em>ME.DOK<\/em>, 2008\/4. pp. 5-12.<\/li>\n \t<li>Civil szf\u00e9ra a v\u00e9geken, In:<em> Civil F\u00f3rum<\/em>, 2009\/1, pp.3-4.<\/li>\n \t<li>Sz\u00f3rv\u00e1nyk\u00e9rd\u00e9s \u2013 sz\u00f3rv\u00e1nyhelyzet \u2013 sz\u00f3rv\u00e1ny\u00fcgy, In:<em> Civil F\u00f3rum<\/em>, 2010\/1-2, pp. 21-23.<\/li>\n \t<li>T\u00e9veszm\u00e9k a politik\u00e1ban In: <em>Korunk<\/em> 2010\/8 pp.49-60.<\/li>\n \t<li>Helyhat\u00f3s\u00e1gi v\u00e1laszt\u00e1sok Rom\u00e1ni\u00e1ban, In: <em>B\u00e9csi Napl\u00f3<\/em> 2012\/4 sz.(j\u00falius-augusztus)<\/li>\n \t<li>Ki\u00e9 a gy\u0151zelem? Parlamenti v\u00e1laszt\u00e1sok Rom\u00e1ni\u00e1ban, 2012 In: <em>B\u00e9csi Napl\u00f3<\/em> 2013\/1 sz. (janu\u00e1r-febru\u00e1r)<\/li>\n \t<li>Mikor, meddig, mi\u00e9rt magyar?, In: <em>Korunk<\/em>, 2013\/9, pp. 78-80.<\/li>\n \t<li>Civil szervezetek \u00e9s a menedzsment, In: <em>Civil F\u00f3rum<\/em>, 2013\/2.<\/li>\n \t<li>Civilek a sajt\u00f3 t\u00fckr\u00e9ben, In: <em>Civil F\u00f3rum<\/em> lap, 2013\/3.<\/li>\n \t<li>Sz\u00f3rv\u00e1nydiskurzus \u00e9s k\u00f6zpolitika, In: <em>E-nyelv Magazin<\/em>, Budapest, 2014.III.7. <a href=\"http:\/\/e-nyelvmagazin.hu\/2014\/03\/07\/szorvanydiskurzus-es-kozpolitika\/\">http:\/\/e-nyelvmagazin.hu\/2014\/03\/07\/szorvanydiskurzus-es-kozpolitika\/<\/a><\/li>\n \t<li>A demokr\u00e1cia kapuj\u00e1ban In: <em>Aracs<\/em>, 2015\/3, pp. 111-116.<\/li>\n \t<li>K\u00e9nyszerp\u00e1ly\u00e1k \u00e9s kit\u00f6r\u00e9si pontok, In: <em>3 Havi Szemle<\/em>, 2022\/1. Arad, pp. 32\u201340.<\/li>\n \t<li>Auton\u00f3mia \u2013 a rom\u00e1n politika m\u00e9rleg\u00e9n, <em>B\u00e9csi Napl\u00f3<\/em>. 2024 jan-febr. 3.<\/li>\n<\/ol>\n<p class=\"pub-alcim\"><strong>Tanulm\u00e1nyok, dolgozatok<\/strong><\/p>\n\n<ol>\n \t<li>Iskolav\u00e1laszt\u00e1s, anyanyelv, nemzetis\u00e9g (t\u00e1rsszerz\u0151k: Bod\u00f3 Barna, Albert Ferenc) <em>A H\u00e9t<\/em> 1993\/14,15,16,17.<\/li>\n \t<li>Kisebbs\u00e9gek \u00e9s Kelet-Eur\u00f3pa. <em>A H\u00e9t<\/em>, 1994, 2;3 sz.<\/li>\n \t<li>Kisebbs\u00e9gek \u00e9s Kelet-Eur\u00f3pa, In: <em>Magyars\u00e1g \u00e9s Eur\u00f3pa<\/em>, 1994\/1, p.32-39.<\/li>\n \t<li>B\u00e1ns\u00e1g \u00e9s az etnikai diskurzus, In: <em>Korunk<\/em> 1994\/2, p.112-118.<\/li>\n \t<li>Otthont\u00f3l a haz\u00e1ig, In: <em>Korunk<\/em>, 1995\/12, p.28-35.<\/li>\n \t<li>Alapszerz\u0151d\u00e9s \u00e9s kisebbs\u00e9gi jogok. <em>A H\u00e9t<\/em>, 1995, 27 sz. 9. old<\/li>\n \t<li>Alapszerz\u0151d\u00e9s \u00e9s kisebbs\u00e9gi jogok, In: <em>Hitel<\/em>, 1995\/8. p.49-54.<\/li>\n \t<li>K\u00f6zszolg\u00e1lati m\u00e9dia \u00e9s kisebbs\u00e9gi helyzet, In: <em>Erd\u00e9lyi Napl\u00f3<\/em>, 1996\/1-2.<\/li>\n \t<li>Kisebbs\u00e9g, moderniz\u00e1ci\u00f3, t\u00fal\u00e9l\u00e9s I-II. In: <em>D\u00e9lmagyarorsz\u00e1g<\/em> (Szeged), 1996. j\u00fal. 26, j\u00fal. 27.<\/li>\n \t<li>Lokalit\u00e1s \u00e9s \u00e9rdektagol\u00f3d\u00e1s, In: <em>Pro Minoritate<\/em>, 1997\/3-4. pp. 116-128.<\/li>\n \t<li>Azonosul\u00e1s, elitek, pereml\u00e9t. <em>A H\u00e9t<\/em>, 1997, 43; 44; 45 sz.<\/li>\n \t<li>Azonosul\u00e1s, elitek, pereml\u00e9t, In: <em>Kisebbs\u00e9gkutat\u00e1s<\/em>, 1997\/4, pp. 418-444.<\/li>\n \t<li>Azonosul\u00e1s, elitek, pereml\u00e9t, In: <em>Kapu<\/em>, 1998\/j\u00fanius, pp. 23-34.<\/li>\n \t<li>Szereppr\u00f3ba. Feljegyz\u00e9sek a kisebbs\u00e9gi alag\u00fatb\u00f3l. <em>A H\u00e9t<\/em>, 1998, 17;18 sz.<\/li>\n \t<li>Szereppr\u00f3ba, In: <em>Val\u00f3s\u00e1g<\/em>, 1998\/7. pp. 68-80.<\/li>\n \t<li>Helyi elit \u00e9s anyanyelvi oktat\u00e1s. <em>A H\u00e9t<\/em>, 1998, 26 sz. pp. 3-4.<\/li>\n \t<li>Helyi elit \u00e9s anyanyelvi oktat\u00e1s, In: <em>Nyelv\u00fcnk \u00e9s Kult\u00far\u00e1nk<\/em>, 1998\/102. p.111-118.<\/li>\n \t<li>Bel\u00e9p\u00e9s \u00e9s szocializ\u00e1ci\u00f3 a b\u00e1ns\u00e1gi sz\u00e9kelyekn\u00e9l. <em>A H\u00e9t<\/em>, 1998, 11 sz.<\/li>\n \t<li>Oktat\u00e1si re\u00e1lpolitika, In: <em>Magyar Kisebbs\u00e9g<\/em>, 1998\/2. pp.15-23.<\/li>\n \t<li>A t\u00e1ji-t\u00f6rt\u00e9neti r\u00e9gi\u00f3kt\u00f3l az eur\u00f3r\u00e9gi\u00f3kig, avagy a multikultur\u00e1lis regionalizmus \u00fcvegg\u00f6mbje. <em>A H\u00e9t<\/em>, 1998, 48; 49 sz.<\/li>\n \t<li>A t\u00e1ji-t\u00f6rt\u00e9neti r\u00e9gi\u00f3kt\u00f3l az euror\u00e9gi\u00f3kig. In: <em>Kisebbs\u00e9gkutat\u00e1s<\/em>, 1998\/4. pp. 419-429.<\/li>\n \t<li>Elitek, modellek, szerepek I. In: <em>Korunk<\/em>, 1999\/4, pp. 65-73. (T\u00e1rsszerz\u0151 Bakk Mikl\u00f3s)<\/li>\n \t<li>Elitek, modellek, szerepek II. In: <em>Korunk<\/em>, 1999\/5. pp. 89-101. (T\u00e1rsszerz\u0151 Bakk Mikl\u00f3s)<\/li>\n \t<li>R\u00e9gi\u00f3, identit\u00e1s, elit, In: <em>\u00daj Dunat\u00e1j<\/em>, 1999\/2, p. 62-74.<\/li>\n \t<li>A DKMT euror\u00e9gi\u00f3 \u00e9s a helyi politikai elit, In: <em>Hitel<\/em>, 1999\/11, p. 64-77. (T\u00e1rsszerz\u0151k: M. Cernicova-Buc\u0103 \u00e9s Somogyi Attila)<\/li>\n \t<li>Sajt\u00f3 \u00e9s regionalizmus, In: <em>Magyar Kisebbs\u00e9g<\/em>, 1999\/4, p. 271-289.<\/li>\n \t<li>Schengen a kih\u00edv\u00e1s, In: <em>Kisebbs\u00e9gkutat\u00e1s<\/em>, 2000\/1, p. 51-58.<\/li>\n \t<li>Bel\u00e9p\u00e9s \u00e9s szocializ\u00e1ci\u00f3 a b\u00e1ns\u00e1gi sz\u00e9kelyekn\u00e9l, In: <em>Somogy<\/em> (Kaposv\u00e1r), 2000\/2, p. 168-172.<\/li>\n \t<li>Egy\u00fctt, de k\u00fcl\u00f6n. In: <em>\u00daj Dunat\u00e1j<\/em> (Szeksz\u00e1rd), 2000\/3, p. 19-30.<\/li>\n \t<li>J\u00f6v\u0151tervez\u00e9s \u00e9s b\u0171nb\u00e1nat. In: <em>Magyar Kisebbs\u00e9g<\/em>, 2000\/3, p.16-22.<\/li>\n \t<li>V\u00e1laszt\u00e1s \u00e9s v\u00e1lt\u00e1s, In: <em>Magyar Kisebbs\u00e9g<\/em>, 2000\/4. (Internetes v\u00e1ltozat)<\/li>\n \t<li>Honnan merre? In: <em>Kisebbs\u00e9gkutat\u00e1s<\/em> (Budapest), 2001\/1, p.8 -15.<\/li>\n \t<li>Tolerancia, szabads\u00e1g, modernit\u00e1s, In:<em> Hitel<\/em> (Budapest), 2001\/10, p.79-90.<\/li>\n \t<li>Rom\u00e1nia Nyugat fejleszt\u00e9si r\u00e9gi\u00f3ja, In: <em>K\u00f6zgazd\u00e1sz F\u00f3rum<\/em>, 2001\/4, p. 4-10. (T\u00e1rsszerz\u0151: Bogn\u00e1r Zolt\u00e1n)<\/li>\n \t<li>T\u00e9rs\u00e9gi egy\u00fcttm\u0171k\u00f6d\u00e9s \u00e9s k\u00f6zv\u00e9lem\u00e9ny, In: <em>Debreceni Szemle<\/em>, 2002\/1, p. 37-73, (T\u00e1rsszerz\u0151k: Albert Ferenc \u00e9s Feleky G\u00e1bor)<\/li>\n \t<li>Esem\u00e9nyt\u00f6rt\u00e9net \u00e9s szellemrajz, In: <em>Magyar Kisebbs\u00e9g<\/em>, 2002\/1.<\/li>\n \t<li>Civil \u00f6n\u00e9p\u00edtkez\u00e9s, In: <em>Magyar Kisebbs\u00e9g<\/em>, 2002\/3.<\/li>\n \t<li>R\u00e9gi\u00f3 \u00e9s politika, In: <em>Magyar Kisebbs\u00e9g<\/em>, 2003\/1.<\/li>\n \t<li>Tolerancia, szabads\u00e1g, modernit\u00e1s, In: <em>T\u00e1vlatok<\/em> (Szabadka), 2003\/1.<\/li>\n \t<li>Identit\u00e1s \u00e9s sz\u00f3rv\u00e1nydiskurzus, In: <em>Kisebbs\u00e9gkutat\u00e1s<\/em> (Budapest), 2003\/2.<\/li>\n \t<li>Identit\u00e1s \u00e9s sz\u00f3rv\u00e1nydiskurzus, In: <em>Nyelv\u00fcnk \u00e9s Kult\u00far\u00e1nk<\/em> (Budapest), 2003\/3. 16-28.<\/li>\n \t<li>Hum\u00e1n er\u0151forr\u00e1s-menedzsment \u00e9s demokr\u00e1cia, In: <em>K\u00f6zgazd\u00e1sz F\u00f3rum<\/em>, 2003\/8 (nov.)<\/li>\n \t<li>Proiectul Cartei Europene a autonomiei regionale \/Az Eur\u00f3pai Region\u00e1lis Charta tervezete\/, In: <em>Infociv<\/em>, 2003.<\/li>\n \t<li>Identit\u00e1s, lokalit\u00e1s, h\u00e1l\u00f3zatok, In: <em>Magyar Kisebbs\u00e9g<\/em>, 2003\/2-3.<\/li>\n \t<li>Az identit\u00e1s l\u00e9te \u00e9s mibenl\u00e9te, In: <em>T\u00e1vlatok<\/em> (Szabadka), 2003\/2.<\/li>\n \t<li>Dimensiunea cultural\u0103 a cooper\u0103rii \u00een Euroregiunea DKMT (A kultur\u00e1lis egy\u00fcttm\u0171k\u00f6d\u00e9s a DKMT Euror\u00e9gi\u00f3ban), In: <em>Geographica Timisiensis<\/em>, Vol. XII, Nr. 1\/2002 (megjelent 2004).<\/li>\n \t<li>Protec\u0163ia minorit\u0103\u0163ilor prin legi speciale \/Kisebbs\u00e9gv\u00e9delem k\u00fcl\u00f6n t\u00f6rv\u00e9nyekkel\/, In: <em>Convie\u0163uirea<\/em> (Szeged), 2002\/3-4,2003\/1-2 (megjelen\u00e9s 2004).<\/li>\n \t<li>\u00c9n, identit\u00e1s, t\u00e1rsadalom, In: <em>Studia Univ. Babes-Bolyai \u2013 Philosophia<\/em>, 2003\/1-2, p. 89-99. (megjelent 2004)<\/li>\n \t<li>Identity and Diaspora Discourse, In: <em>Minority Research<\/em>, 2004\/6.<\/li>\n \t<li>Auton\u00f3mia-paradoxonok, In: <em>Magyar Kisebbs\u00e9g<\/em>, 2004\/1-2. p.67-73.<\/li>\n \t<li>Kist\u00e9rs\u00e9gek, civilek, szerkezetek, In: <em>T\u00e9r \u00e9s T\u00e1rsadalom<\/em>, 2005\/1, p. 115-140.<\/li>\n \t<li>P\u00e1ly\u00e1z\u00e1si menedzsment, In: <em>Korunk<\/em>, 2005\/11. p. 5-11.<\/li>\n \t<li>Dialogul \u015fi spa\u0163iul discursiv al tranzi\u0163iei postcomuniste, In: <em>Studia Universitatis Babe\u015f-Bolyai Politica<\/em>, 2005. L\/l, 81-87.<\/li>\n \t<li>Limbile locale \u015fi comunicarea, coabitarea unor comunit\u0103\u0163i etnice locale, In: <em>Convie\u0163uirea<\/em>, (Szeged) Nr. 1-4. 2005. p. 3-20.<\/li>\n \t<li>A sz\u00f3rv\u00e1ny \u00e9s a Makkai-dilemma, In: <em>Kell\u00e9k<\/em> 2005\/26 p. 91-103.<\/li>\n \t<li>Sz\u00f3rv\u00e1ny, identit\u00e1s, civil t\u00e1rsadalom, In: <em>Nyelv\u00fcnk \u00e9s Kult\u00far\u00e1nk<\/em> (Budapest), 2007\/1, pp. 7-16.<\/li>\n \t<li>Az egyetem-k\u00e9rd\u00e9s olvasatai, In: <em>Magyar Kisebbs\u00e9g<\/em>, 2007\/1-2, pp. 45-54.<\/li>\n \t<li>A sz\u00f3rv\u00e1nyt\u00f3l a nemzetig \u2013 \u00e9s vissza, In: <em>Pro Minoritate<\/em>, 2007\/1 (Tavasz), pp. 63-73.<\/li>\n \t<li>A Bolyai egyetem, mint politikai projekt, In: <em>Mester \u00e9s Tan\u00edtv\u00e1ny<\/em>, 2008. augusztus, pp.10-32.<\/li>\n \t<li>Rom\u00e1niai magyar sajt\u00f3, 2009, In <em>ME.DOK<\/em>, 2008\/3. pp.77-88.<\/li>\n \t<li>A kisebbs\u00e9gkutat\u00e1s helyzet\u00e9r\u0151l, In: <em>REGIO<\/em>, 2009\/3, pp. 18-22.<\/li>\n \t<li>Internal Diaspora \u2013 Assimilation \u2013 Formation of the Internal Diaspora, In: <em>European and Regional Studies &#8211; Acta Universitatis Sapientia<\/em>, nr. 1\/2010, pp. 59-83.<\/li>\n \t<li>A r\u00e9gi\u00f3, mint politikai lakmusz In:<em> Kisebbs\u00e9gkutat\u00e1s<\/em> 2011\/4.<\/li>\n \t<li>Regionalism as political litmus In: <em>Minorities Research<\/em> nr. 14, 2012, pp.127-143.<\/li>\n \t<li>Magyar iskolav\u00e1laszt\u00e1s Erd\u00e9lyben (t\u00e1rsszerz\u0151: M\u00e1rton J\u00e1nos) In: <em>Kisebbs\u00e9gkutat\u00e1s<\/em> 2012\/3 sz. pp. 418-473.<\/li>\n \t<li>A temesv\u00e1ri osztr\u00e1k katonai eml\u00e9km\u0171, In: <em>Heti \u00daj Sz\u00f3<\/em>, 2013. 31 sz.(aug.2), 32 sz. (aug.9.), 34 sz.(aug.23), 36 sz. (szept.6.)<\/li>\n \t<li>Erd\u00e9lyi magyar civil tudom\u00e1ny, In: <em>Civil F\u00f3rum<\/em>, 2013\/1.<\/li>\n \t<li>Magyar fiatalok t\u00f6bbs\u00e9gi iskolav\u00e1laszt\u00e1sa Aradon, In: <em>Kisebbs\u00e9gkutat\u00e1s<\/em> 2013\/4 sz. pp. 31-49.<\/li>\n \t<li>Sz\u00f3rv\u00e1nyr\u00f3l \u2013 m\u00e1sk\u00e9nt, In: <em>Korunk<\/em>, 2014\/6. pp. 6-23.<\/li>\n \t<li>Erd\u00e9lyi magyar civil tudom\u00e1ny, In: <em>Civil Szemle<\/em>, 2014\/3. pp.7-26.<\/li>\n \t<li>A rom\u00e1ns\u00e1g cs\u00e1ng\u00f3i, In: <em>Korunk<\/em>, 2014\/12.pp. 35-47.<\/li>\n \t<li>Sz\u00f3rv\u00e1ny \u00e9s k\u00f6zpolitika, In: <em>Kisebbs\u00e9gkutat\u00e1s<\/em>, 2015\/3. pp.102-129.<\/li>\n \t<li>A sz\u00e9kelyf\u00f6ldi auton\u00f3mia mozg\u00e1sterei, In: <em>Kisebbs\u00e9gkutat\u00e1s<\/em>, 2016\/3. pp.7-41.<\/li>\n \t<li>Sikert sikerre. Parlamenti v\u00e1laszt\u00e1sok Rom\u00e1ni\u00e1ban 2016, In: <em>Kisebbs\u00e9gkutat\u00e1s<\/em> 2017\/1. pp.58-81.<\/li>\n \t<li>Az erd\u00e9lyi n\u00e9met k\u00e9rd\u00e9s \u00e9s Jakabffy, In: <em>Kisebbs\u00e9gi Szemle<\/em> 2017\/2, pp 109-142.<\/li>\n \t<li>\u00d6nk\u00e9nt v\u00e1llalt sors? Sz\u00f3rv\u00e1nyok a B\u00e1ns\u00e1gban. In: <em>Korunk<\/em> 2018\/4. 34-41.<\/li>\n \t<li>Demokr\u00e1cia \u00e9s civil t\u00e1rsadalom \u2013 kisebbs\u00e9gi l\u00e9thelyzetben, <em>Korunk<\/em> 2018\/10. pp. 8-22.<\/li>\n \t<li>J\u00f6v\u0151k\u00e9p, auton\u00f3mia \u2013 sz\u00e9kely k\u00f6zigazgat\u00e1s, <em>Pro Publico Bono \u2013 Magyar K\u00f6zigazgat\u00e1s<\/em>, 2018\/1, k\u00fcl\u00f6nsz\u00e1m. 6-43.<\/li>\n \t<li>Jog \u00e9s politika Rom\u00e1ni\u00e1ban. A marosv\u00e1s\u00e1rhelyi katolikus l\u00edceum k\u00e1lv\u00e1ri\u00e1ja. In: <em>Magyar Kisebbs\u00e9g<\/em>, 2018. 3-4 sz. 18-48. (Megjelent 2019)<\/li>\n \t<li>Magyar rendszerv\u00e1lt\u00e1s \u00e9s a hat\u00e1ron t\u00fali magyars\u00e1g, <em>Rendszerv\u00e1lt\u00f3 Szemle<\/em> 2021\/4. pp.70-81.<\/li>\n \t<li>Al\u00e1zattal \u00e9s becs\u00fclettel. Venczel J\u00f3zsef az 1921-es erd\u00e9lyi rom\u00e1n f\u00f6ldreformr\u00f3l. I. r\u00e9sz. <em>Hitel<\/em> 2023\/5, 86-97. II. r\u00e9sz. <em>Hitel<\/em> 2023\/6, 94-109.<\/li>\n \t<li>Jakabffy \u00e9s a kisebbs\u00e9gi politika, <em>Kisebbs\u00e9gi Szemle<\/em> 2023\/1. 31-58.<\/li>\n \t<li>Vegyes h\u00e1zass\u00e1g \u2013 k\u00e9tnyelv\u0171s\u00e9g \u2013 asszimil\u00e1ci\u00f3. T\u00e1rsszerz\u0151 Incze Erika. <em>Belvedere Meridionale. T\u00f6rt\u00e9nelem \u00e9s T\u00e1rsadalomtudom\u00e1nyok<\/em>. 2023\/4. 35. \u00e9vfolyam. 85\u2013101. ISSN 1419-0222 \u00e9s 2064-5929 (pdf) DOI 10.14232\/belv.2023.4.6<\/li>\n<\/ol>\n<p class=\"pub-alcim\"><strong>Recenzi\u00f3k<\/strong><\/p>\n\n<ol>\n \t<li>Brassai a k\u00f6zgazd\u00e1sz. Somai J\u00f3zsef: <em>Gazdas\u00e1g \u00e9s gazdas\u00e1gtudom\u00e1nyok Brassai S\u00e1muel \u00e9letm\u0171v\u00e9ben<\/em> (Rom\u00e1niai Magyar K\u00f6zgazd\u00e1sz T\u00e1rsas\u00e1g, Kolozsv\u00e1r, 2006.) c. k\u00f6nyv\u00e9r\u0151l, In: <em>K\u00f6zgazd\u00e1sz F\u00f3rum<\/em>, 2006\/10 sz.<\/li>\n \t<li>T\u00f6rt\u00e9nelmi t\u00f6rmel\u00e9kek. Dupka Gy\u00f6rgy <em>\u201956 \u00e9s K\u00e1rp\u00e1talja<\/em> (Intermix kiad\u00f3 Ungv\u00e1r, Budapest, 2006) c. k\u00f6nyv\u00e9r\u0151l. In: <em>R\u00e9gi(j)\u00f3vil\u00e1g<\/em>, 2006\/1 sz.<\/li>\n \t<li>T\u00f6rt\u00e9nelm\u00fcnk \u00f6sszef\u00fcgg\u00e9sei. Vincze G\u00e1bor: <em>G\u00fazsba k\u00f6t\u00f6tt kisebbs\u00e9g<\/em>, Partium Kiad\u00f3, 2009, Nagyv\u00e1rad. Vincze G\u00e1bor: <em>Historical Cronology of the Hungarian Minority in Romania<\/em>, Partium Kiad\u00f3, 2009, Nagyv\u00e1rad c. k\u00f6teteir\u0151l. In: <em>R\u00e9gi(j)\u00f3vil\u00e1g<\/em> 2010. j\u00fanius.<\/li>\n \t<li>V\u00e1laszra v\u00e1rva. Gazda J\u00f3zsef: <em>Vez\u00e9nyelt t\u00f6rt\u00e9nelem<\/em> Sorsreg\u00e9ny, H\u00e9t Krajc\u00e1r Kiad\u00f3, Budapest. 2014. c. k\u00f6tet\u00e9r\u0151l. In: <em>Heti \u00daj Sz\u00f3<\/em>, 2015. szept. 3.<\/li>\n \t<li>Name Geography beyond Borders. (Book review) In: <em>European and Regional Studies<\/em>, 2016\/9. pp. 225-229.<\/li>\n \t<li>A futball \u00e9s a minden. Borsi-K\u00e1lm\u00e1n B\u00e9la: <em>Pszeudo-fociessz\u00e9k. Sz\u00e9ljegyzetek a futball, a politika \u00e9s az irodalom hat\u00e1rvid\u00e9k\u00e9r\u0151l<\/em>. L\u2019Harmattan, Budapest, 2018. c. k\u00f6nyv\u00e9r\u0151l. In: <em>Heti \u00daj Sz\u00f3<\/em>, 2018.aug.3.<\/li>\n \t<li>Policy-Making Civilians. A Review of the Volume: Antal Attila (ed.): <em>A civilek hatalma \u2212 a politikai t\u00e9r visszafoglal\u00e1sa<\/em> [The Power of Civilians: Recapturing the Political Space] Acta Universitatis Sapientiae, European and Regional Studies, Vol. 15 (2019) 107\u2212111.<\/li>\n \t<li>Egyszer s mindenkorra. Csorba B\u00e9la: <em>K\u00e9rd\u00e9sek \u00e9s l\u00e1tleletek<\/em>, \u00dajvid\u00e9k: F\u00f3rum Kiad\u00f3, 2017. c. k\u00f6nyv\u00e9r\u0151l, In: <em>Kr\u00f3nika<\/em>, 2020. \u00e1prilis 11.<\/li>\n \t<li>Magyark\u00e9nt otthon. De\u00e1k Ern\u0151: <em>\u00datkeres\u00e9s a j\u00f6v\u0151be. Betakar\u00edtott tanulm\u00e1nyok, \u00e9rtekez\u00e9sek, \u00e9rt\u00e9kel\u00e9sek<\/em>. Mosonv\u00e1rmegye Kiad\u00f3, Feketeerd\u0151, 2019. c. k\u00f6nyv\u00e9r\u0151l. In: <em>Sz\u00f6v\u00e9tnek<\/em>, Arad, 2020\/2<\/li>\n \t<li>L\u00e1tni tudni. El\u0151sz\u00f3 V\u00e1ry O. P\u00e9ter <em>Otthonl\u00e9t<\/em> c. k\u00f6tet\u00e9hez. ARTprinter, Sepsiszentgy\u00f6rgy, 2021.<\/li>\n \t<li><em>T\u00e1rsadalmi t\u00fck\u00f6rben a magyarelleness\u00e9gr\u0151l<\/em> recenzi\u00f3 Kiss Tam\u00e1s, Tor\u00f3 Tibor, Jakab Zal\u00e1n Tam\u00e1s <em>Magyarelleness\u00e9g Rom\u00e1ni\u00e1ban<\/em> B\u00e1lv\u00e1nyos Int\u00e9zet \u00e9s Sz\u00e9kelyf\u00f6ldi K\u00f6zpolitikai Int\u00e9zet, Kolozsv\u00e1r 2021. In <em>B\u00e9csi Napl\u00f3<\/em> 2022 m\u00e1rc-\u00e1pr 8.old<\/li>\n<\/ol><\/div>\n\t\t\t\t\t\t\t\t\t<div class=\"elementor-tab-title elementor-tab-mobile-title\" aria-selected=\"false\" data-tab=\"4\" role=\"tab\" tabindex=\"-1\" aria-controls=\"elementor-tab-content-2264\" aria-expanded=\"false\">D.)  PUBLICISZTIK\u00c1K, CIKKEK<\/div>\n\t\t\t\t\t<div id=\"elementor-tab-content-2264\" class=\"elementor-tab-content elementor-clearfix\" data-tab=\"4\" role=\"tabpanel\" aria-labelledby=\"elementor-tab-title-2264\" tabindex=\"0\" hidden=\"hidden\"><p>\u00a0<\/p><p id=\"pub-7\" class=\"pub-cim\"><strong>I. Publicisztik\u00e1k, el\u0151szavak, cikkek \u2013 2000 ut\u00e1n<\/strong><\/p><ol><li>Gomadingen \u00e9s F\u00e9lix-f\u00fcrd\u0151, In: <em>K\u00f6zgazd\u00e1sz F\u00f3rum<\/em>, 2000\/3.<\/li><li>Ki van vel\u00fcnk?, In: <em>K\u00fat<\/em>, 2000. december<\/li><li>A t\u0171zhely k\u00f6r\u00e9, el\u0151sz\u00f3, <em>Rom\u00e1niai Magyar \u00c9vk\u00f6nyv<\/em> 2000 \u2013 Sz\u00f3rv\u00e1ny Alap\u00edtv\u00e1ny Temesv\u00e1r \u2013 Polis Kolozsv\u00e1r.<\/li><li>A felel\u0151ss\u00e9gt\u0151l az auton\u00f3mi\u00e1ig, In: <em>Provincia<\/em>, 2001\/6. (j\u00fanius)<\/li><li>St\u00e1tust\u00f3l st\u00e1tusig, In: <em>Kr\u00f3nika<\/em>, 2001. j\u00fan.16.<\/li><li>Kezdet \u00e9s folytat\u00e1s, el\u0151sz\u00f3, <em>Rom\u00e1niai Magyar \u00c9vk\u00f6nyv<\/em> 2001 \u2013 Sz\u00f3rv\u00e1ny Alap\u00edtv\u00e1ny Temesv\u00e1r \u2013 Polis Kolozsv\u00e1r.<\/li><li>Civil t\u00e1rsadalom \u00e9s \u00f6n\u00e9p\u00edtkez\u00e9s, In: <em>Civil F\u00f3rum<\/em>, 2002\/1 (jan.-febr.)<\/li><li>Id\u0151ben \u00e9lni (\u00cen b\u0103taia timpului), In: <em>Korunk<\/em>, 2002\/2, p. 65-67.<\/li><li>Ki kit szeret?, In: <em>Nyugati Jelen<\/em>, 2002. \u00e1pr.13-14.<\/li><li>Az eszm\u00e9nyi civilt\u0151l a civil eszm\u00e9nyig (Etosul civic \u015fi societatea civil\u0103), In: <em>Kr\u00f3nika<\/em>, 2002. j\u00fal. 13-14.<\/li><li>K\u00f6sz\u00f6nt\u0151, <em>Hagyom\u00e1ny \u00e9s interkulturalit\u00e1s<\/em> (szerk. Bod\u00f3 Barna), rom\u00e1n-magyar-angol nyelv\u0171 k\u00f6tet el\u0151szava, Temesv\u00e1r, 2002.<\/li><li>Az int\u00e9zm\u00e9nyes\u00fcl\u00e9s \u00fatj\u00e1n, el\u0151sz\u00f3, <em>Rom\u00e1niai Magyar \u00c9vk\u00f6nyv<\/em> 2002 \u2013 Sz\u00f3rv\u00e1ny Alap\u00edtv\u00e1ny Temesv\u00e1r \u2013 Polis Kolozsv\u00e1r.<\/li><li>\u201eJurist \u015fi inventator\u201d (Jog\u00e1sz \u00e9s feltal\u00e1l\u00f3), In: <em>Colocviile Traian Vuia<\/em>, Ed. Vest, Timi\u015foara, 2002;<\/li><li>\u00d6nmagunk felfedez\u00e9se, In: <em>Hagyom\u00e1ny\u0151rz\u0151 egy\u00fcttesek Temes megy\u00e9ben<\/em>, Sz\u00f3rv\u00e1ny Alap\u00edtv\u00e1ny, Temesv\u00e1r, 2002.<\/li><li>Civil \u00e9s civil (Civil si civil), In: <em>Heti \u00daj Sz\u00f3<\/em>, 2003\/27 (j\u00fal.4)<\/li><li>Tov\u00e1bb, tov\u00e1bb\u2026 El\u0151sz\u00f3 <em>Rom\u00e1niai Magyar \u00c9vk\u00f6nyv<\/em> 2003 \u2013 Sz\u00f3rv\u00e1ny Alap\u00edtv\u00e1ny \u2013 Marineasa K\u00f6nyvkiad\u00f3 Temesv\u00e1r.<\/li><li>Mindennapi kalend\u00e1riumunk, In: <em>Heti \u00faj Sz\u00f3<\/em>, 2004\/1.<\/li><li>Noi \u015fi trasparen\u0163a, In: <em>Jurnalul B\u0103n\u0103\u0163ean<\/em>, 16.01.2004.<\/li><li>El\u0151v\u00e1lasztottunk, In:<em> Heti \u00daj Sz\u00f3<\/em>, 2004. febr. 13.(7)<\/li><li>Minorit\u0103\u0163ile \u015fi democra\u0163ia pluralist\u0103, In: <em>Jurnalul b\u0103n\u0103\u0163ean<\/em>, 2004. febr. 17.<\/li><li>Interesul privind s\u0103rb\u0103toarea celuilalt, In: <em>Jurnalul b\u0103n\u0103\u0163ean<\/em>, 2004. mart. 20.<\/li><li>Civil hidak, In: <em>Civil f\u00f3rum<\/em> ISSN 15822-4004, 2004\/1.<\/li><li>K\u00e9pviselet, In: <em>Heti \u00daj Sz\u00f3<\/em>, 2004\/46 (nov.12.).<\/li><li>Premia\u0163ii Uniunii Scriitorilor despre ei \u00een\u015fi\u015fi, In: <em>Orizont<\/em> nr. 1\/2005. p. 8.<\/li><li>A kult\u00fara csatl\u00f3sai \u00e9s csapd\u00e1i, In: <em>Irodalmi Jelen<\/em>, 2005\/3 (41. sz.)<\/li><li>Milyen auton\u00f3mi\u00e1t? In: <em>Szabads\u00e1g<\/em>, 2005. m\u00e1rc. 25.<\/li><li>A politikai \u00e9s civil szf\u00e9ra kapcsolata, In: Somai J\u00f3zsef (szerk.): <em>V. Civil F\u00f3rum<\/em>, Kolozsv\u00e1r, 2005.<\/li><li>A kisebbs\u00e9gi t\u00f6rv\u00e9nytervezetr\u0151l, In: <em>Kr\u00f3nika<\/em>, 2005. j\u00fanius 10-12. 16. old.<\/li><li>Strat\u00e9giai t\u00e1mogat\u00e1sok \u2013 t\u00e1mogat\u00e1si strat\u00e9gi\u00e1k, In: <em>Kr\u00f3nika<\/em>, 2005. j\u00falius 8-10. 15. old.<\/li><li>Szekerny\u00e9s J\u00e1nos, az int\u00e9zm\u00e9nyember, In: <em>Heti \u00daj Sz\u00f3<\/em>, 2006\/1.10. old.<\/li><li>Somai J\u00f3zsef: Gazdas\u00e1g \u00e9s gazdas\u00e1gtudom\u00e1nyok Brassai S\u00e1muel \u00e9let\u00e9ben, In: <em>K\u00f6zgazd\u00e1sz F\u00f3rum<\/em>, 2006\/10, 62-63 old.<\/li><li>T\u00e1mogat\u00e1son innen \u00e9s t\u00fal, In: <em>Civil f\u00f3rum<\/em> 2006\/3, ISSN 15822-4004, 33. old.<\/li><li>R\u00e9gi\u00f3 \u2013 r\u00e9gi j\u00f3, In: <em>R\u00e9gi(j)\u00f3vil\u00e1g<\/em>, 2006\/1, 2 old.<\/li><li>T\u00f6rt\u00e9nelmi t\u00f6rmel\u00e9kek, In: <em>R\u00e9gi(j)\u00f3vil\u00e1g<\/em>, 2006\/1, 46. old. ISSN 1842-595X<\/li><li>J\u00f6nnek a fiatalok, El\u0151sz\u00f3, <em>Rom\u00e1niai Magyar \u00c9vk\u00f6nyv 2004-2005<\/em> (szerkeszt\u0151), Sz\u00f3rv\u00e1ny Alap\u00edtv\u00e1ny-Marineasa Kiad\u00f3 Temesv\u00e1r<\/li><li>Egyetem\u00fcnk\u00e9rt: a Bolyai\u00e9rt, In: <em>K\u00fat<\/em>, 2006\/dec.4-5 old.<\/li><li>Nyit\u00e1s el\u0151tt, El\u0151sz\u00f3, <em>Rom\u00e1niai Magyar \u00c9vk\u00f6nyv 2006<\/em> (szerkeszt\u0151) &#8211; Sz\u00f3rv\u00e1ny Alap\u00edtv\u00e1ny \u2013 Marineasa K\u00f6nyvkiad\u00f3 Temesv\u00e1r.<\/li><li>B\u0171n \u00e9s b\u0171nr\u00e9szess\u00e9g, In: <em>Kr\u00f3nika<\/em>, 2007. III. 9-11. 15 old.<\/li><li>Sz\u00fcks\u00e9g \u00e9s es\u00e9ly, In: <em>Kr\u00f3nika<\/em>, 2007. III. 23-25. 17 old.<\/li><li>Klapka, In: <em>R\u00e9gi(j)\u00f3vil\u00e1g<\/em> 2007\/1, 3 old.<\/li><li>Ki volt a partner? In: <em>Kr\u00f3nika<\/em>, 2007. VI. 1-13. 15. old.<\/li><li>\u00d3, kommunik\u00e1ci\u00f3, In: <em>Kr\u00f3nika<\/em>, 2007. VII. 6-8, 15. old.<\/li><li>Nyelvi jogok, nyelvpolitika, <em>Nyelvi jogok, nyelvpolitika<\/em> c., az <em>Interferenciae Banaticae<\/em> sorozat 3. k\u00f6tete el\u0151szava. Sz\u00f3rv\u00e1ny Alap\u00edtv\u00e1ny, Temesv\u00e1r 2007.<\/li><li>T\u00e1mogat\u00e1spolitika \u00e9s RMDSZ, In: <em>Kr\u00f3nika<\/em>, 2007. VIII. 31.-IX. 2, 15 old.<\/li><li>Vasp\u00e1lya, In: <em>R\u00e9gi(j)\u00f3vil\u00e1g<\/em> 2007\/2, 3 old. ISSN 1842-595X<\/li><li>T\u00edz \u00e9v, In: <em>K\u00f6zgazd\u00e1sz F\u00f3rum<\/em>, 2007\/12.<\/li><li>\u00c9p\u00edt\u0151 b\u00fcszkes\u00e9g, In: <em>R\u00e9gi(j)\u00f3vil\u00e1g<\/em> 2007\/3, 3. old. ISSN 1842-595X<\/li><li>Szeged \u00e9s Temesv\u00e1r, In: <em>R\u00e9gi(j)\u00f3vil\u00e1g<\/em> 2007\/4, 2. old.<\/li><li>M\u00e1ty\u00e1s kir\u00e1lyunk, In: <em>R\u00e9gi(j)\u00f3vil\u00e1g<\/em> 2008\/1, ISSN 1842-595X<\/li><li>Kult\u00far\u00e1ra v\u00e1rva, In: <em>Civil f\u00f3rum<\/em>, 2008\/2, 3. old. ISSN 15822-4004<\/li><li>Lectori salutem, In: St. Bugarski (red.): <em>Lyceum Temesvariense<\/em>, 2008. pp. 10-15. Editura Tempus \u2013 Fundatia Diaspora Timisoara. ISBN 978-973-1958-01-9<\/li><li>Az \u00e9vk\u00f6nyv sorsa, El\u0151sz\u00f3, <em>Rom\u00e1niai Magyar \u00c9vk\u00f6nyv 2007-2008<\/em> (szerk.), 2008, Sz\u00f3rv\u00e1ny-Marineasa Kiad\u00f3, Temesv\u00e1r<\/li><li>Civil alap, In: <em>Civil f\u00f3rum<\/em>, 2009\/2, p. 39. ISSN 15822-4004<\/li><li>A mi Temesv\u00e1runk, In: <em>R\u00e9gi(j)\u00f3vil\u00e1g<\/em>, 2009\/2, p. 3. ISSN 1842-595X<\/li><li>B\u00e1ns\u00e1gi Magyar Panteon, In: <em>B\u00e1ns\u00e1gi Magyar Panteon \u2013 Panteon Maghiar B\u0103n\u0103\u0163ean \u2013 Hungarian Pantheon from Banat<\/em> (szerk. Bod\u00f3 Barna), 2009, Marineasa Kiad\u00f3, Temesv\u00e1r<\/li><li>B\u00e1ns\u00e1gi Magyar Panteon, In: <em>R\u00e9gi(j)\u00f3vil\u00e1g<\/em>, 2009\/3-4, p. 96-97. ISSN 1842-595X<\/li><li>Civilek f\u00f3ruma, In: <em>Civil F\u00f3rum<\/em>, 2010\/1-2, p.30. ISSN 15822-4004<\/li><li>Sz\u00e9kelyf\u00f6ld, mint r\u00e9gi\u00f3, In: <em>Sz\u00e9kelyf\u00f6ldi R\u00e9gi\u00f3<\/em>, 2010. augusztus, pp.24-25. ISSN 1844-8216<\/li><li>Br\u00fcsszel Kolozsv\u00e1rr\u00f3l, In: <em>Kr\u00f3nika<\/em>, 2010. j\u00falius<\/li><li>Vincze G\u00e1bor recenzi\u00f3, In: <em>R\u00e9gi(j)\u00f3vil\u00e1g<\/em>, 2010\/1-2<\/li><li>Bev\u00e9geztetett. In memoriam Tor\u00f3 Tibor, In: <em>Heti \u00daj Sz\u00f3<\/em>, 2010. okt.28.<\/li><li>Trianon \u2013 m\u00e9g mindig\u2026, In: <em>R\u00e9gi(j)\u00f3vil\u00e1g<\/em>, 2010\/3, p. 3. ISSN 1842-595X<\/li><li>Arad marad, In: <em>R\u00e9gi(j)\u00f3vil\u00e1g<\/em>, 2010\/4, p. 3. ISSN 1842-595X<\/li><li>Civil kur\u00e1zsink, In: <em>Civil F\u00f3rum<\/em>, 2011\/1.<\/li><li>Orm\u00f3s Zsigmond, In: <em>R\u00e9gi(j)\u00f3vil\u00e1g<\/em>, Temesv\u00e1r, 2011 m\u00e1jus<\/li><li>A tizedik ut\u00e1n, el\u0151sz\u00f3, <em>Rom\u00e1niai Magyar \u00c9vk\u00f6nyv 2009-2010<\/em> (szerk.), 2011, Sz\u00f3rv\u00e1ny Alap\u00edtv\u00e1ny \u2013 Sapientia-EMTE, Gordian Kiad\u00f3, Temesv\u00e1r<\/li><li>B\u0151v\u00fcl\u0151 Panteon, In: <em>B\u00e1ns\u00e1gi Magyar Panteon \u2013 Panteon Maghiar B\u0103n\u0103\u0163ean \u2013 Hungarian Pantheon from Banat<\/em> (szerk. Bod\u00f3 Barna), 2011, Marineasa Kiad\u00f3, Temesv\u00e1r<\/li><li>Oktat\u00e1s, tudom\u00e1ny \u00e9s anyanyelv, In: <em>Civil Egy\u00fcttm\u0171k\u00f6d\u00e9si Tan\u00e1cskoz\u00e1s<\/em>, Sz\u00e9phalom, Budapest, 2012. 42.old.<\/li><li>V\u00e1laszt\u00e1si gy\u0151zelem (?) In: <em>Kr\u00f3nika<\/em> 2012. j\u00fan. 15.<\/li><li>Rumunii\/vlahii din Valea Timocului In: <em>Agenda CJT<\/em>, 2012 nr. 9-10. ISSN 1842-323X<\/li><li>Gazdag szeg\u00e9nyek, el\u0151sz\u00f3 T. Sz\u00e9kely L\u00e1szl\u00f3: <em>\u00c9rdekes t\u00e1jak<\/em> c. k\u00f6tet\u00e9hez, Gordian Kiad\u00f3 Temesv\u00e1r, 2012.<\/li><li>El\u0151d\u00f6kr\u0151l \u00e9s kort\u00e1rsakr\u00f3l, In: <em>R\u00e9gi(j)\u00f3vil\u00e1g \u00c9vk\u00f6nyv<\/em> 2012, Gordian, Temesv\u00e1r, p. 45.<\/li><li>Szekerny\u00e9s J\u00e1nos \u2013 a hely tud\u00f3sa, <em>Heti \u00daj Sz\u00f3<\/em>, 2013.04.19. 11.old.<\/li><li>R\u00e9gi-\u00faj lapunk, In: <em>Civil F\u00f3rum<\/em>, 2013\/1.<\/li><li>Civil szerepek \u2013 tanult szerepek, In: <em>Civil F\u00f3rum<\/em> 2013\/2<\/li><li>Alv\u00f3 szervezetek, In: <em>Civil F\u00f3rum<\/em>, 2013\/3<\/li><li>\u00c9vk\u00f6nyv civileknek, civilekr\u0151l, el\u0151sz\u00f3, <em>Erd\u00e9lyi Magyar Civil \u00c9vk\u00f6nyv 2013<\/em>, szerk. Bod\u00f3 Barna, MCSZESZ, Kolozsv\u00e1r, Gordian Temesv\u00e1r<\/li><li>Hat\u00e1ron t\u00fali, avagy szem\u00e9lyes?, <em>B\u00e9csi Napl\u00f3<\/em>, 2014. jan-febr., 4. old.<\/li><li>Tehets\u00e9g \u00e9s felel\u0151ss\u00e9g, In: <em>Civil F\u00f3rum<\/em>, 2014\/1<\/li><li>Sz\u00f3rv\u00e1nygondnoki szolg\u00e1lat, In: <em>Korunk<\/em>, 2014\/6.sz. pp.109-111, ISSN 1222-8338<\/li><li>Panteon harmadszor, In: <em>B\u00e1ns\u00e1gi Magyar Panteon \u2013 Panteon Maghiar B\u0103n\u0103\u0163ean \u2013 Hungarian Pantheon from Bana<\/em>t (szerk. Bod\u00f3 Barna), 2014, Marineasa Kiad\u00f3, Temesv\u00e1r<\/li><li>Civil dolgaink, el\u0151sz\u00f3, <em>Erd\u00e9lyi Magyar Civil \u00c9vk\u00f6nyv 2014<\/em>, szerk. Bod\u00f3 Barna, MCSZESZ, Kolozsv\u00e1r, Gordian Temesv\u00e1r<\/li><li>Albert Ferenc, a k\u00f6z\u00e9leti ember, <em>Heti \u00daj Sz\u00f3<\/em>, 2014.nov.6.<\/li><li>Civil j\u00f6v\u0151nk, In: <em>Civil F\u00f3rum<\/em> 2015\/1.<\/li><li>Antal Mikl\u00f3snak, In: <em>H\u00e1romsz\u00e9k<\/em>, 2015. j\u00fanius 9.<\/li><li>Benn\u00fcnk \u00e9l\u0151 Cs\u00e1vossy Gy\u00f6rgy, In: <em>Heti \u00daj Sz\u00f3<\/em>, 2015.dec.11.<\/li><li>Mandics Gy\u00f6rgy, <em>R\u00e9gi(j)\u00f3vil\u00e1g<\/em> 2015\/2 (val\u00f3ban 2016)<\/li><li>Lev\u00e9lf\u00e9le t\u00falra, Sylvester Lajosnak, In: <em>H\u00e1romsz\u00e9k<\/em>, 2016. m\u00e1jus 10.<\/li><li>Fiatalok \u00e9s a kutat\u00e1s (t\u00e1rsszerz\u0151 Tonk M\u00e1rton), <em>Hat\u00e1rhelyzetek IX.<\/em> el\u0151sz\u00f3, Budapest 2016.<\/li><li>A mi fiataljaink. El\u0151sz\u00f3. <em>Erd\u00e9lyi Magyar Civil \u00c9vk\u00f6nyv 2016-17<\/em> (szerk., t\u00e1rsszerk. Sz\u00e9kely T\u00fcnde), MCSZESZ, Kolozsv\u00e1r, Gordian Temesv\u00e1r.<\/li><li>Borb\u00e9ly Imre In: <em>Heti \u00daj Sz\u00f3<\/em>, 2017. febr. 5.<\/li><li>Tartozni valahov\u00e1, a <em>Sz\u00f3rv\u00e1ny \u2013 az immanens konfliktus<\/em> c. habilit\u00e1ci\u00f3s dolgozat el\u0151szava, 2017.<\/li><li>F\u00e9ltve \u0151rz\u00f6tt j\u00f6v\u0151 ((t\u00e1rsszerz\u0151 Tonk M\u00e1rton), <em>Hat\u00e1rhelyzetek X.<\/em> el\u0151sz\u00f3, Budapest 2017.<\/li><li>Tudom\u00e1ny, tud\u00e1s \u00e9s a fiatalok. (T\u00e1rsszerz\u0151 Tonk M\u00e1rton) el\u0151sz\u00f3. <em>Hat\u00e1rhelyzetek XI.<\/em> a Balassi Int\u00e9zet M\u00e1rton \u00c1ron Kutat\u00f3i Szakkoll\u00e9giumi Program \u00e9vk\u00f6nyve, Budapest, 2018. szerk. Bod\u00f3 Barna \u00e9s Szot\u00e1k Szilvia<\/li><li>A futball \u00e9s a minden, <em>Heti \u00daj Sz\u00f3<\/em>, 2018.aug.3.<\/li><li>Ferenczy J\u00f3zsef \u00e9s ut\u00f3\u00e9lete, el\u0151sz\u00f3, In Szekerny\u00e9s J\u00e1nos: <em>Ferenczy J\u00f3zsef<\/em>, Sz\u00f3rv\u00e1ny Alap\u00edtv\u00e1ny, Temesv\u00e1r, 2018. 7-9.<\/li><li>A K\u00f6vesi-dilemma, <em>B\u00e9csi Napl\u00f3<\/em>, 2019\/2. 7.<\/li><li>Rom\u00e1nia aluln\u00e9zetben, <em>B\u00e9csi Napl\u00f3<\/em>, 2019\/3.<\/li><li>Somai J\u00f3zsef <em>Korunk<\/em> 2019\/10. 75-77.<\/li><li>B\u00e1b \u00e9s hatalom, <em>B\u00e9csi Napl\u00f3<\/em>, 2019\/5.7.<\/li><li>Feh\u00e9r bot, <em>Sz\u00f6v\u00e9tnek<\/em>, Arad, 2019\/3.34.<\/li><li>Kereszt elad\u00f3, <em>Sz\u00f6v\u00e9tnek<\/em>, Arad, 2019\/4.5.<\/li><li>Te mit v\u00e1lasztan\u00e1l? <em>Sz\u00f6v\u00e9tnek,<\/em> Arad, 2019\/5. 38<\/li><li>Pap\u00edrforma-gy\u0151zelem, <em>B\u00e9csi Napl\u00f3<\/em>, 2019\/6.7.<\/li><li>Migr\u00e1ns \u00e1lom \u2013 \u0151shonos dilemma <em>Sz\u00f6v\u00e9tnek<\/em>, Arad, 2019\/6.7.<\/li><li>Somai J\u00f3zsef \u00e9s az \u00f6nmag\u00e1t er\u0151s\u00edt\u0151 k\u00f6z\u00f6ss\u00e9g, In: <em>Korunk<\/em>, 2019\/10.<\/li><li>Adni tudni. Albert Ferenc k\u00f6sz\u00f6nt\u00e9se, In: <em>Tan\u00e1r \u00dar! Itt a helyed!<\/em> c. k\u00f6tetben, szerk. Bod\u00f3 Barna, 2019.<\/li><li>J\u00e1t\u00e9k B\u00e9ccsel, <em>Heti \u00daj Sz\u00f3<\/em>, 2020\/1<\/li><li>Zene \u00e9s m\u0171v\u00e9szet, <em>Nyugati Jelen<\/em>, 2020. jan. 9.<\/li><li>Prinz Eugen desszert, <em>Heti \u00daj Sz\u00f3<\/em>, 2020.jan.31.<\/li><li>Csernobil, <em>Heti \u00daj Sz\u00f3<\/em>, 2020.febr.20.<\/li><li>P\u00e1pal\u00e1togat\u00e1s, <em>B\u00e9csi Napl\u00f3<\/em>, 2020\/1.<\/li><li>Nyelvlecke, kezd\u0151knek, <em>Sz\u00f6v\u00e9tnek,<\/em> Arad, 2020\/1<\/li><li>Zs\u0171ri \u00e9s tehets\u00e9g, <em>Sz\u00f6v\u00e9tnek<\/em>, Arad, 2020\/2.<\/li><li>J\u00f6v\u0151be emel\u0151 hagyom\u00e1nyok. El\u0151sz\u00f3. <em>Erd\u00e9lyi magyar Civil \u00c9vk\u00f6nyv<\/em>, MCSZESZ Kolozsv\u00e1r, Gordian, Temesv\u00e1r, 2020.<\/li><li>J\u00e1t\u00e9k B\u00e9ccsel, <em>Heti \u00daj Sz\u00f3<\/em>, Temesv\u00e1r, 2020\/1.<\/li><li>A v\u00edrus \u00e9s a korm\u00e1ny, <em>Sz\u00f6v\u00e9tnek<\/em>, Arad, 2020\/4.<\/li><li>P\u00e9nzmos\u00e1s \u00e9s b\u00fcrokr\u00e1cia, <em>Heti \u00daj Sz\u00f3<\/em>, Temesv\u00e1r, 2020.aug.5.<\/li><li>Paradicsom, <em>Heti \u00daj Sz\u00f3<\/em>, Temesv\u00e1r, 2020. aug. 20.<\/li><li>Eml\u00e9kezz\u00fcnk az indul\u00e1sra, In: <em>Bart\u00f3k B\u00e9la L\u00edceum \u00c9vk\u00f6nyv 2019-2020<\/em>, Temesv\u00e1r, pp.14-16.<\/li><li>Pr\u00e1zsm\u00e1r \u00e9s Habermann, In: <em>Sz\u00f6v\u00e9tnek<\/em>, 2020\/5. 32-33.<\/li><li>Doboz, <em>Heti \u00daj Sz\u00f3<\/em> 2020.okt.<\/li><li>Temesv\u00e1ri gondolatok a Genetika-200 Kapcs\u00e1n, In: <em>Genetika 200<\/em>, K\u0151szeg-P\u00e9cs-Zalaegerszeg 2020. 22-23.<\/li><li>Soros. In: <em>Sz\u00f6v\u00e9tnek<\/em>, 2021\/1.8.<\/li><\/ol><\/div>\n\t\t\t\t\t\t\t<\/div>\n\t\t<\/div>\n\t\t\t\t<\/div>\n\t\t\t\t<\/div>\n\t\t\t\t\t<\/div>\n\t\t<\/div>\n\t\t\t\t\t\t\t<\/div>\n\t\t<\/section>\n\t\t\t\t<section class=\"elementor-section elementor-top-section elementor-element elementor-element-460cba2 elementor-section-boxed elementor-section-height-default elementor-section-height-default\" data-id=\"460cba2\" data-element_type=\"section\">\n\t\t\t\t\t\t<div class=\"elementor-container elementor-column-gap-default\">\n\t\t\t\t\t<div class=\"elementor-column elementor-col-100 elementor-top-column elementor-element elementor-element-92af29f\" data-id=\"92af29f\" data-element_type=\"column\">\n\t\t\t<div class=\"elementor-widget-wrap elementor-element-populated\">\n\t\t\t\t\t\t\t\t<div class=\"elementor-element elementor-element-19e5626 elementor-widget elementor-widget-spacer\" data-id=\"19e5626\" data-element_type=\"widget\" data-widget_type=\"spacer.default\">\n\t\t\t\t<div class=\"elementor-widget-container\">\n\t\t\t\t\t<div class=\"elementor-spacer\">\n\t\t\t<div class=\"elementor-spacer-inner\"><\/div>\n\t\t<\/div>\n\t\t\t\t<\/div>\n\t\t\t\t<\/div>\n\t\t\t\t\t<\/div>\n\t\t<\/div>\n\t\t\t\t\t\t\t<\/div>\n\t\t<\/section>\n\t\t\t\t\t\t<\/div>\n\t\t\t\t\t<\/div>\n\t\t","protected":false},"excerpt":{"rendered":"<p>Publik\u00e1ci\u00f3s jegyz\u00e9k A.) SZ\u00c9P\u00cdR\u00c1S B.) TERM\u00c9SZETTUDOM\u00c1NY C.) T\u00c1RSADALOMTUDOM\u00c1NY D.) PUBLICISZTIK\u00c1K, CIKKEK A.) SZ\u00c9P\u00cdR\u00c1S \u00a0 I. Szerz\u0151i k\u00f6tetek Fele\u00faton \u2013 \u00fatf\u00e9len, riportf\u0171z\u00e9r, Kriterion K\u00f6nyvkiad\u00f3, Bukarest, 1981; Holnap is k\u00f6sz\u00f6nnek, riportok, essz\u00e9k, Kriterion K\u00f6nyvkiad\u00f3, Bukarest, 1989; Szenved\u0151 Temesv\u00e1r, feljegyz\u00e9sek, RMSZ Bukarest, 1990; Meggy\u00f6t\u00f6rt val\u00f3s\u00e1g (v\u00e1logatott publicisztik\u00e1k), Irodalmi Jelen Kiad\u00f3, Arad, 2020. II. K\u00f6z\u00f6s k\u00f6tetek Rajzt\u00e1bl\u00e1k k\u00f6z\u00f6tt, In: Bitay \u00d6d\u00f6n (szerk.) A Demeter gyerekek p\u00e1lyav\u00e1lt\u00e1sa \u00e9s m\u00e1s igaz t\u00f6rt\u00e9netek (riportok), Politikai K\u00f6nyvkiad\u00f3, Bukarest, 1977. pp.141-155. Megszolg\u00e1lt f\u00e1radts\u00e1g, In: J\u00f6v\u0151\u00e9p\u00edt\u0151k (riportok), Kriterion K\u00f6nyvkiad\u00f3, Bukarest, 1987. pp.119-126. F\u00e9l\u00faton, \u00f6nmagunk fel\u00e9, In: Veress Zolt\u00e1n \u2013 D\u00e1vid Gyula (szerk.) Egy kisebbs\u00e9g kisebbs\u00e9gei, Stockholm 1997. pp.169-196. Ki a nyertes? In: A Fony\u00f3di Helikon 10, Fony\u00f3d, 1993. Sz\u00f3rv\u00e1ny \u00e9s irodalom. In: Hat\u00e1rtalan magyar irodalom. Tanulm\u00e1nyok a vil\u00e1g magyars\u00e1g\u00e1nak irodalm\u00e1r\u00f3l. Magyar Napl\u00f3 Kiad\u00f3, Budapest. 2020. pp. 15\u2013163. III. Szerkeszt\u0151, kiad\u00f3 T. Sz\u00e9kely L\u00e1szl\u00f3: \u00c9rdekes t\u00e1jak (szerkeszt\u0151, el\u0151sz\u00f3), Sz\u00f3rv\u00e1ny Alap\u00edtv\u00e1ny, Temesv\u00e1r, 2012. Simon, Stela: Csal\u00e1di album (szerkeszt\u0151), Sz\u00f3rv\u00e1ny Alap\u00edtv\u00e1ny Temesv\u00e1r, 2013. Mi, a \u201966-osok. Eml\u00e9keznek a Sz\u00e9kely Mik\u00f3 Koll\u00e9gium 1966-ban v\u00e9gzett tanul\u00f3i (szerkeszt\u0151, t\u00e1rsszerkeszt\u0151k Bende J\u00f3zsef, K\u00f6lcze G\u00e1sp\u00e1r, Asztalos (Petri) M\u00e1rta, Simon (Szab\u00f3) \u00c9va, Sz\u00e9kely Gy\u00f6ngyv\u00e9r), Sepsiszentgy\u00f6rgy, Nyomda Gordian Temesv\u00e1r, 2016. Bal\u00e1zs S\u00e1ndor: Eml\u00e9keim szem\u00e9lyekr\u0151l \u2013 \u00fajrak\u00f6zl\u00e9sekkel (szerkeszt\u0151), Kiad\u00f3 MCSZESZ, Nyomda Europrint Nagyv\u00e1rad, 2018. Tan\u00e1r \u00dar! Itt a helyed! Albert Ferenc 90. sz\u00fclet\u00e9snapj\u00e1ra (szerkeszt\u0151) Sz\u00f3rv\u00e1ny Alap\u00edtv\u00e1ny, 2019. Bal\u00e1zs S\u00e1ndor: Aforizm\u00e1im, t\u00e9ziseim. (szerkeszt\u0151). Europrint Kiad\u00f3 Nagyv\u00e1rad, 2020. A hely tud\u00f3sa. Eml\u00e9kk\u00f6nyv Szekerny\u00e9s J\u00e1nos nyolcvanadik sz\u00fclet\u00e9snapj\u00e1ra (szerkesztett\u00e9k Bod\u00f3 Barna, Borsi-K\u00e1lm\u00e1n B\u00e9la, Szab\u00f3 Zsolt), szerz\u0151. M\u0171vel\u0151d\u00e9s, Kolozsv\u00e1r, 2021. Fikl Kl\u00e1ra: Talpon maradni. Temesv\u00e1r kultur\u00e1lis metamorf\u00f3zisa. Szerkeszt\u0151. Europrint Nagyv\u00e1rad, 2022. Fikl Kl\u00e1ra: M\u00edtosz \u00e9s t\u00f6rt\u00e9nelem. Ada-Kaleh. Herkulesf\u00fcrd\u0151. Szerkeszt\u0151. Colorprint, Zilah. 2025. B.) TERM\u00c9SZETTUDOM\u00c1NY \u00a0 I. K\u00f6tetek De la desene simple la holografie (A rajzt\u00f3l a hologr\u00e1fi\u00e1ig) Heged\u00fcs Imr\u00e9vel k\u00f6z\u00f6sen \u2013 Colec\u0163ia Gnosis, Facla Timi\u015foara, 1978. E\u00f6tv\u00f6s Lor\u00e1nd tudom\u00e1nyos \u00e9s m\u0171vel\u0151d\u00e9spolitikai \u00edr\u00e1saib\u00f3l \u2013 T\u00e9ka Sorozat, Kriterion K\u00f6nyvkiad\u00f3, Bukarest, 1980. Mit tettem mint fizikus? \u2013 Nobel-d\u00edjasok \u00f6n\u00e9let\u00edr\u00e1sai, T\u00e9ka Sorozat, Kriterion K\u00f6nyvkiad\u00f3, Bukarest, 1985. C.) T\u00c1RSADALOMTUDOM\u00c1NY &nbsp; I. Szerz\u0151i k\u00f6tetek II. T\u00f6bb szerz\u0151s k\u00f6tetek (2-4 szerz\u0151) III. Ford\u00edt\u00e1sok IV. Kiad\u00f3, szerkeszt\u0151 (esetenk\u00e9nt t\u00e1rsszerz\u0151) V. Tanulm\u00e1nyok, dolgozatok k\u00f6tetekben VI. Essz\u00e9k, tanulm\u00e1nyok, recenzi\u00f3k periodik\u00e1kban (1990 ut\u00e1n) I. Szerz\u0151i k\u00f6tetek: Talpalatnyi r\u00e9gi\u00f3nk (politol\u00f3giai essz\u00e9k, tanulm\u00e1nyok), Komp-Press Kiad\u00f3 Kolozsv\u00e1r, 2003. Politica regional\u0103 \u015fi dezvoltarea teritoriului (Region\u00e1lis politika \u00e9s ter\u00fcletfejleszt\u00e9s) \u2013 k\u00e9zik\u00f6nyv, Marineasa Kiad\u00f3, Temesv\u00e1r, 2003. Az identit\u00e1s egyetemess\u00e9ge \u2013 Polis Kiad\u00f3, Kolozsv\u00e1r, 2004. Sz\u00f3rv\u00e1ny \u00e9s nyelvhat\u00e1r \u2013 Lucidus Kiad\u00f3, Budapest, 2009. K\u00f6zpolitika \u2013 Scientia Kiad\u00f3, Kolozsv\u00e1r, 2011. Sz\u00f3rv\u00e1nystrat\u00e9gia (vitaanyag), Gordian Kiad\u00f3 Temesv\u00e1r, 2011. Civil szerepek \u2013 civil szerepl\u0151k (essz\u00e9k, dolgozatok), Gordian Kiad\u00f3, Temesv\u00e1r, 2014. Jelens\u00e9gek sz\u00e9lz\u00fag\u00e1sban (politikatudom\u00e1nyi tanulm\u00e1nyok), Europrint Kiad\u00f3, Nagyv\u00e1rad 2020. Egy m\u00e1s mellett. Politikatudom\u00e1nyi essz\u00e9k \u00e9s tanulm\u00e1nyok. Scientia Kiad\u00f3 Kolozsv\u00e1r, 2022. II. T\u00f6bb szerz\u0151s k\u00f6tetek (2-4 szerz\u0151) Ember \u00e9s vil\u00e1g \u2013 tanulm\u00e1nyok a hitr\u0151l, (szerkeszt\u0151 \u00e9s szerz\u0151), Kriterion K\u00f6nyvkiad\u00f3, Bukarest, 1986. Pereml\u00e9t \u00e9s megmarad\u00e1s \u2013 tanulm\u00e1nyok, Sz\u00f3rv\u00e1ny F\u00fczetek, Temesv\u00e1r, 1997 (Albert Ferenccel \u00e9s Papp Z. Attil\u00e1val) Szereppr\u00f3ba \u2013 tanulm\u00e1nyok, Diaszp\u00f3ra K\u00f6nyvek, RMKT Kolozsv\u00e1r, 2002 (Albert Ferenccel, Bakk Mikl\u00f3ssal, Gazda \u00c1rp\u00e1ddal) St\u00e1tusdiskurzus \u2013 essz\u00e9k \u00e9s tanulm\u00e1nyok, Diaszp\u00f3ra K\u00f6nyvek, Sz\u00f3rv\u00e1ny Alap\u00edtv\u00e1ny \u2013Marineasa Kiad\u00f3, Temesv\u00e1r, 2003 (Bakk Mikl\u00f3ssal) Foltok a kisebbs\u00e9gi magyar j\u00f6v\u0151k\u00e9pen. Temesv\u00e1ri \u00e9s temesk\u00f6zi magyar \u00f3vodai k\u00f6rk\u00e9p. Szerz\u0151, szerkeszt\u0151. T\u00e1rsszerz\u0151 Incze Erika. Belvedere Meridionale Kiad\u00f3, Szeged, 2024. III. Ford\u00edt\u00e1sok A k\u00f6zigazgat\u00e1s elemei, Civitas k\u00f6zigazgat\u00e1si jegyzetek, Civitas, Kolozsv\u00e1r, 2006 (Ford\u00edt\u00e1s Kacs\u00f3 Zsuzsann\u00e1val) Hategan, I.- P\u00eer\u015fe, M.C. \u2013 Premiere \u015fi priorit\u0103\u0163i timi\u015forene (Temesv\u00e1ri premierek), 2009, Timi\u015foara: Ed. Banatul, n\u00e9gynyelv\u0171 k\u00f6tet, ford\u00edt\u00e1s magyarra Hategan, I. \u2013 Premiere \u015fi priorit\u0103\u0163i timi\u015forene vol. 2. (Temesv\u00e1ri premierek 2. k\u00f6tet), 2010, Timi\u015foara: Ed. Banatul, n\u00e9gynyelv\u0171 k\u00f6tet, ford\u00edt\u00e1s magyarra IV. Kiad\u00f3, szerkeszt\u0151 (esetenk\u00e9nt t\u00e1rsszerz\u0151) \u00c9vk\u00f6nyvek Rom\u00e1niai Magyar \u00c9vk\u00f6nyv 2000, szerkeszt\u0151 \u2013 Sz\u00f3rv\u00e1ny Alap\u00edtv\u00e1ny Temesv\u00e1r \u2013 Polis Kiad\u00f3 Kolozsv\u00e1r, 2000. Rom\u00e1niai Magyar \u00c9vk\u00f6nyv 2001, szerkeszt\u0151 \u2013 Sz\u00f3rv\u00e1ny Alap\u00edtv\u00e1ny Temesv\u00e1r \u2013 Polis Kiad\u00f3 Kolozsv\u00e1r, 2001. Rom\u00e1niai Magyar \u00c9vk\u00f6nyv 2002, szerkeszt\u0151 \u2013 Sz\u00f3rv\u00e1ny Alap\u00edtv\u00e1ny Temesv\u00e1r \u2013 Polis Kolozsv\u00e1r, 2002. Rom\u00e1niai Magyar \u00c9vk\u00f6nyv 2003, szerkeszt\u0151 \u2013 Sz\u00f3rv\u00e1ny Alap\u00edtv\u00e1ny \u2013 Marineasa Kiad\u00f3 Temesv\u00e1r, 2003. Rom\u00e1niai Magyar \u00c9vk\u00f6nyv 2004-2005, szerkeszt\u0151, Sz\u00f3rv\u00e1ny Alap\u00edtv\u00e1ny \u2013 Marineasa Kiad\u00f3 Temesv\u00e1r, 2005. Rom\u00e1niai Magyar \u00c9vk\u00f6nyv 2006, szerkeszt\u0151, Sz\u00f3rv\u00e1ny Alap\u00edtv\u00e1ny \u2013 Marineasa Kiad\u00f3, Temesv\u00e1r, 2007. Rom\u00e1niai Magyar \u00c9vk\u00f6nyv 2007-2008, szerkeszt\u0151, Sz\u00f3rv\u00e1ny \u2013 Marineasa Kiad\u00f3, Temesv\u00e1r, 2008. Rom\u00e1niai Magyar \u00c9vk\u00f6nyv 2009-2010, szerkeszt\u0151, Sz\u00f3rv\u00e1ny Alap\u00edtv\u00e1ny \u2013 Sapientia-EMTE, Gordian Kiad\u00f3, Temesv\u00e1r, 2011. Erd\u00e9lyi Magyar Civil \u00c9vk\u00f6nyv 2013, szerkeszt\u0151, Gordian Kiad\u00f3 Temesv\u00e1r, 2014. Erd\u00e9lyi Magyar Civil \u00c9vk\u00f6nyv 2014, szerkeszt\u0151., t\u00e1rsszerk. Sz\u00e9kely T\u00fcnde, Gordian Kiad\u00f3 Temesv\u00e1r, 2014. Erd\u00e9lyi Magyar Civil \u00c9vk\u00f6nyv 2015, szerkeszt\u0151, t\u00e1rsszerk. Szab\u00f3 Lilla, Sz\u00e9man Emese R\u00f3zsa, Erd\u00e9lyi M\u00fazeum Egyes\u00fclet Kiad\u00f3ja Kolozsv\u00e1r, 2016. Erd\u00e9lyi Magyar Civil \u00c9vk\u00f6nyv 2016-17, szerkeszt\u0151, Magyar Civil Szervezetek Erd\u00e9lyi Sz\u00f6vets\u00e9ge, Kolozsv\u00e1r 2017. Erd\u00e9lyi Magyar Civil \u00c9vk\u00f6nyv 2018-19 (szerkeszt\u0151), Magyar Civil Szervezetek Erd\u00e9lyi Sz\u00f6vets\u00e9ge, Kolozsv\u00e1r, megjelent 2020. Hat\u00e1rhelyzetek IX. Fiatal tudom\u00e1ny \u2013 tudom\u00e1nyunk fiataljai a K\u00e1rp\u00e1t-medenc\u00e9ben (szerkeszt\u0151, t\u00e1rsszerk. Szot\u00e1k Szilvia), Budapest, K\u00fclgazdas\u00e1gi \u00e9s K\u00fcl\u00fcgyminiszt\u00e9rium, 2017. El\u0151sz\u00f3: Fiatalok \u00e9s a kutat\u00e1s (Tonk M\u00e1rtonnal). Hat\u00e1rhelyzetek X. Ifj\u00fas\u00e1g, tudom\u00e1nypolitika, j\u00f6v\u0151k\u00e9p: kil\u00e1t\u00e1sok \u00e9s kih\u00edv\u00e1sok a K\u00e1rp\u00e1t-medenc\u00e9ben (szerkeszt\u0151, t\u00e1rsszerk. Szot\u00e1k Szilvia), K\u00fclgazdas\u00e1gi \u00e9s K\u00fcl\u00fcgyminiszt\u00e9rium, Budapest, 2018. El\u0151sz\u00f3: F\u00e9ltve \u0151rz\u00f6tt j\u00f6v\u0151 (Tonk M\u00e1rtonnal). Hat\u00e1rhelyzetek XI. Diszcipl\u00edn\u00e1k tal\u00e1lkoz\u00e1sa \u2013 Nyelvek \u00e9s kult\u00far\u00e1k \u00e9rintkez\u00e9se (Szerk. Bod\u00f3 Barna \u00e9s Szot\u00e1k Szilvia), Budapest: K\u00fclgazdas\u00e1gi \u00e9s K\u00fcl\u00fcgyminiszt\u00e9rium, 2018. El\u0151sz\u00f3: A tudom\u00e1ny, a tud\u00e1s \u00e9s a fiatalok (Tonk M\u00e1rtonnal). Strat\u00e9gia, k\u00f6z\u00f6ss\u00e9gi program, \u00e9rdekv\u00e9delem Kisebbs\u00e9gi \u00e9rdekv\u00e9delem, az 1996. decemberi, Temesv\u00e1rt megtartott tan\u00e1cskoz\u00e1s anyaga, Sz\u00f3rv\u00e1ny Alap\u00edtv\u00e1ny, Temesv\u00e1r, 1997. Strategia cultural\u0103 a jude\u0163ului Timi\u015f \/Temes megye m\u0171vel\u0151d\u00e9si strat\u00e9gi\u00e1ja\/, a szak\u00e9rt\u0151i csoport tagja, Kiadja a Temesv\u00e1ri Interkultur\u00e1lis Int\u00e9zet, 2002. Honismereti strat\u00e9gia (szerkeszt\u0151), Sz\u00f3rv\u00e1ny Alap\u00edtv\u00e1ny \u2013 Marineasa Kiad\u00f3 Temesv\u00e1r, 2006. Strategia de dezvoltare a Euroregiunii DKMT (DKMT Euror\u00e9gi\u00f3 fejleszt\u00e9si strat\u00e9gi\u00e1ja) &#8211; szerkeszt\u0151, t\u00e1rsszerkeszt\u0151 Nagy Imre, Temes Megye Tan\u00e1csa \u00e9s Marineasa Kiad\u00f3, Temesv\u00e1r, 2007. T\u00f6rt\u00e9nelem, helyt\u00f6rt\u00e9net, \u00e9rt\u00e9kmeg\u0151rz\u00e9s Feh\u00e9r K\u00f6nyv az 1944. \u0151szi magyarellenes atrocit\u00e1sokr\u00f3l (kiad\u00f3 \u00e9s szerkeszt\u0151), RMDSZ, Kolozsv\u00e1r, 1995. Monument 2000, Patrimoniu cultural \u015fi responsabilitate civic\u0103, (Kultur\u00e1lis \u00f6r\u00f6ks\u00e9g \u00e9s civil felel\u0151ss\u00e9g) az 1999. \u00e1prilisi temesv\u00e1ri tan\u00e1cskoz\u00e1s anyaga, (szerkeszt\u0151) Marineasa Kiad\u00f3, Temesv\u00e1r, 2000. Hagyom\u00e1ny\u0151rz\u00e9s Temes megy\u00e9ben (szerkeszt\u0151, el\u0151sz\u00f3), Helyzet \u2013 Jel \u2013 K\u00e9p K\u00f6nyvek, Sz\u00f3rv\u00e1ny Alap\u00edtv\u00e1ny, Marineasa Kiad\u00f3, Temesv\u00e1r, 2002. Delesega Gyula: Temesv\u00e1ri kalauz, Helyzet \u2013 K\u00e9p \u2013 Jel K\u00f6nyvek (szerkeszt\u0151), Sz\u00f3rv\u00e1ny Alap\u00edtv\u00e1ny \u2013 Marineasa Kiad\u00f3, Temesv\u00e1r, I. kiad\u00e1s 2003, II. kiad\u00e1s 2005, rom\u00e1n nyelv\u0171 kiad\u00e1s 2012, IV. kiad\u00e1s 2019. Vicze K\u00e1roly: \u201eAz v\u00e9g Temesv\u00e1rban\u2026\u201d (szerkeszt\u0151, ut\u00f3sz\u00f3), Sz\u00f3rv\u00e1ny Alap\u00edtv\u00e1ny, Temesv\u00e1r, 2006. Vicze K\u00e1roly: Temesk\u00f6zi t\u00f6rt\u00e9nelem (szerkeszt\u0151), Sz\u00f3rv\u00e1ny Alap\u00edtv\u00e1ny Temesv\u00e1r, 2007. Jancs\u00f3 \u00c1rp\u00e1d: A Bega \u2013 a B\u00e1ns\u00e1g elk\u00e9nyeztetett foly\u00f3ja (szerkeszt\u0151), Sz\u00f3rv\u00e1ny Alap\u00edtv\u00e1ny Temesv\u00e1r, 2007. Ghid cronologic pt. ora\u015fe b\u0103n\u0103\u0163ene (B\u00e1ns\u00e1gi v\u00e1rosok helyt\u00f6rt\u00e9neti kronol\u00f3gi\u00e1ja, szerkeszt\u0151, szerz\u0151) Sz\u00f3rv\u00e1ny Alap\u00edtv\u00e1ny \u2013 Marineasa Kiad\u00f3, Temesv\u00e1r 2007. Cronologia ora\u015felor b\u0103n\u0103\u0163ene II. (B\u00e1ns\u00e1gi v\u00e1rosok helyt\u00f6rt\u00e9neti kronol\u00f3gi\u00e1ja II, rom\u00e1n ny. k\u00f6tet, szerkeszt\u0151, szerz\u0151), Marineasa Kiad\u00f3, Temesv\u00e1r, 2009. B\u00e1ns\u00e1gi v\u00e1rosok helyt\u00f6rt\u00e9neti kronol\u00f3gi\u00e1ja (magyar nyelv\u0171 k\u00f6tet, szerkeszt\u0151, szerz\u0151), Marineasa Kiad\u00f3, Temesv\u00e1r, 2009. Vicze K\u00e1roly (\u00f6ssze\u00e1ll\u00edtotta) Temesk\u00f6zi eml\u00e9khelyek, (szerkeszt\u0151), Sz\u00f3rv\u00e1ny Alap\u00edtv\u00e1ny Temesv\u00e1r, 2008. B\u00e1ns\u00e1gi Magyar Panteon \u2013 Panteon Maghiar B\u0103n\u0103\u0163ean \u2013 Hungarian Pantheon from Banat vol. 1. (szerkeszt\u0151, szerz\u0151), Marineasa Kiad\u00f3, Temesv\u00e1r, 2009. B\u00e1ns\u00e1gi Magyar Panteon II &#8211; Panteon Maghiar B\u0103n\u0103\u0163ean II \u2013 Hungarian Pantheon from Banat II (szerkeszt\u0151, szerz\u0151), Gordian Kiad\u00f3, Temesv\u00e1r, 2011. Mikl\u00f3sik Ilona \u2013 Kakucs Lajos: Orm\u00f3s Zsigmond a m\u00fazeumalap\u00edt\u00f3 (szerkeszt\u0151), Sz\u00f3rv\u00e1ny Alap\u00edtv\u00e1ny, Temesv\u00e1r, 2013. B\u00e1ns\u00e1gi Magyar Panteon III &#8211; Panteon Maghiar B\u0103n\u0103\u0163ean III \u2013 Hungarian Pantheon from Banat III (szerkeszt\u0151, szerz\u0151), Gordian Kiad\u00f3, Temesv\u00e1r, 2014. Kolozsv\u00e1rr\u00f3l fiataloknak \u2013 Cluj-Napoca for Youth, (szerkeszt\u0151, szerz\u0151), Gordian Temesv\u00e1r, 2015. Szekerny\u00e9s J\u00e1nos: Ferenczy J\u00f3zsef, (szerkeszt\u0151, el\u0151sz\u00f3), Sz\u00f3rv\u00e1ny Alap\u00edtv\u00e1ny Temesv\u00e1r, 2018 (Megjelent 2019). Pataki Zolt\u00e1n: K\u00f6zt\u00e9ri szobrok Temesv\u00e1ron\/Statui de for public in Timi\u0219oara\/Public Forum Statues in Timi\u0219oara. Szerkeszt\u0151. B\u00e1ns\u00e1gi Magyar \u00c9rt\u00e9kek\u00e9rt Egyes\u00fclet. 2023. \u00c9p\u00edtett \u00f6r\u00f6ks\u00e9g\u00fcnk a Temesk\u00f6zben. Szerz\u0151, szerkeszt\u0151. B\u00e1ns\u00e1gi Magyar \u00c9rt\u00e9kek\u00e9rt Egyes\u00fclet, Temesv\u00e1r, 2024. Civil szf\u00e9ra P\u00e1ly\u00e1zat\u00edr\u00e1s (szerkeszt\u0151), Sz\u00f3rv\u00e1ny Alap\u00edtv\u00e1ny \u2013 Marineasa Kiad\u00f3, Temesv\u00e1r, 2005. R\u00e9gi\u00f3 \u00e9s civil szf\u00e9ra (szerkeszt\u0151), az 1998. \u00e1prilisi cs\u00e1kovai konferencia anyaga, Mirton Kiad\u00f3 Temesv\u00e1r, 1999. K\u00f6z\u00f6ss\u00e9gfejleszt\u00e9s (szerkeszt\u0151), Sz\u00f3rv\u00e1ny Alap\u00edtv\u00e1ny \u2013 Marineasa Kiad\u00f3, Temesv\u00e1r, 2004. Civil j\u00f3s\u00e1g \u2013 civil hat\u00e9konys\u00e1g. Somai J\u00f3zsef 85 \u00e9ves (szerkeszt\u0151, t\u00e1rsszerkeszt\u0151k Bakk Mikl\u00f3s, Csatl\u00f3s P\u00e1l, Szenkovics Dezs\u0151), Kiad\u00f3 MCSZESZ, Nyomda Europrint Nagyv\u00e1rad, 2016. Sz\u00f3rv\u00e1nyk\u00e9rd\u00e9s, oktat\u00e1s Jelen \u00e9s j\u00f6v\u0151 a sz\u00f3rv\u00e1nykutat\u00e1sban, a Sepsiillyefalv\u00e1n megtartott 1996. m\u00e1rciusi sz\u00f3rv\u00e1nytan\u00e1cskoz\u00e1s el\u0151ad\u00e1sai, (szerkeszt\u0151), Sz\u00f3rv\u00e1ny Alap\u00edtv\u00e1ny Temesv\u00e1r, 1996. Nagyv\u00e1rosi sz\u00f3rv\u00e1nyok, az 1997. janu\u00e1ri, Nagyszalont\u00e1n megtartott tan\u00e1cskoz\u00e1s anyaga, (szerkeszt\u0151), Helicon Kiad\u00f3, Temesv\u00e1r, 1998. Sz\u00f3rv\u00e1ny \u00e9s iskola \u2013 a 2001. \u00e1prilisi, az Iskola Alap\u00edtv\u00e1ny szervez\u00e9s\u00e9ben megtartott kolozsv\u00e1ri konferencia anyaga, (szerkeszt\u0151), RMKT Kolozsv\u00e1r, 2001. Region\u00e1lis identit\u00e1s, k\u00f6z\u00f6ss\u00e9g\u00e9p\u00edt\u00e9s, sz\u00f3rv\u00e1nygondoz\u00e1s (szerkeszt\u0151, t\u00e1rsszerkeszt\u0151k: Balogh Bal\u00e1zs, Ily\u00e9s Zolt\u00e1n), Lucidus K\u00f6nyvkiad\u00f3 Budapest, 2007. B\u00e1ns\u00e1gi magyar \u00f3vod\u00e1k (szerkeszt\u0151, szerz\u0151), Sz\u00f3rv\u00e1ny Alap\u00edtv\u00e1ny Temesv\u00e1r, 2013. Identit\u00e1s, regionalizmus, nemzeti kisebbs\u00e9gek Local Identity and Regionalism \/Helyi identit\u00e1s \u00e9s regionalizmus\/ (szerkeszt\u0151, szerz\u0151), a Sz\u00f3rv\u00e1ny Alap\u00edtv\u00e1ny \u00e1ltal 1997-ben lefolytatott kutat\u00e1st \u00e9s az err\u0151l tartott nemzetk\u00f6zi konferencia projektbemutat\u00f3 k\u00f6tete Helicon Kiad\u00f3, Temesv\u00e1r, 1998. Multikulturalizmus \u00e9s \u00f6kum\u00e9nia (szerkeszt\u0151, szerz\u0151), az 1998. decemberi temesv\u00e1ri konferencia anyaga, Mirton Kiad\u00f3 Temesv\u00e1r, 1999. Tradi\u0163ie \u015fi interculturalitate \/Hagyom\u00e1ny \u00e9s interkulturalit\u00e1s\/ (szerkeszt\u0151, szerz\u0151), az azonos c\u00edmmel 2001 december\u00e9ben Temesv\u00e1ron megtartott konferencia h\u00e1romnyelv\u0171 k\u00f6tete. Interferenciae Banaticae &#8211; 1, Marineasa Kiad\u00f3, Temesv\u00e1r, 2002. Imaginea celuilalt \u015fi comunicare \/A mellett\u00fck \u00e9l\u0151 m\u00e1sik\/ Colec\u0163ia Interferenciae Banaticae Sorozat &#8211; 2, (szerkeszt\u0151, szerz\u0151), Sz\u00f3rv\u00e1ny Alap\u00edtv\u00e1ny \u2013 Marineasa Kiad\u00f3, Temesv\u00e1r, 2006. Nyelvi jogok, Interferenciae Banaticae sorozat \u2013 3, (szerkeszt\u0151), Sz\u00f3rv\u00e1ny Alap\u00edtv\u00e1ny \u2013 Marineasa Kiad\u00f3, Temesv\u00e1r, 2007. R\u00e9gi\u00f3ba z\u00e1rtan (szerkeszt\u0151, szerz\u0151), Diaszp\u00f3ra K\u00f6nyvek sorozat \u2013 3, Sz\u00f3rv\u00e1ny Alap\u00edtv\u00e1ny- Marineasa Kiad\u00f3, Temesv\u00e1r, 2008. Kisebbs\u00e9gben, k\u00f6z\u00f6ss\u00e9gben. Bal\u00e1zs S\u00e1ndor 80. sz\u00fclet\u00e9snapj\u00e1ra (szerkeszt\u0151 \u00e9s szerz\u0151), Tempus K\u00f6nyvkiad\u00f3 Temesv\u00e1r, 2008. Eur\u00f3pai Uni\u00f3 \u00e9s region\u00e1lis politika (szerkeszt\u0151 \u00e9s szerz\u0151), Scientia Kiad\u00f3 Kolozsv\u00e1r, 2008. Nations and National Minorities in the European Union (szerkeszt\u0151, t\u00e1rsszerkeszt\u0151 M. Tonk), Scientia, Kolozsv\u00e1r, 2009. Efectele ader\u0103rii la Uniunea European\u0103 asupra rela\u0163iilor transfrontaliere din agricultur\u0103 \u015fi comer\u0163 \/Az EU csatlakoz\u00e1s hat\u00e1sa a hat\u00e1ron \u00e1tny\u00fal\u00f3 kapcsolatokra\/, (t\u00e1rsszerz\u0151), kutat\u00e1si jelent\u00e9s, Innoratio M\u0171hely, Szeged, 2010. Somai J\u00f3zsef: A rendszerv\u00e1lt\u00e1s rem\u00e9nyei \u00e9s anakronizmusa (szerkeszt\u0151), MCSZESZ-Gordian, Kolozsv\u00e1r, 2018. Zene Bod\u00f3 M\u00e1ria: Crea\u0163ia b\u0103n\u0103\u0163ean\u0103 pentru pian \u00een perioada interbelic\u0103 \/A b\u00e1ns\u00e1gi zongorairodalom a vil\u00e1gh\u00e1bor\u00f3k k\u00f6z\u00f6tt\/ (szerkeszt\u0151), Editura Marineasa, Timi\u015foara, 2005. Bod\u00f3 M\u00e1ria: Studiul \u015fi predarea pianului \/Zongoraiskola\/ (szerkeszt\u0151), Editura Marineasa, Timi\u015foara, egyetemi jegyzet, 2006 \u2013 I. kiad\u00e1s, 2010 \u2013 II., b\u0151v\u00edtett kiad\u00e1s. Bod\u00f3 M\u00e1ria: J\u00e1rosy Opera Omnia I, Muzica simfonic\u0103 la Timi\u015foara \u00een anii 1920 \/ A szimf\u00f3nikus zene Temesv\u00e1ron az 1920-as \u00e9vekben, k\u00e9tnyelv\u0171 k\u00f6tet, (szerkeszt\u0151), Gutenberg Univers Kiad\u00f3 Arad 2010. Bod\u00f3 M\u00e1ria: J\u00e1rosy Opera Omnia II, Muzica de camer\u0103 la Timi\u015foara \u00een anii 1920 \/ Kamarazene Temesv\u00e1ron az 1920-as \u00e9vekben (szerkeszt\u0151), k\u00e9tnyelv\u0171 k\u00f6tet, Gutenberg Univers Kiad\u00f3 Arad 2011. Kamocsa B\u00e9la: Temesv\u00e1ri blues (szerkeszt\u0151) Sz\u00f3rv\u00e1ny Alap\u00edtv\u00e1ny, Temesv\u00e1r, 2011. Ha elapad a sz\u00f3, megsz\u00f3lal a zene. Vesm\u00e1s Tam\u00e1ssal besz\u00e9lget Vasile Bogdan. Ford\u00edtotta Szekerny\u00e9s Ir\u00e9n, (szerkeszt\u0151). Kiad\u00f3 Sz\u00f3rv\u00e1ny Alap\u00edtv\u00e1ny, Temesv\u00e1r, 2019. V. Tanulm\u00e1nyok, dolgozatok k\u00f6tetekben T\u00e1rsadalmi folyamatok, megismer\u00e9s Egy t\u00e1rsadalmi sodr\u00e1s ir\u00e1nya \u00e9s hozad\u00e9ka In: Egyed P\u00e9ter (szerk.) V\u00e1ltoz\u00f3 val\u00f3s\u00e1g, Kriterion, Kolozsv\u00e1r, 1984, pp. 202-224. A megismer\u0151 az ismeretlen hat\u00e1r\u00e1n, In Bod\u00f3 Barna (szerk.), Ember \u00e9s vil\u00e1g, Kriterion, Kolozsv\u00e1r, 1986, pp. 65-91. T\u00e9veszm\u00e9k a politik\u00e1ban, In: Cseke P\u00e9ter (szerk.) A tudom\u00e1ny hat\u00e1rai, Kolozsv\u00e1r: Komp-Press, 2011, pp.163-175. T\u00e9veszm\u00e9k a politik\u00e1ban. In: A. Gergely Andr\u00e1s (szerk.) Sorsfordul\u00f3k &#8211; \u00dcdv\u00f6zl\u0151k\u00f6tet R\u00f3bert P\u00e9ter 60. sz\u00fclet\u00e9snapj\u00e1ra. Budapest: MTATKPTI, 2014. pp. 103-115. Eur\u00f3pa K\u00e9tsebess\u00e9g\u0171 Eur\u00f3pa, In: Magyar kisebbs\u00e9gek a K\u00e1rp\u00e1t-medenc\u00e9ben, Kaposv\u00e1r 1991. Kisebbs\u00e9gek \u00e9s Kelet-Eur\u00f3pa, In: Kereszty\u00e9n politika IV. Kolozsv\u00e1r, 1996. Schengen, a kih\u00edv\u00e1s In: Schengen, a magyar-magyar kapcsolatok az uni\u00f3s v\u00edzumrendszer \u00e1rny\u00e9k\u00e1ban, Lucidus, Budapest, 2000. Magyarorsz\u00e1g A st\u00e1tust\u00f6rv\u00e9ny mint er\u0151pr\u00f3ba In: Bod\u00f3 Barna (szerk.) Rom\u00e1niai Magyar \u00c9vk\u00f6nyv 2001. Sz\u00f3rv\u00e1ny Alap\u00edtv\u00e1ny \u2013 Polis, Temesv\u00e1r-Kolozsv\u00e1r, 2001. St\u00e1tust\u00f3l st\u00e1tusig, In: Kr\u00f3nika \u00c9vk\u00f6nyv 2000-2001, Kolozsv\u00e1r, 2001. St\u00e1tust\u00f3l st\u00e1tusig, In: K\u00e1ntor Zolt\u00e1n (szerk.): A st\u00e1tust\u00f6rv\u00e9ny \u2013 dokumentumok, tanulm\u00e1nyok, publicisztika, Teleki L\u00e1szl\u00f3 Alap\u00edtv\u00e1ny, Budapest, 2002. p. 496-500. Hely\u00fcnk a magyar vil\u00e1gban In N\u00e9meth Mikl\u00f3s Attila (szerk.) Merre tov\u00e1bb, polg\u00e1ri Magyarorsz\u00e1g? M\u00e9ry Ratio Kiad\u00f3, Budapest, 2015. pp.79-95. Rom\u00e1nia, demokr\u00e1cia, RMDSZ Die Chancen der Demokratie in Rum\u00e4nien \/A demokr\u00e1cia es\u00e9lyei Rom\u00e1ni\u00e1ban\/, In: Wege in die Freiheit, Z\u00fcrich 1992. Demokr\u00e1cia \u00e9s jog\u00e1llamis\u00e1g, In: Kereszty\u00e9n politika III, Kolozsv\u00e1r, 1995. K\u00e9pviselet \u00e9s demokr\u00e1cia, In: Bakk Mikl\u00f3s\u2013Sz\u00e9kely Istv\u00e1n\u2013Tor\u00f3 T. Tibor (szerk.), \u00datk\u00f6zben, Pro-Print, Cs\u00edkszereda, 1999, pp. 117-124. Rom\u00e1nia 2000, In: Bod\u00f3 Barna (szerk.) Rom\u00e1niai Magyar \u00c9vk\u00f6nyv 2000, Sz\u00f3rv\u00e1ny Alap\u00edtv\u00e1ny &#8211; Polis K\u00f6nyvkiad\u00f3, Temesv\u00e1r-Kolozsv\u00e1r, 2000. Originalitate \u015fi\/sau democra\u0163ie \/Eredetis\u00e9g \u00e9s\/vagy demokr\u00e1cia\/, In: Vasile Docea (ed.): Institu\u0163ii (nu doar) politice, Ed. Mica Valahia, Bucure\u015fti, 2003. Der Dialog und der diskursiver Raum der post-kommunistische \u00dcbergangsperiode \/P\u00e1rbesz\u00e9d \u00e9s diszkurzivit\u00e1s a posztkommunista \u00e1tmeneti id\u0151szakban\/, In: Mut zur Ethik, Feldkirch (Ausztria), 2005. A rom\u00e1niai k\u00e1rp\u00f3tl\u00e1si folyamat \u00e9s hat\u00e1sai, In: Bod\u00f3 Barna (szerk.): Rom\u00e1niai Magyar \u00c9vk\u00f6nyv 2007-2008, 2008, Sz\u00f3rv\u00e1ny-Marineasa, Temesv\u00e1r, pp.247-364. (t\u00e1rsszerz\u0151k: M\u00e1rton J\u00e1nos, Orb\u00e1n Bal\u00e1zs) Az RMDSZ ex lex \u00e1llapota, In Civil j\u00f3s\u00e1g \u2013 civil hat\u00e9konys\u00e1g &#8211; Somai J\u00f3zsef 85 \u00e9ves (szerk. Bod\u00f3 Barna, Bakk Mikl\u00f3s, Csatl\u00f3s P\u00e1l, Szenkovics Dezs\u0151), Kiad\u00f3 MCSZESZ, Kolozsv\u00e1r, Nyomda Europrint Nagyv\u00e1rad, 2016. pp. 35-61. Patar\u00e9t &#8211;&#8230;<\/p>\n","protected":false},"author":1,"featured_media":0,"parent":0,"menu_order":0,"comment_status":"closed","ping_status":"closed","template":"elementor_header_footer","meta":{"footnotes":""},"class_list":["post-20","page","type-page","status-publish","hentry"],"_links":{"self":[{"href":"http:\/\/civilportal.ro\/BodoBarna\/wp-json\/wp\/v2\/pages\/20","targetHints":{"allow":["GET"]}}],"collection":[{"href":"http:\/\/civilportal.ro\/BodoBarna\/wp-json\/wp\/v2\/pages"}],"about":[{"href":"http:\/\/civilportal.ro\/BodoBarna\/wp-json\/wp\/v2\/types\/page"}],"author":[{"embeddable":true,"href":"http:\/\/civilportal.ro\/BodoBarna\/wp-json\/wp\/v2\/users\/1"}],"replies":[{"embeddable":true,"href":"http:\/\/civilportal.ro\/BodoBarna\/wp-json\/wp\/v2\/comments?post=20"}],"version-history":[{"count":231,"href":"http:\/\/civilportal.ro\/BodoBarna\/wp-json\/wp\/v2\/pages\/20\/revisions"}],"predecessor-version":[{"id":2076,"href":"http:\/\/civilportal.ro\/BodoBarna\/wp-json\/wp\/v2\/pages\/20\/revisions\/2076"}],"wp:attachment":[{"href":"http:\/\/civilportal.ro\/BodoBarna\/wp-json\/wp\/v2\/media?parent=20"}],"curies":[{"name":"wp","href":"https:\/\/api.w.org\/{rel}","templated":true}]}}