{"id":1962,"date":"2022-10-17T17:53:40","date_gmt":"2022-10-17T17:53:40","guid":{"rendered":"http:\/\/civilportal.ro\/BodoBarna\/?page_id=1962"},"modified":"2022-10-17T18:13:22","modified_gmt":"2022-10-17T18:13:22","slug":"bodo-jeno","status":"publish","type":"page","link":"http:\/\/civilportal.ro\/BodoBarna\/bodo-maria-es-barna-alap\/bodo-jeno\/","title":{"rendered":"Bod\u00f3 Jen\u0151"},"content":{"rendered":"\t\t<div data-elementor-type=\"wp-page\" data-elementor-id=\"1962\" class=\"elementor elementor-1962\" data-elementor-settings=\"[]\">\n\t\t\t\t\t\t\t<div class=\"elementor-section-wrap\">\n\t\t\t\t\t\t\t<section class=\"elementor-section elementor-top-section elementor-element elementor-element-105e6a7 elementor-section-boxed elementor-section-height-default elementor-section-height-default\" data-id=\"105e6a7\" data-element_type=\"section\">\n\t\t\t\t\t\t<div class=\"elementor-container elementor-column-gap-default\">\n\t\t\t\t\t<div class=\"elementor-column elementor-col-100 elementor-top-column elementor-element elementor-element-15409ef\" data-id=\"15409ef\" data-element_type=\"column\">\n\t\t\t<div class=\"elementor-widget-wrap elementor-element-populated\">\n\t\t\t\t\t\t\t\t<div class=\"elementor-element elementor-element-c314c6b elementor-widget elementor-widget-spacer\" data-id=\"c314c6b\" data-element_type=\"widget\" data-widget_type=\"spacer.default\">\n\t\t\t\t<div class=\"elementor-widget-container\">\n\t\t\t\t\t<div class=\"elementor-spacer\">\n\t\t\t<div class=\"elementor-spacer-inner\"><\/div>\n\t\t<\/div>\n\t\t\t\t<\/div>\n\t\t\t\t<\/div>\n\t\t\t\t\t<\/div>\n\t\t<\/div>\n\t\t\t\t\t\t\t<\/div>\n\t\t<\/section>\n\t\t\t\t<section class=\"elementor-section elementor-top-section elementor-element elementor-element-b68f7b0 elementor-section-boxed elementor-section-height-default elementor-section-height-default\" data-id=\"b68f7b0\" data-element_type=\"section\">\n\t\t\t\t\t\t<div class=\"elementor-container elementor-column-gap-default\">\n\t\t\t\t\t<div class=\"elementor-column elementor-col-100 elementor-top-column elementor-element elementor-element-643df36\" data-id=\"643df36\" data-element_type=\"column\">\n\t\t\t<div class=\"elementor-widget-wrap elementor-element-populated\">\n\t\t\t\t\t\t\t\t<div class=\"elementor-element elementor-element-2cde78f elementor-widget elementor-widget-heading\" data-id=\"2cde78f\" data-element_type=\"widget\" data-widget_type=\"heading.default\">\n\t\t\t\t<div class=\"elementor-widget-container\">\n\t\t\t<h1 class=\"elementor-heading-title elementor-size-default\">Bod\u00f3 Jen\u0151<\/h1>\t\t<\/div>\n\t\t\t\t<\/div>\n\t\t\t\t\t<\/div>\n\t\t<\/div>\n\t\t\t\t\t\t\t<\/div>\n\t\t<\/section>\n\t\t\t\t<section class=\"elementor-section elementor-top-section elementor-element elementor-element-4a994d8 elementor-section-boxed elementor-section-height-default elementor-section-height-default\" data-id=\"4a994d8\" data-element_type=\"section\">\n\t\t\t\t\t\t<div class=\"elementor-container elementor-column-gap-default\">\n\t\t\t\t\t<div class=\"elementor-column elementor-col-100 elementor-top-column elementor-element elementor-element-17e5786\" data-id=\"17e5786\" data-element_type=\"column\">\n\t\t\t<div class=\"elementor-widget-wrap elementor-element-populated\">\n\t\t\t\t\t\t\t\t<div class=\"elementor-element elementor-element-0a71936 elementor-widget elementor-widget-text-editor\" data-id=\"0a71936\" data-element_type=\"widget\" data-widget_type=\"text-editor.default\">\n\t\t\t\t<div class=\"elementor-widget-container\">\n\t\t\t\t\t<div class=\"elementor-text-editor elementor-clearfix\"><p><strong><img loading=\"lazy\" decoding=\"async\" class=\"alignleft wp-image-1960 size-medium\" src=\"http:\/\/civilportal.ro\/BodoBarna\/wp-content\/uploads\/2022\/10\/BodoJeno-220x300.jpg\" alt=\"\" width=\"220\" height=\"300\" srcset=\"http:\/\/civilportal.ro\/BodoBarna\/wp-content\/uploads\/2022\/10\/BodoJeno-220x300.jpg 220w, http:\/\/civilportal.ro\/BodoBarna\/wp-content\/uploads\/2022\/10\/BodoJeno.jpg 374w\" sizes=\"auto, (max-width: 220px) 100vw, 220px\" \/>Bod\u00f3 Jen\u0151<\/strong><br \/>(Torja, 1914\u20131966, Marosv\u00e1s\u00e1rhely)<\/p><p>A huszadik sz\u00e1zad minden kor\u00e1bbin\u00e1l jobban pr\u00f3b\u00e1ra tette az embert. \u00c9desap\u00e1mnak kijutott, f\u00f6l\u00f6sen. A kommunist\u00e1k \u00e1ltal kul\u00e1knak nevezett fels\u0151 h\u00e1romsz\u00e9ki, karatnai Bod\u00f3 csal\u00e1d meg tudta engedni mag\u00e1nak, hogy egyetemi tanulm\u00e1nyokra Kolozsv\u00e1rra k\u00fcldje az els\u0151 sz\u00fcl\u00f6tt fi\u00fat.<\/p><p>Nagyap\u00e1m helyzete term\u00e9szetess\u00e9g\u00e9vel mondott nemet az 50-es \u00e9vekben a kollektiviz\u00e1l\u00e1s \u00fcgyn\u00f6keinek, a csal\u00e1di legend\u00e1rium szerint meg is fenyegette a p\u00e1rt k\u00fcld\u00f6nceit. Amit 45 kilom\u00e9terrel od\u00e9bb, H\u00e1romsz\u00e9k k\u00f6zpontj\u00e1ban vagy valahol, magasabb p\u00e1rtos szf\u00e9r\u00e1kban \u00fagy \u00e9rt\u00e9keltek, hogy a fi\u00fat, \u00e9desap\u00e1mat kell a helyzet\u00e9rt elsz\u00e1moltatni. \u00c9s a Sz\u00e9kely Mik\u00f3 tan\u00e1ra, kor\u00e1bbi aligazgat\u00f3ja indulhatott a botfalusi cukorgy\u00e1rba munk\u00e1snak. K\u00e9s\u0151bb enyh\u00fclt a szigor: irodista volt a munkaeloszt\u00f3n\u00e1l. 1962-ben lehetett ism\u00e9t tan\u00e1r.<\/p><p>Lehet-e egy munk\u00e1j\u00e1t rendesen v\u00e9gz\u0151 tan\u00e1rember \u00e1ldozat?<\/p><p>Igen, vallom, ha nem tud, nem hagyj\u00e1k kibontakozni. Az a Bod\u00f3 Jen\u0151, aki minket a l\u00edceumban tan\u00edtott, a megszel\u00edd\u00fclt, az \u00f6n\u00e9rv\u00e9nyes\u00edt\u00e9s harc\u00e1t falad\u00f3 f\u00e9rfiember volt. Hihetetlen nyelv\u00e9rz\u00e9kkel \u00e1ldotta meg a term\u00e9szet. Sz\u00e9kely, sz\u00ednmagyar k\u00f6rnyezetben kiv\u00e1l\u00f3an megtanult rom\u00e1nul. Ennek el\u0151zm\u00e9nye, hogy nagyap\u00e1m k\u00f6telezte az ifj\u00fat egy teljes rom\u00e1n-magyar sz\u00f3t\u00e1r bemagol\u00e1s\u00e1ra, naponta kik\u00e9rdezte. Ez\u00e9rt siker\u00fclhetett a rom\u00e1n nyelv\u0171 \u00e9retts\u00e9gije Brass\u00f3ban rom\u00e1n tan\u00e1rok el\u0151tt, magyarul tanult ismeretekb\u0151l. A kommunista id\u0151kben a helyi vezet\u0151k sokszor ig\u00e9nybe vett\u00e9k a politikailag megb\u00edzhatatlan tan\u00e1r rom\u00e1n tud\u00e1s\u00e1t mindenf\u00e9le hivatalos akt\u00e1k el\u0151k\u00e9sz\u00edt\u00e9se sor\u00e1n. Franci\u00e1ul azok szerint, akik meg tudt\u00e1k \u00edt\u00e9lni, kiv\u00e1l\u00f3an \u00e9s sz\u00e9pen besz\u00e9lt. Orosz nyelvtud\u00e1s\u00e1t a sorst\u00f3l kapta \u2013 de nem aj\u00e1nd\u00e9kul. A csal\u00e1dban, ha sz\u00fcleink olyasmir\u0151l t\u00e1rgyaltak, amit nem sz\u00e1ntak a gyermekf\u00fclnek, \u00e9desany\u00e1mmal n\u00e9met\u00fcl besz\u00e9ltek. Mem\u00f3ri\u00e1j\u00e1r\u00f3l t\u00f6rt\u00e9netek sz\u00f3lnak. Alighanem \u00edr\u00e1sk\u00e9szs\u00e9ge is jobb volt az \u00e1tlagosn\u00e1l \u2013 de erre nincs bizony\u00edt\u00e9kom, mert nem maradt t\u0151le k\u00e9zirat. Soha semmit le nem \u00edrt. Bizalmatlans\u00e1g?&#8230; Azt minden bizonnyal megtanulta a h\u0151s szt\u00e1lini vil\u00e1gban, hogy a t\u00fal\u00e9l\u00e9s egyetlen lehets\u00e9ges, de nem biztos m\u00f3dja a kussol\u00e1s.<\/p><p>J\u00f3 tan\u00e1r volt, mondj\u00e1k olyan tan\u00edtv\u00e1nyai, akiket nem lehet szubjektivit\u00e1ssal v\u00e1dolni. Tan\u00e1rk\u00e9nt legjobb \u00e9vei a m\u00e1sodik vil\u00e1g\u00e9g\u00e9s el\u0151tti \u00e9s annak kezdeti \u00e9vei: 1938-t\u00f3l a Sz\u00e9kely Mik\u00f3 tan\u00e1ra, olyan tan\u00edtv\u00e1nyok ismerkedtek \u00e1ltala a magyar nyelv \u00e9s irodalom sz\u00e9ps\u00e9geivel, akik k\u00e9s\u0151bb irodalomunk jelent\u0151s alakjai lettek: Domokos G\u00e9za, Beke Gy\u00f6rgy, Veress D\u00e1niel. Ehhez kellett magyar kultur\u00e1lis-t\u00f6rt\u00e9nelmi felv\u00e9rtezetts\u00e9g, politikai tudat, erd\u00e9lyis\u00e9g, irodalmi hajlam, \u00e9s nem mell\u00e9kesen a Mik\u00f3nak a K\u0151r\u00f6si Csoma S\u00e1ndor Irodalmi K\u00f6re, melynek akt\u00edv r\u00e9szese volt. Ez\u00e9rt lett \u0151 a Mik\u00f3nak az egyik legfiatalabb aligazgat\u00f3ja.<\/p><p>\u00c9n m\u00e9gis \u00fagy gondolom: a mi id\u0151nkben m\u00e1r f\u00e9lszeg tan\u00e1r volt. Senkit nem mert igaz\u00e1n k\u00f6zel engedni mag\u00e1hoz. V\u00e9dte \u00f6nmag\u00e1t \u00e9s azt a m\u00e1sikat, akit\u0151l egy \u201eprobl\u00e9m\u00e1s\u201d tan\u00e1r emberi hat\u00e1s\u00e1t a hatalom b\u00e1rmikor sz\u00e1mon k\u00e9rhette. A tan\u00e1ri munka jelent\u0151s, meghat\u00e1roz\u00f3 r\u00e9sze a p\u00e9ldaad\u00e1s. Ezt az es\u00e9lyt ellopta t\u0151le a rendszer. \u00c9s ellopta t\u0151le a h\u00e9tk\u00f6znapok term\u00e9szetess\u00e9g\u00e9t, a csal\u00e1di kapcsolatok meghitts\u00e9g\u00e9t.<\/p><p>Mit jelentett sz\u00e1m\u00e1ra az iskola, a tan\u00edtv\u00e1nyok? Munk\u00e1j\u00e1t elv\u00e9gezte \u2013 j\u00f3l. Egy licist\u00e1nak ennyi tal\u00e1n el\u00e9g. \u00c9n hiszem, sokkal t\u00f6bbet adhatott volna, ha a t\u00f6rt\u00e9nelem kegyes lett volna hozz\u00e1.<\/p><p>Apai \u00e1gon tehet\u0151s gazd\u00e1lkod\u00f3k \u00e9s a reform\u00e1tus egyh\u00e1z helyi el\u00f6lj\u00e1r\u00f3i a felmen\u0151i, anyai \u00e1gon falusi igazgat\u00f3-tan\u00edt\u00f3 a nagyapja, \u00e9desanyj\u00e1t \u00e9rdekelte volna a tan\u00edt\u00f3i p\u00e1lya, az adotts\u00e1gai megvoltak hozz\u00e1. A szentgy\u00f6rgyi Sz\u00e9kely Mik\u00f3 koll\u00e9gist\u00e1ja, de Brass\u00f3ban kellett \u00e9retts\u00e9giznie a rom\u00e1n nyelv\u0171 \u0218aguna L\u00edceumba. K\u00f6vetkezik Kolozsv\u00e1r, a Ferdin\u00e1nd Kir\u00e1ly Egyetem, ahol rom\u00e1n-francia szakra iratkozik be, \u00e9s egy\u00e9ni buzgalomb\u00f3l elj\u00e1r \u00e9s vizsg\u00e1zik az akkori magyar tansz\u00e9k egyetlen tan\u00e1ra, Krist\u00f3f Gy\u00f6rgy t\u00e1rgyaib\u00f3l. Ezt a felk\u00e9sz\u00edt\u00e9st a felekezeti iskol\u00e1k elfogadt\u00e1k, \u00edgy lehetett a harmadik szakj\u00e1b\u00f3l els\u0151. Egykori iskol\u00e1j\u00e1ba ker\u00fcl vissza tan\u00e1rnak, ahonnan a h\u00e1bor\u00fa emeli ki \u2013 z\u00e1szl\u00f3sk\u00e9nt teljes\u00edt a fronton szolg\u00e1latot. B\u00e9cs mellett ker\u00fcl fogs\u00e1gba, ahonnan hazaengedik. Az orosz \u00f6vezetbe \u00e9rve elfogj\u00e1k, Tatab\u00e1nya k\u00f6rny\u00e9k\u00e9n vonatra teszik, \u00e9s viszik a h\u0151s Szovjetuni\u00f3ba, ahol kett\u0151 \u00e9s valamennyi \u00e9vet raboskodik. A fogs\u00e1gb\u00f3l szabadul\u00f3 ember testi \u00e9s lelki beteg. 1947-t\u0151l ism\u00e9t tan\u00edt, a Mik\u00f3ban, 1958-ig. K\u00f6vetkezik az eml\u00edtett n\u00e9gy \u00e9v eltilt\u00e1s, 1962-t\u0151l tan\u00edthat \u00fajb\u00f3l.<\/p><p>1966 szeptember\u00e9ben temett\u00fck el a karatnai reform\u00e1tus templom s\u00edrkertj\u00e9ben. 52 \u00e9ves volt.<\/p><p style=\"text-align: right;\"><strong>Bod\u00f3 Barna<\/strong><\/p><\/div>\n\t\t\t\t<\/div>\n\t\t\t\t<\/div>\n\t\t\t\t\t<\/div>\n\t\t<\/div>\n\t\t\t\t\t\t\t<\/div>\n\t\t<\/section>\n\t\t\t\t\t\t<\/div>\n\t\t\t\t\t<\/div>\n\t\t","protected":false},"excerpt":{"rendered":"<p>Bod\u00f3 Jen\u0151 Bod\u00f3 Jen\u0151(Torja, 1914\u20131966, Marosv\u00e1s\u00e1rhely) A huszadik sz\u00e1zad minden kor\u00e1bbin\u00e1l jobban pr\u00f3b\u00e1ra tette az embert. \u00c9desap\u00e1mnak kijutott, f\u00f6l\u00f6sen. A kommunist\u00e1k \u00e1ltal kul\u00e1knak nevezett fels\u0151 h\u00e1romsz\u00e9ki, karatnai Bod\u00f3 csal\u00e1d meg tudta engedni mag\u00e1nak, hogy egyetemi tanulm\u00e1nyokra Kolozsv\u00e1rra k\u00fcldje az els\u0151 sz\u00fcl\u00f6tt fi\u00fat. Nagyap\u00e1m helyzete term\u00e9szetess\u00e9g\u00e9vel mondott nemet az 50-es \u00e9vekben a kollektiviz\u00e1l\u00e1s \u00fcgyn\u00f6keinek, a csal\u00e1di legend\u00e1rium szerint meg is fenyegette a p\u00e1rt k\u00fcld\u00f6nceit. Amit 45 kilom\u00e9terrel od\u00e9bb, H\u00e1romsz\u00e9k k\u00f6zpontj\u00e1ban vagy valahol, magasabb p\u00e1rtos szf\u00e9r\u00e1kban \u00fagy \u00e9rt\u00e9keltek, hogy a fi\u00fat, \u00e9desap\u00e1mat kell a helyzet\u00e9rt elsz\u00e1moltatni. \u00c9s a Sz\u00e9kely Mik\u00f3 tan\u00e1ra, kor\u00e1bbi aligazgat\u00f3ja indulhatott a botfalusi cukorgy\u00e1rba munk\u00e1snak. K\u00e9s\u0151bb enyh\u00fclt a szigor: irodista volt a munkaeloszt\u00f3n\u00e1l. 1962-ben lehetett ism\u00e9t tan\u00e1r. Lehet-e egy munk\u00e1j\u00e1t rendesen v\u00e9gz\u0151 tan\u00e1rember \u00e1ldozat? Igen, vallom, ha nem tud, nem hagyj\u00e1k kibontakozni. Az a Bod\u00f3 Jen\u0151, aki minket a l\u00edceumban tan\u00edtott, a megszel\u00edd\u00fclt, az \u00f6n\u00e9rv\u00e9nyes\u00edt\u00e9s harc\u00e1t falad\u00f3 f\u00e9rfiember volt. Hihetetlen nyelv\u00e9rz\u00e9kkel \u00e1ldotta meg a term\u00e9szet. Sz\u00e9kely, sz\u00ednmagyar k\u00f6rnyezetben kiv\u00e1l\u00f3an megtanult rom\u00e1nul. Ennek el\u0151zm\u00e9nye, hogy nagyap\u00e1m k\u00f6telezte az ifj\u00fat egy teljes rom\u00e1n-magyar sz\u00f3t\u00e1r bemagol\u00e1s\u00e1ra, naponta kik\u00e9rdezte. Ez\u00e9rt siker\u00fclhetett a rom\u00e1n nyelv\u0171 \u00e9retts\u00e9gije Brass\u00f3ban rom\u00e1n tan\u00e1rok el\u0151tt, magyarul tanult ismeretekb\u0151l. A kommunista id\u0151kben a helyi vezet\u0151k sokszor ig\u00e9nybe vett\u00e9k a politikailag megb\u00edzhatatlan tan\u00e1r rom\u00e1n tud\u00e1s\u00e1t mindenf\u00e9le hivatalos akt\u00e1k el\u0151k\u00e9sz\u00edt\u00e9se sor\u00e1n. Franci\u00e1ul azok szerint, akik meg tudt\u00e1k \u00edt\u00e9lni, kiv\u00e1l\u00f3an \u00e9s sz\u00e9pen besz\u00e9lt. Orosz nyelvtud\u00e1s\u00e1t a sorst\u00f3l kapta \u2013 de nem aj\u00e1nd\u00e9kul. A csal\u00e1dban, ha sz\u00fcleink olyasmir\u0151l t\u00e1rgyaltak, amit nem sz\u00e1ntak a gyermekf\u00fclnek, \u00e9desany\u00e1mmal n\u00e9met\u00fcl besz\u00e9ltek. Mem\u00f3ri\u00e1j\u00e1r\u00f3l t\u00f6rt\u00e9netek sz\u00f3lnak. Alighanem \u00edr\u00e1sk\u00e9szs\u00e9ge is jobb volt az \u00e1tlagosn\u00e1l \u2013 de erre nincs bizony\u00edt\u00e9kom, mert nem maradt t\u0151le k\u00e9zirat. Soha semmit le nem \u00edrt. Bizalmatlans\u00e1g?&#8230; Azt minden bizonnyal megtanulta a h\u0151s szt\u00e1lini vil\u00e1gban, hogy a t\u00fal\u00e9l\u00e9s egyetlen lehets\u00e9ges, de nem biztos m\u00f3dja a kussol\u00e1s. J\u00f3 tan\u00e1r volt, mondj\u00e1k olyan tan\u00edtv\u00e1nyai, akiket nem lehet szubjektivit\u00e1ssal v\u00e1dolni. Tan\u00e1rk\u00e9nt legjobb \u00e9vei a m\u00e1sodik vil\u00e1g\u00e9g\u00e9s el\u0151tti \u00e9s annak kezdeti \u00e9vei: 1938-t\u00f3l a Sz\u00e9kely Mik\u00f3 tan\u00e1ra, olyan tan\u00edtv\u00e1nyok ismerkedtek \u00e1ltala a magyar nyelv \u00e9s irodalom sz\u00e9ps\u00e9geivel, akik k\u00e9s\u0151bb irodalomunk jelent\u0151s alakjai lettek: Domokos G\u00e9za, Beke Gy\u00f6rgy, Veress D\u00e1niel. Ehhez kellett magyar kultur\u00e1lis-t\u00f6rt\u00e9nelmi felv\u00e9rtezetts\u00e9g, politikai tudat, erd\u00e9lyis\u00e9g, irodalmi hajlam, \u00e9s nem mell\u00e9kesen a Mik\u00f3nak a K\u0151r\u00f6si Csoma S\u00e1ndor Irodalmi K\u00f6re, melynek akt\u00edv r\u00e9szese volt. Ez\u00e9rt lett \u0151 a Mik\u00f3nak az egyik legfiatalabb aligazgat\u00f3ja. \u00c9n m\u00e9gis \u00fagy gondolom: a mi id\u0151nkben m\u00e1r f\u00e9lszeg tan\u00e1r volt. Senkit nem mert igaz\u00e1n k\u00f6zel engedni mag\u00e1hoz. V\u00e9dte \u00f6nmag\u00e1t \u00e9s azt a m\u00e1sikat, akit\u0151l egy \u201eprobl\u00e9m\u00e1s\u201d tan\u00e1r emberi hat\u00e1s\u00e1t a hatalom b\u00e1rmikor sz\u00e1mon k\u00e9rhette. A tan\u00e1ri munka jelent\u0151s, meghat\u00e1roz\u00f3 r\u00e9sze a p\u00e9ldaad\u00e1s. Ezt az es\u00e9lyt ellopta t\u0151le a rendszer. \u00c9s ellopta t\u0151le a h\u00e9tk\u00f6znapok term\u00e9szetess\u00e9g\u00e9t, a csal\u00e1di kapcsolatok meghitts\u00e9g\u00e9t. Mit jelentett sz\u00e1m\u00e1ra az iskola, a tan\u00edtv\u00e1nyok? Munk\u00e1j\u00e1t elv\u00e9gezte \u2013 j\u00f3l. Egy licist\u00e1nak ennyi tal\u00e1n el\u00e9g. \u00c9n hiszem, sokkal t\u00f6bbet adhatott volna, ha a t\u00f6rt\u00e9nelem kegyes lett volna hozz\u00e1. Apai \u00e1gon tehet\u0151s gazd\u00e1lkod\u00f3k \u00e9s a reform\u00e1tus egyh\u00e1z helyi el\u00f6lj\u00e1r\u00f3i a felmen\u0151i, anyai \u00e1gon falusi igazgat\u00f3-tan\u00edt\u00f3 a nagyapja, \u00e9desanyj\u00e1t \u00e9rdekelte volna a tan\u00edt\u00f3i p\u00e1lya, az adotts\u00e1gai megvoltak hozz\u00e1. A szentgy\u00f6rgyi Sz\u00e9kely Mik\u00f3 koll\u00e9gist\u00e1ja, de Brass\u00f3ban kellett \u00e9retts\u00e9giznie a rom\u00e1n nyelv\u0171 \u0218aguna L\u00edceumba. K\u00f6vetkezik Kolozsv\u00e1r, a Ferdin\u00e1nd Kir\u00e1ly Egyetem, ahol rom\u00e1n-francia szakra iratkozik be, \u00e9s egy\u00e9ni buzgalomb\u00f3l elj\u00e1r \u00e9s vizsg\u00e1zik az akkori magyar tansz\u00e9k egyetlen tan\u00e1ra, Krist\u00f3f Gy\u00f6rgy t\u00e1rgyaib\u00f3l. Ezt a felk\u00e9sz\u00edt\u00e9st a felekezeti iskol\u00e1k elfogadt\u00e1k, \u00edgy lehetett a harmadik szakj\u00e1b\u00f3l els\u0151. Egykori iskol\u00e1j\u00e1ba ker\u00fcl vissza tan\u00e1rnak, ahonnan a h\u00e1bor\u00fa emeli ki \u2013 z\u00e1szl\u00f3sk\u00e9nt teljes\u00edt a fronton szolg\u00e1latot. B\u00e9cs mellett ker\u00fcl fogs\u00e1gba, ahonnan hazaengedik. Az orosz \u00f6vezetbe \u00e9rve elfogj\u00e1k, Tatab\u00e1nya k\u00f6rny\u00e9k\u00e9n vonatra teszik, \u00e9s viszik a h\u0151s Szovjetuni\u00f3ba, ahol kett\u0151 \u00e9s valamennyi \u00e9vet raboskodik. A fogs\u00e1gb\u00f3l szabadul\u00f3 ember testi \u00e9s lelki beteg. 1947-t\u0151l ism\u00e9t tan\u00edt, a Mik\u00f3ban, 1958-ig. K\u00f6vetkezik az eml\u00edtett n\u00e9gy \u00e9v eltilt\u00e1s, 1962-t\u0151l tan\u00edthat \u00fajb\u00f3l. 1966 szeptember\u00e9ben temett\u00fck el a karatnai reform\u00e1tus templom s\u00edrkertj\u00e9ben. 52 \u00e9ves volt. Bod\u00f3 Barna<\/p>\n","protected":false},"author":1,"featured_media":0,"parent":1953,"menu_order":0,"comment_status":"closed","ping_status":"closed","template":"elementor_header_footer","meta":{"footnotes":""},"class_list":["post-1962","page","type-page","status-publish","hentry"],"_links":{"self":[{"href":"http:\/\/civilportal.ro\/BodoBarna\/wp-json\/wp\/v2\/pages\/1962","targetHints":{"allow":["GET"]}}],"collection":[{"href":"http:\/\/civilportal.ro\/BodoBarna\/wp-json\/wp\/v2\/pages"}],"about":[{"href":"http:\/\/civilportal.ro\/BodoBarna\/wp-json\/wp\/v2\/types\/page"}],"author":[{"embeddable":true,"href":"http:\/\/civilportal.ro\/BodoBarna\/wp-json\/wp\/v2\/users\/1"}],"replies":[{"embeddable":true,"href":"http:\/\/civilportal.ro\/BodoBarna\/wp-json\/wp\/v2\/comments?post=1962"}],"version-history":[{"count":7,"href":"http:\/\/civilportal.ro\/BodoBarna\/wp-json\/wp\/v2\/pages\/1962\/revisions"}],"predecessor-version":[{"id":1970,"href":"http:\/\/civilportal.ro\/BodoBarna\/wp-json\/wp\/v2\/pages\/1962\/revisions\/1970"}],"up":[{"embeddable":true,"href":"http:\/\/civilportal.ro\/BodoBarna\/wp-json\/wp\/v2\/pages\/1953"}],"wp:attachment":[{"href":"http:\/\/civilportal.ro\/BodoBarna\/wp-json\/wp\/v2\/media?parent=1962"}],"curies":[{"name":"wp","href":"https:\/\/api.w.org\/{rel}","templated":true}]}}