{"id":1562,"date":"2021-03-10T22:07:53","date_gmt":"2021-03-10T22:07:53","guid":{"rendered":"http:\/\/civilportal.ro\/BodoBarna\/?page_id=1562"},"modified":"2025-07-30T15:11:43","modified_gmt":"2025-07-30T15:11:43","slug":"dolgozatok","status":"publish","type":"page","link":"http:\/\/civilportal.ro\/BodoBarna\/dolgozatok\/","title":{"rendered":"Dolgozatok"},"content":{"rendered":"\t\t<div data-elementor-type=\"wp-page\" data-elementor-id=\"1562\" class=\"elementor elementor-1562\" data-elementor-settings=\"[]\">\n\t\t\t\t\t\t\t<div class=\"elementor-section-wrap\">\n\t\t\t\t\t\t\t<section class=\"elementor-section elementor-top-section elementor-element elementor-element-4cd3b2f5 elementor-section-boxed elementor-section-height-default elementor-section-height-default\" data-id=\"4cd3b2f5\" data-element_type=\"section\">\n\t\t\t\t\t\t<div class=\"elementor-container elementor-column-gap-default\">\n\t\t\t\t\t<div class=\"elementor-column elementor-col-100 elementor-top-column elementor-element elementor-element-4e660b9f\" data-id=\"4e660b9f\" data-element_type=\"column\">\n\t\t\t<div class=\"elementor-widget-wrap elementor-element-populated\">\n\t\t\t\t\t\t\t\t<div class=\"elementor-element elementor-element-4f90ae13 elementor-widget elementor-widget-spacer\" data-id=\"4f90ae13\" data-element_type=\"widget\" data-widget_type=\"spacer.default\">\n\t\t\t\t<div class=\"elementor-widget-container\">\n\t\t\t\t\t<div class=\"elementor-spacer\">\n\t\t\t<div class=\"elementor-spacer-inner\"><\/div>\n\t\t<\/div>\n\t\t\t\t<\/div>\n\t\t\t\t<\/div>\n\t\t\t\t\t<\/div>\n\t\t<\/div>\n\t\t\t\t\t\t\t<\/div>\n\t\t<\/section>\n\t\t\t\t<section class=\"elementor-section elementor-top-section elementor-element elementor-element-2ff3a0 elementor-section-boxed elementor-section-height-default elementor-section-height-default\" data-id=\"2ff3a0\" data-element_type=\"section\">\n\t\t\t\t\t\t<div class=\"elementor-container elementor-column-gap-default\">\n\t\t\t\t\t<div class=\"elementor-column elementor-col-100 elementor-top-column elementor-element elementor-element-7db6cb4f\" data-id=\"7db6cb4f\" data-element_type=\"column\">\n\t\t\t<div class=\"elementor-widget-wrap elementor-element-populated\">\n\t\t\t\t\t\t\t\t<div class=\"elementor-element elementor-element-2b28bf1c elementor-widget elementor-widget-heading\" data-id=\"2b28bf1c\" data-element_type=\"widget\" data-widget_type=\"heading.default\">\n\t\t\t\t<div class=\"elementor-widget-container\">\n\t\t\t<h1 class=\"elementor-heading-title elementor-size-default\">Dolgozatok<\/h1>\t\t<\/div>\n\t\t\t\t<\/div>\n\t\t\t\t\t<\/div>\n\t\t<\/div>\n\t\t\t\t\t\t\t<\/div>\n\t\t<\/section>\n\t\t\t\t<section class=\"elementor-section elementor-top-section elementor-element elementor-element-9cab94e elementor-section-boxed elementor-section-height-default elementor-section-height-default\" data-id=\"9cab94e\" data-element_type=\"section\">\n\t\t\t\t\t\t<div class=\"elementor-container elementor-column-gap-default\">\n\t\t\t\t\t<div class=\"elementor-column elementor-col-100 elementor-top-column elementor-element elementor-element-59fc160\" data-id=\"59fc160\" data-element_type=\"column\">\n\t\t\t<div class=\"elementor-widget-wrap elementor-element-populated\">\n\t\t\t\t\t\t\t\t<div class=\"elementor-element elementor-element-0cfbca6 elementor-widget elementor-widget-spacer\" data-id=\"0cfbca6\" data-element_type=\"widget\" data-widget_type=\"spacer.default\">\n\t\t\t\t<div class=\"elementor-widget-container\">\n\t\t\t\t\t<div class=\"elementor-spacer\">\n\t\t\t<div class=\"elementor-spacer-inner\"><\/div>\n\t\t<\/div>\n\t\t\t\t<\/div>\n\t\t\t\t<\/div>\n\t\t\t\t\t<\/div>\n\t\t<\/div>\n\t\t\t\t\t\t\t<\/div>\n\t\t<\/section>\n\t\t\t\t<section class=\"elementor-section elementor-top-section elementor-element elementor-element-b41633d elementor-section-boxed elementor-section-height-default elementor-section-height-default\" data-id=\"b41633d\" data-element_type=\"section\">\n\t\t\t\t\t\t<div class=\"elementor-container elementor-column-gap-default\">\n\t\t\t\t\t<div class=\"elementor-column elementor-col-100 elementor-top-column elementor-element elementor-element-ec5784b\" data-id=\"ec5784b\" data-element_type=\"column\">\n\t\t\t<div class=\"elementor-widget-wrap elementor-element-populated\">\n\t\t\t\t\t\t\t\t<div class=\"elementor-element elementor-element-050ddee elementor-widget elementor-widget-text-editor\" data-id=\"050ddee\" data-element_type=\"widget\" data-widget_type=\"text-editor.default\">\n\t\t\t\t<div class=\"elementor-widget-container\">\n\t\t\t\t\t<div class=\"elementor-text-editor elementor-clearfix\"><p>A dolgozatokat tematikailag besorolom. Nem jelennek itt meg a <strong>sz\u00f3rv\u00e1ny<\/strong> \u00e9s a <strong>civil szf\u00e9ra<\/strong> t\u00e9mak\u00f6rben k\u00f6z\u00f6lt dolgozatok. Azokat a megfelel\u0151 f\u00fcln\u00e9l fogom megjelen\u00edteni.<br \/>Vannak dolgozatok, amelyek t\u00f6bb t\u00e9mak\u00f6rbe is besorolhat\u00f3ak \u2013 ezek k\u00e9t helyen is megjelenhetnek.<br \/>A sz\u00f6vegek el\u00e9rhet\u0151s\u00e9ge: a legt\u00f6bb dolgozatot a szerz\u0151 szkenneltette be, t\u00f6bb esetben a szerkeszt\u0151s\u00e9g k\u00fcld\u00f6tt pdf-kiterjeszt\u00e9s\u0171 dokumentumot, \u00e9s amikor a honlapr\u00f3l nem lehetett let\u00f6lteni az l\u00e9tez\u0151 dokumentumot, akkor linket adok meg. <\/p><\/div>\n\t\t\t\t<\/div>\n\t\t\t\t<\/div>\n\t\t\t\t\t<\/div>\n\t\t<\/div>\n\t\t\t\t\t\t\t<\/div>\n\t\t<\/section>\n\t\t\t\t<section class=\"elementor-section elementor-top-section elementor-element elementor-element-c037335 elementor-section-boxed elementor-section-height-default elementor-section-height-default\" data-id=\"c037335\" data-element_type=\"section\">\n\t\t\t\t\t\t<div class=\"elementor-container elementor-column-gap-default\">\n\t\t\t\t\t<div class=\"elementor-column elementor-col-100 elementor-top-column elementor-element elementor-element-4975aa0\" data-id=\"4975aa0\" data-element_type=\"column\">\n\t\t\t<div class=\"elementor-widget-wrap elementor-element-populated\">\n\t\t\t\t\t\t\t\t<div class=\"elementor-element elementor-element-e5d2927 elementor-widget elementor-widget-spacer\" data-id=\"e5d2927\" data-element_type=\"widget\" data-widget_type=\"spacer.default\">\n\t\t\t\t<div class=\"elementor-widget-container\">\n\t\t\t\t\t<div class=\"elementor-spacer\">\n\t\t\t<div class=\"elementor-spacer-inner\"><\/div>\n\t\t<\/div>\n\t\t\t\t<\/div>\n\t\t\t\t<\/div>\n\t\t\t\t\t<\/div>\n\t\t<\/div>\n\t\t\t\t\t\t\t<\/div>\n\t\t<\/section>\n\t\t\t\t<section class=\"elementor-section elementor-top-section elementor-element elementor-element-9be0fd9 elementor-section-full_width elementor-section-height-default elementor-section-height-default\" data-id=\"9be0fd9\" data-element_type=\"section\" data-settings=\"{&quot;background_background&quot;:&quot;classic&quot;}\">\n\t\t\t\t\t\t<div class=\"elementor-container elementor-column-gap-default\">\n\t\t\t\t\t<div class=\"elementor-column elementor-col-100 elementor-top-column elementor-element elementor-element-eb75a1b\" data-id=\"eb75a1b\" data-element_type=\"column\" data-settings=\"{&quot;background_background&quot;:&quot;classic&quot;}\">\n\t\t\t<div class=\"elementor-widget-wrap elementor-element-populated\">\n\t\t\t\t\t\t\t\t<div class=\"elementor-element elementor-element-9862c04 elementor-widget elementor-widget-text-editor\" data-id=\"9862c04\" data-element_type=\"widget\" data-widget_type=\"text-editor.default\">\n\t\t\t\t<div class=\"elementor-widget-container\">\n\t\t\t\t\t<div class=\"elementor-text-editor elementor-clearfix\"><div class=\"dolg-tartalom\">\n<ul>\n \t<li><a href=\"#dolg-1\">POLITIKAELM\u00c9LET<\/a><\/li>\n \t<li><a href=\"#dolg-2\">AUTON\u00d3MIA<\/a><\/li>\n \t<li><a href=\"#dolg-3\">NEMZETI KISEBBS\u00c9GEK, ETNIKUMK\u00d6ZI KAPCSOLATOK<\/a><\/li>\n \t<li><a href=\"#dolg-4\">OKTAT\u00c1S, KULT\u00daRA<\/a><\/li>\n        <li><a href=\"#dolg-4b\">TUDOM\u00c1NYT\u00d6RT\u00c9NET<\/a><\/li>\n \t<li><a href=\"#dolg-5\">REGIONALIZMUS<\/a><\/li>\n \t<li><a href=\"#dolg-6\">RMDSZ \u2013 \u00c9RDEKV\u00c9DELEM<\/a><\/li>\n \t<li><a href=\"#dolg-7\">ROM\u00c1NIA<\/a><\/li>\n \t<li><a href=\"#dolg-8\">EUR\u00d3PA, K\u00d6Z\u00c9P-EUR\u00d3PA, EUR\u00d3PAI UNI\u00d3<\/a><\/li>\n<\/ul>\n<\/div><\/div>\n\t\t\t\t<\/div>\n\t\t\t\t<\/div>\n\t\t\t\t\t<\/div>\n\t\t<\/div>\n\t\t\t\t\t\t\t<\/div>\n\t\t<\/section>\n\t\t\t\t<section class=\"elementor-section elementor-top-section elementor-element elementor-element-4d71e87 elementor-section-boxed elementor-section-height-default elementor-section-height-default\" data-id=\"4d71e87\" data-element_type=\"section\">\n\t\t\t\t\t\t<div class=\"elementor-container elementor-column-gap-default\">\n\t\t\t\t\t<div class=\"elementor-column elementor-col-100 elementor-top-column elementor-element elementor-element-eebbc1b\" data-id=\"eebbc1b\" data-element_type=\"column\">\n\t\t\t<div class=\"elementor-widget-wrap elementor-element-populated\">\n\t\t\t\t\t\t\t\t<div class=\"elementor-element elementor-element-dfdf6f8 elementor-widget elementor-widget-text-editor\" data-id=\"dfdf6f8\" data-element_type=\"widget\" data-widget_type=\"text-editor.default\">\n\t\t\t\t<div class=\"elementor-widget-container\">\n\t\t\t\t\t<div class=\"elementor-text-editor elementor-clearfix\"><h5 id=\"dolg-1\">Politikaelm\u00e9let<\/h5>\n<ul>\n \t<li><a href=\"http:\/\/civilportal.ro\/BodoBarna\/wp-content\/uploads\/2021\/03\/Teveszmek-a-politikaban.pdf\" target=\"_blank\" rel=\"noopener\">T\u00e9veszm\u00e9k a politik\u00e1ban<\/a> In: <em>Korunk<\/em> 2010\/9 pp.49-60.<\/li>\n<\/ul>\n<h5 id=\"dolg-2\">Auton\u00f3mia<\/h5>\n<ul>\n \t<li><a href=\"http:\/\/civilportal.ro\/BodoBarna\/wp-content\/uploads\/2021\/03\/Autonomia-paradoxonok.pdf\" target=\"_blank\" rel=\"noopener\">Auton\u00f3mia-paradoxonok<\/a>, In: <em>Magyar Kisebbs\u00e9g<\/em>, 2004\/1-2. p.67-73<\/li>\n \t<li><a href=\"http:\/\/civilportal.ro\/BodoBarna\/wp-content\/uploads\/2021\/03\/A-szekelyfoldi-autonomia-mozgasterei.pdf\" target=\"_blank\" rel=\"noopener\">A sz\u00e9kelyf\u00f6ldi auton\u00f3mia mozg\u00e1sterei<\/a>, In: <em>Kisebbs\u00e9gkutat\u00e1s<\/em>, 2016\/3. pp.7-41.<\/li>\n \t<li><a href=\"http:\/\/civilportal.ro\/BodoBarna\/wp-content\/uploads\/2021\/03\/Jovokep-autonomia-szekely-kozigazgatas.pdf\" target=\"_blank\" rel=\"noopener\">J\u00f6v\u0151k\u00e9p, auton\u00f3mia \u2013 sz\u00e9kely k\u00f6zigazgat\u00e1s<\/a>, <em>Pro Publico Bono \u2013 Magyar K\u00f6zigazgat\u00e1s<\/em>, 2018\/1, k\u00fcl\u00f6nsz\u00e1m. 6-43.<\/li>\n<\/ul>\n<h5 id=\"dolg-3\">Nemzeti kisebbs\u00e9gek, etnikumk\u00f6zi kapcsolatok<\/h5>\n<ul>\n \t<li>Korszer\u0171 korszer\u0171tlens\u00e9g, In: <em>Hitel<\/em> <a href=\"http:\/\/civilportal.ro\/BodoBarna\/wp-content\/uploads\/2021\/03\/Korszeru-korszerutlenseg-Hitel-1991-13.pdf\" target=\"_blank\" rel=\"noopener\">1991\/13, p.38-39.<\/a> \u00e9s <a href=\"http:\/\/civilportal.ro\/BodoBarna\/wp-content\/uploads\/2021\/03\/Korszeru-korszerutlenseg-Hitel-1991-14.pdf\" target=\"_blank\" rel=\"noopener\">1991\/14, p.56-57.<\/a><\/li>\n \t<li>Kisebbs\u00e9gek \u00e9s Kelet-Eur\u00f3pa. <em>A H\u00e9t<\/em>, 1994\/<a href=\"http:\/\/civilportal.ro\/BodoBarna\/wp-content\/uploads\/2021\/03\/Kisebbsegek-es-Kelet-Europa-A-Het-1994-2.pdf\" target=\"_blank\" rel=\"noopener\">2<\/a>; <a href=\"http:\/\/civilportal.ro\/BodoBarna\/wp-content\/uploads\/2021\/03\/Kisebbsegek-es-Kelet-Europa-A-Het-1994-3.pdf\" target=\"_blank\" rel=\"noopener\">3<\/a>. \u00a0<a href=\"http:\/\/digiteka.ro\/readme\/7\/28538\/1\" target=\"_blank\" rel=\"noopener\">http:\/\/digiteka.ro\/readme\/7\/28538\/1<\/a><\/li>\n \t<li><a href=\"http:\/\/civilportal.ro\/BodoBarna\/wp-content\/uploads\/2021\/03\/Alapszerzodes-es-kisebbsegi-jogok.pdf\" target=\"_blank\" rel=\"noopener\">Alapszerz\u0151d\u00e9s \u00e9s kisebbs\u00e9gi jogok<\/a>, In: <em>Hitel<\/em>, 1995\/8. p.49-54.<\/li>\n \t<li>Azonosul\u00e1s, elitek, pereml\u00e9t. <em>A H\u00e9t<\/em>, 1997\/<a href=\"http:\/\/civilportal.ro\/BodoBarna\/wp-content\/uploads\/2021\/03\/Azonosulas-elitek-peremlet-1997-43.pdf\" target=\"_blank\" rel=\"noopener\">43<\/a>; <a href=\"http:\/\/civilportal.ro\/BodoBarna\/wp-content\/uploads\/2021\/03\/Azonosulas-elitek-peremlet-1997-44.pdf\" target=\"_blank\" rel=\"noopener\">44<\/a>; <a href=\"http:\/\/civilportal.ro\/BodoBarna\/wp-content\/uploads\/2021\/03\/Azonosulas-elitek-peremlet-1997-45.pdf\" target=\"_blank\" rel=\"noopener\">45<\/a>.<\/li>\n \t<li><a href=\"http:\/\/civilportal.ro\/BodoBarna\/wp-content\/uploads\/2021\/03\/Szerepproba.pdf\" target=\"_blank\" rel=\"noopener\">Szereppr\u00f3ba<\/a>. Feljegyz\u00e9sek a kisebbs\u00e9gi alag\u00fatb\u00f3l.<em> A H\u00e9t<\/em>, 1998\/17;18 \u00e9s <em>Val\u00f3s\u00e1g<\/em>, 1998\/7. pp. 68-80.<\/li>\n \t<li><a href=\"http:\/\/civilportal.ro\/BodoBarna\/wp-content\/uploads\/2021\/03\/Belepes-es-szocializacio-a-bansagi-szekelyeknel.pdf\" target=\"_blank\" rel=\"noopener\">Bel\u00e9p\u00e9s \u00e9s szocializ\u00e1ci\u00f3 a b\u00e1ns\u00e1gi sz\u00e9kelyekn\u00e9l<\/a>. <em>A H\u00e9t<\/em>, 1998\/11.<\/li>\n \t<li><a href=\"http:\/\/civilportal.ro\/BodoBarna\/wp-content\/uploads\/2021\/03\/Egyutt-de-kulon-Bansagi-etnikai-diskurzusok.pdf\" target=\"_blank\" rel=\"noopener\">Egy\u00fctt, de k\u00fcl\u00f6n. B\u00e1ns\u00e1gi etnikai diskurzusok.<\/a> <em>A H\u00e9t<\/em>, 1999\/41.<\/li>\n \t<li>Elitek, modellek, szerepek I.II. In: <em>Korunk<\/em>, 1999\/4, pp. 65-73. \u00e9s 1999\/5. pp. 89-101. (T\u00e1rsszerz\u0151 Bakk Mikl\u00f3s) <a href=\"http:\/\/epa.oszk.hu\/00400\/00458\/00016\/4k12.htm\" target=\"_blank\" rel=\"noopener\">http:\/\/epa.oszk.hu\/00400\/00458\/00016\/4k12.htm<\/a><\/li>\n \t<li><a href=\"http:\/\/civilportal.ro\/BodoBarna\/wp-content\/uploads\/2021\/03\/Tolerancia-szabadsag-modernitas.pdf\" target=\"_blank\" rel=\"noopener\">Tolerancia, szabads\u00e1g, modernit\u00e1s<\/a>, In: <em>Hitel<\/em> (Budapest), 2001\/10, p.79-90.<\/li>\n \t<li>Esem\u00e9nyt\u00f6rt\u00e9net \u00e9s szellemrajz, In: <em>Magyar Kisebbs\u00e9g<\/em>, 2002\/1. <a href=\"https:\/\/epa.oszk.hu\/02100\/02169\/00018\/pdf\/020105.pdf\" target=\"_blank\" rel=\"noopener\">https:\/\/epa.oszk.hu\/02100\/02169\/00018\/pdf\/020105.pdf<\/a><\/li>\n \t<li><a href=\"http:\/\/civilportal.ro\/BodoBarna\/wp-content\/uploads\/2021\/03\/Banat-si-interculturalitate.pdf\" target=\"_blank\" rel=\"noopener\">Banat si interculturalitate<\/a> In <em>Agora<\/em> 2011\/3. 69-74.<\/li>\n \t<li><a href=\"http:\/\/civilportal.ro\/BodoBarna\/wp-content\/uploads\/2021\/03\/Dialogul-si-spatiul-discursiv-al-tranzitiei-postcomuniste.pdf\" target=\"_blank\" rel=\"noopener\">Dialogul \u015fi spa\u0163iul discursiv al tranzi\u0163iei postcomuniste<\/a>, In: <em>Studia Universitatis Babe\u015f-Bolyai Politica<\/em>, 2005\/ l. 81-87.<\/li>\n \t<li><a href=\"http:\/\/civilportal.ro\/BodoBarna\/wp-content\/uploads\/2021\/03\/Az-erdelyi-nemet-kerdes-es-Jakabffy.pdf\" target=\"_blank\" rel=\"noopener\">Az erd\u00e9lyi n\u00e9met k\u00e9rd\u00e9s \u00e9s Jakabffy<\/a>, In <em>Kisebbs\u00e9gi Szemle<\/em> 2017\/2. 109-142.<\/li>\n<\/ul>\n<h5 id=\"dolg-4\">Oktat\u00e1s, kult\u00fara<\/h5>\n<ul>\n \t<li>Iskolav\u00e1laszt\u00e1s, anyanyelv, nemzetis\u00e9g 1-4. (t\u00e1rsszerz\u0151: Albert Ferenc) <em>A H\u00e9t<\/em> 1993\/<a href=\"http:\/\/civilportal.ro\/BodoBarna\/wp-content\/uploads\/2021\/03\/Iskolavalasztas-anyanyelv-nemzetiseg-A-Het-1993-14.pdf\" target=\"_blank\" rel=\"noopener\">14<\/a>, <a href=\"http:\/\/civilportal.ro\/BodoBarna\/wp-content\/uploads\/2021\/03\/Iskolavalasztas-anyanyelv-nemzetiseg-A-Het-1993-15.pdf\" target=\"_blank\" rel=\"noopener\">15<\/a>, <a href=\"http:\/\/civilportal.ro\/BodoBarna\/wp-content\/uploads\/2021\/03\/Iskolavalasztas-anyanyelv-nemzetiseg-A-Het-1993-16.pdf\" target=\"_blank\" rel=\"noopener\">16<\/a>, <a href=\"http:\/\/civilportal.ro\/BodoBarna\/wp-content\/uploads\/2021\/03\/Iskolavalasztas-anyanyelv-nemzetiseg-A-Het-1993-17.pdf\" target=\"_blank\" rel=\"noopener\">17<\/a>.\u00a0 <a href=\"http:\/\/digiteka.ro\/readme\/7\/28504\/1\" target=\"_blank\" rel=\"noopener\">http:\/\/digiteka.ro\/readme\/7\/28504\/1<\/a><\/li>\n \t<li><a href=\"http:\/\/civilportal.ro\/BodoBarna\/wp-content\/uploads\/2021\/03\/Helyi-elit-es-anyanyelvi-oktatas.pdf\" target=\"_blank\" rel=\"noopener\">Helyi elit \u00e9s anyanyelvi oktat\u00e1s<\/a>. <em>A H\u00e9t<\/em>, 1998\/26. \u00e9s <em>Nyelv\u00fcnk \u00e9s Kult\u00far\u00e1nk<\/em>, 1998\/102. 111-118.<\/li>\n \t<li><a href=\"http:\/\/civilportal.ro\/BodoBarna\/wp-content\/uploads\/2021\/03\/Tudas-es-tanulas.pdf\" target=\"_blank\" rel=\"noopener\">Tud\u00e1s \u00e9s tanul\u00e1s<\/a>, In: <em>Sz\u00edn \u2013 K\u00f6z\u00f6ss\u00e9gi M\u0171vel\u0151d\u00e9s<\/em>, 2007\/1. 77-79.<\/li>\n \t<li><a href=\"http:\/\/civilportal.ro\/BodoBarna\/wp-content\/uploads\/2021\/03\/A-Bolyai-egyetem-mint-politikai-projekt.pdf\" target=\"_blank\" rel=\"noopener\">A Bolyai egyetem, mint politikai projekt<\/a>, In: <em>Mester \u00e9s Tan\u00edtv\u00e1ny<\/em>, 2008\/8. 10-32.<\/li>\n \t<li><a href=\"http:\/\/civilportal.ro\/BodoBarna\/wp-content\/uploads\/2021\/03\/Magyar-iskolavalasztas-Erdelyben-Bodo-Barna-es-Marton-Janos.pdf\" target=\"_blank\" rel=\"noopener\">Magyar iskolav\u00e1laszt\u00e1s Erd\u00e9lyben<\/a>. Bod\u00f3 Barna \u00e9s M\u00e1rton J\u00e1nos. <em>Kisebbs\u00e9gkutat\u00e1s,<\/em> 2012\/3. 418-473.<\/li>\n \t<li><a href=\"http:\/\/civilportal.ro\/BodoBarna\/wp-content\/uploads\/2021\/03\/Magyar-fiatalok-tobbsegi-iskolavalasztasa-Aradon.pdf\" target=\"_blank\" rel=\"noopener\">Magyar fiatalok t\u00f6bbs\u00e9gi iskolav\u00e1laszt\u00e1sa Aradon<\/a>, In <em>Kisebbs\u00e9gkutat\u00e1s<\/em> 2013\/4. 31-49.<\/li>\n \t<li><a href=\"http:\/\/civilportal.ro\/BodoBarna\/wp-content\/uploads\/2021\/03\/Jog-es-politika-Romaniaban-A-marosvasarhelyi-katolikus-liceum-kalvariaja.pdf\" target=\"_blank\" rel=\"noopener\">Jog \u00e9s politika Rom\u00e1ni\u00e1ban. A marosv\u00e1s\u00e1rhelyi katolikus l\u00edceum k\u00e1lv\u00e1ri\u00e1ja.<\/a> In <em>Magyar Kisebbs\u00e9g<\/em>, 2018\/3-4. 18-48.<\/li>\n \t<li>Oktat\u00e1si re\u00e1lpolitika, In: <em>Magyar Kisebbs\u00e9g<\/em>, 1998\/2. pp.15-23 <a href=\"https:\/\/epa.oszk.hu\/02100\/02169\/00009\/m980202.htm\" target=\"_blank\" rel=\"noopener\">https:\/\/epa.oszk.hu\/02100\/02169\/00009\/m980202.htm<\/a><\/li>\n \t<li><a href=\"http:\/\/civilportal.ro\/BodoBarna\/wp-content\/uploads\/2021\/03\/Az-egyetem-kerdes-olvasatai.pdf\" target=\"_blank\" rel=\"noopener\">Az egyetem-k\u00e9rd\u00e9s olvasatai<\/a>, In: <em>Magyar Kisebbs\u00e9g<\/em>, 2006\/1-2, pp. 45-54<\/li>\n \t<li><a href=\"http:\/\/civilportal.ro\/BodoBarna\/wp-content\/uploads\/2021\/03\/Az-egyetem-kerdes-olvasatai.pdf\" target=\"_blank\" rel=\"noopener\">Jog \u00e9s politika Rom\u00e1ni\u00e1ban<\/a><\/li>\n \t<li><a href=\"http:\/\/civilportal.ro\/BodoBarna\/wp-content\/uploads\/2025\/07\/Bodo-Barna_Allami-Magyar-Fogimnazium-Lugos.pdf\" target=\"_blank\" rel=\"noopener\">\u00c1llami magyar f\u0151gimn\u00e1zium, Lugos<\/a>, In Bod\u00f3 Barna (szerk.) <em>\u00c9p\u00edtett \u00f6r\u00f6ks\u00e9g\u00fcnk a Temesk\u00f6zben<\/em>. B\u00e1ns\u00e1gi Magyar \u00c9rt\u00e9kek\u00e9rt Egyes\u00fclet, Temesv\u00e1r, 2024.117\u2013149.<\/li>\n<\/ul>\n<h5 id=\"dolg-4b\">Tudom\u00e1nyt\u00f6rt\u00e9net<\/h5>\n<ul>\n \t<li><a href=\"http:\/\/civilportal.ro\/BodoBarna\/wp-content\/uploads\/2025\/07\/Bodo-Barna_Bolyai-es-Temesvar.pdf\" target=\"_blank\" rel=\"noopener\">Bolyai \u00e9s Temesv\u00e1r<\/a>, In <em>Mindenki Kalend\u00e1riuma 2024<\/em>. Helyt\u00f6rt\u00e9neti \u00c9vk\u00f6nyv, pp.240-260.<\/li>\n<\/ul>\n<h5 id=\"dolg-5\">Regionalizmus<\/h5>\n<ul>\n \t<li><a href=\"http:\/\/civilportal.ro\/BodoBarna\/wp-content\/uploads\/2021\/03\/Az-otthontol-a-hazaig.pdf\" target=\"_blank\" rel=\"noopener\">Otthont\u00f3l a haz\u00e1ig<\/a>, In <em>Somogy<\/em>, 1996\/4. 388-391.<\/li>\n \t<li><a href=\"http:\/\/civilportal.ro\/BodoBarna\/wp-content\/uploads\/2021\/03\/A-taji-torteneti-regioktol-az-euroregiokig.pdf\" target=\"_blank\" rel=\"noopener\">A t\u00e1ji-t\u00f6rt\u00e9neti r\u00e9gi\u00f3kt\u00f3l az euror\u00e9gi\u00f3kig, avagy a multikultur\u00e1lis regionalizmus \u00fcvegg\u00f6mbje.<\/a> In <em>Kisebbs\u00e9gkutat\u00e1s<\/em>, 1998\/4. 419-429. \u00e9s\u00a0 <em>A H\u00e9t<\/em>, 1998\/48;49.<\/li>\n \t<li>Sajt\u00f3 \u00e9s regionalizmus, In <em>Magyar Kisebbs\u00e9g<\/em>, 1999\/4, p. 271-289. <a href=\"https:\/\/epa.oszk.hu\/02100\/02169\/00013\/990430.htm\" target=\"_blank\" rel=\"noopener\">https:\/\/epa.oszk.hu\/02100\/02169\/00013\/990430.htm<\/a><\/li>\n \t<li>\u00datban hazafel\u00e9, In <em>Korunk<\/em>, 2008\/6. 5-9. <a href=\"http:\/\/epa.oszk.hu\/00400\/00458\/00138\/bodob.html\" target=\"_blank\" rel=\"noopener\">http:\/\/epa.oszk.hu\/00400\/00458\/00138\/bodob.html<\/a><\/li>\n \t<li><a href=\"http:\/\/civilportal.ro\/BodoBarna\/wp-content\/uploads\/2021\/03\/A-Duna-Koros-Maros-Tisza-euroregio-es-a-helyi-politikai-elit.pdf\" target=\"_blank\" rel=\"noopener\">A DKMT euror\u00e9gi\u00f3 \u00e9s a helyi politikai elit<\/a>, In <em>Hitel<\/em>, 1999\/11. 64-77. (T\u00e1rsszerz\u0151k: M. Cernicova-Buc\u0103 \u00e9s Somogyi Attila)<\/li>\n \t<li><a href=\"http:\/\/civilportal.ro\/BodoBarna\/wp-content\/uploads\/2021\/03\/From-Geographical-Historical-Regions-to-the-Euro-Regions.pdf\" target=\"_blank\" rel=\"noopener\">From Geographical\/Historical Regions to the Euro Regions, or the Crystal Ball of Multicultural Regionalism<\/a> In <em>Minorities Research<\/em> 1999\/1. 23-31.<\/li>\n \t<li><a href=\"http:\/\/civilportal.ro\/BodoBarna\/wp-content\/uploads\/2021\/03\/Dimensiunea-culturala-a-cooperarii-in-Euroregiunea-DKMT.pdf\" target=\"_blank\" rel=\"noopener\">Dimensiunea cultural\u0103 a cooper\u0103rii \u00een Euroregiunea DKMT<\/a> (A kultur\u00e1lis egy\u00fcttm\u0171k\u00f6d\u00e9s a DKMT Euror\u00e9gi\u00f3ban), In <em>Geographica Timisiensis<\/em>, 2002\/1. 97-109.<\/li>\n \t<li><a href=\"http:\/\/civilportal.ro\/BodoBarna\/wp-content\/uploads\/2021\/03\/Kistersegek-civilek-szerkezetek.pdf\" target=\"_blank\" rel=\"noopener\">Kist\u00e9rs\u00e9gek, civilek, szerkezetek<\/a>, In <em>T\u00e9r \u00e9s T\u00e1rsadalom<\/em>, 2005\/1. 115-140.<\/li>\n \t<li><a href=\"http:\/\/civilportal.ro\/BodoBarna\/wp-content\/uploads\/2021\/03\/Regions-as-political-litmus.pdf\" target=\"_blank\" rel=\"noopener\">Regions as political litmus<\/a> In <em>Minorities Research<\/em> 2012\/14. 127-143.<\/li>\n<\/ul>\n<h5 id=\"dolg-6\">RMDSZ \u2013 \u00e9rdekv\u00e9delem<\/h5>\n<ul>\n \t<li><a href=\"http:\/\/civilportal.ro\/BodoBarna\/wp-content\/uploads\/2021\/03\/Ismetlodo-tortenelem.pdf\" target=\"_blank\" rel=\"noopener\">Ism\u00e9tl\u0151d\u0151 t\u00f6rt\u00e9nelem?<\/a>, In: <em>A H\u00e9t<\/em>, 1995\/5. <a href=\"http:\/\/digiteka.ro\/readme\/7\/28588\/1\" target=\"_blank\" rel=\"noopener\">http:\/\/digiteka.ro\/readme\/7\/28588\/1<\/a><\/li>\n \t<li><a href=\"http:\/\/civilportal.ro\/BodoBarna\/wp-content\/uploads\/2021\/03\/Kepviselet-es-demokracia.pdf\" target=\"_blank\" rel=\"noopener\">K\u00e9pviselet \u00e9s demokr\u00e1cia<\/a>. In: <em>A H\u00e9t<\/em>, 1997\/29.<\/li>\n \t<li>V\u00e1laszt\u00e1s \u00e9s v\u00e1lt\u00e1s. In: <em>Magyar Kisebbs\u00e9g<\/em>, 2000\/4. <a href=\"https:\/\/epa.oszk.hu\/02100\/02169\/00017\/pdf\/000401.pdf\" target=\"_blank\" rel=\"noopener\">https:\/\/epa.oszk.hu\/02100\/02169\/00017\/pdf\/000401.pdf<\/a><\/li>\n \t<li><a href=\"http:\/\/civilportal.ro\/BodoBarna\/wp-content\/uploads\/2021\/03\/Honnan-merre.pdf\" target=\"_blank\" rel=\"noopener\">Honnan merre?<\/a> In: <em>Kisebbs\u00e9gkutat\u00e1s<\/em> (Budapest), 2001\/1. 8-15.<\/li>\n \t<li><a href=\"http:\/\/civilportal.ro\/BodoBarna\/wp-content\/uploads\/2021\/03\/Becsi-naplo-2012-4-p9.pdf\" target=\"_blank\" rel=\"noopener\">Helyhat\u00f3s\u00e1gi v\u00e1laszt\u00e1sok Rom\u00e1ni\u00e1ban.<\/a> In<em> B\u00e9csi Napl\u00f3<\/em> 2012\/4.<\/li>\n \t<li><a href=\"http:\/\/civilportal.ro\/BodoBarna\/wp-content\/uploads\/2021\/03\/Becsi-naplo-2013-1-p7.pdf\" target=\"_blank\" rel=\"noopener\">Ki\u00e9 a gy\u0151zelem? Parlamenti v\u00e1laszt\u00e1sok Rom\u00e1ni\u00e1ban<\/a>, 2012 In <em>B\u00e9csi Napl\u00f3<\/em> 2013\/1.<\/li>\n \t<li><a href=\"http:\/\/civilportal.ro\/BodoBarna\/wp-content\/uploads\/2021\/03\/Sikert-sikerre-Parlamenti-valasztasok-Romaniaban-2016.pdf\" target=\"_blank\" rel=\"noopener\">Sikert sikerre. Parlamenti v\u00e1laszt\u00e1sok Rom\u00e1ni\u00e1ban 2016<\/a>, In: <em>Kisebbs\u00e9gkutat\u00e1s<\/em> 2017\/1. 58-81.<\/li>\n<\/ul>\n<h5 id=\"dolg-7\">Rom\u00e1nia<\/h5>\n<ul>\n \t<li><a href=\"http:\/\/civilportal.ro\/BodoBarna\/wp-content\/uploads\/2021\/03\/Egy-szokatlan-forradalomtortenet.pdf\" target=\"_blank\" rel=\"noopener\">Egy szokatlan forradalomt\u00f6rt\u00e9net<\/a>, Bod\u00f3 Barna \u00e9s Mandics Gy\u00f6rgy besz\u00e9lget\u00e9se In <em>Somogy<\/em> 1994\/5. 396-404.<\/li>\n \t<li><a href=\"http:\/\/civilportal.ro\/BodoBarna\/wp-content\/uploads\/2021\/03\/Lokalitas-es-erdektagolodas.pdf\" target=\"_blank\" rel=\"noopener\">Lokalit\u00e1s \u00e9s \u00e9rdektagol\u00f3d\u00e1s<\/a>, In <em>Pro Minoritate<\/em>, 1997\/3-4. 116-128.<\/li>\n \t<li><a href=\"http:\/\/civilportal.ro\/BodoBarna\/wp-content\/uploads\/2021\/03\/A-romansag-csangoi.pdf\" target=\"_blank\" rel=\"noopener\">A rom\u00e1ns\u00e1g cs\u00e1ng\u00f3i<\/a>, In <em>Korunk<\/em>, 2014\/12. 35-47. <a href=\"http:\/\/epa.oszk.hu\/00400\/00458\/00611\/pdf\/EPA00458_korunk_2014_12_035-046.pdf\" target=\"_blank\" rel=\"noopener\">http:\/\/epa.oszk.hu\/00400\/00458\/00611\/pdf\/EPA00458_korunk_2014_12_035-046.pdf<\/a><\/li>\n \t<li><a href=\"http:\/\/civilportal.ro\/BodoBarna\/wp-content\/uploads\/2021\/03\/A-demokracia-kapujaban.pdf\">A demokr\u00e1cia kapuj\u00e1ban.<\/a> <em>Aracs,<\/em> 2015\/3\u00a0 111-115<\/li>\n<\/ul>\n<h5 id=\"dolg-8\">Eur\u00f3pa, K\u00f6z\u00e9p-Eur\u00f3pa, Eur\u00f3pai Uni\u00f3<\/h5>\n<ul>\n \t<li><a href=\"http:\/\/civilportal.ro\/BodoBarna\/wp-content\/uploads\/2021\/03\/Nacionalizmus-es-identitas.pdf\" target=\"_blank\" rel=\"noopener\">Nacionalizmus \u00e9s identit\u00e1s<\/a>, In <em>A H\u00e9t<\/em>, 1997\/5.<\/li>\n \t<li><a href=\"http:\/\/civilportal.ro\/BodoBarna\/wp-content\/uploads\/2021\/03\/Schengen-a-kihivas.pdf\" target=\"_blank\" rel=\"noopener\">Schengen a kih\u00edv\u00e1s.<\/a> <em>A H\u00e9t,<\/em> 1999\/14<\/li>\n \t<li><a href=\"http:\/\/civilportal.ro\/BodoBarna\/wp-content\/uploads\/2021\/03\/Felelosseg-es-torveny.pdf\" target=\"_blank\" rel=\"noopener\">Felel\u0151ss\u00e9g \u00e9s t\u00f6rv\u00e9ny<\/a>. <em>Erd\u00e9lyi M\u00fazeum,<\/em> 2003.1-2.<\/li>\n<\/ul><\/div>\n\t\t\t\t<\/div>\n\t\t\t\t<\/div>\n\t\t\t\t\t<\/div>\n\t\t<\/div>\n\t\t\t\t\t\t\t<\/div>\n\t\t<\/section>\n\t\t\t\t<section class=\"elementor-section elementor-top-section elementor-element elementor-element-301cfc6 elementor-section-boxed elementor-section-height-default elementor-section-height-default\" data-id=\"301cfc6\" data-element_type=\"section\">\n\t\t\t\t\t\t<div class=\"elementor-container elementor-column-gap-default\">\n\t\t\t\t\t<div class=\"elementor-column elementor-col-100 elementor-top-column elementor-element elementor-element-28dd0f8\" data-id=\"28dd0f8\" data-element_type=\"column\">\n\t\t\t<div class=\"elementor-widget-wrap elementor-element-populated\">\n\t\t\t\t\t\t\t\t<div class=\"elementor-element elementor-element-258ad81 elementor-widget elementor-widget-spacer\" data-id=\"258ad81\" data-element_type=\"widget\" data-widget_type=\"spacer.default\">\n\t\t\t\t<div class=\"elementor-widget-container\">\n\t\t\t\t\t<div class=\"elementor-spacer\">\n\t\t\t<div class=\"elementor-spacer-inner\"><\/div>\n\t\t<\/div>\n\t\t\t\t<\/div>\n\t\t\t\t<\/div>\n\t\t\t\t\t<\/div>\n\t\t<\/div>\n\t\t\t\t\t\t\t<\/div>\n\t\t<\/section>\n\t\t\t\t\t\t<\/div>\n\t\t\t\t\t<\/div>\n\t\t","protected":false},"excerpt":{"rendered":"<p>Dolgozatok A dolgozatokat tematikailag besorolom. Nem jelennek itt meg a sz\u00f3rv\u00e1ny \u00e9s a civil szf\u00e9ra t\u00e9mak\u00f6rben k\u00f6z\u00f6lt dolgozatok. Azokat a megfelel\u0151 f\u00fcln\u00e9l fogom megjelen\u00edteni.Vannak dolgozatok, amelyek t\u00f6bb t\u00e9mak\u00f6rbe is besorolhat\u00f3ak \u2013 ezek k\u00e9t helyen is megjelenhetnek.A sz\u00f6vegek el\u00e9rhet\u0151s\u00e9ge: a legt\u00f6bb dolgozatot a szerz\u0151 szkenneltette be, t\u00f6bb esetben a szerkeszt\u0151s\u00e9g k\u00fcld\u00f6tt pdf-kiterjeszt\u00e9s\u0171 dokumentumot, \u00e9s amikor a honlapr\u00f3l nem lehetett let\u00f6lteni az l\u00e9tez\u0151 dokumentumot, akkor linket adok meg. POLITIKAELM\u00c9LET AUTON\u00d3MIA NEMZETI KISEBBS\u00c9GEK, ETNIKUMK\u00d6ZI KAPCSOLATOK OKTAT\u00c1S, KULT\u00daRA TUDOM\u00c1NYT\u00d6RT\u00c9NET REGIONALIZMUS RMDSZ \u2013 \u00c9RDEKV\u00c9DELEM ROM\u00c1NIA EUR\u00d3PA, K\u00d6Z\u00c9P-EUR\u00d3PA, EUR\u00d3PAI UNI\u00d3 Politikaelm\u00e9let T\u00e9veszm\u00e9k a politik\u00e1ban In: Korunk 2010\/9 pp.49-60. Auton\u00f3mia Auton\u00f3mia-paradoxonok, In: Magyar Kisebbs\u00e9g, 2004\/1-2. p.67-73 A sz\u00e9kelyf\u00f6ldi auton\u00f3mia mozg\u00e1sterei, In: Kisebbs\u00e9gkutat\u00e1s, 2016\/3. pp.7-41. J\u00f6v\u0151k\u00e9p, auton\u00f3mia \u2013 sz\u00e9kely k\u00f6zigazgat\u00e1s, Pro Publico Bono \u2013 Magyar K\u00f6zigazgat\u00e1s, 2018\/1, k\u00fcl\u00f6nsz\u00e1m. 6-43. Nemzeti kisebbs\u00e9gek, etnikumk\u00f6zi kapcsolatok Korszer\u0171 korszer\u0171tlens\u00e9g, In: Hitel 1991\/13, p.38-39. \u00e9s 1991\/14, p.56-57. Kisebbs\u00e9gek \u00e9s Kelet-Eur\u00f3pa. A H\u00e9t, 1994\/2; 3. \u00a0http:\/\/digiteka.ro\/readme\/7\/28538\/1 Alapszerz\u0151d\u00e9s \u00e9s kisebbs\u00e9gi jogok, In: Hitel, 1995\/8. p.49-54. Azonosul\u00e1s, elitek, pereml\u00e9t. A H\u00e9t, 1997\/43; 44; 45. Szereppr\u00f3ba. Feljegyz\u00e9sek a kisebbs\u00e9gi alag\u00fatb\u00f3l. A H\u00e9t, 1998\/17;18 \u00e9s Val\u00f3s\u00e1g, 1998\/7. pp. 68-80. Bel\u00e9p\u00e9s \u00e9s szocializ\u00e1ci\u00f3 a b\u00e1ns\u00e1gi sz\u00e9kelyekn\u00e9l. A H\u00e9t, 1998\/11. Egy\u00fctt, de k\u00fcl\u00f6n. B\u00e1ns\u00e1gi etnikai diskurzusok. A H\u00e9t, 1999\/41. Elitek, modellek, szerepek I.II. In: Korunk, 1999\/4, pp. 65-73. \u00e9s 1999\/5. pp. 89-101. (T\u00e1rsszerz\u0151 Bakk Mikl\u00f3s) http:\/\/epa.oszk.hu\/00400\/00458\/00016\/4k12.htm Tolerancia, szabads\u00e1g, modernit\u00e1s, In: Hitel (Budapest), 2001\/10, p.79-90. Esem\u00e9nyt\u00f6rt\u00e9net \u00e9s szellemrajz, In: Magyar Kisebbs\u00e9g, 2002\/1. https:\/\/epa.oszk.hu\/02100\/02169\/00018\/pdf\/020105.pdf Banat si interculturalitate In Agora 2011\/3. 69-74. Dialogul \u015fi spa\u0163iul discursiv al tranzi\u0163iei postcomuniste, In: Studia Universitatis Babe\u015f-Bolyai Politica, 2005\/ l. 81-87. Az erd\u00e9lyi n\u00e9met k\u00e9rd\u00e9s \u00e9s Jakabffy, In Kisebbs\u00e9gi Szemle 2017\/2. 109-142. Oktat\u00e1s, kult\u00fara Iskolav\u00e1laszt\u00e1s, anyanyelv, nemzetis\u00e9g 1-4. (t\u00e1rsszerz\u0151: Albert Ferenc) A H\u00e9t 1993\/14, 15, 16, 17.\u00a0 http:\/\/digiteka.ro\/readme\/7\/28504\/1 Helyi elit \u00e9s anyanyelvi oktat\u00e1s. A H\u00e9t, 1998\/26. \u00e9s Nyelv\u00fcnk \u00e9s Kult\u00far\u00e1nk, 1998\/102. 111-118. Tud\u00e1s \u00e9s tanul\u00e1s, In: Sz\u00edn \u2013 K\u00f6z\u00f6ss\u00e9gi M\u0171vel\u0151d\u00e9s, 2007\/1. 77-79. A Bolyai egyetem, mint politikai projekt, In: Mester \u00e9s Tan\u00edtv\u00e1ny, 2008\/8. 10-32. Magyar iskolav\u00e1laszt\u00e1s Erd\u00e9lyben. Bod\u00f3 Barna \u00e9s M\u00e1rton J\u00e1nos. Kisebbs\u00e9gkutat\u00e1s, 2012\/3. 418-473. Magyar fiatalok t\u00f6bbs\u00e9gi iskolav\u00e1laszt\u00e1sa Aradon, In Kisebbs\u00e9gkutat\u00e1s 2013\/4. 31-49. Jog \u00e9s politika Rom\u00e1ni\u00e1ban. A marosv\u00e1s\u00e1rhelyi katolikus l\u00edceum k\u00e1lv\u00e1ri\u00e1ja. In Magyar Kisebbs\u00e9g, 2018\/3-4. 18-48. Oktat\u00e1si re\u00e1lpolitika, In: Magyar Kisebbs\u00e9g, 1998\/2. pp.15-23 https:\/\/epa.oszk.hu\/02100\/02169\/00009\/m980202.htm Az egyetem-k\u00e9rd\u00e9s olvasatai, In: Magyar Kisebbs\u00e9g, 2006\/1-2, pp. 45-54 Jog \u00e9s politika Rom\u00e1ni\u00e1ban \u00c1llami magyar f\u0151gimn\u00e1zium, Lugos, In Bod\u00f3 Barna (szerk.) \u00c9p\u00edtett \u00f6r\u00f6ks\u00e9g\u00fcnk a Temesk\u00f6zben. B\u00e1ns\u00e1gi Magyar \u00c9rt\u00e9kek\u00e9rt Egyes\u00fclet, Temesv\u00e1r, 2024.117\u2013149. Tudom\u00e1nyt\u00f6rt\u00e9net Bolyai \u00e9s Temesv\u00e1r, In Mindenki Kalend\u00e1riuma 2024. Helyt\u00f6rt\u00e9neti \u00c9vk\u00f6nyv, pp.240-260. Regionalizmus Otthont\u00f3l a haz\u00e1ig, In Somogy, 1996\/4. 388-391. A t\u00e1ji-t\u00f6rt\u00e9neti r\u00e9gi\u00f3kt\u00f3l az euror\u00e9gi\u00f3kig, avagy a multikultur\u00e1lis regionalizmus \u00fcvegg\u00f6mbje. In Kisebbs\u00e9gkutat\u00e1s, 1998\/4. 419-429. \u00e9s\u00a0 A H\u00e9t, 1998\/48;49. Sajt\u00f3 \u00e9s regionalizmus, In Magyar Kisebbs\u00e9g, 1999\/4, p. 271-289. https:\/\/epa.oszk.hu\/02100\/02169\/00013\/990430.htm \u00datban hazafel\u00e9, In Korunk, 2008\/6. 5-9. http:\/\/epa.oszk.hu\/00400\/00458\/00138\/bodob.html A DKMT euror\u00e9gi\u00f3 \u00e9s a helyi politikai elit, In Hitel, 1999\/11. 64-77. (T\u00e1rsszerz\u0151k: M. Cernicova-Buc\u0103 \u00e9s Somogyi Attila) From Geographical\/Historical Regions to the Euro Regions, or the Crystal Ball of Multicultural Regionalism In Minorities Research 1999\/1. 23-31. Dimensiunea cultural\u0103 a cooper\u0103rii \u00een Euroregiunea DKMT (A kultur\u00e1lis egy\u00fcttm\u0171k\u00f6d\u00e9s a DKMT Euror\u00e9gi\u00f3ban), In Geographica Timisiensis, 2002\/1. 97-109. Kist\u00e9rs\u00e9gek, civilek, szerkezetek, In T\u00e9r \u00e9s T\u00e1rsadalom, 2005\/1. 115-140. Regions as political litmus In Minorities Research 2012\/14. 127-143. RMDSZ \u2013 \u00e9rdekv\u00e9delem Ism\u00e9tl\u0151d\u0151 t\u00f6rt\u00e9nelem?, In: A H\u00e9t, 1995\/5. http:\/\/digiteka.ro\/readme\/7\/28588\/1 K\u00e9pviselet \u00e9s demokr\u00e1cia. In: A H\u00e9t, 1997\/29. V\u00e1laszt\u00e1s \u00e9s v\u00e1lt\u00e1s. In: Magyar Kisebbs\u00e9g, 2000\/4. https:\/\/epa.oszk.hu\/02100\/02169\/00017\/pdf\/000401.pdf Honnan merre? In: Kisebbs\u00e9gkutat\u00e1s (Budapest), 2001\/1. 8-15. Helyhat\u00f3s\u00e1gi v\u00e1laszt\u00e1sok Rom\u00e1ni\u00e1ban. In B\u00e9csi Napl\u00f3 2012\/4. Ki\u00e9 a gy\u0151zelem? Parlamenti v\u00e1laszt\u00e1sok Rom\u00e1ni\u00e1ban, 2012 In B\u00e9csi Napl\u00f3 2013\/1. Sikert sikerre. Parlamenti v\u00e1laszt\u00e1sok Rom\u00e1ni\u00e1ban 2016, In: Kisebbs\u00e9gkutat\u00e1s 2017\/1. 58-81. Rom\u00e1nia Egy szokatlan forradalomt\u00f6rt\u00e9net, Bod\u00f3 Barna \u00e9s Mandics Gy\u00f6rgy besz\u00e9lget\u00e9se In Somogy 1994\/5. 396-404. Lokalit\u00e1s \u00e9s \u00e9rdektagol\u00f3d\u00e1s, In Pro Minoritate, 1997\/3-4. 116-128. A rom\u00e1ns\u00e1g cs\u00e1ng\u00f3i, In Korunk, 2014\/12. 35-47. http:\/\/epa.oszk.hu\/00400\/00458\/00611\/pdf\/EPA00458_korunk_2014_12_035-046.pdf A demokr\u00e1cia kapuj\u00e1ban. Aracs, 2015\/3\u00a0 111-115 Eur\u00f3pa, K\u00f6z\u00e9p-Eur\u00f3pa, Eur\u00f3pai Uni\u00f3 Nacionalizmus \u00e9s identit\u00e1s, In A H\u00e9t, 1997\/5. Schengen a kih\u00edv\u00e1s. A H\u00e9t, 1999\/14 Felel\u0151ss\u00e9g \u00e9s t\u00f6rv\u00e9ny. Erd\u00e9lyi M\u00fazeum, 2003.1-2.<\/p>\n","protected":false},"author":1,"featured_media":0,"parent":0,"menu_order":0,"comment_status":"closed","ping_status":"closed","template":"elementor_header_footer","meta":{"footnotes":""},"class_list":["post-1562","page","type-page","status-publish","hentry"],"_links":{"self":[{"href":"http:\/\/civilportal.ro\/BodoBarna\/wp-json\/wp\/v2\/pages\/1562","targetHints":{"allow":["GET"]}}],"collection":[{"href":"http:\/\/civilportal.ro\/BodoBarna\/wp-json\/wp\/v2\/pages"}],"about":[{"href":"http:\/\/civilportal.ro\/BodoBarna\/wp-json\/wp\/v2\/types\/page"}],"author":[{"embeddable":true,"href":"http:\/\/civilportal.ro\/BodoBarna\/wp-json\/wp\/v2\/users\/1"}],"replies":[{"embeddable":true,"href":"http:\/\/civilportal.ro\/BodoBarna\/wp-json\/wp\/v2\/comments?post=1562"}],"version-history":[{"count":211,"href":"http:\/\/civilportal.ro\/BodoBarna\/wp-json\/wp\/v2\/pages\/1562\/revisions"}],"predecessor-version":[{"id":2072,"href":"http:\/\/civilportal.ro\/BodoBarna\/wp-json\/wp\/v2\/pages\/1562\/revisions\/2072"}],"wp:attachment":[{"href":"http:\/\/civilportal.ro\/BodoBarna\/wp-json\/wp\/v2\/media?parent=1562"}],"curies":[{"name":"wp","href":"https:\/\/api.w.org\/{rel}","templated":true}]}}