{"id":1306,"date":"2021-03-05T14:01:55","date_gmt":"2021-03-05T14:01:55","guid":{"rendered":"http:\/\/civilportal.ro\/BodoBarna\/?page_id=1306"},"modified":"2021-03-11T16:18:21","modified_gmt":"2021-03-11T16:18:21","slug":"kotetek","status":"publish","type":"page","link":"http:\/\/civilportal.ro\/BodoBarna\/kotetek\/","title":{"rendered":"K\u00f6tetek"},"content":{"rendered":"\t\t<div data-elementor-type=\"wp-page\" data-elementor-id=\"1306\" class=\"elementor elementor-1306\" data-elementor-settings=\"[]\">\n\t\t\t\t\t\t\t<div class=\"elementor-section-wrap\">\n\t\t\t\t\t\t\t<section class=\"elementor-section elementor-top-section elementor-element elementor-element-230f45e3 elementor-section-boxed elementor-section-height-default elementor-section-height-default\" data-id=\"230f45e3\" data-element_type=\"section\">\n\t\t\t\t\t\t<div class=\"elementor-container elementor-column-gap-default\">\n\t\t\t\t\t<div class=\"elementor-column elementor-col-100 elementor-top-column elementor-element elementor-element-53630353\" data-id=\"53630353\" data-element_type=\"column\">\n\t\t\t<div class=\"elementor-widget-wrap elementor-element-populated\">\n\t\t\t\t\t\t\t\t<div class=\"elementor-element elementor-element-477e2d10 elementor-widget elementor-widget-spacer\" data-id=\"477e2d10\" data-element_type=\"widget\" data-widget_type=\"spacer.default\">\n\t\t\t\t<div class=\"elementor-widget-container\">\n\t\t\t\t\t<div class=\"elementor-spacer\">\n\t\t\t<div class=\"elementor-spacer-inner\"><\/div>\n\t\t<\/div>\n\t\t\t\t<\/div>\n\t\t\t\t<\/div>\n\t\t\t\t\t<\/div>\n\t\t<\/div>\n\t\t\t\t\t\t\t<\/div>\n\t\t<\/section>\n\t\t\t\t<section class=\"elementor-section elementor-top-section elementor-element elementor-element-4b1f750e elementor-section-boxed elementor-section-height-default elementor-section-height-default\" data-id=\"4b1f750e\" data-element_type=\"section\">\n\t\t\t\t\t\t<div class=\"elementor-container elementor-column-gap-default\">\n\t\t\t\t\t<div class=\"elementor-column elementor-col-100 elementor-top-column elementor-element elementor-element-4170723\" data-id=\"4170723\" data-element_type=\"column\">\n\t\t\t<div class=\"elementor-widget-wrap elementor-element-populated\">\n\t\t\t\t\t\t\t\t<div class=\"elementor-element elementor-element-405f0b18 elementor-widget elementor-widget-heading\" data-id=\"405f0b18\" data-element_type=\"widget\" data-widget_type=\"heading.default\">\n\t\t\t\t<div class=\"elementor-widget-container\">\n\t\t\t<h1 class=\"elementor-heading-title elementor-size-default\">K\u00f6tetek<\/h1>\t\t<\/div>\n\t\t\t\t<\/div>\n\t\t\t\t\t<\/div>\n\t\t<\/div>\n\t\t\t\t\t\t\t<\/div>\n\t\t<\/section>\n\t\t\t\t<section class=\"elementor-section elementor-top-section elementor-element elementor-element-5c60b7a elementor-section-boxed elementor-section-height-default elementor-section-height-default\" data-id=\"5c60b7a\" data-element_type=\"section\">\n\t\t\t\t\t\t<div class=\"elementor-container elementor-column-gap-default\">\n\t\t\t\t\t<div class=\"elementor-column elementor-col-100 elementor-top-column elementor-element elementor-element-803c53f\" data-id=\"803c53f\" data-element_type=\"column\">\n\t\t\t<div class=\"elementor-widget-wrap elementor-element-populated\">\n\t\t\t\t\t\t\t\t<div class=\"elementor-element elementor-element-5208338 elementor-widget elementor-widget-spacer\" data-id=\"5208338\" data-element_type=\"widget\" data-widget_type=\"spacer.default\">\n\t\t\t\t<div class=\"elementor-widget-container\">\n\t\t\t\t\t<div class=\"elementor-spacer\">\n\t\t\t<div class=\"elementor-spacer-inner\"><\/div>\n\t\t<\/div>\n\t\t\t\t<\/div>\n\t\t\t\t<\/div>\n\t\t\t\t\t<\/div>\n\t\t<\/div>\n\t\t\t\t\t\t\t<\/div>\n\t\t<\/section>\n\t\t\t\t<section class=\"elementor-section elementor-top-section elementor-element elementor-element-9043dc8 elementor-section-boxed elementor-section-height-default elementor-section-height-default\" data-id=\"9043dc8\" data-element_type=\"section\">\n\t\t\t\t\t\t<div class=\"elementor-container elementor-column-gap-default\">\n\t\t\t\t\t<div class=\"elementor-column elementor-col-100 elementor-top-column elementor-element elementor-element-23a250d\" data-id=\"23a250d\" data-element_type=\"column\">\n\t\t\t<div class=\"elementor-widget-wrap elementor-element-populated\">\n\t\t\t\t\t\t\t\t<div class=\"elementor-element elementor-element-48734bc elementor-widget elementor-widget-text-editor\" data-id=\"48734bc\" data-element_type=\"widget\" data-widget_type=\"text-editor.default\">\n\t\t\t\t<div class=\"elementor-widget-container\">\n\t\t\t\t\t<div class=\"elementor-text-editor elementor-clearfix\"><p>Ebbe az \u00f6ssze\u00e1ll\u00edt\u00e1sba nem v\u00e1logattam be a sz\u00f3rv\u00e1ny tematik\u00e1j\u00fa \u00e9s a civil szf\u00e9r\u00e1val kapcsolatos munk\u00e1kat. Ezek k\u00fcl\u00f6n \u00f6ssze\u00e1ll\u00edt\u00e1sban szerepelnek.<\/p><h5><em>K\u00f6tetek \u2013 teljes tartalom<\/em><\/h5><ul><li>Bod\u00f3 Barna <a href=\"http:\/\/civilportal.ro\/BodoBarna\/wp-content\/uploads\/2021\/03\/1-01__Bodo-Barna_Feleuton-utfelen.pdf\" target=\"_blank\" rel=\"noopener\">Fele\u00faton &#8211; \u00fatf\u00e9len. Riportk\u00f6nyv.<\/a><\/li><li>Bod\u00f3 Barna <a href=\"http:\/\/civilportal.ro\/BodoBarna\/wp-content\/uploads\/2021\/03\/1-02__Bodo-Barna_Holnap-is-koszonnek.pdf\" target=\"_blank\" rel=\"noopener\">Holnap is k\u00f6sz\u00f6nnek. Riportok<\/a><\/li><li>Bod\u00f3 Barna <a href=\"http:\/\/civilportal.ro\/BodoBarna\/wp-content\/uploads\/2021\/03\/1-03__Bodo-Barna_Talpalatnyi-regionk.pdf\" target=\"_blank\" rel=\"noopener\">Talpalatnyi r\u00e9gi\u00f3nk. Politol\u00f3giai essz\u00e9k<\/a><\/li><li>Bod\u00f3 Barna <a href=\"http:\/\/civilportal.ro\/BodoBarna\/wp-content\/uploads\/2021\/03\/1-04__Bodo-Barna_Kozpolitika.pdf\" target=\"_blank\" rel=\"noopener\">K\u00f6zpolitika. Egyetemi szakk\u00f6nyv<\/a><\/li><\/ul><h5><em>K\u00f6z\u00f6s k\u00f6tetek \u2013 teljes tartalom<\/em><\/h5><p style=\"padding-left: 40px;\">A <em>Rom\u00e1niai Magyar \u00c9vk\u00f6nyv<\/em> sorozat k\u00f6tetei megtal\u00e1lhat\u00f3k a k\u00f6vetkez\u0151 linken: <a href=\"https:\/\/adatbank.transindex.ro\/belso.php?alk=105&amp;k=5\">https:\/\/adatbank.transindex.ro\/belso.php?alk=105&amp;k=5<\/a><\/p><ul><li>Bod\u00f3 Barna szerk. <a href=\"http:\/\/civilportal.ro\/BodoBarna\/wp-content\/uploads\/2021\/03\/2-01__Bodo-Barna_szerk-Local-identity-and-regionalism.pdf\" target=\"_blank\" rel=\"noopener\">Local identity and regionalism<\/a> szerz\u0151 <em>Factors and Mechanisms of the Regionalization in Central-Eastern Europe<\/em> 91-106 old. 1998<\/li><li>Bod\u00f3 Barna szerk. <a href=\"http:\/\/civilportal.ro\/BodoBarna\/wp-content\/uploads\/2021\/03\/2-02__Bodo-Barna_szerk-Szerepproba.pdf\" target=\"_blank\" rel=\"noopener\">Szereppr\u00f3ba. Elitek-szerepek-pereml\u00e9t.<\/a> Szerz\u0151 <em>Szereppr\u00f3ba<\/em> 7-25 old. 2002<\/li><li><a href=\"http:\/\/civilportal.ro\/BodoBarna\/wp-content\/uploads\/2021\/03\/2-03__Bakk-Miklos_Bodo-Barna__Statusdiskurzus.pdf\" target=\"_blank\" rel=\"noopener\">Bakk Mikl\u00f3s, Bod\u00f3 Barna\u00a0 &#8211; St\u00e1tusdiskurzus.<\/a> Szerz\u0151 <em>St\u00e1tust\u00f3l st\u00e1tusig<\/em> 17-22 old. <em>Felel\u0151ss\u00e9g \u00e9s t\u00f6rv\u00e9ny<\/em> 36-79 old. <em>A hi\u00e1nyz\u00f3 st\u00e1tusdiskurzus<\/em> 80-105 old. 2003<\/li><li><a href=\"http:\/\/civilportal.ro\/BodoBarna\/wp-content\/uploads\/2021\/03\/2-04__Bodo-Barna_szerk-Imaginea-celuilalt-si-comunicare.pdf\" target=\"_blank\" rel=\"noopener\">Imaginea celuilalt si comunicare<\/a> szerz\u0151 <em>Limbile locale si comunicarea &#8211; Helyi nyelvek \u00e9s kommunik\u00e1ci\u00f3<\/em> 13-38 old. 2006<\/li><li><a href=\"http:\/\/civilportal.ro\/BodoBarna\/wp-content\/uploads\/2021\/03\/2-05__Bodo-Barna_szerk-szerzo_Honismereti-strategia.pdf\" target=\"_blank\" rel=\"noopener\">Honismereti strat\u00e9gia<\/a> 2006<\/li><li><a href=\"http:\/\/civilportal.ro\/BodoBarna\/wp-content\/uploads\/2021\/03\/2-06__Bodo-Barna_szerk_Regioba-zartan.pdf\" target=\"_blank\" rel=\"noopener\">R\u00e9gi\u00f3ba z\u00e1rtan.<\/a> Szerz\u0151 <em>Identit\u00e1s, r\u00e9gi\u00f3, kult\u00fara<\/em> 9-22 old. <em>R\u00e9gi\u00f3 \u00e9s politika<\/em> 23-30 old. <em>Sajt\u00f3 \u00e9s regionalizmus<\/em> 155-175 old.\u00a0 2008<\/li><li><a href=\"http:\/\/civilportal.ro\/BodoBarna\/wp-content\/uploads\/2021\/03\/2-07__Bodo-Barna_tarsszerk_Nations-and-national-minorities-in-EU.pdf\" target=\"_blank\" rel=\"noopener\">Nations and national minorities in the European Union<\/a> szerz\u0151 <em>The Bolyai University as a Political Project<\/em> 179-206 old. 2009<\/li><li><a href=\"http:\/\/civilportal.ro\/BodoBarna\/wp-content\/uploads\/2021\/03\/2-08__Bodo-Barna_szerk-szerzo_Cronologia-oraselor-banatene.pdf\" target=\"_blank\" rel=\"noopener\">Cronologia ora\u0219elor b\u0103n\u0103\u021bene &#8211; B\u00e1ns\u00e1gi v\u00e1rosok kronol\u00f3gi\u00e1ja<\/a> 2009<\/li><li><a href=\"http:\/\/civilportal.ro\/BodoBarna\/wp-content\/uploads\/2021\/03\/2-09__Bodo-Barna_szerk-szerzo_Helytorteneti-kronologia-nagyvarosok.pdf\" target=\"_blank\" rel=\"noopener\">Helyt\u00f6rt\u00e9neti kronol\u00f3gia<\/a>, Temesv\u00e1r, Lugos, Arad (RO) &#8211; Szeged, B\u00e9k\u00e9scsaba, Gyula (HU) 2009<\/li><li><a href=\"http:\/\/civilportal.ro\/BodoBarna\/wp-content\/uploads\/2021\/03\/2-10__Szorvanykollegiumok-a-Karpat-medenceben.pdf\" target=\"_blank\" rel=\"noopener\">Sz\u00f3rv\u00e1nykoll\u00e9giumok a K\u00e1rp\u00e1t-medenc\u00e9ben.<\/a> Budapest: Nemzetstrat\u00e9giai Kutat\u00f3int\u00e9zet. 2014. szerz\u0151 <em>Akaratlanul. Sz\u00f3rv\u00e1nykoll\u00e9giumok \u00e9s t\u00e1rsadalmi k\u00f6rnyezet. <\/em>123-133 old.<\/li><li><a href=\"http:\/\/civilportal.ro\/BodoBarna\/wp-content\/uploads\/2021\/03\/2-11__Nyelvi-tajkep-nyelvi-sokszinuseg.pdf\" target=\"_blank\" rel=\"noopener\">Nyelvi t\u00e1jk\u00e9p, nyelvi soksz\u00edn\u0171s\u00e9g<\/a> 2018 szerz\u0151<em> S\u00edrok, s\u00edrfeliratok \u2013 olvasatok<\/em> 149-176 old.<\/li><li><a href=\"http:\/\/civilportal.ro\/BodoBarna\/wp-content\/uploads\/2021\/03\/2-12__Merre-tovabb-polgari-Magyarorszag.pdf\" target=\"_blank\" rel=\"noopener\">Merre tov\u00e1bb polg\u00e1ri Magyarorsz\u00e1g<\/a> szerz\u0151 <em>Hely\u00fcnk a magyar vil\u00e1gban<\/em> 79-94 old.<\/li><li><a href=\"http:\/\/civilportal.ro\/BodoBarna\/wp-content\/uploads\/2021\/03\/2-13__Egyuttgondolkodas-nemzetstrategiarol-es-nemzetpolitikarol.pdf\" target=\"_blank\" rel=\"noopener\">Egy\u00fcttgondolkod\u00e1s nemzetstrat\u00e9gi\u00e1r\u00f3l \u00e9s nemzetpolitik\u00e1r\u00f3l.<\/a> Szerz\u0151 <em>Kisebbs\u00e9gi h\u00eddszerep &#8211; t\u00f6bbs\u00e9gi nacionalizmus.<\/em> 115-121 old.<\/li><li><a href=\"http:\/\/civilportal.ro\/BodoBarna\/wp-content\/uploads\/2021\/03\/2-14__Temisvarski-Zbornik-11_szerzo_Cum-si-de-ce-dispar-monumente.pdf\" target=\"_blank\" rel=\"noopener\">Temisvarski Zbornik 11<\/a> szerz\u0151 <em>Cum si de ce dispar monumente \u2013 Mi\u00e9rt t\u00fcnnek el eml\u00e9km\u0171vek<\/em> 230-241 old.<\/li><li><a href=\"http:\/\/civilportal.ro\/BodoBarna\/wp-content\/uploads\/2021\/03\/2-15__Szekelyfold-a-21-szazadban_szerzo_Jovokep-autonomia-szekely-kozigazgatas.pdf\" target=\"_blank\" rel=\"noopener\">Sz\u00e9kelyf\u00f6ld a 21. sz\u00e1zadban<\/a> szerz\u0151 <em>J\u00f6v\u0151k\u00e9p, auton\u00f3mia \u2013 sz\u00e9kely k\u00f6zigazgat\u00e1s<\/em> 9-44 old.<\/li><\/ul><h5><em>K\u00f6tetek \u2013 tartalomjegyz\u00e9kkel, saj\u00e1t sz\u00f6veggel<\/em><\/h5><ul><li><a href=\"http:\/\/civilportal.ro\/BodoBarna\/wp-content\/uploads\/2021\/03\/3-01__Egy-kisebbseg-kisebbsegei_szerzo_Feluton-onmagunk-fele.pdf\" target=\"_blank\" rel=\"noopener\">Egy kisebbs\u00e9g kisebbs\u00e9gei<\/a> Stockholm szerz\u0151 <em>Fele\u00faton, \u00f6nmagunk fel\u00e9<\/em> 169-196 old. 1997<\/li><li><a href=\"http:\/\/civilportal.ro\/BodoBarna\/wp-content\/uploads\/2021\/03\/3-02__Bodo-Barna_szerk_Europai-Unio-es-regionalis-politika.pdf\" target=\"_blank\" rel=\"noopener\">Eur\u00f3pai Uni\u00f3 \u00e9s region\u00e1lis politika.<\/a> szerz\u0151 <em>Regionalizmus \u00e9s k\u00f6zigazgat\u00e1s Rom\u00e1ni\u00e1ban<\/em> 109-124 old. <em>A rom\u00e1niai region\u00e1lis politika<\/em> 395-411 old. 2008<\/li><li><a href=\"http:\/\/civilportal.ro\/BodoBarna\/wp-content\/uploads\/2021\/03\/3-03__Bodo-Barna_tarsszerk_Kisebbsegben-kozossegben_Balazs-Sandor-nyolcvanadik-szuletesnapjara.pdf\" target=\"_blank\" rel=\"noopener\">Kisebbs\u00e9gben, k\u00f6z\u00f6ss\u00e9gben. Bal\u00e1zs S\u00e1ndor nyolcvanadik sz\u00fclet\u00e9snapj\u00e1ra<\/a> szerz\u0151 <em>Egyetem\u00e9p\u00edt\u00e9s \u00e9s multikulturalit\u00e1s<\/em> 201-230 old 2008<\/li><li><a href=\"http:\/\/civilportal.ro\/BodoBarna\/wp-content\/uploads\/2021\/03\/3-04__Kistersegek-nagy-remenyek_szerzo_Utban-hazafele.pdf\" target=\"_blank\" rel=\"noopener\">Kist\u00e9rs\u00e9gek \u2013 nagy rem\u00e9nyek?<\/a> szerz\u0151<em> \u00datban hazafel\u00e9<\/em> 11-18 old. <em>Falugondnoki szolg\u00e1lat Erd\u00e9lyben<\/em> 77-90 old. <em>Kist\u00e9rs\u00e9gek a politika \u00e9s a k\u00f6zigazgat\u00e1s szor\u00edt\u00e1s\u00e1ban<\/em> 293-314 old. 2009<\/li><li><a href=\"http:\/\/civilportal.ro\/BodoBarna\/wp-content\/uploads\/2021\/03\/3-05__Regio-a-harmashatar-menten_szerzo_Hatarterseg-es-egyuttmukodes.pdf\" target=\"_blank\" rel=\"noopener\">R\u00e9gi\u00f3 a h\u00e1rmashat\u00e1r ment\u00e9n<\/a> szerz\u0151 <em>Hat\u00e1rt\u00e9rs\u00e9g \u00e9s egy\u00fcttm\u0171k\u00f6d\u00e9s<\/em> 94-102 old. 2010<\/li><li><a href=\"http:\/\/civilportal.ro\/BodoBarna\/wp-content\/uploads\/2021\/03\/3-06__A-tudomany-hatarai_szerzo_Teveszmek-a-politikaban.pdf\" target=\"_blank\" rel=\"noopener\">A tudom\u00e1ny hat\u00e1rai<\/a> szerz\u0151 <em>T\u00e9veszm\u00e9k a politik\u00e1ban<\/em> 163-174 old. 2011<\/li><li><a href=\"http:\/\/civilportal.ro\/BodoBarna\/wp-content\/uploads\/2021\/03\/3-07__Civil-etikai-kodex_szerzo_Civilek-kisebbsegben.pdf\" target=\"_blank\" rel=\"noopener\">Civil etikai k\u00f3dex<\/a> szerz\u0151 <em>Civilek kisebbs\u00e9gben<\/em> 71-88 old. 2012<\/li><\/ul><h5><em>K\u00f6tetek \u2013 tartalomjegyz\u00e9kkel<\/em><\/h5><ul><li>Bod\u00f3 Barna <a href=\"http:\/\/civilportal.ro\/BodoBarna\/wp-content\/uploads\/2021\/03\/4-01__Bodo-Barna_Az-identitas-egyetemessege.pdf\" target=\"_blank\" rel=\"noopener\">Az identit\u00e1s egyetemess\u00e9ge<\/a><\/li><li>Vasile Docea ed <a href=\"http:\/\/civilportal.ro\/BodoBarna\/wp-content\/uploads\/2021\/03\/4-02__Vasile-Docea-ed-Paths-to-Belonging-Constucting-Local-Identity-in-Banat.pdf\" target=\"_blank\" rel=\"noopener\">Paths to Belonging. Constucting Local Identity in Banat<\/a><\/li><\/ul><\/div>\n\t\t\t\t<\/div>\n\t\t\t\t<\/div>\n\t\t\t\t\t<\/div>\n\t\t<\/div>\n\t\t\t\t\t\t\t<\/div>\n\t\t<\/section>\n\t\t\t\t<section class=\"elementor-section elementor-top-section elementor-element elementor-element-f796f24 elementor-section-full_width elementor-section-height-default elementor-section-height-default\" data-id=\"f796f24\" data-element_type=\"section\">\n\t\t\t\t\t\t<div class=\"elementor-container elementor-column-gap-default\">\n\t\t\t\t\t<div class=\"elementor-column elementor-col-100 elementor-top-column elementor-element elementor-element-fa6b06f\" data-id=\"fa6b06f\" data-element_type=\"column\">\n\t\t\t<div class=\"elementor-widget-wrap elementor-element-populated\">\n\t\t\t\t\t\t\t\t<div class=\"elementor-element elementor-element-a88c4fe elementor-widget elementor-widget-spacer\" data-id=\"a88c4fe\" data-element_type=\"widget\" data-widget_type=\"spacer.default\">\n\t\t\t\t<div class=\"elementor-widget-container\">\n\t\t\t\t\t<div class=\"elementor-spacer\">\n\t\t\t<div class=\"elementor-spacer-inner\"><\/div>\n\t\t<\/div>\n\t\t\t\t<\/div>\n\t\t\t\t<\/div>\n\t\t\t\t\t<\/div>\n\t\t<\/div>\n\t\t\t\t\t\t\t<\/div>\n\t\t<\/section>\n\t\t\t\t\t\t<\/div>\n\t\t\t\t\t<\/div>\n\t\t","protected":false},"excerpt":{"rendered":"<p>K\u00f6tetek Ebbe az \u00f6ssze\u00e1ll\u00edt\u00e1sba nem v\u00e1logattam be a sz\u00f3rv\u00e1ny tematik\u00e1j\u00fa \u00e9s a civil szf\u00e9r\u00e1val kapcsolatos munk\u00e1kat. Ezek k\u00fcl\u00f6n \u00f6ssze\u00e1ll\u00edt\u00e1sban szerepelnek. K\u00f6tetek \u2013 teljes tartalom Bod\u00f3 Barna Fele\u00faton &#8211; \u00fatf\u00e9len. Riportk\u00f6nyv. Bod\u00f3 Barna Holnap is k\u00f6sz\u00f6nnek. Riportok Bod\u00f3 Barna Talpalatnyi r\u00e9gi\u00f3nk. Politol\u00f3giai essz\u00e9k Bod\u00f3 Barna K\u00f6zpolitika. Egyetemi szakk\u00f6nyv K\u00f6z\u00f6s k\u00f6tetek \u2013 teljes tartalom A Rom\u00e1niai Magyar \u00c9vk\u00f6nyv sorozat k\u00f6tetei megtal\u00e1lhat\u00f3k a k\u00f6vetkez\u0151 linken: https:\/\/adatbank.transindex.ro\/belso.php?alk=105&amp;k=5 Bod\u00f3 Barna szerk. Local identity and regionalism szerz\u0151 Factors and Mechanisms of the Regionalization in Central-Eastern Europe 91-106 old. 1998 Bod\u00f3 Barna szerk. Szereppr\u00f3ba. Elitek-szerepek-pereml\u00e9t. Szerz\u0151 Szereppr\u00f3ba 7-25 old. 2002 Bakk Mikl\u00f3s, Bod\u00f3 Barna\u00a0 &#8211; St\u00e1tusdiskurzus. Szerz\u0151 St\u00e1tust\u00f3l st\u00e1tusig 17-22 old. Felel\u0151ss\u00e9g \u00e9s t\u00f6rv\u00e9ny 36-79 old. A hi\u00e1nyz\u00f3 st\u00e1tusdiskurzus 80-105 old. 2003 Imaginea celuilalt si comunicare szerz\u0151 Limbile locale si comunicarea &#8211; Helyi nyelvek \u00e9s kommunik\u00e1ci\u00f3 13-38 old. 2006 Honismereti strat\u00e9gia 2006 R\u00e9gi\u00f3ba z\u00e1rtan. Szerz\u0151 Identit\u00e1s, r\u00e9gi\u00f3, kult\u00fara 9-22 old. R\u00e9gi\u00f3 \u00e9s politika 23-30 old. Sajt\u00f3 \u00e9s regionalizmus 155-175 old.\u00a0 2008 Nations and national minorities in the European Union szerz\u0151 The Bolyai University as a Political Project 179-206 old. 2009 Cronologia ora\u0219elor b\u0103n\u0103\u021bene &#8211; B\u00e1ns\u00e1gi v\u00e1rosok kronol\u00f3gi\u00e1ja 2009 Helyt\u00f6rt\u00e9neti kronol\u00f3gia, Temesv\u00e1r, Lugos, Arad (RO) &#8211; Szeged, B\u00e9k\u00e9scsaba, Gyula (HU) 2009 Sz\u00f3rv\u00e1nykoll\u00e9giumok a K\u00e1rp\u00e1t-medenc\u00e9ben. Budapest: Nemzetstrat\u00e9giai Kutat\u00f3int\u00e9zet. 2014. szerz\u0151 Akaratlanul. Sz\u00f3rv\u00e1nykoll\u00e9giumok \u00e9s t\u00e1rsadalmi k\u00f6rnyezet. 123-133 old. Nyelvi t\u00e1jk\u00e9p, nyelvi soksz\u00edn\u0171s\u00e9g 2018 szerz\u0151 S\u00edrok, s\u00edrfeliratok \u2013 olvasatok 149-176 old. Merre tov\u00e1bb polg\u00e1ri Magyarorsz\u00e1g szerz\u0151 Hely\u00fcnk a magyar vil\u00e1gban 79-94 old. Egy\u00fcttgondolkod\u00e1s nemzetstrat\u00e9gi\u00e1r\u00f3l \u00e9s nemzetpolitik\u00e1r\u00f3l. Szerz\u0151 Kisebbs\u00e9gi h\u00eddszerep &#8211; t\u00f6bbs\u00e9gi nacionalizmus. 115-121 old. Temisvarski Zbornik 11 szerz\u0151 Cum si de ce dispar monumente \u2013 Mi\u00e9rt t\u00fcnnek el eml\u00e9km\u0171vek 230-241 old. Sz\u00e9kelyf\u00f6ld a 21. sz\u00e1zadban szerz\u0151 J\u00f6v\u0151k\u00e9p, auton\u00f3mia \u2013 sz\u00e9kely k\u00f6zigazgat\u00e1s 9-44 old. K\u00f6tetek \u2013 tartalomjegyz\u00e9kkel, saj\u00e1t sz\u00f6veggel Egy kisebbs\u00e9g kisebbs\u00e9gei Stockholm szerz\u0151 Fele\u00faton, \u00f6nmagunk fel\u00e9 169-196 old. 1997 Eur\u00f3pai Uni\u00f3 \u00e9s region\u00e1lis politika. szerz\u0151 Regionalizmus \u00e9s k\u00f6zigazgat\u00e1s Rom\u00e1ni\u00e1ban 109-124 old. A rom\u00e1niai region\u00e1lis politika 395-411 old. 2008 Kisebbs\u00e9gben, k\u00f6z\u00f6ss\u00e9gben. Bal\u00e1zs S\u00e1ndor nyolcvanadik sz\u00fclet\u00e9snapj\u00e1ra szerz\u0151 Egyetem\u00e9p\u00edt\u00e9s \u00e9s multikulturalit\u00e1s 201-230 old 2008 Kist\u00e9rs\u00e9gek \u2013 nagy rem\u00e9nyek? szerz\u0151 \u00datban hazafel\u00e9 11-18 old. Falugondnoki szolg\u00e1lat Erd\u00e9lyben 77-90 old. Kist\u00e9rs\u00e9gek a politika \u00e9s a k\u00f6zigazgat\u00e1s szor\u00edt\u00e1s\u00e1ban 293-314 old. 2009 R\u00e9gi\u00f3 a h\u00e1rmashat\u00e1r ment\u00e9n szerz\u0151 Hat\u00e1rt\u00e9rs\u00e9g \u00e9s egy\u00fcttm\u0171k\u00f6d\u00e9s 94-102 old. 2010 A tudom\u00e1ny hat\u00e1rai szerz\u0151 T\u00e9veszm\u00e9k a politik\u00e1ban 163-174 old. 2011 Civil etikai k\u00f3dex szerz\u0151 Civilek kisebbs\u00e9gben 71-88 old. 2012 K\u00f6tetek \u2013 tartalomjegyz\u00e9kkel Bod\u00f3 Barna Az identit\u00e1s egyetemess\u00e9ge Vasile Docea ed Paths to Belonging. Constucting Local Identity in Banat<\/p>\n","protected":false},"author":1,"featured_media":0,"parent":0,"menu_order":0,"comment_status":"closed","ping_status":"closed","template":"elementor_header_footer","meta":{"footnotes":""},"class_list":["post-1306","page","type-page","status-publish","hentry"],"_links":{"self":[{"href":"http:\/\/civilportal.ro\/BodoBarna\/wp-json\/wp\/v2\/pages\/1306","targetHints":{"allow":["GET"]}}],"collection":[{"href":"http:\/\/civilportal.ro\/BodoBarna\/wp-json\/wp\/v2\/pages"}],"about":[{"href":"http:\/\/civilportal.ro\/BodoBarna\/wp-json\/wp\/v2\/types\/page"}],"author":[{"embeddable":true,"href":"http:\/\/civilportal.ro\/BodoBarna\/wp-json\/wp\/v2\/users\/1"}],"replies":[{"embeddable":true,"href":"http:\/\/civilportal.ro\/BodoBarna\/wp-json\/wp\/v2\/comments?post=1306"}],"version-history":[{"count":82,"href":"http:\/\/civilportal.ro\/BodoBarna\/wp-json\/wp\/v2\/pages\/1306\/revisions"}],"predecessor-version":[{"id":1858,"href":"http:\/\/civilportal.ro\/BodoBarna\/wp-json\/wp\/v2\/pages\/1306\/revisions\/1858"}],"wp:attachment":[{"href":"http:\/\/civilportal.ro\/BodoBarna\/wp-json\/wp\/v2\/media?parent=1306"}],"curies":[{"name":"wp","href":"https:\/\/api.w.org\/{rel}","templated":true}]}}